{"id":270,"date":"2017-04-11T10:31:42","date_gmt":"2017-04-11T10:31:42","guid":{"rendered":"https:\/\/www.centregrat.com\/?page_id=270"},"modified":"2026-04-27T10:29:59","modified_gmt":"2026-04-27T10:29:59","slug":"psicoterapia-psicoterapeutes-adults-barcelona","status":"publish","type":"page","link":"https:\/\/www.centregrat.com\/ca\/psicoterapia-psicoterapeutes-adults-barcelona\/","title":{"rendered":"ADULT &#8211; Psicoter\u00e0pia individual Adults"},"content":{"rendered":"<div class=\"wpb-content-wrapper\"><p>[vc_row css_animation=&#8221;&#8221; row_type=&#8221;row&#8221; use_row_as_full_screen_section=&#8221;no&#8221; type=&#8221;grid&#8221; angled_section=&#8221;no&#8221; text_align=&#8221;left&#8221; background_image=&#8221;272&#8243; background_image_as_pattern=&#8221;without_pattern&#8221;][vc_column][vc_empty_space height=&#8221;75px&#8221;][vc_row_inner row_type=&#8221;row&#8221; type=&#8221;full_width&#8221; text_align=&#8221;left&#8221; padding_top=&#8221;25&#8243; css_animation=&#8221;&#8221; css=&#8221;.vc_custom_1490978050623{padding-top: 50px !important;padding-right: 25px !important;padding-left: 25px !important;background-color: rgba(32,55,109,0.81) !important;*background-color: rgb(32,55,109) !important;}&#8221;][vc_column_inner][vc_column_text css=&#8221;&#8221;]<\/p>\n<h1 style=\"text-align: center;\"><span style=\"color: #ffffff;\"><strong>Psicoterapeutes a Barcelona &#8211; Psicoter\u00e0pia a Barcelona<\/strong><\/span><\/h1>\n<p>&nbsp;<\/p>\n<h2 style=\"text-align: center;\"><span style=\"color: #ffffff;\">Ser feli\u00e7 \u00e9s possible i la <strong>psicoter\u00e0pia<\/strong> pot ajudar-te<\/span><\/h2>\n<h3 style=\"text-align: center;\"><\/h3>\n<p>[\/vc_column_text][vc_separator type=&#8221;small&#8221; position=&#8221;center&#8221; up=&#8221;25&#8243; down=&#8221;0&#8243;][\/vc_column_inner][\/vc_row_inner][vc_row_inner row_type=&#8221;row&#8221; type=&#8221;full_width&#8221; text_align=&#8221;center&#8221; background_color=&#8221;rgba(32,55,109,0.81)&#8221; padding_bottom=&#8221;25&#8243; css_animation=&#8221;&#8221; css=&#8221;.vc_custom_1492619741712{padding-top: 25px !important;padding-right: 25px !important;padding-bottom: 25px !important;padding-left: 25px !important;}&#8221;][vc_column_inner width=&#8221;1\/6&#8243;][\/vc_column_inner][vc_column_inner width=&#8221;2\/3&#8243;][vc_column_text]<\/p>\n<p style=\"text-align: center;\"><span style=\"color: #ffffff;\">A GRAT sabem que sentir-se satisfet a la vida \u00e9s possible. Podem afirmar-ho no nom\u00e9s per l\u2019experi\u00e8ncia dels nostres clients, els resultats que hem vist i el feedback que ens han donat, sin\u00f3 tamb\u00e9 per experi\u00e8ncia pr\u00f2pia. Els psicoterapeutes de GRAT hem experimentat tamb\u00e9 el nostre propi proc\u00e9s de creixement personal i sabem que \u00e9s possible millorar en molts aspectes, assolir objectius que et proposis i sentir-te b\u00e9 amb tu mateix, amb els altres i amb la vida que portes.<\/span><\/p>\n<p>[\/vc_column_text][vc_empty_space]<a  itemprop=\"url\" href=\"#contacto\" target=\"_self\" data-hover-background-color=#20376d data-hover-border-color=#20376d  class=\"qbutton  large default\" style=\"border-color: #ffc92d; background-color: #ffc92d;\">Sol\u00b7licita una visita<\/a>[vc_empty_space][\/vc_column_inner][vc_column_inner width=&#8221;1\/6&#8243;][\/vc_column_inner][\/vc_row_inner][vc_empty_space height=&#8221;50px&#8221;][\/vc_column][\/vc_row][vc_row css_animation=&#8221;&#8221; row_type=&#8221;row&#8221; use_row_as_full_screen_section=&#8221;no&#8221; type=&#8221;grid&#8221; angled_section=&#8221;no&#8221; text_align=&#8221;left&#8221; background_image_as_pattern=&#8221;without_pattern&#8221;][vc_column][vc_empty_space height=&#8221;75px&#8221;][vc_column_text]<\/p>\n<h2 style=\"text-align: center;\">Els psicoterapeutes de GRAT t\u2019ajudem a aconseguir-ho<\/h2>\n<p>[\/vc_column_text][vc_separator type=&#8221;small&#8221; position=&#8221;center&#8221; up=&#8221;25&#8243; down=&#8221;0&#8243;][vc_row_inner row_type=&#8221;row&#8221; type=&#8221;full_width&#8221; text_align=&#8221;left&#8221; css_animation=&#8221;&#8221;][vc_column_inner width=&#8221;1\/2&#8243;][vc_column_text]T\u2019ajudem a aconseguir-ho a trav\u00e9s de sessions individuals on descobrirem els aspectes que et bloquegen i t\u2019impedeixen assolir els teus objectius i et donarem eines i t\u00e8cniques concretes perqu\u00e8 desenvolupis els recursos que et permetran assolir els teus objectius i portar una vida m\u00e9s satisfact\u00f2ria.<\/p>\n<p>Primer realitzarem algunes sessions de valoraci\u00f3 per entendre qu\u00e8 passa i per qu\u00e8 i posteriorment fixarem els objectius a assolir a la ter\u00e0pia. D\u2019aquesta manera sabrem com treballar.[\/vc_column_text][\/vc_column_inner][vc_column_inner width=&#8221;1\/2&#8243;][vc_column_text]No ens agrada allargar m\u00e9s del que \u00e9s necessari la ter\u00e0pia ja que pot acabar sent tedi\u00f3s i perdre\u2019s la motivaci\u00f3.<\/p>\n<p>A m\u00e9s, tenim la convicci\u00f3 que el primer que s\u2019ha de fer \u00e9s reduir el malestar que tens i posteriorment treballar per prevenir la seva reaparici\u00f3, per aix\u00f2, per agilitzar el proc\u00e9s de ter\u00e0pia realitzarem exercicis tant a les sessions com fora d\u2019elles, dirigits a desenvolupar els recursos que necessites per sentir-te b\u00e9.[\/vc_column_text][\/vc_column_inner][\/vc_row_inner][\/vc_column][\/vc_row][vc_row css_animation=&#8221;&#8221; row_type=&#8221;row&#8221; use_row_as_full_screen_section=&#8221;no&#8221; type=&#8221;full_width&#8221; angled_section=&#8221;no&#8221; text_align=&#8221;left&#8221; background_image_as_pattern=&#8221;without_pattern&#8221;][vc_column][vc_empty_space height=&#8221;75px&#8221;][\/vc_column][\/vc_row][vc_row css_animation=&#8221;&#8221; row_type=&#8221;row&#8221; use_row_as_full_screen_section=&#8221;no&#8221; type=&#8221;grid&#8221; angled_section=&#8221;no&#8221; text_align=&#8221;center&#8221; background_image=&#8221;685&#8243; background_image_as_pattern=&#8221;without_pattern&#8221; padding_top=&#8221;50&#8243; padding_bottom=&#8221;50&#8243;][vc_column][vc_column_text]<\/p>\n<h2 style=\"text-align: center;\"><span style=\"color: #ffffff;\">Els psicoterapeutes de GRAT t\u2019ajudem a sentir-te satisfet a la teva vida a trav\u00e9s de:<\/span><\/h2>\n<p>[\/vc_column_text][vc_separator type=&#8221;small&#8221; position=&#8221;center&#8221; up=&#8221;25&#8243; down=&#8221;25&#8243;][vc_column_text]<span style=\"color: #ffffff;\">+ Sessions individuals d\u2019entre 50 i 60 minuts<\/span><br \/>\n<span style=\"color: #ffffff;\"> + Freq\u00fc\u00e8ncia de sessions quinzenal o setmanal<\/span><br \/>\n<span style=\"color: #ffffff;\"> + Realitzar una avaluaci\u00f3 inicial<\/span><br \/>\n<span style=\"color: #ffffff;\">+ Establir objectius<\/span><br \/>\n<span style=\"color: #ffffff;\">+ Desenvolupar recursos, estrat\u00e8gies i t\u00e8cniques per aconseguir els canvis que desitges<\/span><br \/>\n<span style=\"color: #ffffff;\">+ Exercicis pr\u00e0ctics dintre i fora de sessi\u00f3<\/span>[\/vc_column_text][vc_empty_space][vc_column_text]<\/p>\n<h4 style=\"text-align: center;\"><span style=\"color: #ffffff;\">No perdis m\u00e9s temps, sentir-te millor \u00e9s possible. Demana una visita i t\u2019explicarem com t\u2019ajudarem a aconseguir-ho<\/span><\/h4>\n<p>[\/vc_column_text][vc_empty_space]<a  itemprop=\"url\" href=\"#contacto\" target=\"_self\" data-hover-background-color=#20376d data-hover-border-color=#20376d  class=\"qbutton  large default\" style=\"border-color: #ffc92d; background-color: #ffc92d;\">Sol\u00b7licita una visita<\/a>[\/vc_column][\/vc_row][vc_row css_animation=&#8221;&#8221; row_type=&#8221;row&#8221; use_row_as_full_screen_section=&#8221;no&#8221; type=&#8221;full_width&#8221; angled_section=&#8221;no&#8221; text_align=&#8221;left&#8221; background_image_as_pattern=&#8221;without_pattern&#8221; padding_top=&#8221;50&#8243;][vc_column][vc_column_text]<\/p>\n<h2 style=\"text-align: center;\">Et podem ajudar en&#8230;<\/h2>\n<p style=\"text-align: center;\">Aquests s\u00f3n alguns dels motius pels quals la gent ve a psicoter\u00e0pia:<\/p>\n<p>[\/vc_column_text][vc_empty_space][\/vc_column][\/vc_row][vc_row css_animation=&#8221;&#8221; row_type=&#8221;row&#8221; use_row_as_full_screen_section=&#8221;no&#8221; type=&#8221;grid&#8221; angled_section=&#8221;no&#8221; text_align=&#8221;left&#8221; background_image_as_pattern=&#8221;without_pattern&#8221;][vc_column width=&#8221;1\/2&#8243;]<div class=\"q_icon_list\"><i class=\"qode_icon_font_awesome fa fa-circle-o qode-ili-icon-holder transparent\" style=\"color: #ffc92d;\" ><\/i><p style=\"\">Et sents malament i no saps qu\u00e8 et passa ni per qu\u00e8<\/p><\/div><div class=\"q_icon_list\"><i class=\"qode_icon_font_awesome fa fa-circle-o qode-ili-icon-holder transparent\" style=\"color: #ffc92d;\" ><\/i><p style=\"\">Has de prendre una decisi\u00f3 i per m\u00e9s que li dones voltes no saps qu\u00e8 escollir<\/p><\/div><div class=\"q_icon_list\"><i class=\"qode_icon_font_awesome fa fa-circle-o qode-ili-icon-holder transparent\" style=\"color: #ffc92d;\" ><\/i><p style=\"\">No saps com manegar una relaci\u00f3 familiar o d\u2019amistat<\/p><\/div><div class=\"q_icon_list\"><i class=\"qode_icon_font_awesome fa fa-circle-o qode-ili-icon-holder transparent\" style=\"color: #ffc92d;\" ><\/i><p style=\"\">Fa temps que es va acabar la relaci\u00f3 per\u00f2 tu no pots oblidar-te<\/p><\/div><div class=\"q_icon_list\"><i class=\"qode_icon_font_awesome fa fa-circle-o qode-ili-icon-holder transparent\" style=\"color: #ffc92d;\" ><\/i><p style=\"\">Tens la sensaci\u00f3 de no encaixar<\/p><\/div><div class=\"q_icon_list\"><i class=\"qode_icon_font_awesome fa fa-circle-o qode-ili-icon-holder transparent\" style=\"color: #ffc92d;\" ><\/i><p style=\"\">Vols acabar amb la relaci\u00f3 per\u00f2 no pots<\/p><\/div><div class=\"q_icon_list\"><i class=\"qode_icon_font_awesome fa fa-circle-o qode-ili-icon-holder transparent\" style=\"color: #ffc92d;\" ><\/i><p style=\"\">El dol per la p\u00e8rdua d\u2019alg\u00fa est\u00e0 durant massa<\/p><\/div><div class=\"q_icon_list\"><i class=\"qode_icon_font_awesome fa fa-circle-o qode-ili-icon-holder transparent\" style=\"color: #ffc92d;\" ><\/i><p style=\"\">Tens pensaments que venen a la teva ment sense que els puguis controlar<\/p><\/div><div class=\"q_icon_list\"><i class=\"qode_icon_font_awesome fa fa-circle-o qode-ili-icon-holder transparent\" style=\"color: #ffc92d;\" ><\/i><p style=\"\">Tens poc \/ excessiu desig sexual<\/p><\/div><div class=\"q_icon_list\"><i class=\"qode_icon_font_awesome fa fa-circle-o qode-ili-icon-holder transparent\" style=\"color: #ffc92d;\" ><\/i><p style=\"\">No et sents b\u00e9 amb com ets o com creus que et veuen els altres<\/p><\/div>[\/vc_column][vc_column width=&#8221;1\/2&#8243;]<div class=\"q_icon_list\"><i class=\"qode_icon_font_awesome fa fa-circle-o qode-ili-icon-holder transparent\" style=\"color: #ffc92d;\" ><\/i><p style=\"\">Et costa relacionar-te amb els altres<\/p><\/div><div class=\"q_icon_list\"><i class=\"qode_icon_font_awesome fa fa-circle-o qode-ili-icon-holder transparent\" style=\"color: #ffc92d;\" ><\/i><p style=\"\">Et sents desmotivat o trist<\/p><\/div><div class=\"q_icon_list\"><i class=\"qode_icon_font_awesome fa fa-circle-o qode-ili-icon-holder transparent\" style=\"color: #ffc92d;\" ><\/i><p style=\"\">Et sents ansi\u00f3s<\/p><\/div><div class=\"q_icon_list\"><i class=\"qode_icon_font_awesome fa fa-circle-o qode-ili-icon-holder transparent\" style=\"color: #ffc92d;\" ><\/i><p style=\"\">Creus que tens alguna f\u00f2bia<\/p><\/div><div class=\"q_icon_list\"><i class=\"qode_icon_font_awesome fa fa-circle-o qode-ili-icon-holder transparent\" style=\"color: #ffc92d;\" ><\/i><p style=\"\">Has de fer coses repetitives per quedar-te tranquil<\/p><\/div><div class=\"q_icon_list\"><i class=\"qode_icon_font_awesome fa fa-circle-o qode-ili-icon-holder transparent\" style=\"color: #ffc92d;\" ><\/i><p style=\"\">Tens una relaci\u00f3 poc saludable amb el menjar<\/p><\/div><div class=\"q_icon_list\"><i class=\"qode_icon_font_awesome fa fa-circle-o qode-ili-icon-holder transparent\" style=\"color: #ffc92d;\" ><\/i><p style=\"\">Creus que tens una addicci\u00f3 (a subst\u00e0ncies, al joc, a les compres, al sexe, etc.)<\/p><\/div><div class=\"q_icon_list\"><i class=\"qode_icon_font_awesome fa fa-circle-o qode-ili-icon-holder transparent\" style=\"color: #ffc92d;\" ><\/i><p style=\"\">Et va passar alguna cosa horrible al passat i t\u2019est\u00e0 passant factura<\/p><\/div><div class=\"q_icon_list\"><i class=\"qode_icon_font_awesome fa fa-circle-o qode-ili-icon-holder transparent\" style=\"color: #ffc92d;\" ><\/i><p style=\"\">Sents que sempre has d\u2019estar amb alg\u00fa, no saps estar sol\/a<\/p><\/div><div class=\"q_icon_list\"><i class=\"qode_icon_font_awesome fa fa-circle-o qode-ili-icon-holder transparent\" style=\"color: #ffc92d;\" ><\/i><p style=\"\">Tens por excessiva de contraure alguna malaltia<\/p><\/div>[\/vc_column][\/vc_row][vc_row css_animation=&#8221;&#8221; row_type=&#8221;row&#8221; use_row_as_full_screen_section=&#8221;no&#8221; type=&#8221;grid&#8221; angled_section=&#8221;no&#8221; text_align=&#8221;left&#8221; background_image_as_pattern=&#8221;without_pattern&#8221; padding_bottom=&#8221;75&#8243;][vc_column][vc_empty_space][vc_column_text]<\/p>\n<p style=\"text-align: center;\">Hi ha molts motius pels quals alg\u00fa pot anar al psicoterapeuta, aquests nom\u00e9s s\u00f3n alguns d\u2019ells. Si vols saber si et podem ajudar en el teu cas, truca\u2019ns, envia\u2019ns un e-mail o demana una visita informativa gratu\u00efta.<\/p>\n<p style=\"text-align: center;\">Tamb\u00e9 et pot resultar \u00fatil llegir aquest article: <a href=\"http:\/\/la-gent-sana-tambe-va-al-psicoleg\/\">La gent sana tamb\u00e9 va al psic\u00f2leg<\/a><\/p>\n<p>[\/vc_column_text][\/vc_column][\/vc_row][vc_row css_animation=&#8221;&#8221; row_type=&#8221;row&#8221; use_row_as_full_screen_section=&#8221;no&#8221; type=&#8221;grid&#8221; angled_section=&#8221;no&#8221; text_align=&#8221;center&#8221; background_image=&#8221;685&#8243; background_image_as_pattern=&#8221;without_pattern&#8221; padding_top=&#8221;50&#8243; padding_bottom=&#8221;50&#8243;][vc_column][vc_column_text]<\/p>\n<h2 style=\"text-align: center;\"><span style=\"color: #ffffff;\">Vull demanar visita, Com funciona?<\/span><\/h2>\n<p style=\"text-align: center;\">[\/vc_column_text][vc_separator type=&#8221;small&#8221; position=&#8221;center&#8221; up=&#8221;25&#8243; down=&#8221;25&#8243;][vc_row_inner row_type=&#8221;row&#8221; type=&#8221;full_width&#8221; text_align=&#8221;left&#8221; css_animation=&#8221;&#8221;][vc_column_inner width=&#8221;1\/3&#8243;][vc_column_text]<\/p>\n<p style=\"text-align: center;\"><span style=\"color: #ffffff;\"><strong>1.<\/strong> Omple aquest formulari que trobar\u00e0s al final de la p\u00e0gina<\/span><\/p>\n<p>[\/vc_column_text][\/vc_column_inner][vc_column_inner width=&#8221;1\/3&#8243;][vc_column_text]<\/p>\n<p style=\"text-align: center;\"><span style=\"color: #ffffff;\"><strong>2.<\/strong> Si no tens cap prefer\u00e8ncia entre els nostres psicoterapeutes, seleccionarem aquell que creguem que encaixar\u00e0 millor amb tu en funci\u00f3 de les tev\u00e9s prefer\u00e8ncies, la teva consulta, les teves caracter\u00edstiques, i la teva disponibilitat hor\u00e0ria.<\/span><\/p>\n<p>[\/vc_column_text][\/vc_column_inner][vc_column_inner width=&#8221;1\/3&#8243;][vc_column_text]<\/p>\n<p style=\"text-align: center;\"><span style=\"color: #ffffff;\"><strong>3.<\/strong> Et oferirem diverses opcions de visita que encaixin amb la teva disponibilitat<\/span><\/p>\n<p>[\/vc_column_text][\/vc_column_inner][\/vc_row_inner][vc_empty_space][vc_row_inner row_type=&#8221;row&#8221; type=&#8221;full_width&#8221; text_align=&#8221;left&#8221; css_animation=&#8221;&#8221;][vc_column_inner width=&#8221;1\/6&#8243;][\/vc_column_inner][vc_column_inner width=&#8221;1\/3&#8243;][vc_column_text]<\/p>\n<p style=\"text-align: center;\"><span style=\"color: #ffffff;\"><strong>4.<\/strong> Ens confirmes l\u2019hora de visita<\/span><\/p>\n<p>[\/vc_column_text][\/vc_column_inner][vc_column_inner width=&#8221;1\/3&#8243;][vc_column_text]<\/p>\n<p style=\"text-align: center;\"><span style=\"color: #ffffff;\"><strong>5.<\/strong> Ens veiem el dia de la visita al Centre GRAT de Barcelona!<\/span><\/p>\n<p>[\/vc_column_text][\/vc_column_inner][vc_column_inner width=&#8221;1\/6&#8243;][\/vc_column_inner][\/vc_row_inner][vc_empty_space]<a  itemprop=\"url\" href=\"#contacto\" target=\"_self\" data-hover-background-color=#20376d data-hover-border-color=#20376d  class=\"qbutton  large default\" style=\"border-color: #ffc92d; background-color: #ffc92d;\">Sol\u00b7licita una visita<\/a>[\/vc_column][\/vc_row][vc_row css_animation=&#8221;&#8221; row_type=&#8221;row&#8221; use_row_as_full_screen_section=&#8221;no&#8221; type=&#8221;grid&#8221; angled_section=&#8221;no&#8221; text_align=&#8221;left&#8221; background_image_as_pattern=&#8221;without_pattern&#8221; el_class=&#8221;oculta&#8221;][vc_column width=&#8221;1\/4&#8243;][vc_empty_space][vc_single_image image=&#8221;18175&#8243; img_size=&#8221;full&#8221; alignment=&#8221;center&#8221; qode_css_animation=&#8221;&#8221;][vc_empty_space][vc_column_text]<\/p>\n<h3 style=\"text-align: center;\">\u00darsula Salvador<\/h3>\n<p style=\"text-align: center;\">Psic\u00f2loga General Sanit\u00e0ria<\/p>\n<p style=\"text-align: center;\">Col\u00b7legiada 17363<\/p>\n<p>[\/vc_column_text][vc_empty_space][vc_accordion active_tab=&#8221;false&#8221; collapsible=&#8221;yes&#8221; style=&#8221;accordion&#8221; title=&#8221;CON\u00c8IXER M\u00c9S&#8221;][vc_accordion_tab title=&#8221;CON\u00c8IXER M\u00c9S&#8221; title_color=&#8221;#ffffff&#8221; background_color=&#8221;#20376d&#8221; title_tag=&#8221;h5&#8243;][vc_column_text]<\/p>\n<ul>\n<li style=\"text-align: left;\">Psic\u00f2loga General Sanit\u00e0ria<\/li>\n<li style=\"text-align: left;\">Especialista en ter\u00e0pia individual i de parella<\/li>\n<li style=\"text-align: left;\">Especialista en ter\u00e0pia sexual<\/li>\n<li style=\"text-align: left;\">Especialista en trastorns de l\u2019estat d\u2019\u00e0nim, ansietat, depressi\u00f3 i somatitzacions, i trastorn obsessiu.<\/li>\n<li style=\"text-align: left;\">Especialista en addiccions<\/li>\n<li style=\"text-align: left;\">Llarga experi\u00e8ncia com a coordinadora i psic\u00f2loga de projectes a Fundaci\u00f3 de l\u2019\u00e0mbit sociosanitari per serveis de la Generalitat de Catalunya (addiccions, viol\u00e8ncia de g\u00e8nere, parentalitat positiva)<\/li>\n<li style=\"text-align: left;\">Llicenciada en Psicologia per la Universitat Aut\u00f2noma de Barcelona<\/li>\n<li style=\"text-align: left;\">Postgrau en Ter\u00e0pia de Parella per la Universitat de Barcelona<\/li>\n<li style=\"text-align: left;\">Postgrau en Ter\u00e0pia Sexual per la Universitat de Barcelona<\/li>\n<li style=\"text-align: left;\">Postgrau en Psicoter\u00e0pia a Centro \u00cdtaca<\/li>\n<li style=\"text-align: left;\">Psicoterapeuta d\u2019adolescents, joves i adults<\/li>\n<\/ul>\n<p>[\/vc_column_text][\/vc_accordion_tab][\/vc_accordion][\/vc_column][vc_column width=&#8221;1\/4&#8243;][vc_empty_space][vc_single_image image=&#8221;186&#8243; img_size=&#8221;full&#8221; alignment=&#8221;center&#8221; qode_css_animation=&#8221;&#8221;][vc_empty_space][vc_column_text]<\/p>\n<h3 style=\"text-align: center;\">Albert Roig Tor<\/h3>\n<p style=\"text-align: center;\">Psic\u00f2leg General Sanit\u00e0ri<\/p>\n<p style=\"text-align: center;\">Col\u00b7legiat n\u00ba17308<\/p>\n<p>[\/vc_column_text][vc_empty_space][vc_accordion active_tab=&#8221;false&#8221; collapsible=&#8221;yes&#8221; style=&#8221;accordion&#8221; title=&#8221;CON\u00c8IXER M\u00c9S&#8221;][vc_accordion_tab title=&#8221;CON\u00c8IXER M\u00c9S&#8221; title_color=&#8221;#ffffff&#8221; background_color=&#8221;#20376d&#8221; title_tag=&#8221;h5&#8243;][vc_column_text]<\/p>\n<ul>\n<li style=\"text-align: left;\">Psic\u00f2leg General Sanitari<\/li>\n<li style=\"text-align: left;\">Psicoterapeuta adults, joves i adolescents<\/li>\n<li style=\"text-align: left;\">Especialista en ter\u00e0pia individual, familiar i de parella<\/li>\n<li style=\"text-align: left;\">Especialista hipnosi cl\u00ednica<\/li>\n<li style=\"text-align: left;\">Especialista en tabaquisme<\/li>\n<li style=\"text-align: left;\">Especialista en f\u00f2bies: por a volar, a conduir, a animals i altres pors irracionals<\/li>\n<li style=\"text-align: left;\">Especialista en trastorns de l\u2019estat de l\u2019\u00e0nim, trastorns d\u2019ansietat, trastorns de somatitzaci\u00f3<\/li>\n<li style=\"text-align: left;\">Especialista en estrat\u00e8gies en comunicaci\u00f3 i habilitats socials<\/li>\n<li style=\"text-align: left;\">Especialista en trastorns conversius i somatomorfs<\/li>\n<li style=\"text-align: left;\">Consultor extern de l\u2019Equip Psiqui\u00e0tric de l\u2019Hospital de Barcelona<\/li>\n<li style=\"text-align: left;\">Psic\u00f2leg expert en hipnosi cl\u00ednica a la Unitat de Parkinson i Trastorns del Moviment adscrita al Centre M\u00e8dic Teknon<\/li>\n<li style=\"text-align: left;\">Investigador en projectes d\u2019investigaci\u00f3 cient\u00edfica sobre l\u2019efic\u00e0cia de la hipnosi en trastorns conversius<\/li>\n<li style=\"text-align: left;\">Docent de seminaris sobre Hipnosi dintre del Postgrau en Hipnosi Cl\u00ednica la Universitat de Barcelona<\/li>\n<li style=\"text-align: left;\">Docent de cursos sobre hipnosi cl\u00ednica adre\u00e7ats a professionals sanitaris al Centre GRAT<\/li>\n<li style=\"text-align: left;\">Llicenciat en Psicologia. Universitat de Barcelona.<\/li>\n<li style=\"text-align: left;\">M\u00e0ster en Ter\u00e0pia Cognitiu Social. Ter\u00e0pia individual, familiar i de parella. Universitat de Barcelona<\/li>\n<li style=\"text-align: left;\">Postgrau en Hipnosi Cl\u00ednica. Universitat de Barcelona, Facultat de Psicologia.<\/li>\n<\/ul>\n<h5 style=\"text-align: left;\">PUBLICACIONS:<\/h5>\n<ul>\n<li style=\"text-align: left;\">L\u2019avaluaci\u00f3 de l\u2019estr\u00e8s i del trauma: Presentaci\u00f3 de la versi\u00f3 espanyola de l\u2019escala de trauma acumulatiu (CTS). P\u00e0gs. 89 \u2013 104 de la Revista de Psicoter\u00e0pia \/ Vol. XX \u2013 N\u00ba 80.<\/li>\n<li style=\"text-align: left;\">La Hist\u00e8ria a la medicina del S. XXI. Quaderns de Psicosom\u00e0tica i Psiquiatria d\u2019Enlla\u00e7 N\u00ba40 Mes: Abril\/Maig\/Juny 2013.<\/li>\n<\/ul>\n<p>[\/vc_column_text][\/vc_accordion_tab][\/vc_accordion][\/vc_column][vc_column width=&#8221;1\/4&#8243;][vc_empty_space][vc_single_image image=&#8221;21325&#8243; img_size=&#8221;full&#8221; alignment=&#8221;center&#8221; qode_css_animation=&#8221;&#8221;][vc_empty_space][vc_column_text]<\/p>\n<h3 style=\"text-align: center;\">N\u00faria Tarifa Garcia<\/h3>\n<p style=\"text-align: center;\">Psic\u00f2loga General Sanit\u00e0ria<\/p>\n<p style=\"text-align: center;\">Col\u00b7legiada n\u00ba18273<\/p>\n<p>[\/vc_column_text][vc_empty_space][vc_accordion active_tab=&#8221;false&#8221; collapsible=&#8221;yes&#8221; style=&#8221;accordion&#8221; title=&#8221;CON\u00c8IXER M\u00c9S&#8221;][vc_accordion_tab title=&#8221;CON\u00c8IXER M\u00c9S&#8221; title_color=&#8221;#ffffff&#8221; background_color=&#8221;#20376d&#8221; title_tag=&#8221;h5&#8243;][vc_column_text]<\/p>\n<ul>\n<li style=\"text-align: left;\">Psic\u00f2loga General Sanit\u00e0ria<\/li>\n<li style=\"text-align: left;\">Fundadora i Directora del Centre GRAT<\/li>\n<li style=\"text-align: left;\">Coordinadora de l\u2019\u00c0rea de Formaci\u00f3 del Centre GRAT<\/li>\n<li style=\"text-align: left;\">Psicoterapeuta d\u2019adolescents, joves i adults<\/li>\n<li style=\"text-align: left;\">Especialista en ter\u00e0pia individual i familiar<\/li>\n<li style=\"text-align: left;\">Especialista en ter\u00e0pia EMDR<\/li>\n<li style=\"text-align: left;\">Especialista en conducci\u00f3 de grups terap\u00e8utics<\/li>\n<li style=\"text-align: left;\">Especialista en tractament del trauma, Trastorn per Estr\u00e8s Postraum\u00e0tic, f\u00f2bies, abusos i maltractament.<\/li>\n<li style=\"text-align: left;\">Especialista en trastorns alimentaris<\/li>\n<li style=\"text-align: left;\">Especialista en trastorns de l\u2019estat de l\u2019\u00e0nim, trastorns d\u2019ansietat, trastorns adaptatius, trastorns de somatitzaci\u00f3 i trastorns obsessius<\/li>\n<li style=\"text-align: left;\">Especialista en creixement personal, estrat\u00e8gies de comunicaci\u00f3, habilitats socials i autoestima<\/li>\n<li style=\"text-align: left;\">Llicenciada en Psicologia. Universitat Ramon Llull<\/li>\n<li style=\"text-align: left;\">M\u00e0ster en Ter\u00e0pia Familiar. Perspectiva Sist\u00e8mica Integradora. Universitat de Girona<\/li>\n<li style=\"text-align: left;\">M\u00e0ster en Ter\u00e0pia Cognitiu Social. Ter\u00e0pia individual, familiar i de parella. Universitat de Barcelona<\/li>\n<li style=\"text-align: left;\">Postgrau en Ter\u00e0pia Breu Estrat\u00e8gica. Universitat de Girona<\/li>\n<li style=\"text-align: left;\">Terapeuta EMDR. Asociaci\u00f3n EMDR Espa\u00f1a.<\/li>\n<li style=\"text-align: left;\">Formaci\u00f3 en Dificultats d\u2019Aprenentatge. TDAH, Disl\u00e8xia, Discalc\u00falia, TANV. Fundaci\u00f3 Adana<\/li>\n<\/ul>\n<p>[\/vc_column_text][\/vc_accordion_tab][\/vc_accordion][\/vc_column][vc_column width=&#8221;1\/4&#8243;][vc_empty_space][vc_single_image image=&#8221;19386&#8243; img_size=&#8221;full&#8221; alignment=&#8221;center&#8221; qode_css_animation=&#8221;&#8221;][vc_empty_space][vc_column_text]<\/p>\n<h3 style=\"text-align: center;\">Raquel Gimeno-Bayon<\/h3>\n<p style=\"text-align: center;\">Psic\u00f2loga Psicoterapeuta<\/p>\n<p style=\"text-align: center;\">Col\u00b7legiada n\u00ba 27489<\/p>\n<p>[\/vc_column_text][vc_empty_space][vc_accordion active_tab=&#8221;false&#8221; collapsible=&#8221;yes&#8221; style=&#8221;accordion&#8221; title=&#8221;CON\u00c8IXER M\u00c9S&#8221;][vc_accordion_tab title=&#8221;CON\u00c8IXER M\u00c9S&#8221; title_color=&#8221;#ffffff&#8221; background_color=&#8221;#20376d&#8221; title_tag=&#8221;h5&#8243;][vc_column_text]<\/p>\n<ul>\n<li style=\"text-align: left;\">Psic\u00f2loga Psicoterapeuta<\/li>\n<li style=\"text-align: left;\">Especialista en psicoter\u00e0pia individual amb joves i adults<\/li>\n<li style=\"text-align: left;\">Especialista en ter\u00e0pia EMDR<\/li>\n<li style=\"text-align: left;\">Especialista en tractament del trauma, Trastorn per Estr\u00e8s Postraum\u00e0tic, f\u00f2bies, abusos i maltractament.<\/li>\n<li style=\"text-align: left;\">Especialista en psicoter\u00e0pia perinatal: acompanyament i gesti\u00f3 emocional en infertilitat, MSE (Mares Solteres per Elecci\u00f3), cicles de reproducci\u00f3 assistida, dol gen\u00e8tic i perinatal.<\/li>\n<li style=\"text-align: left;\">Especialista en tractament de Trastorns de la Conducta Aliment\u00e0ria<\/li>\n<li style=\"text-align: left;\">Especialista en abordatge i gesti\u00f3 del TDAH adult<\/li>\n<li style=\"text-align: left;\">Especialista en el tractament d\u2019addiccions<\/li>\n<li style=\"text-align: left;\">Professora especialista en estr\u00e8s agut i TEPT al Institut de Formaci\u00f3 Cont\u00ednua IL3. Universitat de Barcelona<\/li>\n<li style=\"text-align: left;\">Llicenciada en Psicologia. Universitat de Barcelona<\/li>\n<li style=\"text-align: left;\">M\u00e0ster en Psicologia de la Reproducci\u00f3 Humana Assistida. Universitat de Barcelona<\/li>\n<li style=\"text-align: left;\">M\u00e0ster en Psicoter\u00e0pia Integradora. Institut Mensalus<\/li>\n<li style=\"text-align: left;\">Terapeuta EMDR. Asociaci\u00f3n EMDR Espa\u00f1a.<\/li>\n<li style=\"text-align: left;\">Formaci\u00f3 en tractament dels TCA amb EMDR. Asociaci\u00f3n EMDR Espa\u00f1a<\/li>\n<li style=\"text-align: left;\">Formaci\u00f3 en l\u2019enfocament EMDR en Infertilitat. Asociaci\u00f3n EMDR Espa\u00f1a.<\/li>\n<li style=\"text-align: left;\">Formaci\u00f3 en Sexologia Cl\u00ednica. IESP<\/li>\n<li style=\"text-align: left;\">Formaci\u00f3 en Fisiosexologia. IESP<\/li>\n<li style=\"text-align: left;\">Formaci\u00f3 en Ter\u00e0pia Sexual i de Parella. IESP<\/li>\n<li style=\"text-align: left;\">Formaci\u00f3 en Intervenci\u00f3 Emocional en nens, adolescents i fam\u00edlies. Centre GRAT.<\/li>\n<li style=\"text-align: left;\">Formaci\u00f3 en Trastorns de l\u2019aprenetatge. Integratek<\/li>\n<li style=\"text-align: left;\">Formaci\u00f3 en Adiccions en l\u2019adolesc\u00e8ncia. Integratek<\/li>\n<\/ul>\n<p>[\/vc_column_text][\/vc_accordion_tab][\/vc_accordion][\/vc_column][\/vc_row][vc_row css_animation=&#8221;&#8221; row_type=&#8221;row&#8221; use_row_as_full_screen_section=&#8221;no&#8221; type=&#8221;grid&#8221; angled_section=&#8221;no&#8221; text_align=&#8221;left&#8221; background_image_as_pattern=&#8221;without_pattern&#8221; el_class=&#8221;oculta&#8221;][vc_column width=&#8221;1\/3&#8243;][vc_empty_space][vc_single_image image=&#8221;23343&#8243; img_size=&#8221;full&#8221; alignment=&#8221;center&#8221; qode_css_animation=&#8221;&#8221;][vc_empty_space][vc_column_text]<\/p>\n<h3 style=\"text-align: center;\">Tania L\u00f3pez Rodr\u00edguez<\/h3>\n<p style=\"text-align: center;\">Psic\u00f2loga General Sanit\u00e0ria<\/p>\n<p style=\"text-align: center;\">Col\u00b7legiada n\u00famero 19442<\/p>\n<p>[\/vc_column_text][vc_empty_space][vc_accordion active_tab=&#8221;false&#8221; collapsible=&#8221;yes&#8221; style=&#8221;accordion&#8221; title=&#8221;CON\u00c8IXER M\u00c9S&#8221;][vc_accordion_tab title=&#8221;CON\u00c8IXER M\u00c9S&#8221; title_color=&#8221;#ffffff&#8221; background_color=&#8221;#20376d&#8221; title_tag=&#8221;h5&#8243;][vc_column_text]<\/p>\n<ul style=\"text-align: left;\">\n<li>Psic\u00f2loga General Sanit\u00e0ria<\/li>\n<li>Terapeuta Familiar i de Parella sist\u00e8mica<\/li>\n<li>Especialista en psicoter\u00e0pia individual infanto-juvenil, adults i familiar<\/li>\n<li>Especialista en assessorament a pares sobre el maneig conductual de els\/as fills\/as<\/li>\n<li>Especialista en viol\u00e8ncies i conflictes intrafamiliars<\/li>\n<li>Experi\u00e8ncia amb inf\u00e0ncia, adolesc\u00e8ncia i joventut en situaci\u00f3 de risc intrafamiliar i d&#8217;exclusi\u00f3 social<\/li>\n<li>Experi\u00e8ncia amb adults i fam\u00edlies en situacions socials complexes.<\/li>\n<li>Especialista en acompanyament a pares i mares en el desenvolupament cognitiu, educatiu, social i emocional dels seus fills\/as<\/li>\n<li>Especialista en trastorns d&#8217;ansietat, trastorns de l&#8217;estat d&#8217;\u00e0nim i en gesti\u00f3 de les emocions.<\/li>\n<li>Especialista en creixement personal i autoestima.<\/li>\n<li>Membre de la\u00a0Societat\u00a0Catalana de\u00a0Ter\u00e0pia\u00a0Familiar<\/li>\n<li>M\u00e0ster Oficial en Psicologia Cl\u00ednica i de la Salut, per la Universitat de Barcelona.<\/li>\n<li>M\u00e0ster en Ter\u00e0pia Familiar i de Parella Sist\u00e8mica (Terapeuta Familiar) per KINE, Barcelona.<\/li>\n<li>Psicoter\u00e0pia integradora per al Tractament dels Trastorns de la Conducta Aliment\u00e0ria. Escuela de Psicolog\u00eda y Psicoterapia Eva Molero<\/li>\n<li>Tractament Psicol\u00f2gic del Trauma en Psicoter\u00e0pia. Centre GRAT.<\/li>\n<\/ul>\n<p>[\/vc_column_text][\/vc_accordion_tab][\/vc_accordion][\/vc_column][vc_column width=&#8221;1\/3&#8243;][vc_empty_space][vc_single_image image=&#8221;21652&#8243; img_size=&#8221;full&#8221; alignment=&#8221;center&#8221; qode_css_animation=&#8221;&#8221;][vc_empty_space][vc_column_text]<\/p>\n<h3 style=\"text-align: center;\">Sara Mart\u00edn<\/h3>\n<p style=\"text-align: center;\">Psic\u00f2loga Psicoterapeuta<\/p>\n<p style=\"text-align: center;\">Col\u00b7legiada n\u00famero 28723<\/p>\n<p>[\/vc_column_text][vc_empty_space][vc_accordion active_tab=&#8221;false&#8221; collapsible=&#8221;yes&#8221; style=&#8221;accordion&#8221; title=&#8221;CON\u00c8IXER M\u00c9S&#8221;][vc_accordion_tab title=&#8221;CON\u00c8IXER M\u00c9S&#8221; title_color=&#8221;#ffffff&#8221; background_color=&#8221;#20376d&#8221; title_tag=&#8221;h5&#8243;][vc_column_text css=&#8221;&#8221;]<\/p>\n<ul class=\"ak-ul\" data-prosemirror-content-type=\"node\" data-prosemirror-node-name=\"bulletList\" data-prosemirror-node-block=\"true\" data-pm-slice=\"3 3 []\">\n<li data-prosemirror-content-type=\"node\" data-prosemirror-node-name=\"listItem\" data-prosemirror-node-block=\"true\">\n<p data-prosemirror-content-type=\"node\" data-prosemirror-node-name=\"paragraph\" data-prosemirror-node-block=\"true\">Psic\u00f2loga General Sanit\u00e0ria<\/p>\n<\/li>\n<li data-prosemirror-content-type=\"node\" data-prosemirror-node-name=\"listItem\" data-prosemirror-node-block=\"true\">\n<p data-prosemirror-content-type=\"node\" data-prosemirror-node-name=\"paragraph\" data-prosemirror-node-block=\"true\">Especialista en psicoter\u00e0pia amb adolescents i persones adultes<\/p>\n<\/li>\n<li data-prosemirror-content-type=\"node\" data-prosemirror-node-name=\"listItem\" data-prosemirror-node-block=\"true\">\n<p data-prosemirror-content-type=\"node\" data-prosemirror-node-name=\"paragraph\" data-prosemirror-node-block=\"true\">Psicoter\u00e0pia individual, de parella i familiar<\/p>\n<\/li>\n<li data-prosemirror-content-type=\"node\" data-prosemirror-node-name=\"listItem\" data-prosemirror-node-block=\"true\">\n<p data-prosemirror-content-type=\"node\" data-prosemirror-node-name=\"paragraph\" data-prosemirror-node-block=\"true\">Psicoter\u00e0pia amb perspectiva de g\u00e8nere<\/p>\n<\/li>\n<li data-prosemirror-content-type=\"node\" data-prosemirror-node-name=\"listItem\" data-prosemirror-node-block=\"true\">\n<p data-prosemirror-content-type=\"node\" data-prosemirror-node-name=\"paragraph\" data-prosemirror-node-block=\"true\">Especialista en trastorns de l\u2019estat d\u2019\u00e0nim,\u00a0d\u2019ansietat i obsessius<\/p>\n<\/li>\n<li data-prosemirror-content-type=\"node\" data-prosemirror-node-name=\"listItem\" data-prosemirror-node-block=\"true\">\n<p data-prosemirror-content-type=\"node\" data-prosemirror-node-name=\"paragraph\" data-prosemirror-node-block=\"true\">Especialista en dependencia emocional i manipulaci\u00f3 psicol\u00f2gica<\/p>\n<\/li>\n<li data-prosemirror-content-type=\"node\" data-prosemirror-node-name=\"listItem\" data-prosemirror-node-block=\"true\">\n<p data-prosemirror-content-type=\"node\" data-prosemirror-node-name=\"paragraph\" data-prosemirror-node-block=\"true\">Especialista en conductes addictives<\/p>\n<\/li>\n<li data-prosemirror-content-type=\"node\" data-prosemirror-node-name=\"listItem\" data-prosemirror-node-block=\"true\">\n<p data-prosemirror-content-type=\"node\" data-prosemirror-node-name=\"paragraph\" data-prosemirror-node-block=\"true\">Experta en prevenci\u00f3 d&#8217;addiccions comportamentals en la inf\u00e0ncia i l&#8217;adolesc\u00e8ncia<\/p>\n<\/li>\n<li data-prosemirror-content-type=\"node\" data-prosemirror-node-name=\"listItem\" data-prosemirror-node-block=\"true\">\n<p data-prosemirror-content-type=\"node\" data-prosemirror-node-name=\"paragraph\" data-prosemirror-node-block=\"true\">Llicenciada en Psicologia \u2013 Universitat Aut\u00f2noma de Barcelona<\/p>\n<\/li>\n<li data-prosemirror-content-type=\"node\" data-prosemirror-node-name=\"listItem\" data-prosemirror-node-block=\"true\">\n<p data-prosemirror-content-type=\"node\" data-prosemirror-node-name=\"paragraph\" data-prosemirror-node-block=\"true\">M\u00e0ster en Ter\u00e0pia Cognitiu-Social (ter\u00e0pia individual, familiar i de parella) \u2013 Universitat de Barcelona<\/p>\n<\/li>\n<li data-prosemirror-content-type=\"node\" data-prosemirror-node-name=\"listItem\" data-prosemirror-node-block=\"true\">\n<p data-prosemirror-content-type=\"node\" data-prosemirror-node-name=\"paragraph\" data-prosemirror-node-block=\"true\">M\u00e0ster en Estudis de G\u00e8nere, Dones i Ciutadania \u2013 Universitat de Barcelona<\/p>\n<\/li>\n<li data-prosemirror-content-type=\"node\" data-prosemirror-node-name=\"listItem\" data-prosemirror-node-block=\"true\">\n<p data-prosemirror-content-type=\"node\" data-prosemirror-node-name=\"paragraph\" data-prosemirror-node-block=\"true\">Postgrau en Addiccions Comportamentals i Manipulaci\u00f3 Psicol\u00f2gica \u2013 IL3-Universitat de Barcelona<\/p>\n<\/li>\n<\/ul>\n<p>[\/vc_column_text][\/vc_accordion_tab][\/vc_accordion][\/vc_column][vc_column width=&#8221;1\/3&#8243;][vc_empty_space][vc_single_image image=&#8221;21437&#8243; img_size=&#8221;full&#8221; alignment=&#8221;center&#8221; qode_css_animation=&#8221;&#8221;][vc_empty_space][vc_column_text]<\/p>\n<h3 style=\"text-align: center;\">Merc\u00e8 Gasc\u00f3 Coscojuela<\/h3>\n<p style=\"text-align: center;\">Psic\u00f2loga General Sanit\u00e0ria<\/p>\n<p style=\"text-align: center;\">Col\u00b7legiada n\u00famero 29734<\/p>\n<p>[\/vc_column_text][vc_empty_space][vc_accordion active_tab=&#8221;false&#8221; collapsible=&#8221;yes&#8221; style=&#8221;accordion&#8221; title=&#8221;CON\u00c8IXER M\u00c9S&#8221;][vc_accordion_tab title=&#8221;CON\u00c8IXER M\u00c9S&#8221; title_color=&#8221;#ffffff&#8221; background_color=&#8221;#20376d&#8221; title_tag=&#8221;h5&#8243;][vc_column_text]<\/p>\n<ul>\n<li style=\"text-align: left;\">Psic\u00f2loga General Sanit\u00e0ria<\/li>\n<li style=\"text-align: left;\">Especialista en psicoter\u00e0pia individual amb joves i adults.<\/li>\n<li style=\"text-align: left;\">Experta en acompanyament a persones en situacions de crisi, dols, dols per su\u00efcidi, malaltia, ansietat, estr\u00e8s, depressi\u00f3, crisi existencial, buit, soledat, creixement personal.<\/li>\n<li style=\"text-align: left;\">Experta en acompanyament a persones amb trastorns de personalitat, trastorn mental sever, addiccions i patologia dual.<\/li>\n<li style=\"text-align: left;\">Experi\u00e8ncia amb infants, adolescents i joves en situaci\u00f3 de risc d&#8217;exclusi\u00f3 social o desemparament.<\/li>\n<li style=\"text-align: left;\">Experi\u00e8ncia amb adults i fam\u00edlies en situacions socials complexes.<\/li>\n<li style=\"text-align: left;\">Llicenciada en Psicologia. UOC<\/li>\n<li style=\"text-align: left;\">M\u00e0ster de Psicologia General Sanit\u00e0ria. Universitat Ramon Llull<\/li>\n<li style=\"text-align: left;\">Diplomatura d&#8217;Educaci\u00f3 Social. Universitat Ramon Llull<\/li>\n<\/ul>\n<p>[\/vc_column_text][\/vc_accordion_tab][\/vc_accordion][\/vc_column][\/vc_row][vc_row css_animation=&#8221;&#8221; row_type=&#8221;row&#8221; use_row_as_full_screen_section=&#8221;no&#8221; type=&#8221;grid&#8221; angled_section=&#8221;no&#8221; text_align=&#8221;left&#8221; background_image_as_pattern=&#8221;without_pattern&#8221; el_class=&#8221;oculta&#8221;][vc_column width=&#8221;1\/3&#8243;][vc_empty_space][vc_single_image image=&#8221;181&#8243; img_size=&#8221;full&#8221; alignment=&#8221;center&#8221; qode_css_animation=&#8221;&#8221;][vc_empty_space][vc_column_text]<\/p>\n<h3 style=\"text-align: center;\">Pablo Quiroga Vicu\u00f1a<\/h3>\n<p style=\"text-align: center;\">Psic\u00f2leg General Sanitari<\/p>\n<p style=\"text-align: center;\">Col\u00b7legiat n\u00famero 14679<\/p>\n<p>[\/vc_column_text][vc_empty_space][vc_accordion active_tab=&#8221;false&#8221; collapsible=&#8221;yes&#8221; style=&#8221;accordion&#8221; title=&#8221;CON\u00c8IXER M\u00c9S&#8221;][vc_accordion_tab title=&#8221;CON\u00c8IXER M\u00c9S&#8221; title_color=&#8221;#ffffff&#8221; background_color=&#8221;#20376d&#8221; title_tag=&#8221;h5&#8243;][vc_column_text]<\/p>\n<ul>\n<li>Psic\u00f2leg General Sanitari<\/li>\n<li>Psicoterapeuta adults, joves i adolescents<\/li>\n<li>Especialista en ter\u00e0pia EMDR<\/li>\n<li>Especialista en ter\u00e0pia individual, familiar i de parella<\/li>\n<li>Especialista en ter\u00e0pia sexual<\/li>\n<li>Especialista en conducci\u00f3 de grups terap\u00e8utics<\/li>\n<li>Especialista en mediaci\u00f3 familiar<\/li>\n<li>Docent del M\u00e0ster Iberoameric\u00e0 de Ter\u00e0pia Familiar de Blanquerna (Universitat Ramon Llull)<\/li>\n<li>Tutor de les pr\u00e0ctiques de ter\u00e0pia familiar sist\u00e8mica del M\u00e0ster en Ter\u00e0pia Cognitiu Social de la UB a l\u2019Hospital Sant Pau<\/li>\n<li>Professor de la UOC al M\u00e0ster de Psicologia Infantil i Juvenil<\/li>\n<li>Professor del Curs de Ter\u00e0pia de Parella:\u00a0 t\u00e8cniques i recursos (Centre GRAT)<\/li>\n<li>Membre de l\u2019Acad\u00e8mia de les Ci\u00e8ncies M\u00e8diques<\/li>\n<li>Membre de la Societat Catalana de Ter\u00e0pia Familiar<\/li>\n<li>Llicenciat en Psicologia<\/li>\n<li>M\u00e0ster en Ter\u00e0pia Familiar Sist\u00e8mica (UAB-Hospital Sant Pau)<\/li>\n<li>Formaci\u00f3 b\u00e0sica en ter\u00e0pia familiar (Hospital Sant Pau)<\/li>\n<li>M\u00e0ster en \u201cprevenci\u00f3 de riscs laborals\u201d (idfo-ue)<\/li>\n<li>Terapeuta EMDR. Asociaci\u00f3n EMDR Espa\u00f1a<\/li>\n<\/ul>\n<h5>PUBLICACIONS<\/h5>\n<p>Investigador col\u00b7laborador en l\u2019estudi de la Diputaci\u00f3 de Barcelona:<\/p>\n<p>\u201cFam\u00edlia i Viol\u00e8ncia \u2013 Un estudi sobre la viol\u00e8ncia intrafamiliar dels adolescents vers els seus progenitors<br \/>\n<a href=\"http:\/\/www.academia.edu\/1018518\">http:\/\/www.academia.edu\/10<\/a>[\/vc_column_text][\/vc_accordion_tab][\/vc_accordion][\/vc_column][vc_column width=&#8221;1\/3&#8243;][vc_empty_space][vc_single_image image=&#8221;29825&#8243; img_size=&#8221;full&#8221; alignment=&#8221;center&#8221; qode_css_animation=&#8221;&#8221;][vc_empty_space][vc_column_text]<\/p>\n<h3 style=\"text-align: center;\">Helena Bertran Valls<\/h3>\n<p style=\"text-align: center;\">Psic\u00f2loga General Sanit\u00e0ria<\/p>\n<p style=\"text-align: center;\">Col\u00b7legiada n\u00ba 29502<\/p>\n<p>[\/vc_column_text][vc_empty_space][vc_accordion active_tab=&#8221;false&#8221; collapsible=&#8221;yes&#8221; style=&#8221;accordion&#8221; title=&#8221;CON\u00c8IXER M\u00c9S&#8221;][vc_accordion_tab title=&#8221;CON\u00c8IXER M\u00c9S&#8221; title_color=&#8221;#ffffff&#8221; background_color=&#8221;#20376d&#8221; title_tag=&#8221;h5&#8243;][vc_column_text]<\/p>\n<ul>\n<li style=\"text-align: left;\">Psic\u00f2loga General Sanit\u00e0ria<\/li>\n<li style=\"text-align: left;\">Psicoterapeuta d&#8217;adults, joves i adolescents<\/li>\n<li style=\"text-align: left;\">Especialista en psicoter\u00e0pia individual, familiar i de parella<\/li>\n<li style=\"text-align: left;\">Especialista en ter\u00e0pia EMDR<\/li>\n<li style=\"text-align: left;\">Especialista en tractament de trauma, f\u00f2bies i Trastorn per Estr\u00e8s Postraum\u00e0tic<\/li>\n<li style=\"text-align: left;\">Especialista en estr\u00e8s laboral, ansietat, depressi\u00f3, trastorn adaptatiu i dol<\/li>\n<li style=\"text-align: left;\">Especialista en creixement personal, autoestima i habilitats comunicatives<\/li>\n<li style=\"text-align: left;\">M\u00e0ster en Ter\u00e0pia Familiar Sist\u00e8mica (Hospital Sant Pau)<\/li>\n<li style=\"text-align: left;\">M\u00e0ster en Psicologia Cl\u00ednica i de la Salut i Ter\u00e0pia Cognitiu Conductual (ISEP)<\/li>\n<li style=\"text-align: left;\">M\u00e0ster en Intervenci\u00f3 en dificultats d&#8217;Aprenentatge (ISEP)<\/li>\n<li style=\"text-align: left;\">Terapeuta EMDR Nivel I i II en Asociaci\u00f3n EMDR Espa\u00f1a<\/li>\n<li style=\"text-align: left;\">Curs en reeducacions psicopedag\u00f2giques des d&#8217;un abordatge cognitiu-conductual (Fundaci\u00f3n ADANA).<\/li>\n<li style=\"text-align: left;\">Graduada en Psicologia (UAO)<\/li>\n<\/ul>\n<p>[\/vc_column_text][\/vc_accordion_tab][\/vc_accordion][\/vc_column][vc_column width=&#8221;1\/3&#8243;][vc_empty_space][vc_single_image image=&#8221;8389&#8243; img_size=&#8221;full&#8221; alignment=&#8221;center&#8221; qode_css_animation=&#8221;&#8221;][vc_empty_space][vc_column_text]<\/p>\n<h3 style=\"text-align: center;\">Maribel Rodr\u00edguez Ferre<\/h3>\n<p style=\"text-align: center;\">Psic\u00f2loga Psicoterapeuta<\/p>\n<p style=\"text-align: center;\">Col\u00b7legiada n\u00ba 8246<\/p>\n<p>[\/vc_column_text][vc_empty_space][vc_accordion active_tab=&#8221;false&#8221; collapsible=&#8221;yes&#8221; style=&#8221;accordion&#8221; title=&#8221;CON\u00c8IXER M\u00c9S&#8221;][vc_accordion_tab title=&#8221;CON\u00c8IXER M\u00c9S&#8221; title_color=&#8221;#ffffff&#8221; background_color=&#8221;#20376d&#8221; title_tag=&#8221;h5&#8243;][vc_column_text]<\/p>\n<ul>\n<li style=\"text-align: left;\">Psic\u00f2loga Psicoterapeuta<\/li>\n<li style=\"text-align: left;\">Psicoterapeuta adults, joves i adolescents<\/li>\n<li style=\"text-align: left;\">Especialista en ter\u00e0pia individual i familiar<\/li>\n<li style=\"text-align: left;\">Especialista en trastorns d\u2019ansietat, trastorns de l\u2019estat d\u2019\u00e0nim i en gesti\u00f3 de les emocions<\/li>\n<li style=\"text-align: left;\">Especialista en processos de dol<\/li>\n<li style=\"text-align: left;\">Especialista en creixement personal, autoestima, estrat\u00e8gies de comunicaci\u00f3 i habilitats socials<\/li>\n<li style=\"text-align: left;\">Membre del Grup de Treball de Ter\u00e0pia Breu Estrat\u00e8gica del Col\u00b7legi Oficial de Psic\u00f2legs de Catalunya<\/li>\n<li style=\"text-align: left;\">Membre del Grup de Treball de Ter\u00e0pies Narratives i Integradores del Col\u00b7legi Oficial de Psic\u00f2legs de Catalunya<\/li>\n<li style=\"text-align: left;\">Llicenciada en Psicologia. Universitat de Barcelona.<\/li>\n<li style=\"text-align: left;\">M\u00e0ster en Ter\u00e0pia Cognitiu-Social. Universitat de Barcelona. Ter\u00e0pia individual, familiar i de parella. Universitat de Barcelona.<\/li>\n<li style=\"text-align: left;\">Postgrau en T\u00e8cniques i Principis B\u00e0sics en Ter\u00e0pia Cognitiu-Social<strong>.<\/strong>\u00a0Universitat de Barcelona<\/li>\n<li style=\"text-align: left;\">Formaci\u00f3 en PNL ( Programaci\u00f3 Neuroling\u00fc\u00edstica). Centre Mandala. Reus.<\/li>\n<li style=\"text-align: left;\">Formaci\u00f3 B\u00e0sica en Ter\u00e0pia Familiar. Centre de Ter\u00e0pia Relacional i Familiar de Tarragona, adscrit a l\u2019escola de Ter\u00e0pia Familiar de l\u2019Hospital de Sant Pau.<\/li>\n<li style=\"text-align: left;\">Formaci\u00f3 en Intervenci\u00f3 Emocional Breu des d\u2019un enfocament integrador. Universitat de Barcelona.<\/li>\n<li style=\"text-align: left;\">Formaci\u00f3 en Psicoter\u00e0pia Existencial. Professor Manuel Villegas. Universitat de Barcelona.<\/li>\n<li style=\"text-align: left;\">Formaci\u00f3 en Ter\u00e0pia Breu Estrat\u00e8gica. Col\u00b7legi Oficial de Psic\u00f2legs de Catalunya<\/li>\n<\/ul>\n<p>[\/vc_column_text][\/vc_accordion_tab][\/vc_accordion][\/vc_column][\/vc_row][vc_row css_animation=&#8221;&#8221; row_type=&#8221;row&#8221; use_row_as_full_screen_section=&#8221;no&#8221; type=&#8221;grid&#8221; angled_section=&#8221;no&#8221; text_align=&#8221;center&#8221; background_image_as_pattern=&#8221;without_pattern&#8221; padding_top=&#8221;75&#8243; padding_bottom=&#8221;50&#8243;][vc_column][vc_separator type=&#8221;normal&#8221; up=&#8221;50&#8243; down=&#8221;50&#8243;][vc_column_text]<\/p>\n<h2 style=\"text-align: center;\">Moltes persones ja han confiat en nosaltres:<\/h2>\n<p>[\/vc_column_text][vc_empty_space]<div class='testimonials_c_holder clearfix dark'><div class=\"testimonials_c testimonials_c_carousel\" data-show-navigation=\"yes\" data-animation-speed=\"\" data-auto-rotate-slides=\"10\" data-number-per-slide=\"1\"><ul class=\"slides\"><li id=\"testimonials-c-2250\" class=\"testimonial_content\"><div class=\"testimonial_content_inner\"><div class=\"testimonial_text_holder\"><div class=\"testimonial_text_inner\" style=\"\"><p>\"Mi paso por terapia con \u00darsula fue totalmente satisfactorio. El apoyo, la gu\u00eda y las claves para seguir adelante fueron de gran ayuda, y hicieron que con mi esfuerzo y el de mi psic\u00f3loga yo pudiera ser una persona feliz. Ahora soy m\u00e1s reflexivo y libre, sin ansiedad y con capacidades nuevas\"<\/p><p class=\"testimonial_author\" style=\"\"><\/p><\/div><\/div><\/div><\/li><li id=\"testimonials-c-1848\" class=\"testimonial_content\"><div class=\"testimonial_content_inner\"><div class=\"testimonial_text_holder\"><div class=\"testimonial_text_inner\" style=\"\"><p>\"Pablo nos ha ayudado de una forma a encontrar cu\u00e1les eran los puntos donde los enganch\u00e1bamos y no consegu\u00edamos avanzar.Nos ha ayudado a poner freno a las discusiones y particularmente a mi para controlar mis ataques de ansiedad.\"<\/p><p class=\"testimonial_author\" style=\"\"><\/p><\/div><\/div><\/div><\/li><li id=\"testimonials-c-1834\" class=\"testimonial_content\"><div class=\"testimonial_content_inner\"><div class=\"testimonial_text_holder\"><div class=\"testimonial_text_inner\" style=\"\"><p>Durante casi dos a\u00f1os he hecho terapia con \u00darsula y ha estado una experiencia profundamente transformadora. El proceso ha representado un antes y un despu\u00e9s en la forma de entenderme y en la construcci\u00f3n de mi identidad. \r\nLe estoy profundamente agradecida. La recomiendo con plena convicci\u00f3n y sin ninguna duda!<\/p><p class=\"testimonial_author\" style=\"\"><\/p><\/div><\/div><\/div><\/li><li id=\"testimonials-c-1836\" class=\"testimonial_content\"><div class=\"testimonial_content_inner\"><div class=\"testimonial_text_holder\"><div class=\"testimonial_text_inner\" style=\"\"><p>Termino la terapia siendo m\u00e1s consciente de m\u00ed misma y siempre le estar\u00e9 agradecida por haberme acompa\u00f1ado con tanto cuidado en algo tan delicado. La recomendar\u00eda a cualquier persona (a \u00darsula)<\/p><p class=\"testimonial_author\" style=\"\"><\/p><\/div><\/div><\/div><\/li><li id=\"testimonials-c-1838\" class=\"testimonial_content\"><div class=\"testimonial_content_inner\"><div class=\"testimonial_text_holder\"><div class=\"testimonial_text_inner\" style=\"\"><p>\"La meva valoraci\u00f3 sobre el centre \u00e9s molt positiva. M\u2019ha perm\u00e8s canviar aquells aspectes de la meva vida que tant m\u2019angoixaven, i trobar els meus punts forts, dels quals no n\u2019era conscient. Ho he aconseguit gr\u00e0cies al treball realitzat amb la N\u00faria, el qual he recomanat tamb\u00e9 a gent propera a mi.\"<\/p><p class=\"testimonial_author\" style=\"\"><\/p><\/div><\/div><\/div><\/li><li id=\"testimonials-c-1840\" class=\"testimonial_content\"><div class=\"testimonial_content_inner\"><div class=\"testimonial_text_holder\"><div class=\"testimonial_text_inner\" style=\"\"><p>\"Muy buenos profesionales. He estado haciendo terapia con Nuria, y s\u00f3lo puedo decir que estoy encantada de haber acudido a ella. Hab\u00eda tenido malas experiencias con anteriores psic\u00f3logos, pero ella ha sabido entenderme y guiarme desde el primer momento. Recomendado 100%.\"<\/p><p class=\"testimonial_author\" style=\"\"><\/p><\/div><\/div><\/div><\/li><li id=\"testimonials-c-1844\" class=\"testimonial_content\"><div class=\"testimonial_content_inner\"><div class=\"testimonial_text_holder\"><div class=\"testimonial_text_inner\" style=\"\"><p>\"Albert siempre se mostr\u00f3 cercano y utilizaba t\u00e9cnicas y vocabulario que te ayudaban a comprender lo que estaba sucediendo.\u00a0\r\nA pesar de lo breve que fue la terapia, utilizamos estrategias 100% focalizadas al problema y a lo que quer\u00eda conseguir con las sesiones.\u00a0\r\nGran profesional.\"<\/p><p class=\"testimonial_author\" style=\"\"><\/p><\/div><\/div><\/div><\/li><li id=\"testimonials-c-1846\" class=\"testimonial_content\"><div class=\"testimonial_content_inner\"><div class=\"testimonial_text_holder\"><div class=\"testimonial_text_inner\" style=\"\"><p>\"He sido paciente de Albert durante un a\u00f1o y me ha ayudado mucho. Llegu\u00e9 el primer d\u00eda con problemas de ira y muchas inseguridades. Hemos trabajado mucho y muy bien juntos y ahora me siento mucho mejor conmigo mismo, y los dem\u00e1s tambi\u00e9n lo notan. Muchas gracias Albert!\"<\/p><p class=\"testimonial_author\" style=\"\"><\/p><\/div><\/div><\/div><\/li><\/ul><\/div><\/div>[vc_empty_space][vc_separator type=&#8221;small&#8221; position=&#8221;center&#8221; up=&#8221;25&#8243; down=&#8221;25&#8243;][vc_empty_space]<a  itemprop=\"url\" href=\"https:\/\/www.centregrat.com\/ca\/nosaltres\/\" target=\"_self\"  class=\"qbutton  default\" style=\"\">Coneix els nostres psicoterapeutes<\/a>[\/vc_column][\/vc_row][vc_row css_animation=&#8221;&#8221; row_type=&#8221;row&#8221; use_row_as_full_screen_section=&#8221;no&#8221; type=&#8221;grid&#8221; angled_section=&#8221;no&#8221; text_align=&#8221;left&#8221; background_image_as_pattern=&#8221;without_pattern&#8221; padding_bottom=&#8221;75&#8243;][vc_column][vc_separator type=&#8221;normal&#8221; up=&#8221;50&#8243; down=&#8221;50&#8243;][vc_column_text]<\/p>\n<h2 style=\"text-align: center;\">Altres preguntes habituals:<\/h2>\n<p>[\/vc_column_text][vc_empty_space][vc_row_inner row_type=&#8221;row&#8221; type=&#8221;full_width&#8221; text_align=&#8221;left&#8221; css_animation=&#8221;&#8221;][vc_column_inner width=&#8221;1\/2&#8243;]<div class='q_icon_with_title tiny normal_icon left_from_title'><div class=\"icon_text_holder\" style=\"\"><div class=\"icon_text_inner\" style=\"\"><div class=\"icon_title_holder\"><div class=\"icon_holder \" style=\" \"><span data-icon-type=\"normal\"   style=\"\" class=\"qode_iwt_icon_holder q_font_awsome_icon fa-lg \"><i class=\"qode_icon_font_awesome fa fa-question qode_iwt_icon_element\" style=\"color: #20376d;\" ><\/i><\/span><\/div><h5 class=\"icon_title\" style=\"\">Quan s'ha d'anar al psicoterapeuta? A mi m'aniria b\u00e9 anar?<\/h5><\/div><p style=''><\/p><a itemprop='url' class='icon_with_title_link' href='https:\/\/www.centregrat.com\/quan-anar-al-psicoleg-terapia\/' target='_self' style=''>Llegir m\u00e9s<\/a><\/div><\/div><\/div><div class='q_icon_with_title tiny normal_icon left_from_title'><div class=\"icon_text_holder\" style=\"\"><div class=\"icon_text_inner\" style=\"\"><div class=\"icon_title_holder\"><div class=\"icon_holder \" style=\" \"><span data-icon-type=\"normal\"   style=\"\" class=\"qode_iwt_icon_holder q_font_awsome_icon fa-lg \"><i class=\"qode_icon_font_awesome fa fa-question qode_iwt_icon_element\" style=\"color: #20376d;\" ><\/i><\/span><\/div><h5 class=\"icon_title\" style=\"\">Qui \u00e9s el professional competent per realitzar psicoter\u00e0pia?<\/h5><\/div><p style=''>El professional comptetent per realitzar psicoter\u00e0pia \u00e9s el psic\u00f2leg o psiquiatra especialista en psicoter\u00e0pia i ha d'estar col\u00b7legiat. Tots els professionals que realitzem psicoter\u00e0pies al Centre GRAT som psic\u00f2legs o psiquiatres col\u00b7legiats i especialitzats en psicoter\u00e0pia a trav\u00e9s de formacions de m\u00e0sters i postgraus espec\u00edfiques en aquesta \u00e0rea.<\/p><\/div><\/div><\/div>[\/vc_column_inner][vc_column_inner width=&#8221;1\/2&#8243;]<div class='q_icon_with_title tiny normal_icon left_from_title'><div class=\"icon_text_holder\" style=\"\"><div class=\"icon_text_inner\" style=\"\"><div class=\"icon_title_holder\"><div class=\"icon_holder \" style=\" \"><span data-icon-type=\"normal\"   style=\"\" class=\"qode_iwt_icon_holder q_font_awsome_icon fa-lg \"><i class=\"qode_icon_font_awesome fa fa-question qode_iwt_icon_element\" style=\"color: #20376d;\" ><\/i><\/span><\/div><h5 class=\"icon_title\" style=\"\">I si no m'agrada el psicoterapeuta que em toca?<\/h5><\/div><p style=''>L'avantatge de GRAT \u00e9s que al ser un centre format per diversos psicoterapeutes, t'assignem el professional m\u00e9s adequat per tu tenint en compte la teva demanda i les teves prefer\u00e8ncies. Si tot i aix\u00ed no est\u00e0s segur, demana una visita informativa gratu\u00efta per a que puguis coneixe'l i sortir de dubtes.<\/p><\/div><\/div><\/div><div class='q_icon_with_title tiny normal_icon left_from_title'><div class=\"icon_text_holder\" style=\"\"><div class=\"icon_text_inner\" style=\"\"><div class=\"icon_title_holder\"><div class=\"icon_holder \" style=\" \"><span data-icon-type=\"normal\"   style=\"\" class=\"qode_iwt_icon_holder q_font_awsome_icon fa-lg \"><i class=\"qode_icon_font_awesome fa fa-question qode_iwt_icon_element\" style=\"color: #20376d;\" ><\/i><\/span><\/div><h5 class=\"icon_title\" style=\"\">M\u00e9s dubtes?<\/h5><\/div><p style=''>Sol\u00b7licita una visita informativa gratu\u00efta i te'ls resoldrem<\/p><\/div><\/div><\/div>[\/vc_column_inner][\/vc_row_inner][\/vc_column][\/vc_row][vc_row css_animation=&#8221;&#8221; row_type=&#8221;row&#8221; use_row_as_full_screen_section=&#8221;no&#8221; type=&#8221;grid&#8221; anchor=&#8221;contacto&#8221; angled_section=&#8221;no&#8221; text_align=&#8221;center&#8221; background_image=&#8221;266&#8243; background_image_as_pattern=&#8221;without_pattern&#8221; padding_top=&#8221;50&#8243; padding_bottom=&#8221;50&#8243;][vc_column][vc_column_text]<\/p>\n<h2 style=\"text-align: center;\"><span style=\"color: #ffffff;\">Sol\u00b7licita una visita:<\/span><\/h2>\n<p>[\/vc_column_text][vc_separator type=&#8221;small&#8221; position=&#8221;center&#8221; up=&#8221;25&#8243; down=&#8221;25&#8243;][vc_column_text]<\/p>\n<p style=\"text-align: center;\"><span style=\"color: #ffffff;\">Per atendre&#8217;t de la millor manera possible, ajuda&#8217;ns responent aquestes preguntes:<\/span><\/p>\n<p>[\/vc_column_text][vc_empty_space]\n<div class=\"wpcf7 no-js\" id=\"wpcf7-f310-o1\" lang=\"en-US\" dir=\"ltr\" data-wpcf7-id=\"310\">\n<div class=\"screen-reader-response\"><p role=\"status\" aria-live=\"polite\" aria-atomic=\"true\"><\/p> <ul><\/ul><\/div>\n<form action=\"\/ca\/wp-json\/wp\/v2\/pages\/270#wpcf7-f310-o1\" method=\"post\" class=\"wpcf7-form init cf7_custom_style_1 7fb081fd7beb cmatic-conn cmatic-aud-28 cmatic-mapd0-0 cmatic-v097802 cmatic-sent-0 cmatic-total-7551\" aria-label=\"Contact form\" novalidate=\"novalidate\" data-status=\"init\">\n<fieldset class=\"hidden-fields-container\"><input type=\"hidden\" name=\"_wpcf7\" value=\"310\" \/><input type=\"hidden\" name=\"_wpcf7_version\" value=\"6.1.5\" \/><input type=\"hidden\" name=\"_wpcf7_locale\" value=\"en_US\" \/><input type=\"hidden\" name=\"_wpcf7_unit_tag\" value=\"wpcf7-f310-o1\" \/><input type=\"hidden\" name=\"_wpcf7_container_post\" value=\"0\" \/><input type=\"hidden\" name=\"_wpcf7_posted_data_hash\" value=\"\" \/><input type=\"hidden\" name=\"redirect_nonce\" value=\"0962c3c679\" \/><input type=\"hidden\" name=\"wpcf7cfpdf_hidden_name\" value=\"document-pdf\" \/><input type=\"hidden\" name=\"wpcf7cfpdf_hidden_reference\" value=\"e84386d5\" \/><input type=\"hidden\" name=\"wpcf7cfpdf_hidden_date\" value=\"May1,2026\" \/>\n<\/fieldset>\n<p><label> <span class=\"wpcf7-form-control-wrap\" data-name=\"your-name\"><input size=\"40\" maxlength=\"400\" class=\"wpcf7-form-control wpcf7-text wpcf7-validates-as-required\" aria-required=\"true\" aria-invalid=\"false\" placeholder=\"Nom\" value=\"\" type=\"text\" name=\"your-name\" \/><\/span> <\/label>\n<\/p>\n<p><label> <span class=\"wpcf7-form-control-wrap\" data-name=\"your-email\"><input size=\"40\" maxlength=\"400\" class=\"wpcf7-form-control wpcf7-email wpcf7-validates-as-required wpcf7-text wpcf7-validates-as-email\" aria-required=\"true\" aria-invalid=\"false\" placeholder=\"Email\" value=\"\" type=\"email\" name=\"your-email\" \/><\/span> <\/label>\n<\/p>\n<p><label> <span class=\"wpcf7-form-control-wrap\" data-name=\"telefono\"><input size=\"40\" maxlength=\"400\" class=\"wpcf7-form-control wpcf7-text wpcf7-validates-as-required\" aria-required=\"true\" aria-invalid=\"false\" placeholder=\"Tel\u00e8fon\" value=\"\" type=\"text\" name=\"telefono\" \/><\/span> <\/label>\n<\/p>\n<p><label> <span class=\"wpcf7-form-control-wrap\" data-name=\"profesional\"><input size=\"40\" maxlength=\"400\" class=\"wpcf7-form-control wpcf7-text\" aria-invalid=\"false\" placeholder=\"Vols visitar-te amb algun dels nostres psic\u00f2legs en concret? Si \u00e9s aix\u00ed, indica&#039;ns amb qui\" value=\"\" type=\"text\" name=\"profesional\" \/><\/span> <\/label>\n<\/p>\n<p><label> Tens alguna prefer\u00e8ncia en quant a que el psic\u00f2leg sigui home o dona? <\/label><span class=\"wpcf7-form-control-wrap\" data-name=\"preferencia\"><select class=\"wpcf7-form-control wpcf7-select wpcf7-validates-as-required\" aria-required=\"true\" aria-invalid=\"false\" name=\"preferencia\"><option value=\"\">Selecciona<\/option><option value=\"Dona\">Dona<\/option><option value=\"Home\">Home<\/option><option value=\"No m&#039;importa\">No m&#039;importa<\/option><\/select><\/span>\n<\/p>\n<p><label> Com prefereixes fer la ter\u00e0pia? <\/label><span class=\"wpcf7-form-control-wrap\" data-name=\"medio\"><select class=\"wpcf7-form-control wpcf7-select wpcf7-validates-as-required\" aria-required=\"true\" aria-invalid=\"false\" name=\"medio\"><option value=\"\">Selecciona<\/option><option value=\"Online\">Online<\/option><option value=\"Presencial\">Presencial<\/option><option value=\"Qualsevol de les dues opcions\">Qualsevol de les dues opcions<\/option><\/select><\/span>\n<\/p>\n<p><label> <span class=\"wpcf7-form-control-wrap\" data-name=\"disponibilitat\"><input size=\"40\" maxlength=\"400\" class=\"wpcf7-form-control wpcf7-text wpcf7-validates-as-required\" aria-required=\"true\" aria-invalid=\"false\" placeholder=\"Quina disponibilitat tens entre setmana?\" value=\"\" type=\"text\" name=\"disponibilitat\" \/><\/span> <\/label>\n<\/p>\n<p><label> <span class=\"wpcf7-form-control-wrap\" data-name=\"edat\"><input size=\"40\" maxlength=\"400\" class=\"wpcf7-form-control wpcf7-text wpcf7-validates-as-required\" aria-required=\"true\" aria-invalid=\"false\" placeholder=\"Quina edat tens?\" value=\"\" type=\"text\" name=\"edat\" \/><\/span> <\/label>\n<\/p>\n<p><label> <span class=\"wpcf7-form-control-wrap\" data-name=\"your-message\"><textarea cols=\"40\" rows=\"10\" maxlength=\"2000\" class=\"wpcf7-form-control wpcf7-textarea wpcf7-validates-as-required\" aria-required=\"true\" aria-invalid=\"false\" placeholder=\"Explica breument el motiu de consulta per poder donar-te visita amb el millor especialista per la teva situaci\u00f3 i per assegurar-nos que podem ajudar-te\" name=\"your-message\"><\/textarea><\/span> <\/label>\n<\/p>\n<p><Small style = \"font-size: 0.6rem; line-height: .8rem\"> \u201cDe conformidad con lo establecido en la normativa vigente en Protecci\u00f3n de Datos de Car\u00e1cter Personal, te informamos que tus datos ser\u00e1n incorporados al sistema de tratamiento titularidad de CENTRE GRAT PSICOLOGIA S.L.U, con CIF B55425300 y domicilio social sito en (08007) Barcelona, calle Gran V\u00eda de les Corts Catalanes, n\u00ba 646, entresuelo 1\u00ba, con la finalidad de atender la comunicaci\u00f3n necesaria para la prestaci\u00f3n de los servicios contratados, siendo cedidos exclusivamente por imperativo legal, conforme a la legislaci\u00f3n tributaria vigente. En cumplimiento con la normativa vigente, CENTRE GRAT PSICOLOGIA S.L.U informa que los datos ser\u00e1n conservados durante el plazo estrictamente necesario para cumplir con los preceptos mencionados con anterioridad. De acuerdo con los derechos que te confiere la normativa vigente en protecci\u00f3n de datos podr\u00e1\u0301 ejercer los derechos de acceso, rectificaci\u00f3n, limitaci\u00f3n de tratamiento, supresi\u00f3n, portabilidad y oposici\u00f3n al tratamiento de sus datos de car\u00e1cter personal, as\u00ed como del consentimiento prestado para el tratamiento de los mismos, dirigiendo su petici\u00f3n a la direcci\u00f3n postal indicada m\u00e1s arriba o al correo electr\u00f3nico: info@centregrat.com. Podr\u00e1s dirigirte a la Autoridad de Control competente para presentar la reclamaci\u00f3n que consideres oportuna. El env\u00edo de estos datos implica la aceptaci\u00f3n de esta cl\u00e1usula\u201d <\/small>\n<\/p>\n<p><span class=\"wpcf7-form-control-wrap\" data-name=\"acceptance-481\"><span class=\"wpcf7-form-control wpcf7-acceptance\"><span class=\"wpcf7-list-item\"><input type=\"checkbox\" name=\"acceptance-481\" value=\"1\" aria-invalid=\"false\" \/><\/span><\/span><\/span> Confirmo que he llegit i ACCEPTO tots els termes i condicions de tractament de dades exposades aqu\u00ed i a la <a style=\"line-height: 2rem;\" href='\/politica-de-privacidad\/'> Pol\u00edtica de Privacitat <\/a>\n<\/p>\n<p><input class=\"wpcf7-form-control wpcf7-submit has-spinner\" type=\"submit\" value=\"ENVIAR\" \/>\n<\/p><p style=\"display: none !important;\" class=\"akismet-fields-container\" data-prefix=\"_wpcf7_ak_\"><label>&#916;<textarea name=\"_wpcf7_ak_hp_textarea\" cols=\"45\" rows=\"8\" maxlength=\"100\"><\/textarea><\/label><input type=\"hidden\" id=\"ak_js_1\" name=\"_wpcf7_ak_js\" value=\"190\"\/><script>document.getElementById( \"ak_js_1\" ).setAttribute( \"value\", ( new Date() ).getTime() );<\/script><\/p><div class=\"wpcf7-response-output\" aria-hidden=\"true\"><\/div>\n<\/form>\n<\/div>\n[\/vc_column][\/vc_row]<\/p>\n<\/div>","protected":false},"excerpt":{"rendered":"<p>[vc_row css_animation=&#8221;&#8221; row_type=&#8221;row&#8221; use_row_as_full_screen_section=&#8221;no&#8221; type=&#8221;grid&#8221; angled_section=&#8221;no&#8221; text_align=&#8221;left&#8221; background_image=&#8221;272&#8243; background_image_as_pattern=&#8221;without_pattern&#8221;][vc_column][vc_empty_space height=&#8221;75px&#8221;][vc_row_inner row_type=&#8221;row&#8221; type=&#8221;full_width&#8221; text_align=&#8221;left&#8221; padding_top=&#8221;25&#8243; css_animation=&#8221;&#8221; css=&#8221;.vc_custom_1490978050623{padding-top: 50px !important;padding-right: 25px !important;padding-left: 25px !important;background-color: rgba(32,55,109,0.81) !important;*background-color: rgb(32,55,109) !important;}&#8221;][vc_column_inner][vc_column_text css=&#8221;&#8221;] Psicoterapeutes a Barcelona &#8211; Psicoter\u00e0pia a Barcelona &nbsp; Ser feli\u00e7 \u00e9s possible i la psicoter\u00e0pia pot ajudar-te [\/vc_column_text][vc_separator type=&#8221;small&#8221; position=&#8221;center&#8221; up=&#8221;25&#8243; down=&#8221;0&#8243;][\/vc_column_inner][\/vc_row_inner][vc_row_inner row_type=&#8221;row&#8221; type=&#8221;full_width&#8221; text_align=&#8221;center&#8221; background_color=&#8221;rgba(32,55,109,0.81)&#8221; padding_bottom=&#8221;25&#8243; css_animation=&#8221;&#8221; css=&#8221;.vc_custom_1492619741712{padding-top: 25px !important;padding-right: 25px !important;padding-bottom: 25px !important;padding-left: 25px !important;}&#8221;][vc_column_inner width=&#8221;1\/6&#8243;][\/vc_column_inner][vc_column_inner width=&#8221;2\/3&#8243;][vc_column_text] A GRAT sabem que sentir-se satisfet a la vida \u00e9s possible. Podem afirmar-ho no nom\u00e9s per l\u2019experi\u00e8ncia dels nostres clients, els resultats que hem vist i el feedback que ens han donat, sin\u00f3 tamb\u00e9&#8230;<\/p>\n","protected":false},"author":1,"featured_media":272,"parent":0,"menu_order":0,"comment_status":"closed","ping_status":"closed","template":"full_width.php","meta":{"_acf_changed":false,"_exactmetrics_skip_tracking":false,"_exactmetrics_sitenote_active":false,"_exactmetrics_sitenote_note":"","_exactmetrics_sitenote_category":0,"footnotes":""},"class_list":["post-270","page","type-page","status-publish","has-post-thumbnail","hentry"],"acf":[],"yoast_head":"<!-- This site is optimized with the Yoast SEO plugin v27.4 - https:\/\/yoast.com\/product\/yoast-seo-wordpress\/ -->\n<title>Psicoterapeutes a Barcelona | Centre GRAT<\/title>\n<meta name=\"description\" content=\"Ser feli\u00e7 \u00e9s possible i la psicoter\u00e0pia et pot ajudar. Els psicoterapeutes de GRAT t&#039;ajudem a aconseguir-ho al nostre centre de Barcelona.\" \/>\n<meta name=\"robots\" content=\"index, follow, max-snippet:-1, max-image-preview:large, max-video-preview:-1\" \/>\n<link rel=\"canonical\" href=\"https:\/\/www.centregrat.com\/ca\/psicoterapia-psicoterapeutes-adults-barcelona\/\" \/>\n<meta property=\"og:locale\" content=\"ca_ES\" \/>\n<meta property=\"og:type\" content=\"article\" \/>\n<meta property=\"og:title\" content=\"Psicoterapeutes a Barcelona | Centre GRAT\" \/>\n<meta property=\"og:description\" content=\"Ser feli\u00e7 \u00e9s possible i la psicoter\u00e0pia et pot ajudar. Els psicoterapeutes de GRAT t&#039;ajudem a aconseguir-ho al nostre centre de Barcelona.\" \/>\n<meta property=\"og:url\" content=\"https:\/\/www.centregrat.com\/ca\/psicoterapia-psicoterapeutes-adults-barcelona\/\" \/>\n<meta property=\"og:site_name\" content=\"Centre GRAT | Centre de psicologia a Barcelona\" \/>\n<meta property=\"article:modified_time\" content=\"2026-04-27T10:29:59+00:00\" \/>\n<meta property=\"og:image\" content=\"https:\/\/www.centregrat.com\/wp-content\/uploads\/2017\/04\/fondo-adults-terapia-individual-centre-grat-barcelona.jpg\" \/>\n\t<meta property=\"og:image:width\" content=\"1920\" \/>\n\t<meta property=\"og:image:height\" content=\"662\" \/>\n\t<meta property=\"og:image:type\" content=\"image\/jpeg\" \/>\n<meta name=\"twitter:card\" content=\"summary_large_image\" \/>\n<meta name=\"twitter:label1\" content=\"Temps estimat de lectura\" \/>\n\t<meta name=\"twitter:data1\" content=\"16 minuts\" \/>\n<script type=\"application\/ld+json\" class=\"yoast-schema-graph\">{\"@context\":\"https:\\\/\\\/schema.org\",\"@graph\":[{\"@type\":\"WebPage\",\"@id\":\"https:\\\/\\\/www.centregrat.com\\\/ca\\\/psicoterapia-psicoterapeutes-adults-barcelona\\\/\",\"url\":\"https:\\\/\\\/www.centregrat.com\\\/ca\\\/psicoterapia-psicoterapeutes-adults-barcelona\\\/\",\"name\":\"Psicoterapeutes a Barcelona | Centre GRAT\",\"isPartOf\":{\"@id\":\"https:\\\/\\\/www.centregrat.com\\\/ca\\\/#website\"},\"primaryImageOfPage\":{\"@id\":\"https:\\\/\\\/www.centregrat.com\\\/ca\\\/psicoterapia-psicoterapeutes-adults-barcelona\\\/#primaryimage\"},\"image\":{\"@id\":\"https:\\\/\\\/www.centregrat.com\\\/ca\\\/psicoterapia-psicoterapeutes-adults-barcelona\\\/#primaryimage\"},\"thumbnailUrl\":\"https:\\\/\\\/www.centregrat.com\\\/wp-content\\\/uploads\\\/2017\\\/04\\\/fondo-adults-terapia-individual-centre-grat-barcelona.jpg\",\"datePublished\":\"2017-04-11T10:31:42+00:00\",\"dateModified\":\"2026-04-27T10:29:59+00:00\",\"description\":\"Ser feli\u00e7 \u00e9s possible i la psicoter\u00e0pia et pot ajudar. Els psicoterapeutes de GRAT t'ajudem a aconseguir-ho al nostre centre de Barcelona.\",\"breadcrumb\":{\"@id\":\"https:\\\/\\\/www.centregrat.com\\\/ca\\\/psicoterapia-psicoterapeutes-adults-barcelona\\\/#breadcrumb\"},\"inLanguage\":\"ca\",\"potentialAction\":[{\"@type\":\"ReadAction\",\"target\":[\"https:\\\/\\\/www.centregrat.com\\\/ca\\\/psicoterapia-psicoterapeutes-adults-barcelona\\\/\"]}]},{\"@type\":\"ImageObject\",\"inLanguage\":\"ca\",\"@id\":\"https:\\\/\\\/www.centregrat.com\\\/ca\\\/psicoterapia-psicoterapeutes-adults-barcelona\\\/#primaryimage\",\"url\":\"https:\\\/\\\/www.centregrat.com\\\/wp-content\\\/uploads\\\/2017\\\/04\\\/fondo-adults-terapia-individual-centre-grat-barcelona.jpg\",\"contentUrl\":\"https:\\\/\\\/www.centregrat.com\\\/wp-content\\\/uploads\\\/2017\\\/04\\\/fondo-adults-terapia-individual-centre-grat-barcelona.jpg\",\"width\":1920,\"height\":662,\"caption\":\"psicoterapeutes a barcelona\"},{\"@type\":\"BreadcrumbList\",\"@id\":\"https:\\\/\\\/www.centregrat.com\\\/ca\\\/psicoterapia-psicoterapeutes-adults-barcelona\\\/#breadcrumb\",\"itemListElement\":[{\"@type\":\"ListItem\",\"position\":1,\"name\":\"Portada\",\"item\":\"https:\\\/\\\/www.centregrat.com\\\/ca\\\/\"},{\"@type\":\"ListItem\",\"position\":2,\"name\":\"ADULT &#8211; Psicoter\u00e0pia individual Adults\"}]},{\"@type\":\"WebSite\",\"@id\":\"https:\\\/\\\/www.centregrat.com\\\/ca\\\/#website\",\"url\":\"https:\\\/\\\/www.centregrat.com\\\/ca\\\/\",\"name\":\"Centre GRAT | Centre de psicologia a Barcelona\",\"description\":\"Millora la teva qualitat de vida. Et donem les eines necess\u00e0ries perqu\u00e8 aconsegueixis portar una vida satisfact\u00f2ria. Coneix el nostre centre de psicologia a Barcelona\",\"publisher\":{\"@id\":\"https:\\\/\\\/www.centregrat.com\\\/ca\\\/#organization\"},\"potentialAction\":[{\"@type\":\"SearchAction\",\"target\":{\"@type\":\"EntryPoint\",\"urlTemplate\":\"https:\\\/\\\/www.centregrat.com\\\/ca\\\/?s={search_term_string}\"},\"query-input\":{\"@type\":\"PropertyValueSpecification\",\"valueRequired\":true,\"valueName\":\"search_term_string\"}}],\"inLanguage\":\"ca\"},{\"@type\":\"Organization\",\"@id\":\"https:\\\/\\\/www.centregrat.com\\\/ca\\\/#organization\",\"name\":\"Centre GRAT\",\"url\":\"https:\\\/\\\/www.centregrat.com\\\/ca\\\/\",\"logo\":{\"@type\":\"ImageObject\",\"inLanguage\":\"ca\",\"@id\":\"https:\\\/\\\/www.centregrat.com\\\/ca\\\/#\\\/schema\\\/logo\\\/image\\\/\",\"url\":\"https:\\\/\\\/www.centregrat.com\\\/wp-content\\\/uploads\\\/2017\\\/03\\\/logo-grat-90-psicologia-educacio.png\",\"contentUrl\":\"https:\\\/\\\/www.centregrat.com\\\/wp-content\\\/uploads\\\/2017\\\/03\\\/logo-grat-90-psicologia-educacio.png\",\"width\":90,\"height\":90,\"caption\":\"Centre GRAT\"},\"image\":{\"@id\":\"https:\\\/\\\/www.centregrat.com\\\/ca\\\/#\\\/schema\\\/logo\\\/image\\\/\"}}]}<\/script>\n<!-- \/ Yoast SEO plugin. -->","yoast_head_json":{"title":"Psicoterapeutes a Barcelona | Centre GRAT","description":"Ser feli\u00e7 \u00e9s possible i la psicoter\u00e0pia et pot ajudar. Els psicoterapeutes de GRAT t'ajudem a aconseguir-ho al nostre centre de Barcelona.","robots":{"index":"index","follow":"follow","max-snippet":"max-snippet:-1","max-image-preview":"max-image-preview:large","max-video-preview":"max-video-preview:-1"},"canonical":"https:\/\/www.centregrat.com\/ca\/psicoterapia-psicoterapeutes-adults-barcelona\/","og_locale":"ca_ES","og_type":"article","og_title":"Psicoterapeutes a Barcelona | Centre GRAT","og_description":"Ser feli\u00e7 \u00e9s possible i la psicoter\u00e0pia et pot ajudar. Els psicoterapeutes de GRAT t'ajudem a aconseguir-ho al nostre centre de Barcelona.","og_url":"https:\/\/www.centregrat.com\/ca\/psicoterapia-psicoterapeutes-adults-barcelona\/","og_site_name":"Centre GRAT | Centre de psicologia a Barcelona","article_modified_time":"2026-04-27T10:29:59+00:00","og_image":[{"width":1920,"height":662,"url":"https:\/\/www.centregrat.com\/wp-content\/uploads\/2017\/04\/fondo-adults-terapia-individual-centre-grat-barcelona.jpg","type":"image\/jpeg"}],"twitter_card":"summary_large_image","twitter_misc":{"Temps estimat de lectura":"16 minuts"},"schema":{"@context":"https:\/\/schema.org","@graph":[{"@type":"WebPage","@id":"https:\/\/www.centregrat.com\/ca\/psicoterapia-psicoterapeutes-adults-barcelona\/","url":"https:\/\/www.centregrat.com\/ca\/psicoterapia-psicoterapeutes-adults-barcelona\/","name":"Psicoterapeutes a Barcelona | Centre GRAT","isPartOf":{"@id":"https:\/\/www.centregrat.com\/ca\/#website"},"primaryImageOfPage":{"@id":"https:\/\/www.centregrat.com\/ca\/psicoterapia-psicoterapeutes-adults-barcelona\/#primaryimage"},"image":{"@id":"https:\/\/www.centregrat.com\/ca\/psicoterapia-psicoterapeutes-adults-barcelona\/#primaryimage"},"thumbnailUrl":"https:\/\/www.centregrat.com\/wp-content\/uploads\/2017\/04\/fondo-adults-terapia-individual-centre-grat-barcelona.jpg","datePublished":"2017-04-11T10:31:42+00:00","dateModified":"2026-04-27T10:29:59+00:00","description":"Ser feli\u00e7 \u00e9s possible i la psicoter\u00e0pia et pot ajudar. Els psicoterapeutes de GRAT t'ajudem a aconseguir-ho al nostre centre de Barcelona.","breadcrumb":{"@id":"https:\/\/www.centregrat.com\/ca\/psicoterapia-psicoterapeutes-adults-barcelona\/#breadcrumb"},"inLanguage":"ca","potentialAction":[{"@type":"ReadAction","target":["https:\/\/www.centregrat.com\/ca\/psicoterapia-psicoterapeutes-adults-barcelona\/"]}]},{"@type":"ImageObject","inLanguage":"ca","@id":"https:\/\/www.centregrat.com\/ca\/psicoterapia-psicoterapeutes-adults-barcelona\/#primaryimage","url":"https:\/\/www.centregrat.com\/wp-content\/uploads\/2017\/04\/fondo-adults-terapia-individual-centre-grat-barcelona.jpg","contentUrl":"https:\/\/www.centregrat.com\/wp-content\/uploads\/2017\/04\/fondo-adults-terapia-individual-centre-grat-barcelona.jpg","width":1920,"height":662,"caption":"psicoterapeutes a barcelona"},{"@type":"BreadcrumbList","@id":"https:\/\/www.centregrat.com\/ca\/psicoterapia-psicoterapeutes-adults-barcelona\/#breadcrumb","itemListElement":[{"@type":"ListItem","position":1,"name":"Portada","item":"https:\/\/www.centregrat.com\/ca\/"},{"@type":"ListItem","position":2,"name":"ADULT &#8211; Psicoter\u00e0pia individual Adults"}]},{"@type":"WebSite","@id":"https:\/\/www.centregrat.com\/ca\/#website","url":"https:\/\/www.centregrat.com\/ca\/","name":"Centre GRAT | Centre de psicologia a Barcelona","description":"Millora la teva qualitat de vida. Et donem les eines necess\u00e0ries perqu\u00e8 aconsegueixis portar una vida satisfact\u00f2ria. Coneix el nostre centre de psicologia a Barcelona","publisher":{"@id":"https:\/\/www.centregrat.com\/ca\/#organization"},"potentialAction":[{"@type":"SearchAction","target":{"@type":"EntryPoint","urlTemplate":"https:\/\/www.centregrat.com\/ca\/?s={search_term_string}"},"query-input":{"@type":"PropertyValueSpecification","valueRequired":true,"valueName":"search_term_string"}}],"inLanguage":"ca"},{"@type":"Organization","@id":"https:\/\/www.centregrat.com\/ca\/#organization","name":"Centre GRAT","url":"https:\/\/www.centregrat.com\/ca\/","logo":{"@type":"ImageObject","inLanguage":"ca","@id":"https:\/\/www.centregrat.com\/ca\/#\/schema\/logo\/image\/","url":"https:\/\/www.centregrat.com\/wp-content\/uploads\/2017\/03\/logo-grat-90-psicologia-educacio.png","contentUrl":"https:\/\/www.centregrat.com\/wp-content\/uploads\/2017\/03\/logo-grat-90-psicologia-educacio.png","width":90,"height":90,"caption":"Centre GRAT"},"image":{"@id":"https:\/\/www.centregrat.com\/ca\/#\/schema\/logo\/image\/"}}]}},"_links":{"self":[{"href":"https:\/\/www.centregrat.com\/ca\/wp-json\/wp\/v2\/pages\/270","targetHints":{"allow":["GET"]}}],"collection":[{"href":"https:\/\/www.centregrat.com\/ca\/wp-json\/wp\/v2\/pages"}],"about":[{"href":"https:\/\/www.centregrat.com\/ca\/wp-json\/wp\/v2\/types\/page"}],"author":[{"embeddable":true,"href":"https:\/\/www.centregrat.com\/ca\/wp-json\/wp\/v2\/users\/1"}],"replies":[{"embeddable":true,"href":"https:\/\/www.centregrat.com\/ca\/wp-json\/wp\/v2\/comments?post=270"}],"version-history":[{"count":107,"href":"https:\/\/www.centregrat.com\/ca\/wp-json\/wp\/v2\/pages\/270\/revisions"}],"predecessor-version":[{"id":35646,"href":"https:\/\/www.centregrat.com\/ca\/wp-json\/wp\/v2\/pages\/270\/revisions\/35646"}],"wp:featuredmedia":[{"embeddable":true,"href":"https:\/\/www.centregrat.com\/ca\/wp-json\/wp\/v2\/media\/272"}],"wp:attachment":[{"href":"https:\/\/www.centregrat.com\/ca\/wp-json\/wp\/v2\/media?parent=270"}],"curies":[{"name":"wp","href":"https:\/\/api.w.org\/{rel}","templated":true}]}}