{"id":30402,"date":"2026-03-20T09:48:33","date_gmt":"2026-03-20T09:48:33","guid":{"rendered":"https:\/\/www.centregrat.com\/?page_id=30402"},"modified":"2026-03-20T09:48:33","modified_gmt":"2026-03-20T09:48:33","slug":"signatura-consentiment-informat-2","status":"publish","type":"page","link":"https:\/\/www.centregrat.com\/ca\/signatura-consentiment-informat-2\/","title":{"rendered":"Protecci\u00f3 de Dades &#8211; Document de Consentiment de Tractament de Dades i Condicions d&#8217;Anul\u00b7laci\u00f3 de les Cites"},"content":{"rendered":"<div class=\"wpb-content-wrapper\"><p>[vc_row css_animation=&#8221;&#8221; row_type=&#8221;row&#8221; use_row_as_full_screen_section=&#8221;no&#8221; type=&#8221;full_width&#8221; angled_section=&#8221;no&#8221; text_align=&#8221;left&#8221; background_image_as_pattern=&#8221;without_pattern&#8221;][vc_column][vc_column_text]<\/p>\n<h1>CONSENTIMENT D&#8217;\u00daS I TRACTAMENT DE LES DADES PERSONALS<\/h1>\n<p>[\/vc_column_text][vc_empty_space]\n<div class=\"wpcf7 no-js\" id=\"wpcf7-f27531-o1\" lang=\"ca\" dir=\"ltr\" data-wpcf7-id=\"27531\">\n<div class=\"screen-reader-response\"><p role=\"status\" aria-live=\"polite\" aria-atomic=\"true\"><\/p> <ul><\/ul><\/div>\n<form action=\"\/ca\/wp-json\/wp\/v2\/pages\/30402#wpcf7-f27531-o1\" method=\"post\" class=\"wpcf7-form init default 7fb081fd7beb cmatic-conn cmatic-aud-28 cmatic-mapd0-0 cmatic-v097802 cmatic-sent-0 cmatic-total-7551\" aria-label=\"Formulari de contacte\" novalidate=\"novalidate\" data-status=\"init\">\n<fieldset class=\"hidden-fields-container\"><input type=\"hidden\" name=\"_wpcf7\" value=\"27531\" \/><input type=\"hidden\" name=\"_wpcf7_version\" value=\"6.1.5\" \/><input type=\"hidden\" name=\"_wpcf7_locale\" value=\"ca\" \/><input type=\"hidden\" name=\"_wpcf7_unit_tag\" value=\"wpcf7-f27531-o1\" \/><input type=\"hidden\" name=\"_wpcf7_container_post\" value=\"0\" \/><input type=\"hidden\" name=\"_wpcf7_posted_data_hash\" value=\"\" \/><input type=\"hidden\" name=\"redirect_nonce\" value=\"ba3c4f7854\" \/><input type=\"hidden\" name=\"wpcf7cfpdf_hidden_name\" value=\"document-pdf\" \/><input type=\"hidden\" name=\"wpcf7cfpdf_hidden_reference\" value=\"81df9775\" \/><input type=\"hidden\" name=\"wpcf7cfpdf_hidden_date\" value=\"abril30,2026\" \/>\n<\/fieldset>\n<p>Nom <span class=\"wpcf7-form-control-wrap\" data-name=\"nombre\"><input size=\"40\" maxlength=\"400\" class=\"wpcf7-form-control wpcf7-text wpcf7-validates-as-required\" aria-required=\"true\" aria-invalid=\"false\" value=\"\" type=\"text\" name=\"nombre\" \/><\/span>\n<\/p>\n<p>Cognoms <span class=\"wpcf7-form-control-wrap\" data-name=\"apellidos\"><input size=\"40\" maxlength=\"400\" class=\"wpcf7-form-control wpcf7-text wpcf7-validates-as-required\" aria-required=\"true\" aria-invalid=\"false\" value=\"\" type=\"text\" name=\"apellidos\" \/><\/span>\n<\/p>\n<p>DNI <span class=\"wpcf7-form-control-wrap\" data-name=\"dni\"><input size=\"40\" maxlength=\"400\" class=\"wpcf7-form-control wpcf7-text wpcf7-validates-as-required\" aria-required=\"true\" aria-invalid=\"false\" value=\"\" type=\"text\" name=\"dni\" \/><\/span>\n<\/p>\n<p>Tel\u00e8fon <span class=\"wpcf7-form-control-wrap\" data-name=\"telefono\"><input size=\"40\" maxlength=\"400\" class=\"wpcf7-form-control wpcf7-tel wpcf7-validates-as-required wpcf7-text wpcf7-validates-as-tel\" aria-required=\"true\" aria-invalid=\"false\" value=\"\" type=\"tel\" name=\"telefono\" \/><\/span>\n<\/p>\n<p>Adre\u00e7a <span class=\"wpcf7-form-control-wrap\" data-name=\"direccion\"><input size=\"40\" maxlength=\"400\" class=\"wpcf7-form-control wpcf7-text wpcf7-validates-as-required\" aria-required=\"true\" aria-invalid=\"false\" value=\"\" type=\"text\" name=\"direccion\" \/><\/span>\n<\/p>\n<p>Data de naixement <span class=\"wpcf7-form-control-wrap\" data-name=\"fecha-nacimiento\"><input class=\"wpcf7-form-control wpcf7-date wpcf7-validates-as-required wpcf7-validates-as-date\" aria-required=\"true\" aria-invalid=\"false\" value=\"\" type=\"date\" name=\"fecha-nacimiento\" \/><\/span>\n<\/p>\n<p>Correu electr\u00f2nic <span class=\"wpcf7-form-control-wrap\" data-name=\"email\"><input size=\"40\" maxlength=\"400\" class=\"wpcf7-form-control wpcf7-email wpcf7-validates-as-required wpcf7-text wpcf7-validates-as-email\" aria-required=\"true\" aria-invalid=\"false\" value=\"\" type=\"email\" name=\"email\" \/><\/span>\n<\/p>\n<p>Codi postal i ciutat <span class=\"wpcf7-form-control-wrap\" data-name=\"cp-ciudad\"><input size=\"40\" maxlength=\"400\" class=\"wpcf7-form-control wpcf7-text wpcf7-validates-as-required\" aria-required=\"true\" aria-invalid=\"false\" value=\"\" type=\"text\" name=\"cp-ciudad\" \/><\/span>\n<\/p>\n<h3>Consentiments:\n<\/h3>\n<p>Que el professional que em tracta a Centre GRAT contacti amb altres professionals importants pel meu tractament per coordinar-se amb l'objectiu d'oferir-me un tractament integral\n<\/p>\n<p><span class=\"wpcf7-form-control-wrap\" data-name=\"consiento-profesionales\"><span class=\"wpcf7-form-control wpcf7-radio\"><span class=\"wpcf7-list-item first\"><input type=\"radio\" name=\"consiento-profesionales\" value=\"S\u00ed\" \/><span class=\"wpcf7-list-item-label\">S\u00ed<\/span><\/span><span class=\"wpcf7-list-item last\"><input type=\"radio\" name=\"consiento-profesionales\" value=\"No\" \/><span class=\"wpcf7-list-item-label\">No<\/span><\/span><\/span><\/span>\n<\/p>\n<p>Que se m'envi\u00efn correus electr\u00f2nics per rebre informaci\u00f3 sobre serveis gratu\u00efts que ofereixi el centre (xerrades, tallers, etc.)\n<\/p>\n<p><span class=\"wpcf7-form-control-wrap\" data-name=\"consiento-emails-gratuitos\"><span class=\"wpcf7-form-control wpcf7-radio\"><span class=\"wpcf7-list-item first\"><input type=\"radio\" name=\"consiento-emails-gratuitos\" value=\"S\u00ed\" \/><span class=\"wpcf7-list-item-label\">S\u00ed<\/span><\/span><span class=\"wpcf7-list-item last\"><input type=\"radio\" name=\"consiento-emails-gratuitos\" value=\"No\" \/><span class=\"wpcf7-list-item-label\">No<\/span><\/span><\/span><\/span>\n<\/p>\n<p>Que se m'envi\u00efn correus electr\u00f2nics per rebre informaci\u00f3 sobre serveis relacionats amb el meu tractament (grups de ter\u00e0pia, tallers de creixement personal, etc.)\n<\/p>\n<p><span class=\"wpcf7-form-control-wrap\" data-name=\"consiento-emails-tratamiento\"><span class=\"wpcf7-form-control wpcf7-radio\"><span class=\"wpcf7-list-item first\"><input type=\"radio\" name=\"consiento-emails-tratamiento\" value=\"S\u00ed\" \/><span class=\"wpcf7-list-item-label\">S\u00ed<\/span><\/span><span class=\"wpcf7-list-item last\"><input type=\"radio\" name=\"consiento-emails-tratamiento\" value=\"No\" \/><span class=\"wpcf7-list-item-label\">No<\/span><\/span><\/span><\/span>\n<\/p>\n<h3>Reglament General de Protecci\u00f3 de Dades:\n<\/h3>\n<p>1- Que CENTRE GRAT PSICOLOGIA S.L.U, amb CIF B55425300 com a responsable tracta les dades facilitades pel client juntament amb les que s'obtinguin de la documentaci\u00f3 entregada per l'interessat\/da per a la necess\u00e0ria prestaci\u00f3 dels serveis i les que l'entitat pugui obtenir de registres p\u00fablics o altres fonts legalment admeses.\n<\/p>\n<p>2- La finalitat del tractament de les dades \u00e9s permetre la gesti\u00f3 efica\u00e7 de les relacions contractuals i la informaci\u00f3 i prestaci\u00f3 dels serveis contractats. Aquestes dades es conservaran durant tot el per\u00edode de prescripci\u00f3 de les accions de responsabilitat i no seran cedides a tercers.\n<\/p>\n<p>3- Les dades tractades estan protegides amb els mitjans i sistemes t\u00e8cnics necessaris per a preservar-ne la confidencialitat i evitar-ne la p\u00e8rdua, alteraci\u00f3 i acc\u00e9s no autoritzat d'acord amb els nivells de seguretat legalment exigits. C\/Gran Via de les Corts Catalanes, 646, entres\u00f2l 1a, Barcelona, de Barcelona.\n<\/p>\n<p>4- Aix\u00ed mateix, he estat informat\/da que puc exercir els drets d'acc\u00e9s, rectificaci\u00f3 i, si escau, cancel\u00b7laci\u00f3 o oposici\u00f3, enviant una sol\u00b7licitud per escrit, acompanyada d'una fotoc\u00f2pia del DNI, dirigida CENTRE GRAT PSICOLOGIA S.L.U, amb CIF B55425300, a l'atenci\u00f3 de Direcci\u00f3, en qualitat de responsable dels fitxers, situat al carrer Gran Via de les Corts Catalanes, 646, Entres\u00f2l 1, CP 08007, de Barcelona.\n<\/p>\n<p><span class=\"wpcf7-form-control-wrap\" data-name=\"rgpd-confirmado\"><span class=\"wpcf7-form-control wpcf7-checkbox wpcf7-validates-as-required\"><span class=\"wpcf7-list-item first last\"><input type=\"checkbox\" name=\"rgpd-confirmado[]\" value=\"He estat informat\/da del tractament de les meves dades personals\" \/><span class=\"wpcf7-list-item-label\">He estat informat\/da del tractament de les meves dades personals<\/span><\/span><\/span><\/span>\n<\/p>\n<p>A Barcelona, el <span class=\"wpcf7-form-control-wrap\" data-name=\"date-consentimiento\"><input class=\"wpcf7-form-control wpcf7-date wpcf7-validates-as-date\" aria-invalid=\"false\" value=\"\" type=\"date\" name=\"date-consentimiento\" \/><\/span>\n<\/p>\n<p>Signatura: <span class=\"wpcf7-form-control-wrap wpcf7-sign-wrap sign-consentimiento\"><input class=\"wpcf7-form-control wpcf7-sign wpcf7-validates-as-required\" aria-required=\"true\" aria-invalid=\"false\" name=\"sign-consentimiento\" type=\"hidden\" \/>\n            <canvas style=\"display:block\" data-hidden=\"sign-consentimiento\" class=\"signature-pad\" width=400 height=200><\/canvas>\n            <button class=\"btn btn-primary cf7sg-sign\">Clear<\/button>\n        <\/span>\n<\/p>\n<h3>Condicions d'Anul\u00b7laci\u00f3 de les Visites:\n<\/h3>\n<p>Els psic\u00f2legs i les psic\u00f2logues de Centre GRAT <strong>estem compromesos amb els nostres pacients i volem oferir la millor assist\u00e8ncia possible<\/strong>, per aix\u00f2 destinem una s\u00e8rie de recursos a la preparaci\u00f3 de les visites (temporals, econ\u00f2mics, etc.) a trav\u00e9s de la revisi\u00f3 dels casos, consulta de documents cient\u00edfics i supervisi\u00f3 cl\u00ednica.\n<\/p>\n<p><strong>La base imprescindible perqu\u00e8 un tractament psicol\u00f2gic sigui exit\u00f3s \u00e9s una bona relaci\u00f3 psic\u00f2leg\/a-pacient<\/strong>, \u00e9s per aix\u00f2 que \u00e9s molt <strong>important cuidar aquesta relaci\u00f3 mitjan\u00e7ant el comprom\u00eds<\/strong> entre ambdues parts (psic\u00f2leg\/a i pacient). Quan una cancel\u00b7laci\u00f3 es produeix amb menys de 24 hores d'antelaci\u00f3, el psic\u00f2leg\/a ja ha invertit temps en preparar la sessi\u00f3 i en ocasions tamb\u00e9 diners en supervisions. D'altra banda, no podem agendar una altra visita en aquest espai i, per tant, el psic\u00f2leg\/a perd aquesta hora. \u00c9s per aix\u00f2 que, <strong>perqu\u00e8 la qualitat del tractament no es vegi afectada<\/strong> per motius aliens als professionals de Centre GRAT i perqu\u00e8 el psic\u00f2leg\/a no es vegi perjudicat <strong>per motius que no s\u00f3n de la seva responsabilitat<\/strong>, quan la cancel\u00b7laci\u00f3 de la visita es realitza dins les <strong>24 hores anteriors<\/strong> a la mateixa, <strong>es cobra la visita \u00edntegra<\/strong>. Aquest cobrament s'afegeix al de la seg\u00fcent visita, amb l'excepci\u00f3 de situacions extraordin\u00e0ries, com ara l'atenci\u00f3 m\u00e8dica d'urg\u00e8ncia o similar.\n<\/p>\n<p>Els professionals de Centre GRAT <strong>ens comprometem a dedicar aquest temps a continuar treballant en el cas<\/strong>, a revisar la hist\u00f2ria cl\u00ednica i les notes de les sessions; i a revisar el desenvolupament i els aven\u00e7os de la ter\u00e0pia.\n<\/p>\n<p>He estat informat\/da de les condicions d'anul\u00b7laci\u00f3 de les visites.<br \/>\nSignatura: <span class=\"wpcf7-form-control-wrap wpcf7-sign-wrap sign-anulacion\"><input class=\"wpcf7-form-control wpcf7-sign wpcf7-validates-as-required\" aria-required=\"true\" aria-invalid=\"false\" name=\"sign-anulacion\" type=\"hidden\" \/>\n            <canvas style=\"display:block\" data-hidden=\"sign-anulacion\" class=\"signature-pad\" width=400 height=200><\/canvas>\n            <button class=\"btn btn-primary cf7sg-sign\">Clear<\/button>\n        <\/span>\n<\/p>\n<h3>Mitj\u00e0 pel qual ens has conegut:\n<\/h3>\n<p><span class=\"wpcf7-form-control-wrap\" data-name=\"como-conociste\"><span class=\"wpcf7-form-control wpcf7-radio\"><span class=\"wpcf7-list-item first\"><input type=\"radio\" name=\"como-conociste\" value=\"Persona propera (amics, familiars) que no s&#039;ha visitat mai aqu\u00ed\" \/><span class=\"wpcf7-list-item-label\">Persona propera (amics, familiars) que no s&#039;ha visitat mai aqu\u00ed<\/span><\/span><span class=\"wpcf7-list-item\"><input type=\"radio\" name=\"como-conociste\" value=\"Persona propera (amics, familiars) que s\u00ed s&#039;ha visitat aqu\u00ed\" \/><span class=\"wpcf7-list-item-label\">Persona propera (amics, familiars) que s\u00ed s&#039;ha visitat aqu\u00ed<\/span><\/span><span class=\"wpcf7-list-item\"><input type=\"radio\" name=\"como-conociste\" value=\"Derivaci\u00f3 d&#039;altres professionals\" \/><span class=\"wpcf7-list-item-label\">Derivaci\u00f3 d&#039;altres professionals<\/span><\/span><span class=\"wpcf7-list-item\"><input type=\"radio\" name=\"como-conociste\" value=\"Derivaci\u00f3 escola\" \/><span class=\"wpcf7-list-item-label\">Derivaci\u00f3 escola<\/span><\/span><span class=\"wpcf7-list-item\"><input type=\"radio\" name=\"como-conociste\" value=\"Google\" \/><span class=\"wpcf7-list-item-label\">Google<\/span><\/span><span class=\"wpcf7-list-item\"><input type=\"radio\" name=\"como-conociste\" value=\"Article Blog\" \/><span class=\"wpcf7-list-item-label\">Article Blog<\/span><\/span><span class=\"wpcf7-list-item\"><input type=\"radio\" name=\"como-conociste\" value=\"Xarxes Socials\" \/><span class=\"wpcf7-list-item-label\">Xarxes Socials<\/span><\/span><span class=\"wpcf7-list-item\"><input type=\"radio\" name=\"como-conociste\" value=\"Directori Internet\" \/><span class=\"wpcf7-list-item-label\">Directori Internet<\/span><\/span><span class=\"wpcf7-list-item\"><input type=\"radio\" name=\"como-conociste\" value=\"Mitjans de comunicaci\u00f3\" \/><span class=\"wpcf7-list-item-label\">Mitjans de comunicaci\u00f3<\/span><\/span><span class=\"wpcf7-list-item last\"><input type=\"radio\" name=\"como-conociste\" value=\"Altres\" \/><span class=\"wpcf7-list-item-label\">Altres<\/span><\/span><\/span><\/span>\n<\/p>\n<p>Especificar altres mitjans <span class=\"wpcf7-form-control-wrap\" data-name=\"otros-medios\"><input size=\"40\" maxlength=\"400\" class=\"wpcf7-form-control wpcf7-text\" aria-invalid=\"false\" value=\"\" type=\"text\" name=\"otros-medios\" \/><\/span>\n<\/p>\n<p><input class=\"wpcf7-form-control wpcf7-submit has-spinner\" type=\"submit\" value=\"Enviar\" \/>\n<\/p><p style=\"display: none !important;\" class=\"akismet-fields-container\" data-prefix=\"_wpcf7_ak_\"><label>&#916;<textarea name=\"_wpcf7_ak_hp_textarea\" cols=\"45\" rows=\"8\" maxlength=\"100\"><\/textarea><\/label><input type=\"hidden\" id=\"ak_js_1\" name=\"_wpcf7_ak_js\" value=\"145\"\/><script>document.getElementById( \"ak_js_1\" ).setAttribute( \"value\", ( new Date() ).getTime() );<\/script><\/p><div class=\"wpcf7-response-output\" aria-hidden=\"true\"><\/div>\n<\/form>\n<\/div>\n[vc_empty_space][\/vc_column][\/vc_row]<\/p>\n<\/div>","protected":false},"excerpt":{"rendered":"<p>[vc_row css_animation=&#8221;&#8221; row_type=&#8221;row&#8221; use_row_as_full_screen_section=&#8221;no&#8221; type=&#8221;full_width&#8221; angled_section=&#8221;no&#8221; text_align=&#8221;left&#8221; background_image_as_pattern=&#8221;without_pattern&#8221;][vc_column][vc_column_text] CONSENTIMENT D&#8217;\u00daS I TRACTAMENT DE LES DADES PERSONALS [\/vc_column_text][vc_empty_space][vc_empty_space][\/vc_column][\/vc_row]<\/p>\n","protected":false},"author":2,"featured_media":0,"parent":0,"menu_order":0,"comment_status":"closed","ping_status":"closed","template":"","meta":{"_acf_changed":false,"_exactmetrics_skip_tracking":false,"_exactmetrics_sitenote_active":false,"_exactmetrics_sitenote_note":"","_exactmetrics_sitenote_category":0,"footnotes":""},"class_list":["post-30402","page","type-page","status-publish","hentry"],"acf":[],"yoast_head":"<!-- This site is optimized with the Yoast SEO plugin v27.4 - https:\/\/yoast.com\/product\/yoast-seo-wordpress\/ -->\n<title>Protecci\u00f3 de Dades - Document de Consentiment de Tractament de Dades i Condicions d&#039;Anul\u00b7laci\u00f3 de les Cites - Centre GRAT | Centre de psicologia a Barcelona<\/title>\n<meta name=\"robots\" content=\"index, follow, max-snippet:-1, max-image-preview:large, max-video-preview:-1\" \/>\n<link rel=\"canonical\" href=\"https:\/\/www.centregrat.com\/ca\/signatura-consentiment-informat-2\/\" \/>\n<meta property=\"og:locale\" content=\"ca_ES\" \/>\n<meta property=\"og:type\" content=\"article\" \/>\n<meta property=\"og:title\" content=\"Protecci\u00f3 de Dades - Document de Consentiment de Tractament de Dades i Condicions d&#039;Anul\u00b7laci\u00f3 de les Cites - Centre GRAT | Centre de psicologia a Barcelona\" \/>\n<meta property=\"og:description\" content=\"[vc_row css_animation=&#8221;&#8221; row_type=&#8221;row&#8221; use_row_as_full_screen_section=&#8221;no&#8221; type=&#8221;full_width&#8221; angled_section=&#8221;no&#8221; text_align=&#8221;left&#8221; background_image_as_pattern=&#8221;without_pattern&#8221;][vc_column][vc_column_text] CONSENTIMENT D&#8217;\u00daS I TRACTAMENT DE LES DADES PERSONALS [\/vc_column_text][vc_empty_space][vc_empty_space][\/vc_column][\/vc_row]\" \/>\n<meta property=\"og:url\" content=\"https:\/\/www.centregrat.com\/ca\/signatura-consentiment-informat-2\/\" \/>\n<meta property=\"og:site_name\" content=\"Centre GRAT | Centre de psicologia a Barcelona\" \/>\n<meta property=\"og:image\" content=\"https:\/\/www.centregrat.com\/wp-content\/uploads\/2017\/03\/logo-grat-90-psicologia-educacio.png\" \/>\n\t<meta property=\"og:image:width\" content=\"90\" \/>\n\t<meta property=\"og:image:height\" content=\"90\" \/>\n\t<meta property=\"og:image:type\" content=\"image\/png\" \/>\n<meta name=\"twitter:card\" content=\"summary_large_image\" \/>\n<meta name=\"twitter:label1\" content=\"Temps estimat de lectura\" \/>\n\t<meta name=\"twitter:data1\" content=\"1 minut\" \/>\n<script type=\"application\/ld+json\" class=\"yoast-schema-graph\">{\"@context\":\"https:\\\/\\\/schema.org\",\"@graph\":[{\"@type\":\"WebPage\",\"@id\":\"https:\\\/\\\/www.centregrat.com\\\/ca\\\/signatura-consentiment-informat-2\\\/\",\"url\":\"https:\\\/\\\/www.centregrat.com\\\/ca\\\/signatura-consentiment-informat-2\\\/\",\"name\":\"Protecci\u00f3 de Dades - Document de Consentiment de Tractament de Dades i Condicions d'Anul\u00b7laci\u00f3 de les Cites - Centre GRAT | Centre de psicologia a Barcelona\",\"isPartOf\":{\"@id\":\"https:\\\/\\\/www.centregrat.com\\\/ca\\\/#website\"},\"datePublished\":\"2026-03-20T09:48:33+00:00\",\"breadcrumb\":{\"@id\":\"https:\\\/\\\/www.centregrat.com\\\/ca\\\/signatura-consentiment-informat-2\\\/#breadcrumb\"},\"inLanguage\":\"ca\",\"potentialAction\":[{\"@type\":\"ReadAction\",\"target\":[\"https:\\\/\\\/www.centregrat.com\\\/ca\\\/signatura-consentiment-informat-2\\\/\"]}]},{\"@type\":\"BreadcrumbList\",\"@id\":\"https:\\\/\\\/www.centregrat.com\\\/ca\\\/signatura-consentiment-informat-2\\\/#breadcrumb\",\"itemListElement\":[{\"@type\":\"ListItem\",\"position\":1,\"name\":\"Portada\",\"item\":\"https:\\\/\\\/www.centregrat.com\\\/ca\\\/\"},{\"@type\":\"ListItem\",\"position\":2,\"name\":\"Protecci\u00f3 de Dades &#8211; Document de Consentiment de Tractament de Dades i Condicions d&#8217;Anul\u00b7laci\u00f3 de les Cites\"}]},{\"@type\":\"WebSite\",\"@id\":\"https:\\\/\\\/www.centregrat.com\\\/ca\\\/#website\",\"url\":\"https:\\\/\\\/www.centregrat.com\\\/ca\\\/\",\"name\":\"Centre GRAT | Centre de psicologia a Barcelona\",\"description\":\"Millora la teva qualitat de vida. Et donem les eines necess\u00e0ries perqu\u00e8 aconsegueixis portar una vida satisfact\u00f2ria. Coneix el nostre centre de psicologia a Barcelona\",\"publisher\":{\"@id\":\"https:\\\/\\\/www.centregrat.com\\\/ca\\\/#organization\"},\"potentialAction\":[{\"@type\":\"SearchAction\",\"target\":{\"@type\":\"EntryPoint\",\"urlTemplate\":\"https:\\\/\\\/www.centregrat.com\\\/ca\\\/?s={search_term_string}\"},\"query-input\":{\"@type\":\"PropertyValueSpecification\",\"valueRequired\":true,\"valueName\":\"search_term_string\"}}],\"inLanguage\":\"ca\"},{\"@type\":\"Organization\",\"@id\":\"https:\\\/\\\/www.centregrat.com\\\/ca\\\/#organization\",\"name\":\"Centre GRAT\",\"url\":\"https:\\\/\\\/www.centregrat.com\\\/ca\\\/\",\"logo\":{\"@type\":\"ImageObject\",\"inLanguage\":\"ca\",\"@id\":\"https:\\\/\\\/www.centregrat.com\\\/ca\\\/#\\\/schema\\\/logo\\\/image\\\/\",\"url\":\"https:\\\/\\\/www.centregrat.com\\\/wp-content\\\/uploads\\\/2017\\\/03\\\/logo-grat-90-psicologia-educacio.png\",\"contentUrl\":\"https:\\\/\\\/www.centregrat.com\\\/wp-content\\\/uploads\\\/2017\\\/03\\\/logo-grat-90-psicologia-educacio.png\",\"width\":90,\"height\":90,\"caption\":\"Centre GRAT\"},\"image\":{\"@id\":\"https:\\\/\\\/www.centregrat.com\\\/ca\\\/#\\\/schema\\\/logo\\\/image\\\/\"}}]}<\/script>\n<!-- \/ Yoast SEO plugin. -->","yoast_head_json":{"title":"Protecci\u00f3 de Dades - Document de Consentiment de Tractament de Dades i Condicions d'Anul\u00b7laci\u00f3 de les Cites - Centre GRAT | Centre de psicologia a Barcelona","robots":{"index":"index","follow":"follow","max-snippet":"max-snippet:-1","max-image-preview":"max-image-preview:large","max-video-preview":"max-video-preview:-1"},"canonical":"https:\/\/www.centregrat.com\/ca\/signatura-consentiment-informat-2\/","og_locale":"ca_ES","og_type":"article","og_title":"Protecci\u00f3 de Dades - Document de Consentiment de Tractament de Dades i Condicions d'Anul\u00b7laci\u00f3 de les Cites - Centre GRAT | Centre de psicologia a Barcelona","og_description":"[vc_row css_animation=&#8221;&#8221; row_type=&#8221;row&#8221; use_row_as_full_screen_section=&#8221;no&#8221; type=&#8221;full_width&#8221; angled_section=&#8221;no&#8221; text_align=&#8221;left&#8221; background_image_as_pattern=&#8221;without_pattern&#8221;][vc_column][vc_column_text] CONSENTIMENT D&#8217;\u00daS I TRACTAMENT DE LES DADES PERSONALS [\/vc_column_text][vc_empty_space][vc_empty_space][\/vc_column][\/vc_row]","og_url":"https:\/\/www.centregrat.com\/ca\/signatura-consentiment-informat-2\/","og_site_name":"Centre GRAT | Centre de psicologia a Barcelona","og_image":[{"width":90,"height":90,"url":"https:\/\/www.centregrat.com\/wp-content\/uploads\/2017\/03\/logo-grat-90-psicologia-educacio.png","type":"image\/png"}],"twitter_card":"summary_large_image","twitter_misc":{"Temps estimat de lectura":"1 minut"},"schema":{"@context":"https:\/\/schema.org","@graph":[{"@type":"WebPage","@id":"https:\/\/www.centregrat.com\/ca\/signatura-consentiment-informat-2\/","url":"https:\/\/www.centregrat.com\/ca\/signatura-consentiment-informat-2\/","name":"Protecci\u00f3 de Dades - Document de Consentiment de Tractament de Dades i Condicions d'Anul\u00b7laci\u00f3 de les Cites - Centre GRAT | Centre de psicologia a Barcelona","isPartOf":{"@id":"https:\/\/www.centregrat.com\/ca\/#website"},"datePublished":"2026-03-20T09:48:33+00:00","breadcrumb":{"@id":"https:\/\/www.centregrat.com\/ca\/signatura-consentiment-informat-2\/#breadcrumb"},"inLanguage":"ca","potentialAction":[{"@type":"ReadAction","target":["https:\/\/www.centregrat.com\/ca\/signatura-consentiment-informat-2\/"]}]},{"@type":"BreadcrumbList","@id":"https:\/\/www.centregrat.com\/ca\/signatura-consentiment-informat-2\/#breadcrumb","itemListElement":[{"@type":"ListItem","position":1,"name":"Portada","item":"https:\/\/www.centregrat.com\/ca\/"},{"@type":"ListItem","position":2,"name":"Protecci\u00f3 de Dades &#8211; Document de Consentiment de Tractament de Dades i Condicions d&#8217;Anul\u00b7laci\u00f3 de les Cites"}]},{"@type":"WebSite","@id":"https:\/\/www.centregrat.com\/ca\/#website","url":"https:\/\/www.centregrat.com\/ca\/","name":"Centre GRAT | Centre de psicologia a Barcelona","description":"Millora la teva qualitat de vida. Et donem les eines necess\u00e0ries perqu\u00e8 aconsegueixis portar una vida satisfact\u00f2ria. Coneix el nostre centre de psicologia a Barcelona","publisher":{"@id":"https:\/\/www.centregrat.com\/ca\/#organization"},"potentialAction":[{"@type":"SearchAction","target":{"@type":"EntryPoint","urlTemplate":"https:\/\/www.centregrat.com\/ca\/?s={search_term_string}"},"query-input":{"@type":"PropertyValueSpecification","valueRequired":true,"valueName":"search_term_string"}}],"inLanguage":"ca"},{"@type":"Organization","@id":"https:\/\/www.centregrat.com\/ca\/#organization","name":"Centre GRAT","url":"https:\/\/www.centregrat.com\/ca\/","logo":{"@type":"ImageObject","inLanguage":"ca","@id":"https:\/\/www.centregrat.com\/ca\/#\/schema\/logo\/image\/","url":"https:\/\/www.centregrat.com\/wp-content\/uploads\/2017\/03\/logo-grat-90-psicologia-educacio.png","contentUrl":"https:\/\/www.centregrat.com\/wp-content\/uploads\/2017\/03\/logo-grat-90-psicologia-educacio.png","width":90,"height":90,"caption":"Centre GRAT"},"image":{"@id":"https:\/\/www.centregrat.com\/ca\/#\/schema\/logo\/image\/"}}]}},"_links":{"self":[{"href":"https:\/\/www.centregrat.com\/ca\/wp-json\/wp\/v2\/pages\/30402","targetHints":{"allow":["GET"]}}],"collection":[{"href":"https:\/\/www.centregrat.com\/ca\/wp-json\/wp\/v2\/pages"}],"about":[{"href":"https:\/\/www.centregrat.com\/ca\/wp-json\/wp\/v2\/types\/page"}],"author":[{"embeddable":true,"href":"https:\/\/www.centregrat.com\/ca\/wp-json\/wp\/v2\/users\/2"}],"replies":[{"embeddable":true,"href":"https:\/\/www.centregrat.com\/ca\/wp-json\/wp\/v2\/comments?post=30402"}],"version-history":[{"count":1,"href":"https:\/\/www.centregrat.com\/ca\/wp-json\/wp\/v2\/pages\/30402\/revisions"}],"predecessor-version":[{"id":35228,"href":"https:\/\/www.centregrat.com\/ca\/wp-json\/wp\/v2\/pages\/30402\/revisions\/35228"}],"wp:attachment":[{"href":"https:\/\/www.centregrat.com\/ca\/wp-json\/wp\/v2\/media?parent=30402"}],"curies":[{"name":"wp","href":"https:\/\/api.w.org\/{rel}","templated":true}]}}