{"id":31,"date":"2017-03-27T09:50:58","date_gmt":"2017-03-27T09:50:58","guid":{"rendered":"https:\/\/www.centregrat.com\/?page_id=31"},"modified":"2026-04-21T10:05:57","modified_gmt":"2026-04-21T10:05:57","slug":"psicolegs-infantils-barcelona","status":"publish","type":"page","link":"https:\/\/www.centregrat.com\/ca\/psicolegs-infantils-barcelona\/","title":{"rendered":"Infantil"},"content":{"rendered":"<div class=\"wpb-content-wrapper\"><p>[vc_row css_animation=&#8221;&#8221; row_type=&#8221;row&#8221; use_row_as_full_screen_section=&#8221;no&#8221; type=&#8221;grid&#8221; angled_section=&#8221;no&#8221; text_align=&#8221;left&#8221; background_image=&#8221;199&#8243; background_image_as_pattern=&#8221;without_pattern&#8221;][vc_column][vc_empty_space height=&#8221;75px&#8221;][vc_row_inner row_type=&#8221;row&#8221; type=&#8221;full_width&#8221; text_align=&#8221;left&#8221; padding_top=&#8221;25&#8243; css_animation=&#8221;&#8221; css=&#8221;.vc_custom_1490978050623{padding-top: 50px !important;padding-right: 25px !important;padding-left: 25px !important;background-color: rgba(32,55,109,0.81) !important;*background-color: rgb(32,55,109) !important;}&#8221;][vc_column_inner][vc_column_text]<\/p>\n<h1 style=\"text-align: center;\"><span style=\"color: #ffffff;\"><strong>Psic\u00f2legs Infantils a Barcelona<\/strong><\/span><\/h1>\n<p>[\/vc_column_text][vc_separator type=&#8221;small&#8221; position=&#8221;center&#8221; up=&#8221;25&#8243; down=&#8221;0&#8243;][\/vc_column_inner][\/vc_row_inner][vc_row_inner row_type=&#8221;row&#8221; type=&#8221;full_width&#8221; text_align=&#8221;left&#8221; background_color=&#8221;rgba(32,55,109,0.81)&#8221; padding_bottom=&#8221;25&#8243; css_animation=&#8221;&#8221; css=&#8221;.vc_custom_1491399460666{padding-top: 25px !important;padding-right: 25px !important;padding-bottom: 25px !important;padding-left: 25px !important;}&#8221;][vc_column_inner width=&#8221;1\/6&#8243;][\/vc_column_inner][vc_column_inner width=&#8221;2\/3&#8243;][vc_column_text]<\/p>\n<p style=\"text-align: center;\"><span style=\"color: #ffffff;\">Els <strong>psic\u00f2legs infantils <\/strong>del Centre GRAT de <strong>Barcelona<\/strong> ajudem als pares i mares que esteu preocupats pels vostres fills perqu\u00e8 penseu que estan tenint alguna dificultat relacionada amb la conducta, les emocions o els estudis, a identificar el problema i realitzar una intervenci\u00f3 adaptada a les vostres necessitats per aconseguir els objectius que us marqueu i resoldre el problema d&#8217;una manera breu i efectiva.<\/span><\/p>\n<p>[\/vc_column_text][vc_empty_space][\/vc_column_inner][vc_column_inner width=&#8221;1\/6&#8243;][\/vc_column_inner][\/vc_row_inner][vc_empty_space height=&#8221;50px&#8221;][\/vc_column][\/vc_row][vc_row css_animation=&#8221;&#8221; row_type=&#8221;row&#8221; use_row_as_full_screen_section=&#8221;no&#8221; type=&#8221;full_width&#8221; angled_section=&#8221;no&#8221; text_align=&#8221;left&#8221; background_image_as_pattern=&#8221;without_pattern&#8221;][vc_column][vc_empty_space height=&#8221;75px&#8221;][vc_column_text]<\/p>\n<h2 style=\"text-align: center;\">Serveis d&#8217;Atenci\u00f3 Psicol\u00f2gica Infantil<\/h2>\n<p>[\/vc_column_text][vc_empty_space height=&#8221;75px&#8221;][\/vc_column][\/vc_row][vc_row css_animation=&#8221;&#8221; row_type=&#8221;row&#8221; use_row_as_full_screen_section=&#8221;no&#8221; type=&#8221;grid&#8221; angled_section=&#8221;no&#8221; text_align=&#8221;left&#8221; background_image_as_pattern=&#8221;without_pattern&#8221;][vc_column width=&#8221;1\/2&#8243;][vc_row_inner row_type=&#8221;row&#8221; type=&#8221;full_width&#8221; text_align=&#8221;center&#8221; css_animation=&#8221;&#8221;][vc_column_inner width=&#8221;1\/3&#8243;][vc_single_image image=&#8221;2466&#8243; img_size=&#8221;full&#8221; alignment=&#8221;center&#8221; qode_css_animation=&#8221;&#8221;][\/vc_column_inner][vc_column_inner width=&#8221;2\/3&#8243;][vc_column_text]<\/p>\n<h3 style=\"text-align: left;\"><span style=\"color: #20376d;\">Ter\u00e0pia infantil \/ familiar<\/span><\/h3>\n<p style=\"text-align: left;\">Problemes conductuals, emocionals i relacionals. Avaluaci\u00f3 i intervenci\u00f3.<\/p>\n<p>[\/vc_column_text][vc_empty_space]<a  itemprop=\"url\" href=\"psicoterapia-infantil-i-familiar-psicolegs-infantils-a-barcelona\/\" target=\"_self\"  class=\"qbutton  default\" style=\"\">M\u00e9s informaci\u00f3<\/a>[\/vc_column_inner][\/vc_row_inner][vc_separator type=&#8221;normal&#8221; up=&#8221;50&#8243; down=&#8221;50&#8243;][\/vc_column][vc_column width=&#8221;1\/2&#8243;][vc_row_inner row_type=&#8221;row&#8221; type=&#8221;full_width&#8221; text_align=&#8221;center&#8221; css_animation=&#8221;&#8221;][vc_column_inner width=&#8221;1\/3&#8243;][vc_single_image image=&#8221;2465&#8243; img_size=&#8221;full&#8221; alignment=&#8221;center&#8221; qode_css_animation=&#8221;&#8221;][\/vc_column_inner][vc_column_inner width=&#8221;2\/3&#8243;][vc_column_text]<\/p>\n<h3 style=\"text-align: left;\"><span style=\"color: #20376d;\">Grups d&#8217;Habilitats Socials<\/span><\/h3>\n<p style=\"text-align: left;\">Treball de les habilitats socials per a millorar la relaci\u00f3 amb els companys.<\/p>\n<p>[\/vc_column_text][vc_empty_space]<a  itemprop=\"url\" href=\"grup-habilitats-socials-nens\/\" target=\"_self\"  class=\"qbutton  default\" style=\"\">M\u00e9s informaci\u00f3<\/a>[\/vc_column_inner][\/vc_row_inner][vc_separator type=&#8221;normal&#8221; up=&#8221;50&#8243; down=&#8221;50&#8243;][\/vc_column][\/vc_row][vc_row css_animation=&#8221;&#8221; row_type=&#8221;row&#8221; use_row_as_full_screen_section=&#8221;no&#8221; type=&#8221;grid&#8221; angled_section=&#8221;no&#8221; text_align=&#8221;center&#8221; background_image=&#8221;218&#8243; background_image_as_pattern=&#8221;without_pattern&#8221; padding_top=&#8221;50&#8243; padding_bottom=&#8221;50&#8243;][vc_column][vc_column_text]<\/p>\n<h2 style=\"text-align: center;\"><span style=\"color: #ffffff;\">No saps quina intervenci\u00f3 necessita teu fill?<\/span><\/h2>\n<p>[\/vc_column_text][vc_separator type=&#8221;small&#8221; position=&#8221;center&#8221; up=&#8221;25&#8243; down=&#8221;25&#8243;][vc_column_text]<span style=\"color: #ffffff;\">Els nostres psic\u00f2legs infantils t&#8217;assessoren<\/span>[\/vc_column_text][vc_empty_space]<a  itemprop=\"url\" href=\"#contacto\" target=\"_self\" data-hover-background-color=#20376d data-hover-border-color=#20376d  class=\"qbutton  large default\" style=\"border-color: #ffc92d; background-color: #ffc92d;\">Consulta'ns<\/a>[\/vc_column][\/vc_row][vc_row css_animation=&#8221;&#8221; row_type=&#8221;row&#8221; use_row_as_full_screen_section=&#8221;no&#8221; type=&#8221;grid&#8221; angled_section=&#8221;no&#8221; text_align=&#8221;left&#8221; background_image_as_pattern=&#8221;without_pattern&#8221;][vc_column][vc_empty_space height=&#8221;75px&#8221;][vc_column_text css=&#8221;&#8221;]<\/p>\n<h2 style=\"text-align: center;\"><a href=\"https:\/\/www.centregrat.com\/ca\/nosaltres\/\">Coneix les psic\u00f2logues infantils del Centre GRAT, a Barcelona<\/a><\/h2>\n<p>[\/vc_column_text][vc_empty_space height=&#8221;75px&#8221;][\/vc_column][\/vc_row][vc_row css_animation=&#8221;&#8221; row_type=&#8221;row&#8221; use_row_as_full_screen_section=&#8221;no&#8221; type=&#8221;full_width&#8221; angled_section=&#8221;no&#8221; text_align=&#8221;left&#8221; background_image_as_pattern=&#8221;without_pattern&#8221; css=&#8221;.vc_custom_1776765814044{margin-right: 30px !important;margin-left: 30px !important;}&#8221; el_class=&#8221;oculta&#8221;][vc_column width=&#8221;1\/3&#8243;][vc_single_image image=&#8221;185&#8243; img_size=&#8221;full&#8221; alignment=&#8221;center&#8221; qode_css_animation=&#8221;&#8221;][vc_empty_space][vc_column_text]<\/p>\n<h3 style=\"text-align: center;\">Dra. Amalia Gord\u00f3vil Merino<\/h3>\n<p>[\/vc_column_text][vc_empty_space height=&#8221;22px&#8221;][vc_column_text]<\/p>\n<p style=\"text-align: center;\">Psic\u00f2loga infantil i terapeuta familiar<\/p>\n<p style=\"text-align: center;\">Col\u00b7legiada n\u00ba20177<\/p>\n<p>[\/vc_column_text][vc_separator type=&#8221;small&#8221; position=&#8221;center&#8221; up=&#8221;25&#8243; down=&#8221;25&#8243;][vc_accordion active_tab=&#8221;false&#8221; collapsible=&#8221;yes&#8221; style=&#8221;accordion&#8221; title=&#8221;CON\u00c8IXER M\u00c9S&#8221;][vc_accordion_tab title=&#8221;CON\u00c8IXER M\u00c9S&#8221; title_color=&#8221;#ffffff&#8221; background_color=&#8221;#20376d&#8221; title_tag=&#8221;h5&#8243;][vc_column_text]<\/p>\n<ul>\n<li>Doctora en Psicologia Cl\u00ednica i de la Salut<\/li>\n<li>Psic\u00f2loga General Sanit\u00e0ria<\/li>\n<li>Llicenciada en Psicologia. Universitat de Barcelona<\/li>\n<li>M\u00e0ster en Ter\u00e0pia Familiar. Perspectiva Integradora Sist\u00e8mica. Universitat de Girona<\/li>\n<li>M\u00e0ster Oficial en Psicologia Cl\u00ednica i de la Salut. Especialitat Neuropsicologia. Universitat de Barcelona<\/li>\n<li>Postgrau en Psicoter\u00e0pia Integradora. Universitat de Girona<br \/>\nFormaci\u00f3 en Avaluaci\u00f3 i tractament del TDAH. Fundaci\u00f3 Adana<\/li>\n<li>Formaci\u00f3 en TDAH, les reeducacions psicopedag\u00f2giques des de l\u2019abordatge cognitniu-conductual. Fundaci\u00f3 Adana<\/li>\n<li>Especialista en psicoter\u00e0pia infanto-juvenil i ter\u00e0pia familiar<\/li>\n<li>Especialista en assessorament a pares sobre el maneig conductual dels fills<\/li>\n<li>Especialista en l\u2019entrenamet de les habilitats socials en grup amb adolescents<\/li>\n<li>Especialista en gesti\u00f3 d\u2019emocions i trastorns d\u2019ansietat<\/li>\n<li>Professora de diverses formacions de master, postgrau i grau de psicologia a la UOC.<\/li>\n<li>Professora en cursos de psicologia al Centre GRAT<\/li>\n<\/ul>\n<h5>PUBLICACIONS:<\/h5>\n<ul>\n<li>Co-autora del llibre &#8220;<a href=\"https:\/\/lafinestralectora.cat\/compartir-la-vida-educa\/\"><em>Compartir la vida educa<\/em><\/a>&#8221; d&#8217;editorial Eumo<\/li>\n<li>Col\u00b7labora amb diversos mitjans de comunicaci\u00f3 com ara La Vanguardia, Rac 1, Diari ARA, entre altres.<\/li>\n<li>\u00c9s primera autora de publicacions relacionades amb la psicologia infantil i qualitat de vida: \u201cUn enfoque integrador en el tratamiento del TDAH infantil y juvenil\u201d (Revista de Psicoterapia, 2012) y \u201cEpilepsia infantil, un cambio hacia la integraci\u00f3n\u201d (Revista Vivir con Epilepsia, 2009).Sotarras, Salse, Ribera, Centelles, Gord\u00f3vil, Splendiani (2014). Apoyo de voz en la lectura en el \u00e1mbito de la educaci\u00f3n superior. Edutec-e Revista Electr\u00f3nica de Tecnolog\u00eda Educativa, 49, 1-16.<\/li>\n<li>Gord\u00f3vil, A., Faust, T. (2013). Un enfoque integrador en el tratamiento del TDAH infantil y juvenil. Revista de Psicoterapia, 23(90\/91), 125-147.<\/li>\n<li>Gord\u00f3vil, A., Gu\u00e0ria, J., Per\u00f3, M. (2011). Estimation of Logistic Regression Models in Small Samples. A Simulation Study Using a Weakly Informative Default Prior Distribution. Psicologica 33(2), 345-361.<\/li>\n<li>Gord\u00f3vil-Merino, A., Gu\u00e0rdia-Olmos, J., Per\u00f3-Cebollero, M., i De La Fuente-Solanas, E. I. (2010). Classical and bayesian estimation in the logistic regression model applied to diagnosis of Child Attention Deficit Hyperactivity Disorder. Psychological Reports, 106 (2), 519-533<\/li>\n<li>Gord\u00f3vil ,A., i Gu\u00e0rdia, J. (2009). Epilepsia infantil, un camino hacia la integraci\u00f3n. Vivir con Epilepsia, 3 (3), 4-5. (G.I.: 688-2004).<\/li>\n<li>Gordo\u00f3vil-Merino, A., Villase\u00f1or-Cabrera, T., i Gu\u00e0rdia-Olmos, J. (2009). Evaluaci\u00f3n Cuantitativa de Calidad de Vida en Epilepsia Infantil y Adolescente. Estado del Arte. Revista de Neuropsicolog\u00eda, 4(1), 11-15. (Revista indexada en IMBIOMED i indexada en el cat\u00e0leg Latindex).<\/li>\n<li>Villase\u00f1or-Cabrera, T., Gord\u00f3vil-Merino, A., Barrios-Carrej\u00f3n, M., Gudayol-Ferre, E., i Gu\u00e0rdia-Olmos, J. (2009). Estudio bibliom\u00e9trico de la producci\u00f3n cient\u00edfica en el \u00e1mbito de la neuropsicolog\u00eda. Revista de Neuropsicolog\u00eda, 4(1), 5-10. (Revista indexada en IMBIOMED i indexada en el cat\u00e0leg Latindex).<\/li>\n<li>Morales, C; Gord\u00f3vil, A; G\u00f3mez, J; Villase\u00f1or, T; Per\u00f3, M &amp; Gu\u00e0rdia, J. (acceptat, juliol 2011). Attention Deficit Hyperactivity Disorder: birth season and epidemiology en Attention Deficit Hyperactivity Disorder \/ Book 2. InTech: Croatia ISBN: 979-953-307-685-9.<\/li>\n<\/ul>\n<p>[\/vc_column_text][\/vc_accordion_tab][\/vc_accordion][vc_empty_space][\/vc_column][vc_column width=&#8221;1\/3&#8243;][vc_single_image image=&#8221;17983&#8243; img_size=&#8221;full&#8221; alignment=&#8221;center&#8221; qode_css_animation=&#8221;&#8221;][vc_empty_space][vc_column_text]<\/p>\n<h3 style=\"text-align: center;\">Carme Font Medina<\/h3>\n<p>[\/vc_column_text][vc_empty_space height=&#8221;22px&#8221;][vc_column_text]<\/p>\n<p style=\"text-align: center;\">Psic\u00f2loga infantil i terapeuta familiar<\/p>\n<p style=\"text-align: center;\">Col\u00b7legiada n\u00ba28000<\/p>\n<p>[\/vc_column_text][vc_separator type=&#8221;small&#8221; position=&#8221;center&#8221; up=&#8221;25&#8243; down=&#8221;25&#8243;][vc_accordion active_tab=&#8221;false&#8221; collapsible=&#8221;yes&#8221; style=&#8221;accordion&#8221; title=&#8221;CON\u00c8IXER M\u00c9S&#8221;][vc_accordion_tab title=&#8221;CON\u00c8IXER M\u00c9S&#8221; title_color=&#8221;#ffffff&#8221; background_color=&#8221;#20376d&#8221; title_tag=&#8221;h5&#8243;][vc_column_text]<\/p>\n<ul>\n<li>Psic\u00f2loga experta en psicoter\u00e0pia<\/li>\n<li>Llicenciada en Psicologia. Universitat Aut\u00f2noma de Barcelona<\/li>\n<li>Postgrau en Adiccions Comportamentals i Manipulaci\u00f3 Psicol\u00f2gica. UB<\/li>\n<li>Experta en adolesc\u00e8ncia i fam\u00edlia<\/li>\n<li>Experta en adiccions comportamentals<\/li>\n<li>Especialista en Terapia Individual i Familiar<\/li>\n<\/ul>\n<p>[\/vc_column_text][\/vc_accordion_tab][\/vc_accordion][vc_empty_space][\/vc_column][vc_column width=&#8221;1\/3&#8243;][vc_single_image image=&#8221;23343&#8243; img_size=&#8221;full&#8221; alignment=&#8221;center&#8221; qode_css_animation=&#8221;&#8221;][vc_empty_space][vc_column_text]<\/p>\n<h3 style=\"text-align: center;\">Tania L\u00f3pez Rodr\u00edguez<\/h3>\n<p>[\/vc_column_text][vc_empty_space height=&#8221;22px&#8221;][vc_column_text]<\/p>\n<p style=\"text-align: center;\">Psic\u00f2loga infantil i terapeuta familiar<\/p>\n<p style=\"text-align: center;\">Col\u00b7legiada n\u00ba19442<\/p>\n<p>[\/vc_column_text][vc_separator type=&#8221;small&#8221; position=&#8221;center&#8221; up=&#8221;25&#8243; down=&#8221;25&#8243;][vc_accordion active_tab=&#8221;false&#8221; collapsible=&#8221;yes&#8221; style=&#8221;accordion&#8221; title=&#8221;CON\u00c8IXER M\u00c9S&#8221;][vc_accordion_tab title=&#8221;CON\u00c8IXER M\u00c9S&#8221; title_color=&#8221;#ffffff&#8221; background_color=&#8221;#20376d&#8221; title_tag=&#8221;h5&#8243;][vc_column_text]<\/p>\n<ul>\n<li style=\"text-align: left;\">Psic\u00f2loga General Sanit\u00e0ria<\/li>\n<li style=\"text-align: left;\">Terapeuta Familiar i de Parella sist\u00e8mica<\/li>\n<li style=\"text-align: left;\">Especialista en psicoter\u00e0pia individual infanto-juvenil, adults i familiar<\/li>\n<li style=\"text-align: left;\">Especialista en assessorament a pares sobre el maneig conductual de els\/as fills\/as<\/li>\n<li style=\"text-align: left;\">Especialista en viol\u00e8ncies i conflictes intrafamiliars<\/li>\n<li style=\"text-align: left;\">Experi\u00e8ncia amb inf\u00e0ncia, adolesc\u00e8ncia i joventut en situaci\u00f3 de risc intrafamiliar i d\u2019exclusi\u00f3 social<\/li>\n<li style=\"text-align: left;\">Experi\u00e8ncia amb adults i fam\u00edlies en situacions socials complexes.<\/li>\n<li style=\"text-align: left;\">Especialista en acompanyament a pares i mares en el desenvolupament cognitiu, educatiu, social i emocional dels seus fills\/as<\/li>\n<li style=\"text-align: left;\">Especialista en trastorns d\u2019ansietat, trastorns de l\u2019estat d\u2019\u00e0nim i en gesti\u00f3 de les emocions.<\/li>\n<li style=\"text-align: left;\">Especialista en creixement personal i autoestima.<\/li>\n<li style=\"text-align: left;\">Membre de la\u00a0Societat\u00a0Catalana de\u00a0Ter\u00e0pia\u00a0Familiar<\/li>\n<li style=\"text-align: left;\">M\u00e0ster Oficial en Psicologia Cl\u00ednica i de la Salut, per la Universitat de Barcelona.<\/li>\n<li>M\u00e0ster en Ter\u00e0pia Familiar i de Parella Sist\u00e8mica (Terapeuta Familiar) per KINE, Barcelona.<\/li>\n<li>Psicoter\u00e0pia integradora per al Tractament dels Trastorns de la Conducta Aliment\u00e0ria. Escuela de Psicolog\u00eda y Psicoterapia Eva Molero<\/li>\n<li>Tractament Psicol\u00f2gic del Trauma en Psicoter\u00e0pia. Centre GRAT.<\/li>\n<\/ul>\n<p>[\/vc_column_text][\/vc_accordion_tab][\/vc_accordion][\/vc_column][\/vc_row][vc_row css_animation=&#8221;&#8221; row_type=&#8221;row&#8221; use_row_as_full_screen_section=&#8221;no&#8221; type=&#8221;full_width&#8221; angled_section=&#8221;no&#8221; text_align=&#8221;left&#8221; background_image_as_pattern=&#8221;without_pattern&#8221; css=&#8221;.vc_custom_1776765951428{margin-right: 30px !important;margin-left: 30px !important;}&#8221; el_class=&#8221;oculta&#8221;][vc_column width=&#8221;1\/2&#8243;][vc_single_image image=&#8221;18497&#8243; img_size=&#8221;full&#8221; alignment=&#8221;center&#8221; qode_css_animation=&#8221;&#8221;][vc_empty_space][vc_column_text]<\/p>\n<h3 style=\"text-align: center;\">Andrea Rodr\u00edguez Saura<\/h3>\n<p>[\/vc_column_text][vc_empty_space height=&#8221;22px&#8221;][vc_column_text]<\/p>\n<p style=\"text-align: center;\">Psic\u00f2loga infantil i terapeuta familiar<\/p>\n<p style=\"text-align: center;\">Col\u00b7legiada n\u00ba19281<\/p>\n<p>[\/vc_column_text][vc_separator type=&#8221;small&#8221; position=&#8221;center&#8221; up=&#8221;25&#8243; down=&#8221;25&#8243;][vc_accordion active_tab=&#8221;false&#8221; collapsible=&#8221;yes&#8221; style=&#8221;accordion&#8221; title=&#8221;CON\u00c8IXER M\u00c9S&#8221;][vc_accordion_tab title=&#8221;CON\u00c8IXER M\u00c9S&#8221; title_color=&#8221;#ffffff&#8221; background_color=&#8221;#20376d&#8221; title_tag=&#8221;h5&#8243;][vc_column_text]<\/p>\n<ul>\n<li style=\"text-align: left;\">Psic\u00f2loga General Sanit\u00e0ria<\/li>\n<li style=\"text-align: left;\">Especialista en psicoter\u00e0pia infanto-juvenil i ter\u00e0pia familiar<\/li>\n<li style=\"text-align: left;\">Especialista en assessorament i acompanyament en orientaci\u00f3 acad\u00e8mica<\/li>\n<li style=\"text-align: left;\">Especialista en acompanyament a pares en el desenvolupament cognitiu, educatiu social i emocional dels seus fills<\/li>\n<li style=\"text-align: left;\">Especialista en gesti\u00f3 de les emocions i trastorns d&#8217;ansietat<\/li>\n<li style=\"text-align: left;\">Especialista en assessorament a pares sobre el maneig conductual dels fills<\/li>\n<li style=\"text-align: left;\">Psicopedagoga del EAP (Equip d&#8217;orientaci\u00f3 i Assessorament Psicopedag\u00f2gic de la Generalitat de Catalunya)<\/li>\n<li style=\"text-align: left;\">Docent de cursos sobre psicoter\u00e0pia infanto-juvenil i familiar per a psic\u00f2legs al Centre GRAT<\/li>\n<li style=\"text-align: left;\">Llicenciada en Psicologia. Universitat de Barcelona<\/li>\n<li style=\"text-align: left;\">M\u00e0ster en Ter\u00e0pia Cognitiu-Social. Universitat de Barcelona<\/li>\n<li style=\"text-align: left;\">M\u00e0ster en Ter\u00e0pia Familiar. Perspectiva Sist\u00e8mica Integradora. Fundaci\u00f3 Universitat de Girona<\/li>\n<li style=\"text-align: left;\">Formaci\u00f3 en Dificultats d&#8217;Aprenentatge. TDAH, Disl\u00e8xia, Discalc\u00falia, TANV. Fundaci\u00f3 Adana<\/li>\n<li style=\"text-align: left;\">Formaci\u00f3 en reeducacions psicopedag\u00f2giques des de l&#8217;abordatge cognitiu conductual. Fundaci\u00f3 Adana<\/li>\n<\/ul>\n<p>[\/vc_column_text][\/vc_accordion_tab][\/vc_accordion][\/vc_column][vc_column width=&#8221;1\/2&#8243;][vc_single_image image=&#8221;28413&#8243; img_size=&#8221;full&#8221; alignment=&#8221;center&#8221; qode_css_animation=&#8221;&#8221;][vc_empty_space][vc_column_text]<\/p>\n<h3 style=\"text-align: center;\">Merc\u00e8 Gasco Coscojuela<\/h3>\n<p>[\/vc_column_text][vc_empty_space height=&#8221;22px&#8221;][vc_column_text]<\/p>\n<p style=\"text-align: center;\">Psic\u00f2loga infantil i terapeuta familiar<\/p>\n<p style=\"text-align: center;\">Col\u00b7legiada n\u00ba29734<\/p>\n<p>[\/vc_column_text][vc_separator type=&#8221;small&#8221; position=&#8221;center&#8221; up=&#8221;25&#8243; down=&#8221;25&#8243;][vc_accordion active_tab=&#8221;false&#8221; collapsible=&#8221;yes&#8221; style=&#8221;accordion&#8221; title=&#8221;CON\u00c8IXER M\u00c9S&#8221;][vc_accordion_tab title=&#8221;CON\u00c8IXER M\u00c9S&#8221; title_color=&#8221;#ffffff&#8221; background_color=&#8221;#20376d&#8221; title_tag=&#8221;h5&#8243;][vc_column_text]<\/p>\n<ul>\n<li style=\"text-align: left;\">Psic\u00f2loga General Sanit\u00e0ria<\/li>\n<li style=\"text-align: left;\">Especialista en psicoter\u00e0pia infanto-juvenil i adults.<\/li>\n<li style=\"text-align: left;\">Experta en acompanyament a persones en situacions de crisi, dols, dols per su\u00efcidi, malaltia, ansietat, estr\u00e8s, depressi\u00f3, crisi existencial, buit, soledat, creixement personal.<\/li>\n<li style=\"text-align: left;\">Experta en acompanyament a persones amb trastorns de personalitat, trastorn mental sever, addiccions i patologia dual.<\/li>\n<li style=\"text-align: left;\">Experi\u00e8ncia amb infants, adolescents i joves en situaci\u00f3 de risc d&#8217;exclusi\u00f3 social o desemparament.<\/li>\n<li style=\"text-align: left;\">Experi\u00e8ncia amb adults i fam\u00edlies en situacions socials complexes.<\/li>\n<li style=\"text-align: left;\">M\u00e0ster de Psicologia General Sanit\u00e0ria. Universitat Ramon Llull<\/li>\n<li>M\u00e0ster en Psicoter\u00e0pia Psicoanal\u00edtica Contempor\u00e0nia &#8211; Fundaci\u00f3 Vidal i Barraquer (inf\u00e0ncia, adolesc\u00e8ncia i adultesa)<\/li>\n<li>Llicenciada en Psicologia. UOC<\/li>\n<li style=\"text-align: left;\">Diplomatura d&#8217;Educaci\u00f3 Social. Universitat Ramon Llull<\/li>\n<\/ul>\n<p>[\/vc_column_text][\/vc_accordion_tab][\/vc_accordion][\/vc_column][\/vc_row][vc_row css_animation=&#8221;&#8221; row_type=&#8221;row&#8221; use_row_as_full_screen_section=&#8221;no&#8221; type=&#8221;grid&#8221; angled_section=&#8221;no&#8221; text_align=&#8221;left&#8221; background_image_as_pattern=&#8221;without_pattern&#8221; padding_top=&#8221;25&#8243; padding_bottom=&#8221;75&#8243;][vc_column][vc_separator type=&#8221;normal&#8221; up=&#8221;50&#8243; down=&#8221;50&#8243;][vc_column_text]<\/p>\n<h2 style=\"text-align: center;\">Algunes opinions de fam\u00edlies a les que hem ajudat:<\/h2>\n<p>[\/vc_column_text][vc_separator type=&#8221;small&#8221; position=&#8221;center&#8221; up=&#8221;25&#8243; down=&#8221;25&#8243;]<div class='testimonials_c_holder clearfix dark'><div class=\"testimonials_c testimonials_c_carousel\" data-show-navigation=\"yes\" data-animation-speed=\"\" data-auto-rotate-slides=\"5\" data-number-per-slide=\"1\"><ul class=\"slides\"><li id=\"testimonials-c-241\" class=\"testimonial_content\"><div class=\"testimonial_content_inner\"><div class=\"testimonial_text_holder\"><div class=\"testimonial_text_inner\" style=\"\"><p><i>\"Vull agrair a al Centre GRAT i especialment a la Maria Costa, la psic\u00f2loga que ha tractat al meu fill. Ha aconseguit que ell trobi la motivaci\u00f3 per millorar en els estudis. Est\u00e0vem molt desanimats i ara les coses s\u00f3n totalment diferents gr\u00e0cies al tractament. Moltes gr\u00e0cies!\"<\/i><\/p><p class=\"testimonial_author\" style=\"font-weight: 400;\"><\/p><\/div><\/div><\/div><\/li><li id=\"testimonials-c-240\" class=\"testimonial_content\"><div class=\"testimonial_content_inner\"><div class=\"testimonial_text_holder\"><div class=\"testimonial_text_inner\" style=\"\"><p><i>\"Estoy muy agradecida a Maria por su dedicaci\u00f3n y por saber enfocar el problema de mi hijo, ahora se c\u00f3mo tengo que actuar ante los conflictos con \u00e9l. \u00a1Mil gracias!\" <\/i><\/p><p class=\"testimonial_author\" style=\"font-weight: 400;\">B.M.<\/p><\/div><\/div><\/div><\/li><li id=\"testimonials-c-236\" class=\"testimonial_content\"><div class=\"testimonial_content_inner\"><div class=\"testimonial_text_holder\"><div class=\"testimonial_text_inner\" style=\"\"><p><i>\"Me ha gustado tanto el trato de la psic\u00f3loga como la atenci\u00f3n personalizada al ni\u00f1o y que sabe muy bien motivar los ni\u00f1os y sus familiares para que colaboren en las tareas recomendadas para el tratamiento\"<\/i><\/p><p class=\"testimonial_author\" style=\"font-weight: 400;\"><\/p><\/div><\/div><\/div><\/li><li id=\"testimonials-c-235\" class=\"testimonial_content\"><div class=\"testimonial_content_inner\"><div class=\"testimonial_text_holder\"><div class=\"testimonial_text_inner\" style=\"\"><p><i>\"A nosotros nos llev\u00f3 Amalia y quedamos encantados. Ayud\u00f3 mucho a nuestro hijo y a todos en general. Sabe c\u00f3mo hacer para que los ni\u00f1os est\u00e9n agusto con ella y los adultos tambi\u00e9n. \u00a1Gracias!\"<\/i><\/p><p class=\"testimonial_author\" style=\"font-weight: 400;\">R.G.<\/p><\/div><\/div><\/div><\/li><\/ul><\/div><\/div>[\/vc_column][\/vc_row][vc_row css_animation=&#8221;&#8221; row_type=&#8221;row&#8221; use_row_as_full_screen_section=&#8221;no&#8221; type=&#8221;grid&#8221; anchor=&#8221;contacto&#8221; angled_section=&#8221;no&#8221; text_align=&#8221;center&#8221; background_image=&#8221;218&#8243; background_image_as_pattern=&#8221;without_pattern&#8221; padding_top=&#8221;50&#8243; padding_bottom=&#8221;50&#8243;][vc_column][vc_column_text]<\/p>\n<h2 style=\"text-align: center;\"><span style=\"color: #ffffff;\">No saps quina intervenci\u00f3 necessita teu fill?<\/span><\/h2>\n<p>[\/vc_column_text][vc_separator type=&#8221;small&#8221; position=&#8221;center&#8221; up=&#8221;25&#8243; down=&#8221;25&#8243;][vc_column_text]<span style=\"color: #ffffff;\">Els nostres psic\u00f2legs infantils t&#8217;assessoren<\/span>[\/vc_column_text][vc_empty_space]\n<div class=\"wpcf7 no-js\" id=\"wpcf7-f1869-o1\" lang=\"en-US\" dir=\"ltr\" data-wpcf7-id=\"1869\">\n<div class=\"screen-reader-response\"><p role=\"status\" aria-live=\"polite\" aria-atomic=\"true\"><\/p> <ul><\/ul><\/div>\n<form action=\"\/ca\/wp-json\/wp\/v2\/pages\/31#wpcf7-f1869-o1\" method=\"post\" class=\"wpcf7-form init cf7_custom_style_1 7fb081fd7beb cmatic-conn cmatic-aud-28 cmatic-mapd0-0 cmatic-v097802 cmatic-sent-0 cmatic-total-7551\" aria-label=\"Contact form\" novalidate=\"novalidate\" data-status=\"init\">\n<fieldset class=\"hidden-fields-container\"><input type=\"hidden\" name=\"_wpcf7\" value=\"1869\" \/><input type=\"hidden\" name=\"_wpcf7_version\" value=\"6.1.5\" \/><input type=\"hidden\" name=\"_wpcf7_locale\" value=\"en_US\" \/><input type=\"hidden\" name=\"_wpcf7_unit_tag\" value=\"wpcf7-f1869-o1\" \/><input type=\"hidden\" name=\"_wpcf7_container_post\" value=\"0\" \/><input type=\"hidden\" name=\"_wpcf7_posted_data_hash\" value=\"\" \/><input type=\"hidden\" name=\"redirect_nonce\" value=\"2bf830da75\" \/><input type=\"hidden\" name=\"wpcf7cfpdf_hidden_name\" value=\"document-pdf\" \/><input type=\"hidden\" name=\"wpcf7cfpdf_hidden_reference\" value=\"593418ed\" \/><input type=\"hidden\" name=\"wpcf7cfpdf_hidden_date\" value=\"May2,2026\" \/>\n<\/fieldset>\n<p><label> <span class=\"wpcf7-form-control-wrap\" data-name=\"your-name\"><input size=\"40\" maxlength=\"400\" class=\"wpcf7-form-control wpcf7-text wpcf7-validates-as-required\" aria-required=\"true\" aria-invalid=\"false\" placeholder=\"Nom\" value=\"\" type=\"text\" name=\"your-name\" \/><\/span> <\/label>\n<\/p>\n<p><label> <span class=\"wpcf7-form-control-wrap\" data-name=\"your-email\"><input size=\"40\" maxlength=\"400\" class=\"wpcf7-form-control wpcf7-email wpcf7-validates-as-required wpcf7-text wpcf7-validates-as-email\" aria-required=\"true\" aria-invalid=\"false\" placeholder=\"Email\" value=\"\" type=\"email\" name=\"your-email\" \/><\/span> <\/label>\n<\/p>\n<p><label> <span class=\"wpcf7-form-control-wrap\" data-name=\"telefono\"><input size=\"40\" maxlength=\"400\" class=\"wpcf7-form-control wpcf7-text wpcf7-validates-as-required\" aria-required=\"true\" aria-invalid=\"false\" placeholder=\"Tel\u00e8fon\" value=\"\" type=\"text\" name=\"telefono\" \/><\/span> <\/label>\n<\/p>\n<p><label> <span class=\"wpcf7-form-control-wrap\" data-name=\"edat\"><input size=\"40\" maxlength=\"400\" class=\"wpcf7-form-control wpcf7-text wpcf7-validates-as-required\" aria-required=\"true\" aria-invalid=\"false\" placeholder=\"Quina edat t\u00e9 l&#039;infant?\" value=\"\" type=\"text\" name=\"edat\" \/><\/span> <\/label>\n<\/p>\n<p><label> <span class=\"wpcf7-form-control-wrap\" data-name=\"disponibilitat\"><input size=\"40\" maxlength=\"400\" class=\"wpcf7-form-control wpcf7-text wpcf7-validates-as-required\" aria-required=\"true\" aria-invalid=\"false\" placeholder=\"Explica&#039;ns breument qu\u00e8 passa\" value=\"\" type=\"text\" name=\"disponibilitat\" \/><\/span> <\/label>\n<\/p>\n<p><label> <span class=\"wpcf7-form-control-wrap\" data-name=\"profesional\"><input size=\"40\" maxlength=\"400\" class=\"wpcf7-form-control wpcf7-text\" aria-invalid=\"false\" placeholder=\"Indica&#039;ns la vostra disponibilitat habitual per venir a les visites\" value=\"\" type=\"text\" name=\"profesional\" \/><\/span> <\/label>\n<\/p>\n<p><Small style = \"font-size: 0.6rem; line-height: .8rem\"> \u201cDe conformidad con lo establecido en la normativa vigente en Protecci\u00f3n de Datos de Car\u00e1cter Personal, te informamos que tus datos ser\u00e1n incorporados al sistema de tratamiento titularidad de CENTRE GRAT PSICOLOGIA S.L.U, con CIF B55425300 y domicilio social sito en (08007) Barcelona, calle Gran V\u00eda de les Corts Catalanes, n\u00ba 646, entresuelo 1\u00ba, con la finalidad de atender la comunicaci\u00f3n necesaria para la prestaci\u00f3n de los servicios contratados, siendo cedidos exclusivamente por imperativo legal, conforme a la legislaci\u00f3n tributaria vigente. En cumplimiento con la normativa vigente, CENTRE GRAT PSICOLOGIA S.L.U informa que los datos ser\u00e1n conservados durante el plazo estrictamente necesario para cumplir con los preceptos mencionados con anterioridad. De acuerdo con los derechos que te confiere la normativa vigente en protecci\u00f3n de datos podr\u00e1\u0301 ejercer los derechos de acceso, rectificaci\u00f3n, limitaci\u00f3n de tratamiento, supresi\u00f3n, portabilidad y oposici\u00f3n al tratamiento de sus datos de car\u00e1cter personal, as\u00ed como del consentimiento prestado para el tratamiento de los mismos, dirigiendo su petici\u00f3n a la direcci\u00f3n postal indicada m\u00e1s arriba o al correo electr\u00f3nico: info@centregrat.com. Podr\u00e1s dirigirte a la Autoridad de Control competente para presentar la reclamaci\u00f3n que consideres oportuna. El env\u00edo de estos datos implica la aceptaci\u00f3n de esta cl\u00e1usula\u201d  <\/small>\n<\/p>\n<p><span class=\"wpcf7-form-control-wrap\" data-name=\"acceptance-481\"><span class=\"wpcf7-form-control wpcf7-acceptance\"><span class=\"wpcf7-list-item\"><input type=\"checkbox\" name=\"acceptance-481\" value=\"1\" aria-invalid=\"false\" \/><\/span><\/span><\/span> Confirmo que he llegit i ACCEPTO tots els termes i condicions de tractament de dades exposades aqu\u00ed i a la <a style=\"line-height: 2rem;\" href='\/politica-de-privacidad\/'> Pol\u00edtica de Privacitat <\/a>\n<\/p>\n<p><input class=\"wpcf7-form-control wpcf7-submit has-spinner\" type=\"submit\" value=\"ENVIAR\" \/>\n<\/p><p style=\"display: none !important;\" class=\"akismet-fields-container\" data-prefix=\"_wpcf7_ak_\"><label>&#916;<textarea name=\"_wpcf7_ak_hp_textarea\" cols=\"45\" rows=\"8\" maxlength=\"100\"><\/textarea><\/label><input type=\"hidden\" id=\"ak_js_1\" name=\"_wpcf7_ak_js\" value=\"13\"\/><script>document.getElementById( \"ak_js_1\" ).setAttribute( \"value\", ( new Date() ).getTime() );<\/script><\/p><div class=\"wpcf7-response-output\" aria-hidden=\"true\"><\/div>\n<\/form>\n<\/div>\n[\/vc_column][\/vc_row]<\/p>\n<\/div>","protected":false},"excerpt":{"rendered":"<p>[vc_row css_animation=&#8221;&#8221; row_type=&#8221;row&#8221; use_row_as_full_screen_section=&#8221;no&#8221; type=&#8221;grid&#8221; angled_section=&#8221;no&#8221; text_align=&#8221;left&#8221; background_image=&#8221;199&#8243; background_image_as_pattern=&#8221;without_pattern&#8221;][vc_column][vc_empty_space height=&#8221;75px&#8221;][vc_row_inner row_type=&#8221;row&#8221; type=&#8221;full_width&#8221; text_align=&#8221;left&#8221; padding_top=&#8221;25&#8243; css_animation=&#8221;&#8221; css=&#8221;.vc_custom_1490978050623{padding-top: 50px !important;padding-right: 25px !important;padding-left: 25px !important;background-color: rgba(32,55,109,0.81) !important;*background-color: rgb(32,55,109) !important;}&#8221;][vc_column_inner][vc_column_text] Psic\u00f2legs Infantils a Barcelona [\/vc_column_text][vc_separator type=&#8221;small&#8221; position=&#8221;center&#8221; up=&#8221;25&#8243; down=&#8221;0&#8243;][\/vc_column_inner][\/vc_row_inner][vc_row_inner row_type=&#8221;row&#8221; type=&#8221;full_width&#8221; text_align=&#8221;left&#8221; background_color=&#8221;rgba(32,55,109,0.81)&#8221; padding_bottom=&#8221;25&#8243; css_animation=&#8221;&#8221; css=&#8221;.vc_custom_1491399460666{padding-top: 25px !important;padding-right: 25px !important;padding-bottom: 25px !important;padding-left: 25px !important;}&#8221;][vc_column_inner width=&#8221;1\/6&#8243;][\/vc_column_inner][vc_column_inner width=&#8221;2\/3&#8243;][vc_column_text] Els psic\u00f2legs infantils del Centre GRAT de Barcelona ajudem als pares i mares que esteu preocupats pels vostres fills perqu\u00e8 penseu que estan tenint alguna dificultat relacionada amb la conducta, les emocions o els estudis, a identificar el problema i realitzar una intervenci\u00f3 adaptada a les vostres necessitats&#8230;<\/p>\n","protected":false},"author":1,"featured_media":0,"parent":0,"menu_order":0,"comment_status":"closed","ping_status":"closed","template":"full_width.php","meta":{"_acf_changed":false,"_exactmetrics_skip_tracking":false,"_exactmetrics_sitenote_active":false,"_exactmetrics_sitenote_note":"","_exactmetrics_sitenote_category":0,"footnotes":""},"class_list":["post-31","page","type-page","status-publish","hentry"],"acf":[],"yoast_head":"<!-- This site is optimized with the Yoast SEO plugin v27.4 - https:\/\/yoast.com\/product\/yoast-seo-wordpress\/ -->\n<title>Infantil - Centre GRAT | Centre de psicologia a Barcelona<\/title>\n<meta name=\"robots\" content=\"index, follow, max-snippet:-1, max-image-preview:large, max-video-preview:-1\" \/>\n<link rel=\"canonical\" href=\"https:\/\/www.centregrat.com\/ca\/psicolegs-infantils-barcelona\/\" \/>\n<meta property=\"og:locale\" content=\"ca_ES\" \/>\n<meta property=\"og:type\" content=\"article\" \/>\n<meta property=\"og:title\" content=\"Infantil - Centre GRAT | Centre de psicologia a Barcelona\" \/>\n<meta property=\"og:description\" content=\"[vc_row css_animation=&#8221;&#8221; row_type=&#8221;row&#8221; use_row_as_full_screen_section=&#8221;no&#8221; type=&#8221;grid&#8221; angled_section=&#8221;no&#8221; text_align=&#8221;left&#8221; background_image=&#8221;199&#8243; background_image_as_pattern=&#8221;without_pattern&#8221;][vc_column][vc_empty_space height=&#8221;75px&#8221;][vc_row_inner row_type=&#8221;row&#8221; type=&#8221;full_width&#8221; text_align=&#8221;left&#8221; padding_top=&#8221;25&#8243; css_animation=&#8221;&#8221; css=&#8221;.vc_custom_1490978050623{padding-top: 50px !important;padding-right: 25px !important;padding-left: 25px !important;background-color: rgba(32,55,109,0.81) !important;*background-color: rgb(32,55,109) !important;}&#8221;][vc_column_inner][vc_column_text] Psic\u00f2legs Infantils a Barcelona [\/vc_column_text][vc_separator type=&#8221;small&#8221; position=&#8221;center&#8221; up=&#8221;25&#8243; down=&#8221;0&#8243;][\/vc_column_inner][\/vc_row_inner][vc_row_inner row_type=&#8221;row&#8221; type=&#8221;full_width&#8221; text_align=&#8221;left&#8221; background_color=&#8221;rgba(32,55,109,0.81)&#8221; padding_bottom=&#8221;25&#8243; css_animation=&#8221;&#8221; css=&#8221;.vc_custom_1491399460666{padding-top: 25px !important;padding-right: 25px !important;padding-bottom: 25px !important;padding-left: 25px !important;}&#8221;][vc_column_inner width=&#8221;1\/6&#8243;][\/vc_column_inner][vc_column_inner width=&#8221;2\/3&#8243;][vc_column_text] Els psic\u00f2legs infantils del Centre GRAT de Barcelona ajudem als pares i mares que esteu preocupats pels vostres fills perqu\u00e8 penseu que estan tenint alguna dificultat relacionada amb la conducta, les emocions o els estudis, a identificar el problema i realitzar una intervenci\u00f3 adaptada a les vostres necessitats...\" \/>\n<meta property=\"og:url\" content=\"https:\/\/www.centregrat.com\/ca\/psicolegs-infantils-barcelona\/\" \/>\n<meta property=\"og:site_name\" content=\"Centre GRAT | Centre de psicologia a Barcelona\" \/>\n<meta property=\"article:modified_time\" content=\"2026-04-21T10:05:57+00:00\" \/>\n<meta property=\"og:image\" content=\"https:\/\/www.centregrat.com\/wp-content\/uploads\/2017\/03\/logo-grat-90-psicologia-educacio.png\" \/>\n\t<meta property=\"og:image:width\" content=\"90\" \/>\n\t<meta property=\"og:image:height\" content=\"90\" \/>\n\t<meta property=\"og:image:type\" content=\"image\/png\" \/>\n<meta name=\"twitter:card\" content=\"summary_large_image\" \/>\n<meta name=\"twitter:label1\" content=\"Temps estimat de lectura\" \/>\n\t<meta name=\"twitter:data1\" content=\"8 minuts\" \/>\n<script type=\"application\/ld+json\" class=\"yoast-schema-graph\">{\"@context\":\"https:\\\/\\\/schema.org\",\"@graph\":[{\"@type\":\"WebPage\",\"@id\":\"https:\\\/\\\/www.centregrat.com\\\/ca\\\/psicolegs-infantils-barcelona\\\/\",\"url\":\"https:\\\/\\\/www.centregrat.com\\\/ca\\\/psicolegs-infantils-barcelona\\\/\",\"name\":\"Infantil - Centre GRAT | Centre de psicologia a Barcelona\",\"isPartOf\":{\"@id\":\"https:\\\/\\\/www.centregrat.com\\\/ca\\\/#website\"},\"datePublished\":\"2017-03-27T09:50:58+00:00\",\"dateModified\":\"2026-04-21T10:05:57+00:00\",\"breadcrumb\":{\"@id\":\"https:\\\/\\\/www.centregrat.com\\\/ca\\\/psicolegs-infantils-barcelona\\\/#breadcrumb\"},\"inLanguage\":\"ca\",\"potentialAction\":[{\"@type\":\"ReadAction\",\"target\":[\"https:\\\/\\\/www.centregrat.com\\\/ca\\\/psicolegs-infantils-barcelona\\\/\"]}]},{\"@type\":\"BreadcrumbList\",\"@id\":\"https:\\\/\\\/www.centregrat.com\\\/ca\\\/psicolegs-infantils-barcelona\\\/#breadcrumb\",\"itemListElement\":[{\"@type\":\"ListItem\",\"position\":1,\"name\":\"Portada\",\"item\":\"https:\\\/\\\/www.centregrat.com\\\/ca\\\/\"},{\"@type\":\"ListItem\",\"position\":2,\"name\":\"Infantil\"}]},{\"@type\":\"WebSite\",\"@id\":\"https:\\\/\\\/www.centregrat.com\\\/ca\\\/#website\",\"url\":\"https:\\\/\\\/www.centregrat.com\\\/ca\\\/\",\"name\":\"Centre GRAT | Centre de psicologia a Barcelona\",\"description\":\"Millora la teva qualitat de vida. Et donem les eines necess\u00e0ries perqu\u00e8 aconsegueixis portar una vida satisfact\u00f2ria. Coneix el nostre centre de psicologia a Barcelona\",\"publisher\":{\"@id\":\"https:\\\/\\\/www.centregrat.com\\\/ca\\\/#organization\"},\"potentialAction\":[{\"@type\":\"SearchAction\",\"target\":{\"@type\":\"EntryPoint\",\"urlTemplate\":\"https:\\\/\\\/www.centregrat.com\\\/ca\\\/?s={search_term_string}\"},\"query-input\":{\"@type\":\"PropertyValueSpecification\",\"valueRequired\":true,\"valueName\":\"search_term_string\"}}],\"inLanguage\":\"ca\"},{\"@type\":\"Organization\",\"@id\":\"https:\\\/\\\/www.centregrat.com\\\/ca\\\/#organization\",\"name\":\"Centre GRAT\",\"url\":\"https:\\\/\\\/www.centregrat.com\\\/ca\\\/\",\"logo\":{\"@type\":\"ImageObject\",\"inLanguage\":\"ca\",\"@id\":\"https:\\\/\\\/www.centregrat.com\\\/ca\\\/#\\\/schema\\\/logo\\\/image\\\/\",\"url\":\"https:\\\/\\\/www.centregrat.com\\\/wp-content\\\/uploads\\\/2017\\\/03\\\/logo-grat-90-psicologia-educacio.png\",\"contentUrl\":\"https:\\\/\\\/www.centregrat.com\\\/wp-content\\\/uploads\\\/2017\\\/03\\\/logo-grat-90-psicologia-educacio.png\",\"width\":90,\"height\":90,\"caption\":\"Centre GRAT\"},\"image\":{\"@id\":\"https:\\\/\\\/www.centregrat.com\\\/ca\\\/#\\\/schema\\\/logo\\\/image\\\/\"}}]}<\/script>\n<!-- \/ Yoast SEO plugin. -->","yoast_head_json":{"title":"Infantil - Centre GRAT | Centre de psicologia a Barcelona","robots":{"index":"index","follow":"follow","max-snippet":"max-snippet:-1","max-image-preview":"max-image-preview:large","max-video-preview":"max-video-preview:-1"},"canonical":"https:\/\/www.centregrat.com\/ca\/psicolegs-infantils-barcelona\/","og_locale":"ca_ES","og_type":"article","og_title":"Infantil - Centre GRAT | Centre de psicologia a Barcelona","og_description":"[vc_row css_animation=&#8221;&#8221; row_type=&#8221;row&#8221; use_row_as_full_screen_section=&#8221;no&#8221; type=&#8221;grid&#8221; angled_section=&#8221;no&#8221; text_align=&#8221;left&#8221; background_image=&#8221;199&#8243; background_image_as_pattern=&#8221;without_pattern&#8221;][vc_column][vc_empty_space height=&#8221;75px&#8221;][vc_row_inner row_type=&#8221;row&#8221; type=&#8221;full_width&#8221; text_align=&#8221;left&#8221; padding_top=&#8221;25&#8243; css_animation=&#8221;&#8221; css=&#8221;.vc_custom_1490978050623{padding-top: 50px !important;padding-right: 25px !important;padding-left: 25px !important;background-color: rgba(32,55,109,0.81) !important;*background-color: rgb(32,55,109) !important;}&#8221;][vc_column_inner][vc_column_text] Psic\u00f2legs Infantils a Barcelona [\/vc_column_text][vc_separator type=&#8221;small&#8221; position=&#8221;center&#8221; up=&#8221;25&#8243; down=&#8221;0&#8243;][\/vc_column_inner][\/vc_row_inner][vc_row_inner row_type=&#8221;row&#8221; type=&#8221;full_width&#8221; text_align=&#8221;left&#8221; background_color=&#8221;rgba(32,55,109,0.81)&#8221; padding_bottom=&#8221;25&#8243; css_animation=&#8221;&#8221; css=&#8221;.vc_custom_1491399460666{padding-top: 25px !important;padding-right: 25px !important;padding-bottom: 25px !important;padding-left: 25px !important;}&#8221;][vc_column_inner width=&#8221;1\/6&#8243;][\/vc_column_inner][vc_column_inner width=&#8221;2\/3&#8243;][vc_column_text] Els psic\u00f2legs infantils del Centre GRAT de Barcelona ajudem als pares i mares que esteu preocupats pels vostres fills perqu\u00e8 penseu que estan tenint alguna dificultat relacionada amb la conducta, les emocions o els estudis, a identificar el problema i realitzar una intervenci\u00f3 adaptada a les vostres necessitats...","og_url":"https:\/\/www.centregrat.com\/ca\/psicolegs-infantils-barcelona\/","og_site_name":"Centre GRAT | Centre de psicologia a Barcelona","article_modified_time":"2026-04-21T10:05:57+00:00","og_image":[{"width":90,"height":90,"url":"https:\/\/www.centregrat.com\/wp-content\/uploads\/2017\/03\/logo-grat-90-psicologia-educacio.png","type":"image\/png"}],"twitter_card":"summary_large_image","twitter_misc":{"Temps estimat de lectura":"8 minuts"},"schema":{"@context":"https:\/\/schema.org","@graph":[{"@type":"WebPage","@id":"https:\/\/www.centregrat.com\/ca\/psicolegs-infantils-barcelona\/","url":"https:\/\/www.centregrat.com\/ca\/psicolegs-infantils-barcelona\/","name":"Infantil - Centre GRAT | Centre de psicologia a Barcelona","isPartOf":{"@id":"https:\/\/www.centregrat.com\/ca\/#website"},"datePublished":"2017-03-27T09:50:58+00:00","dateModified":"2026-04-21T10:05:57+00:00","breadcrumb":{"@id":"https:\/\/www.centregrat.com\/ca\/psicolegs-infantils-barcelona\/#breadcrumb"},"inLanguage":"ca","potentialAction":[{"@type":"ReadAction","target":["https:\/\/www.centregrat.com\/ca\/psicolegs-infantils-barcelona\/"]}]},{"@type":"BreadcrumbList","@id":"https:\/\/www.centregrat.com\/ca\/psicolegs-infantils-barcelona\/#breadcrumb","itemListElement":[{"@type":"ListItem","position":1,"name":"Portada","item":"https:\/\/www.centregrat.com\/ca\/"},{"@type":"ListItem","position":2,"name":"Infantil"}]},{"@type":"WebSite","@id":"https:\/\/www.centregrat.com\/ca\/#website","url":"https:\/\/www.centregrat.com\/ca\/","name":"Centre GRAT | Centre de psicologia a Barcelona","description":"Millora la teva qualitat de vida. Et donem les eines necess\u00e0ries perqu\u00e8 aconsegueixis portar una vida satisfact\u00f2ria. Coneix el nostre centre de psicologia a Barcelona","publisher":{"@id":"https:\/\/www.centregrat.com\/ca\/#organization"},"potentialAction":[{"@type":"SearchAction","target":{"@type":"EntryPoint","urlTemplate":"https:\/\/www.centregrat.com\/ca\/?s={search_term_string}"},"query-input":{"@type":"PropertyValueSpecification","valueRequired":true,"valueName":"search_term_string"}}],"inLanguage":"ca"},{"@type":"Organization","@id":"https:\/\/www.centregrat.com\/ca\/#organization","name":"Centre GRAT","url":"https:\/\/www.centregrat.com\/ca\/","logo":{"@type":"ImageObject","inLanguage":"ca","@id":"https:\/\/www.centregrat.com\/ca\/#\/schema\/logo\/image\/","url":"https:\/\/www.centregrat.com\/wp-content\/uploads\/2017\/03\/logo-grat-90-psicologia-educacio.png","contentUrl":"https:\/\/www.centregrat.com\/wp-content\/uploads\/2017\/03\/logo-grat-90-psicologia-educacio.png","width":90,"height":90,"caption":"Centre GRAT"},"image":{"@id":"https:\/\/www.centregrat.com\/ca\/#\/schema\/logo\/image\/"}}]}},"_links":{"self":[{"href":"https:\/\/www.centregrat.com\/ca\/wp-json\/wp\/v2\/pages\/31","targetHints":{"allow":["GET"]}}],"collection":[{"href":"https:\/\/www.centregrat.com\/ca\/wp-json\/wp\/v2\/pages"}],"about":[{"href":"https:\/\/www.centregrat.com\/ca\/wp-json\/wp\/v2\/types\/page"}],"author":[{"embeddable":true,"href":"https:\/\/www.centregrat.com\/ca\/wp-json\/wp\/v2\/users\/1"}],"replies":[{"embeddable":true,"href":"https:\/\/www.centregrat.com\/ca\/wp-json\/wp\/v2\/comments?post=31"}],"version-history":[{"count":109,"href":"https:\/\/www.centregrat.com\/ca\/wp-json\/wp\/v2\/pages\/31\/revisions"}],"predecessor-version":[{"id":35568,"href":"https:\/\/www.centregrat.com\/ca\/wp-json\/wp\/v2\/pages\/31\/revisions\/35568"}],"wp:attachment":[{"href":"https:\/\/www.centregrat.com\/ca\/wp-json\/wp\/v2\/media?parent=31"}],"curies":[{"name":"wp","href":"https:\/\/api.w.org\/{rel}","templated":true}]}}