{"id":436,"date":"2017-05-16T15:29:49","date_gmt":"2017-05-16T15:29:49","guid":{"rendered":"https:\/\/www.centregrat.com\/?page_id=436"},"modified":"2024-10-23T22:31:45","modified_gmt":"2024-10-23T22:31:45","slug":"com-superar-la-por-a-volar","status":"publish","type":"page","link":"https:\/\/www.centregrat.com\/ca\/com-superar-la-por-a-volar\/","title":{"rendered":"ADULT &#8211; Por a volar"},"content":{"rendered":"<div class=\"wpb-content-wrapper\"><p>[vc_row css_animation=&#8221;&#8221; row_type=&#8221;row&#8221; use_row_as_full_screen_section=&#8221;no&#8221; type=&#8221;grid&#8221; angled_section=&#8221;no&#8221; text_align=&#8221;left&#8221; background_image=&#8221;437&#8243; background_image_as_pattern=&#8221;without_pattern&#8221;][vc_column][vc_empty_space height=&#8221;75px&#8221;][vc_row_inner row_type=&#8221;row&#8221; type=&#8221;full_width&#8221; text_align=&#8221;left&#8221; padding_top=&#8221;25&#8243; css_animation=&#8221;&#8221; css=&#8221;.vc_custom_1490978050623{padding-top: 50px !important;padding-right: 25px !important;padding-left: 25px !important;background-color: rgba(32,55,109,0.81) !important;*background-color: rgb(32,55,109) !important;}&#8221;][vc_column_inner][vc_column_text]<\/p>\n<h1 style=\"text-align: center;\"><span style=\"color: #ffffff;\"><strong>SUPERAR LA POR A VOLAR AMB HIPNOSI A BARCELONA<\/strong><\/span><\/h1>\n<p>[\/vc_column_text][vc_separator type=&#8221;small&#8221; position=&#8221;center&#8221; up=&#8221;25&#8243; down=&#8221;0&#8243;][\/vc_column_inner][\/vc_row_inner][vc_row_inner row_type=&#8221;row&#8221; type=&#8221;full_width&#8221; text_align=&#8221;center&#8221; background_color=&#8221;rgba(32,55,109,0.81)&#8221; padding_bottom=&#8221;25&#8243; css_animation=&#8221;&#8221; css=&#8221;.vc_custom_1492619741712{padding-top: 25px !important;padding-right: 25px !important;padding-bottom: 25px !important;padding-left: 25px !important;}&#8221;][vc_column_inner width=&#8221;1\/6&#8243;][\/vc_column_inner][vc_column_inner width=&#8221;2\/3&#8243;][vc_column_text]<\/p>\n<h3 style=\"text-align: center;\"><span style=\"color: #ffffff;\">Hipnosi per a superar la Por o F\u00f2bia a Volar a Barcelona<\/span><\/h3>\n<p style=\"text-align: center;\"><span style=\"color: #ffffff;\">Sessions Individuals realitzades per un psic\u00f2leg expert en hipnosi<\/span><\/p>\n<p style=\"text-align: center;\"><strong><span style=\"color: #ffffff;\">La hipnosi \u00e9s una t\u00e8cnica 100% natural, sense efectes nocius i r\u00e0pida<\/span><\/strong><\/p>\n<p>[\/vc_column_text][vc_empty_space]<a  itemprop=\"url\" href=\"#contacto\" target=\"_self\" data-hover-background-color=#20376d data-hover-border-color=#20376d  class=\"qbutton  large default\" style=\"border-color: #ffc92d; background-color: #ffc92d;\">Sol\u00b7licita m\u00e9s informaci\u00f3<\/a>[vc_empty_space][\/vc_column_inner][vc_column_inner width=&#8221;1\/6&#8243;][\/vc_column_inner][\/vc_row_inner][vc_empty_space height=&#8221;50px&#8221;][\/vc_column][\/vc_row][vc_row css_animation=&#8221;&#8221; row_type=&#8221;row&#8221; use_row_as_full_screen_section=&#8221;no&#8221; type=&#8221;grid&#8221; angled_section=&#8221;no&#8221; text_align=&#8221;left&#8221; background_image_as_pattern=&#8221;without_pattern&#8221;][vc_column][vc_empty_space height=&#8221;75px&#8221;][vc_column_text]<\/p>\n<h2 style=\"text-align: center;\">Sents alguns d&#8217;aquests s\u00edmptomes quan et puges a un avi\u00f3?<\/h2>\n<p>[\/vc_column_text][vc_separator type=&#8221;small&#8221; position=&#8221;center&#8221; up=&#8221;25&#8243; down=&#8221;25&#8243;][vc_row_inner row_type=&#8221;row&#8221; type=&#8221;full_width&#8221; text_align=&#8221;left&#8221; css_animation=&#8221;&#8221;][vc_column_inner width=&#8221;1\/6&#8243;][\/vc_column_inner][vc_column_inner width=&#8221;1\/3&#8243;]<div class=\"q_icon_list\"><i class=\"qode_icon_font_awesome fa fa-circle-o qode-ili-icon-holder transparent\" style=\"color: #ffc92d;\" ><\/i><p style=\"\">Dificultat per adormir-te els dies previs a viatjar<\/p><\/div><div class=\"q_icon_list\"><i class=\"qode_icon_font_awesome fa fa-circle-o qode-ili-icon-holder transparent\" style=\"color: #ffc92d;\" ><\/i><p style=\"\">Taquic\u00e0rdia<\/p><\/div><div class=\"q_icon_list\"><i class=\"qode_icon_font_awesome fa fa-circle-o qode-ili-icon-holder transparent\" style=\"color: #ffc92d;\" ><\/i><p style=\"\">Sudoraci\u00f3<\/p><\/div><div class=\"q_icon_list\"><i class=\"qode_icon_font_awesome fa fa-circle-o qode-ili-icon-holder transparent\" style=\"color: #ffc92d;\" ><\/i><p style=\"\">Sensaci\u00f3 de falta d\u2019aire<\/p><\/div>[\/vc_column_inner][vc_column_inner width=&#8221;1\/3&#8243;]<div class=\"q_icon_list\"><i class=\"qode_icon_font_awesome fa fa-circle-o qode-ili-icon-holder transparent\" style=\"color: #ffc92d;\" ><\/i><p style=\"\">Problemes digestius<\/p><\/div><div class=\"q_icon_list\"><i class=\"qode_icon_font_awesome fa fa-circle-o qode-ili-icon-holder transparent\" style=\"color: #ffc92d;\" ><\/i><p style=\"\">Por a perdre el control durant el viatge<\/p><\/div><div class=\"q_icon_list\"><i class=\"qode_icon_font_awesome fa fa-circle-o qode-ili-icon-holder transparent\" style=\"color: #ffc92d;\" ><\/i><p style=\"\">Pensaments negatius sobre la seguretat del vol<\/p><\/div><div class=\"q_icon_list\"><i class=\"qode_icon_font_awesome fa fa-circle-o qode-ili-icon-holder transparent\" style=\"color: #ffc92d;\" ><\/i><p style=\"\">Claustrof\u00f2bia<\/p><\/div>[\/vc_column_inner][vc_column_inner width=&#8221;1\/6&#8243;][\/vc_column_inner][\/vc_row_inner][vc_separator type=&#8221;normal&#8221; up=&#8221;50&#8243; down=&#8221;50&#8243;][vc_row_inner row_type=&#8221;row&#8221; type=&#8221;full_width&#8221; text_align=&#8221;left&#8221; css_animation=&#8221;&#8221;][vc_column_inner width=&#8221;1\/3&#8243;][vc_column_text]<\/p>\n<h2 style=\"text-align: left;\">T&#8217;has trobat en alguna d&#8217;aquestes situacions per la por a volar?<\/h2>\n<p>[\/vc_column_text][vc_separator type=&#8221;small&#8221; position=&#8221;left&#8221; up=&#8221;25&#8243; down=&#8221;0&#8243;][\/vc_column_inner][vc_column_inner width=&#8221;1\/3&#8243;]<div class=\"q_icon_list\"><i class=\"qode_icon_font_awesome fa fa-circle-o qode-ili-icon-holder transparent\" style=\"color: #ffc92d;\" ><\/i><p style=\"\">Hi ha destinacions que no tries per anar de vacances per por a volar?<\/p><\/div><div class=\"q_icon_list\"><i class=\"qode_icon_font_awesome fa fa-circle-o qode-ili-icon-holder transparent\" style=\"color: #ffc92d;\" ><\/i><p style=\"\">La teva evoluci\u00f3 professionnal est\u00e0 estancada o en perill per la por a volar?<\/p><\/div><div class=\"q_icon_list\"><i class=\"qode_icon_font_awesome fa fa-circle-o qode-ili-icon-holder transparent\" style=\"color: #ffc92d;\" ><\/i><p style=\"\">La por a volar t'impedeix visitar a familiars?<\/p><\/div>[\/vc_column_inner][vc_column_inner width=&#8221;1\/3&#8243;]<div class=\"q_icon_list\"><i class=\"qode_icon_font_awesome fa fa-circle-o qode-ili-icon-holder transparent\" style=\"color: #ffc92d;\" ><\/i><p style=\"\">Somies amb visitar aquell lloc especial per\u00f2 no pots anar?<\/p><\/div><div class=\"q_icon_list\"><i class=\"qode_icon_font_awesome fa fa-circle-o qode-ili-icon-holder transparent\" style=\"color: #ffc92d;\" ><\/i><p style=\"\">No t'apuntes a plans amb els teus amics si van en avi\u00f3?<\/p><\/div>[\/vc_column_inner][\/vc_row_inner][\/vc_column][\/vc_row][vc_row css_animation=&#8221;&#8221; row_type=&#8221;row&#8221; use_row_as_full_screen_section=&#8221;no&#8221; type=&#8221;full_width&#8221; angled_section=&#8221;no&#8221; text_align=&#8221;left&#8221; background_image_as_pattern=&#8221;without_pattern&#8221;][vc_column][vc_empty_space height=&#8221;75px&#8221;][\/vc_column][\/vc_row][vc_row css_animation=&#8221;&#8221; row_type=&#8221;row&#8221; use_row_as_full_screen_section=&#8221;no&#8221; type=&#8221;grid&#8221; angled_section=&#8221;no&#8221; text_align=&#8221;center&#8221; background_image=&#8221;1854&#8243; background_image_as_pattern=&#8221;without_pattern&#8221; padding_top=&#8221;50&#8243; padding_bottom=&#8221;50&#8243;][vc_column][vc_column_text]<\/p>\n<h2 style=\"text-align: center;\"><span style=\"color: #ffffff;\">No deixis que la por o f\u00f2bia a volar limiti m\u00e9s la teva vida, sigues lliure d&#8217;anar a on vulguis<\/span><\/h2>\n<p>[\/vc_column_text][vc_separator type=&#8221;small&#8221; position=&#8221;center&#8221; up=&#8221;25&#8243; down=&#8221;25&#8243;][vc_column_text]<\/p>\n<p style=\"text-align: center;\"><span style=\"color: #ffffff;\">La hipnosi cl\u00ednica realitzada per un psic\u00f2leg expert en hipnosi \u00e9s una bona opci\u00f3 de tractament per a superar l&#8217;aerof\u00f2bia o por o f\u00f2bia a volar<\/span><\/p>\n<p>[\/vc_column_text][vc_empty_space][vc_column_text]<\/p>\n<h4 style=\"text-align: center;\"><span style=\"color: #ffffff;\">No perdis m\u00e9s temps, sentir-te millor \u00e9s possible. Demana una visita i t\u2019explicarem com t\u2019ajudarem a aconseguir-ho<\/span><\/h4>\n<p>[\/vc_column_text][vc_empty_space]<a  itemprop=\"url\" href=\"#contacto\" target=\"_self\" data-hover-background-color=#20376d data-hover-border-color=#20376d  class=\"qbutton  large default\" style=\"border-color: #ffc92d; background-color: #ffc92d;\">Sol\u00b7licita m\u00e9s informaci\u00f3<\/a>[\/vc_column][\/vc_row][vc_row css_animation=&#8221;&#8221; row_type=&#8221;row&#8221; use_row_as_full_screen_section=&#8221;no&#8221; type=&#8221;full_width&#8221; angled_section=&#8221;no&#8221; text_align=&#8221;left&#8221; background_image_as_pattern=&#8221;without_pattern&#8221; padding_top=&#8221;50&#8243;][vc_column][vc_column_text]<\/p>\n<h2 style=\"text-align: center;\">En qu\u00e8 consisteix la t\u00e8cnica de la hipnosi per superar la por o f\u00f2bia a volar?<\/h2>\n<p>[\/vc_column_text][vc_separator type=&#8221;small&#8221; position=&#8221;center&#8221; up=&#8221;25&#8243; down=&#8221;0&#8243;][\/vc_column][\/vc_row][vc_row css_animation=&#8221;&#8221; row_type=&#8221;row&#8221; use_row_as_full_screen_section=&#8221;no&#8221; type=&#8221;grid&#8221; angled_section=&#8221;no&#8221; text_align=&#8221;left&#8221; background_image_as_pattern=&#8221;without_pattern&#8221; padding_top=&#8221;25&#8243; padding_bottom=&#8221;75&#8243;][vc_column width=&#8221;1\/2&#8243;][vc_column_text]La\u00a0<strong>hipnosis<\/strong>\u00a0cl\u00ednica, en mans d&#8217;un <strong>professional de la salut titulat (psic\u00f2leg o psiquiatra)<\/strong>, pot convertir-se en una eina efica\u00e7 i r\u00e0pida per canviar les pautes del comportament apr\u00e8s, en aquest cas, la\u00a0<strong>por a volar<\/strong>.<\/p>\n<p>Segons les estad\u00edstiques l&#8217;avi\u00f3 resulta ser un dels mitjans de transport m\u00e9s segurs i efica\u00e7os dels quals disposem en l&#8217;actualitat. Malgrat aix\u00f2,\u00a0<strong>la por a volar resulta ser un de les pors m\u00e9s esteses en termes de mitjans de transport.<\/strong><\/p>\n<p>Sense dubte estareu d&#8217;acord en qu\u00e8 la l\u00f2gica no s&#8217;aplica en aquest cas.\u00a0<strong>Quan la l\u00f2gica i la imaginaci\u00f3 entren en conflicte, sol guanyar aquesta \u00faltima.\u00a0<\/strong>Els pensaments catastr\u00f2fics s&#8217;engeguen produ\u00efnt les sensacions corporals pr\u00f2pies de\u00a0<strong>la por<\/strong>. El cervell comen\u00e7a a retroalimentar-se i els pensaments reforcen cada vegada m\u00e9s les reaccions psicol\u00f2giques adverses.[\/vc_column_text][\/vc_column][vc_column width=&#8221;1\/2&#8243;][vc_column_text]\u00c9s aqu\u00ed on entra en joc la hipnosis cl\u00ednica, una forma aparentment no l\u00f2gica, en el qual el poder\u00a0<strong>de la imaginaci\u00f3 de la persona es posa a treballar al seu favor per canviar l&#8217;escenari, sensacions i percepcions que tenen les persones en afrontar la situaci\u00f3 temuda.\u00a0<\/strong>D&#8217;aquesta manera la persona pot adoptar un nou punt de vista sobre volar amb avi\u00f3, aprendre exercicis de autohipnosis per modificar les sensacions corporals desagradables, substituint-les aix\u00ed per una relaxaci\u00f3 profunda que permet recuperar el control i afrontar l&#8217;ansietat amb reaccions fisiol\u00f2giques totalment oposades a aquesta.<\/p>\n<p>D&#8217;aquesta forma la persona apr\u00e8n una\u00a0<strong>t\u00e8cnica 100% natural, sense efectes secundaris nocius i m\u00e9s r\u00e0pida que la majoria d&#8217;intervencions dirigides a aquest camp\u00a0<\/strong>ja que es pot<strong>\u00a0superar la por a volar en 5 sessions aproximadament.<\/strong><\/p>\n<p>Per a m\u00e9s informaci\u00f3 sobre en qu\u00e8 consisteix la hipnosi, en<a href=\"https:\/\/www.centregrat.com\/blog\/qu%C3%A8-%C3%A9s-realment-la-hipnosi\"> aquest article<\/a> ho expliquem.[\/vc_column_text][\/vc_column][\/vc_row][vc_row css_animation=&#8221;&#8221; row_type=&#8221;row&#8221; use_row_as_full_screen_section=&#8221;no&#8221; type=&#8221;grid&#8221; angled_section=&#8221;no&#8221; text_align=&#8221;center&#8221; background_image=&#8221;444&#8243; background_image_as_pattern=&#8221;without_pattern&#8221; padding_top=&#8221;50&#8243; padding_bottom=&#8221;50&#8243;][vc_column][vc_column_text]<\/p>\n<h2 style=\"text-align: center;\"><span style=\"color: #ffffff;\">La hipnosi per a superar la por o f\u00f2bia a volar \u00e9s una t\u00e8cnica:<\/span><\/h2>\n<p>[\/vc_column_text][vc_separator type=&#8221;small&#8221; position=&#8221;center&#8221; up=&#8221;25&#8243; down=&#8221;25&#8243;][vc_empty_space][vc_row_inner row_type=&#8221;row&#8221; type=&#8221;full_width&#8221; text_align=&#8221;left&#8221; css_animation=&#8221;&#8221;][vc_column_inner width=&#8221;1\/3&#8243;]<div class='q_icon_with_title tiny normal_icon center'><div class=\"icon_holder \" style=\" \"><span data-icon-type=\"normal\"   style=\"\" class=\"qode_iwt_icon_holder q_font_awsome_icon fa-lg \"><i class=\"qode_icon_font_awesome fa fa-calendar qode_iwt_icon_element\" style=\"color: #ffc92d;\" ><\/i><\/span><\/div><div class=\"icon_text_holder\" style=\"\"><div class=\"icon_text_inner\" style=\"\"><h5 class=\"icon_title\" style=\"color: #ffc92d;\">Breu<\/h5><p style='color: #ffffff'>Resultats en 5 sessions aproximadament<\/p><\/div><\/div><\/div>[\/vc_column_inner][vc_column_inner width=&#8221;1\/3&#8243;]<div class='q_icon_with_title tiny normal_icon center'><div class=\"icon_holder \" style=\" \"><span data-icon-type=\"normal\"   style=\"\" class=\"qode_iwt_icon_holder q_font_awsome_icon fa-lg \"><i class=\"qode_icon_font_awesome fa fa-cog qode_iwt_icon_element\" style=\"color: #ffc92d;\" ><\/i><\/span><\/div><div class=\"icon_text_holder\" style=\"\"><div class=\"icon_text_inner\" style=\"\"><h5 class=\"icon_title\" style=\"color: #ffc92d;\">Segura<\/h5><p style='color: #ffffff'>El control de la situaci\u00f3 sempre el tindr\u00e0s tu No t\u00e9 efectes secundaris<\/p><\/div><\/div><\/div>[\/vc_column_inner][vc_column_inner width=&#8221;1\/3&#8243;]<div class='q_icon_with_title tiny normal_icon center'><div class=\"icon_holder \" style=\" \"><span data-icon-type=\"normal\"   style=\"\" class=\"qode_iwt_icon_holder q_font_awsome_icon fa-lg \"><i class=\"qode_icon_font_awesome fa fa-star qode_iwt_icon_element\" style=\"color: #ffc92d;\" ><\/i><\/span><\/div><div class=\"icon_text_holder\" style=\"\"><div class=\"icon_text_inner\" style=\"\"><h5 class=\"icon_title\" style=\"color: #ffc92d;\">Efica\u00e7<\/h5><p style='color: #ffffff'>La hipnosi cl\u00ednica \u00e9s una t\u00e8cnica amb efic\u00e0cia comprovada cient\u00edficament. A m\u00e9s, els nostres casos d'\u00e8xit ens avalen<\/p><\/div><\/div><\/div>[\/vc_column_inner][\/vc_row_inner][vc_empty_space][vc_row_inner row_type=&#8221;row&#8221; type=&#8221;full_width&#8221; text_align=&#8221;left&#8221; css_animation=&#8221;&#8221;][vc_column_inner width=&#8221;1\/2&#8243;]<div class='q_icon_with_title tiny normal_icon center'><div class=\"icon_holder \" style=\" \"><span data-icon-type=\"normal\"   style=\"\" class=\"qode_iwt_icon_holder q_font_awsome_icon fa-lg \"><i class=\"qode_icon_font_awesome fa fa-check qode_iwt_icon_element\" style=\"color: #ffc92d;\" ><\/i><\/span><\/div><div class=\"icon_text_holder\" style=\"\"><div class=\"icon_text_inner\" style=\"\"><h5 class=\"icon_title\" style=\"color: #ffc92d;\">Fiable<\/h5><p style='color: #ffffff'>Les sessiones d'hipnosis para superar el miedo a volar al Centre GRAT estan dirigides per un psic\u00f2leg expert en hipnosi i acreditat, a difer\u00e8ncia d'altres centres on qui fa la hipnosi no t\u00e9 cap formaci\u00f3 dintre de l'\u00e0mbit de la salut, posant en risc a la persona<\/p><\/div><\/div><\/div>[\/vc_column_inner][vc_column_inner width=&#8221;1\/2&#8243;]<div class='q_icon_with_title tiny normal_icon center'><div class=\"icon_holder \" style=\" \"><span data-icon-type=\"normal\"   style=\"\" class=\"qode_iwt_icon_holder q_font_awsome_icon fa-lg \"><i class=\"qode_icon_font_awesome fa fa-user qode_iwt_icon_element\" style=\"color: #ffc92d;\" ><\/i><\/span><\/div><div class=\"icon_text_holder\" style=\"\"><div class=\"icon_text_inner\" style=\"\"><h5 class=\"icon_title\" style=\"color: #ffc92d;\">Personalitzada<\/h5><p style='color: #ffffff'>La por a volar de cada persona pot estar formada per components diferents d'una persona a una altra, a m\u00e9s de tenir caracter\u00edstiques diferents de personalitat i funcionament. \u00c9s per aix\u00f2 que en el Centre GRAT no realitzem sessions d'hipnosi per a superar la por o f\u00f2bia a volar en grups a difer\u00e8ncia d'altres centres, realitzem una intervenci\u00f3 individual i personalitzada, disenyada a mida per a cada persona tenint en compte les seves particularits.<\/p><\/div><\/div><\/div>[\/vc_column_inner][\/vc_row_inner][vc_empty_space]<a  itemprop=\"url\" href=\"#contacto\" target=\"_self\" data-hover-background-color=#20376d data-hover-border-color=#20376d  class=\"qbutton  large default\" style=\"border-color: #ffc92d; background-color: #ffc92d;\">Sol\u00b7licita m\u00e9s informaci\u00f3<\/a>[\/vc_column][\/vc_row][vc_row css_animation=&#8221;&#8221; row_type=&#8221;row&#8221; use_row_as_full_screen_section=&#8221;no&#8221; type=&#8221;grid&#8221; angled_section=&#8221;no&#8221; text_align=&#8221;left&#8221; background_image_as_pattern=&#8221;without_pattern&#8221; padding_top=&#8221;75&#8243;][vc_column][vc_column_text]<\/p>\n<h2 style=\"text-align: center;\">Testimonis de persones que van confiar en nosaltres<br \/>\ni ja han superat la por o f\u00f2bia a volar:<\/h2>\n<p>[\/vc_column_text][vc_separator type=&#8221;small&#8221; position=&#8221;center&#8221; up=&#8221;25&#8243; down=&#8221;25&#8243;][vc_column_text]<\/p>\n<p style=\"text-align: center;\">Citem algunes opinions de persones que han realitzat les sessions de&#8217;hipnosi pe a superar la por o f\u00f2bia a volar, que ens han escrit en diversos mitjans d&#8217;Internet:<\/p>\n<p>[\/vc_column_text][vc_empty_space][vc_row_inner row_type=&#8221;row&#8221; type=&#8221;full_width&#8221; text_align=&#8221;left&#8221; css_animation=&#8221;&#8221;][vc_column_inner width=&#8221;1\/2&#8243;][vc_column_text]<\/p>\n<p style=\"text-align: left;\"><em>&#8220;Ha sido la mejor elecci\u00f3n que pod\u00eda hacer. Ten\u00eda P\u00c1NICO a volar, y ha conseguido que vuele, sin ATAQUES DE ANSIEDAD, SIN FRIO, SIN DORMIRSE MI CUERPO, RESPIRANDO NORMAL. La semana anterior al vuelo, durmiendo como un \u00e1ngel, sin mis ataques de ansiedad previos. A QUIEN LE OCURRA LO MISMO&#8230;NO DUDEIS. He pasado un final de semana en Menorca, maravilloso, sin pensar que luego ten\u00eda que volver.&#8221;<\/em><strong><br \/>\n<\/strong><\/p>\n<p style=\"text-align: right;\"><strong>I.M.<\/strong><\/p>\n<p>[\/vc_column_text][\/vc_column_inner][vc_column_inner width=&#8221;1\/2&#8243;][vc_column_text]<em>&#8220;[&#8230;] As\u00ed que conoc\u00ed a Albert Roig, mi psic\u00f3logo, qui\u00e9n ha conseguido ordenar mis pensamientos negativos y reducir much\u00edsimo mi miedo a volar. Para ello, me realiz\u00f3 sesiones de hipnosis, (s\u00ed, \u00a1HIPNOSIS!) que aunque he de reconocer que al principio este t\u00e9rmino me daba mucho respeto, me ha funcionado muy muy bien. [&#8230;] La verdad es que me fue muy bien, lo recomiendo 100%.&#8221;<\/em><\/p>\n<p style=\"text-align: right;\"><strong>M.C<\/strong><\/p>\n<p>[\/vc_column_text][\/vc_column_inner][\/vc_row_inner][vc_separator type=&#8221;normal&#8221; up=&#8221;50&#8243; down=&#8221;50&#8243;][vc_column_text]<\/p>\n<h2 style=\"text-align: center;\">Posa&#8217;t en mans d&#8217;un professional<\/h2>\n<p>[\/vc_column_text][vc_separator type=&#8221;small&#8221; position=&#8221;center&#8221; up=&#8221;25&#8243; down=&#8221;25&#8243;][\/vc_column][\/vc_row][vc_row css_animation=&#8221;&#8221; row_type=&#8221;row&#8221; use_row_as_full_screen_section=&#8221;no&#8221; type=&#8221;grid&#8221; angled_section=&#8221;no&#8221; text_align=&#8221;left&#8221; background_image_as_pattern=&#8221;without_pattern&#8221; padding_bottom=&#8221;75&#8243;][vc_column width=&#8221;1\/4&#8243;][vc_single_image image=&#8221;186&#8243; img_size=&#8221;full&#8221; alignment=&#8221;center&#8221; qode_css_animation=&#8221;&#8221;][\/vc_column][vc_column width=&#8221;3\/4&#8243;][vc_column_text]<\/p>\n<h3><span style=\"color: #20376d;\">Albert Roig Tor<\/span><\/h3>\n<p>[\/vc_column_text][vc_column_text]Col\u00b7legiat n\u00ba17308<\/p>\n<p><strong>Psic\u00f2leg General Sanitari especialitzat en psicoter\u00e0pia i hipnosi.<\/strong><\/p>\n<p>Actualment \u00e9s psic\u00f2leg expert en hipnosi cl\u00ednica en la Cl\u00ednica Creu Blanca, investigador en projectes cient\u00edfics sobre l\u2019efic\u00e0cia de la hipnosi cl\u00ednica en trastorns conversius, col\u00b7labora impartint seminaris sobre hipnosi cl\u00ednica en el marc del Postgrau en Hipnosi Cl\u00ednica de la Universitat de Barcelona i \u00e9s docent de cursos sobre t\u00e8cniques hipn\u00f2tiques aplicades a la psicoter\u00e0pia en el Centre GRAT. Ha treballat com a psic\u00f2leg expert en hipnosi cl\u00ednica en la Unitat de Parkinson i Trastorns del Moviment adscrita al Centre M\u00e8dic Teknon i a l&#8217;Hospital Sant Pau.[\/vc_column_text][vc_empty_space][vc_accordion active_tab=&#8221;false&#8221; collapsible=&#8221;yes&#8221; style=&#8221;accordion&#8221; title=&#8221;CON\u00c8IXER M\u00c9S&#8221;][vc_accordion_tab title=&#8221;CON\u00c8IXER M\u00c9S&#8221; title_color=&#8221;#ffffff&#8221; background_color=&#8221;#20376d&#8221; title_tag=&#8221;h5&#8243;][vc_column_text]<\/p>\n<ul>\n<li style=\"text-align: left;\">Psic\u00f2leg General Sanitari<\/li>\n<li style=\"text-align: left;\">Consultor extern de l\u2019Equip Psiqui\u00e0tric de l\u2019Hospital de Barcelona<\/li>\n<li style=\"text-align: left;\">Psic\u00f2leg expert en hipnosi cl\u00ednica a la Unitat de Parkinson i Trastorns del Moviment adscrita al Centre M\u00e8dic Teknon<\/li>\n<li style=\"text-align: left;\">Investigador en projectes d&#8217;investigaci\u00f3 cient\u00edfica sobre l\u2019efic\u00e0cia de la hipnosi en trastorns conversius<\/li>\n<li style=\"text-align: left;\">Docent de seminaris sobre Hipnosi dintre del Postgrau en Hipnosi Cl\u00ednica la Universitat de Barcelona<\/li>\n<li>Docent de cursos sobre hipnosi cl\u00ednica per a professionals sanitaris al Centre GRAT.<\/li>\n<li style=\"text-align: left;\">Psicoter\u00e0pia adults, joves i adolescents<\/li>\n<li style=\"text-align: left;\">Psicoterapeuta adults, joves i adolescents<\/li>\n<li style=\"text-align: left;\">Especialista en ter\u00e0pia individual, familiar i de parella<\/li>\n<li style=\"text-align: left;\">Especialista hipnosi cl\u00ednica<\/li>\n<li style=\"text-align: left;\">Especialista en tabaquisme<\/li>\n<li style=\"text-align: left;\">Especialista en f\u00f2bies: por a volar, a conduir, a animals i altres pors irracionals<\/li>\n<li style=\"text-align: left;\">Especialista en trastorns de l&#8217;estat de l&#8217;\u00e0nim, trastorns d&#8217;ansietat, trastorns de somatitzaci\u00f3<\/li>\n<li style=\"text-align: left;\">Especialista en estrat\u00e8gies en comunicaci\u00f3 i habilitats socials<\/li>\n<li style=\"text-align: left;\">Especialista en trastorns conversius i somatomorfs<\/li>\n<li style=\"text-align: left;\">Llicenciat en Psicologia. Universitat de Barcelona.<\/li>\n<li style=\"text-align: left;\">M\u00e0ster en Ter\u00e0pia Cognitiu Social. Ter\u00e0pia individual, familiar i de parella. Universitat de Barcelona<\/li>\n<li style=\"text-align: left;\">Postgrau en Hipnosi Cl\u00ednica. Universitat de Barcelona, Facultat de Psicologia.<\/li>\n<\/ul>\n<h5 style=\"text-align: left;\">Publicacions:<\/h5>\n<ul>\n<li style=\"text-align: left;\">L\u2019avaluaci\u00f3 de l\u2019estr\u00e8s i del trauma: Presentaci\u00f3 de la versi\u00f3 espanyola de l\u2019escala de trauma acumulatiu (CTS). P\u00e0gs. 89 \u2013 104 de la Revista de Psicoter\u00e0pia \/ Vol. XX \u2013 N\u00ba 80.<\/li>\n<li style=\"text-align: left;\">La Hist\u00e8ria a la medicina del S. XXI. Quaderns de Psicosom\u00e0tica i Psiquiatria d\u2019Enlla\u00e7 N\u00ba40 Mes: Abril\/Maig\/Juny 2013.<\/li>\n<\/ul>\n<p>[\/vc_column_text][\/vc_accordion_tab][\/vc_accordion][\/vc_column][\/vc_row][vc_row css_animation=&#8221;&#8221; row_type=&#8221;row&#8221; use_row_as_full_screen_section=&#8221;no&#8221; type=&#8221;grid&#8221; anchor=&#8221;contacto&#8221; angled_section=&#8221;no&#8221; text_align=&#8221;center&#8221; background_image=&#8221;446&#8243; background_image_as_pattern=&#8221;without_pattern&#8221; padding_top=&#8221;50&#8243; padding_bottom=&#8221;50&#8243;][vc_column][vc_column_text]<\/p>\n<h2 style=\"text-align: center;\"><span style=\"color: #ffffff;\">Sol\u00b7licita una visita o m\u00e9s informaci\u00f3:<\/span><\/h2>\n<p>[\/vc_column_text][vc_separator type=&#8221;small&#8221; position=&#8221;center&#8221; up=&#8221;25&#8243; down=&#8221;25&#8243;][vc_column_text]<\/p>\n<p style=\"text-align: center;\"><span style=\"color: #ffffff;\">Per concertar una visita, necessitem la seg\u00fcent informaci\u00f3:<\/span><\/p>\n<p>[\/vc_column_text][vc_empty_space]\n<div class=\"wpcf7 no-js\" id=\"wpcf7-f457-o1\" lang=\"en-US\" dir=\"ltr\" data-wpcf7-id=\"457\">\n<div class=\"screen-reader-response\"><p role=\"status\" aria-live=\"polite\" aria-atomic=\"true\"><\/p> <ul><\/ul><\/div>\n<form action=\"\/ca\/wp-json\/wp\/v2\/pages\/436#wpcf7-f457-o1\" method=\"post\" class=\"wpcf7-form init default 7fb081fd7beb cmatic-conn cmatic-aud-28 cmatic-mapd0-0 cmatic-v097802 cmatic-sent-0 cmatic-total-7551\" aria-label=\"Contact form\" novalidate=\"novalidate\" data-status=\"init\">\n<fieldset class=\"hidden-fields-container\"><input type=\"hidden\" name=\"_wpcf7\" value=\"457\" \/><input type=\"hidden\" name=\"_wpcf7_version\" value=\"6.1.5\" \/><input type=\"hidden\" name=\"_wpcf7_locale\" value=\"en_US\" \/><input type=\"hidden\" name=\"_wpcf7_unit_tag\" value=\"wpcf7-f457-o1\" \/><input type=\"hidden\" name=\"_wpcf7_container_post\" value=\"0\" \/><input type=\"hidden\" name=\"_wpcf7_posted_data_hash\" value=\"\" \/><input type=\"hidden\" name=\"redirect_nonce\" value=\"acd5fbf210\" \/><input type=\"hidden\" name=\"wpcf7cfpdf_hidden_name\" value=\"document-pdf\" \/><input type=\"hidden\" name=\"wpcf7cfpdf_hidden_reference\" value=\"274253aa\" \/><input type=\"hidden\" name=\"wpcf7cfpdf_hidden_date\" value=\"May1,2026\" \/>\n<\/fieldset>\n<p><label> <span class=\"wpcf7-form-control-wrap\" data-name=\"your-name\"><input size=\"40\" maxlength=\"400\" class=\"wpcf7-form-control wpcf7-text wpcf7-validates-as-required\" aria-required=\"true\" aria-invalid=\"false\" placeholder=\"Nom i cognoms\" value=\"\" type=\"text\" name=\"your-name\" \/><\/span> <\/label>\n<\/p>\n<p><label> <span class=\"wpcf7-form-control-wrap\" data-name=\"your-email\"><input size=\"40\" maxlength=\"400\" class=\"wpcf7-form-control wpcf7-email wpcf7-validates-as-required wpcf7-text wpcf7-validates-as-email\" aria-required=\"true\" aria-invalid=\"false\" placeholder=\"Email\" value=\"\" type=\"email\" name=\"your-email\" \/><\/span> <\/label>\n<\/p>\n<p><label> <span class=\"wpcf7-form-control-wrap\" data-name=\"telefono\"><input size=\"40\" maxlength=\"400\" class=\"wpcf7-form-control wpcf7-text wpcf7-validates-as-required\" aria-required=\"true\" aria-invalid=\"false\" placeholder=\"Tel\u00e8fon\" value=\"\" type=\"text\" name=\"telefono\" \/><\/span> <\/label>\n<\/p>\n<p><Small style = \"font-size: 0.6rem; line-height: .8rem\"> \u201cDe conformidad con lo establecido en la normativa vigente en Protecci\u00f3n de Datos de Car\u00e1cter Personal, te informamos que tus datos ser\u00e1n incorporados al sistema de tratamiento titularidad de CENTRE GRAT PSICOLOGIA S.L.U, con CIF B55425300 y domicilio social sito en (08007) Barcelona, calle Gran V\u00eda de les Corts Catalanes, n\u00ba 646, entresuelo 1\u00ba, con la finalidad de atender la comunicaci\u00f3n necesaria para la prestaci\u00f3n de los servicios contratados, siendo cedidos exclusivamente por imperativo legal, conforme a la legislaci\u00f3n tributaria vigente. En cumplimiento con la normativa vigente, CENTRE GRAT PSICOLOGIA S.L.U informa que los datos ser\u00e1n conservados durante el plazo estrictamente necesario para cumplir con los preceptos mencionados con anterioridad. De acuerdo con los derechos que te confiere la normativa vigente en protecci\u00f3n de datos podr\u00e1\u0301 ejercer los derechos de acceso, rectificaci\u00f3n, limitaci\u00f3n de tratamiento, supresi\u00f3n, portabilidad y oposici\u00f3n al tratamiento de sus datos de car\u00e1cter personal, as\u00ed como del consentimiento prestado para el tratamiento de los mismos, dirigiendo su petici\u00f3n a la direcci\u00f3n postal indicada m\u00e1s arriba o al correo electr\u00f3nico: info@centregrat.com. Podr\u00e1s dirigirte a la Autoridad de Control competente para presentar la reclamaci\u00f3n que consideres oportuna. El env\u00edo de estos datos implica la aceptaci\u00f3n de esta cl\u00e1usula\u201d  <\/small>\n<\/p>\n<p><span class=\"wpcf7-form-control-wrap\" data-name=\"acceptance-481\"><span class=\"wpcf7-form-control wpcf7-acceptance\"><span class=\"wpcf7-list-item\"><input type=\"checkbox\" name=\"acceptance-481\" value=\"1\" aria-invalid=\"false\" \/><\/span><\/span><\/span> Confirmo que he llegit i ACCEPTO tots els termes i condicions de tractament de dades exposades aqu\u00ed i a la <a style=\"line-height: 2rem;\" href='\/politica-de-privacidad\/'> Pol\u00edtica de Privacitat <\/a>\n<\/p>\n<p><input class=\"wpcf7-form-control wpcf7-submit has-spinner\" type=\"submit\" value=\"ENVIAR\" \/>\n<\/p><p style=\"display: none !important;\" class=\"akismet-fields-container\" data-prefix=\"_wpcf7_ak_\"><label>&#916;<textarea name=\"_wpcf7_ak_hp_textarea\" cols=\"45\" rows=\"8\" maxlength=\"100\"><\/textarea><\/label><input type=\"hidden\" id=\"ak_js_1\" name=\"_wpcf7_ak_js\" value=\"67\"\/><script>document.getElementById( \"ak_js_1\" ).setAttribute( \"value\", ( new Date() ).getTime() );<\/script><\/p><div class=\"wpcf7-response-output\" aria-hidden=\"true\"><\/div>\n<\/form>\n<\/div>\n[\/vc_column][\/vc_row]<\/p>\n<\/div>","protected":false},"excerpt":{"rendered":"<p>[vc_row css_animation=&#8221;&#8221; row_type=&#8221;row&#8221; use_row_as_full_screen_section=&#8221;no&#8221; type=&#8221;grid&#8221; angled_section=&#8221;no&#8221; text_align=&#8221;left&#8221; background_image=&#8221;437&#8243; background_image_as_pattern=&#8221;without_pattern&#8221;][vc_column][vc_empty_space height=&#8221;75px&#8221;][vc_row_inner row_type=&#8221;row&#8221; type=&#8221;full_width&#8221; text_align=&#8221;left&#8221; padding_top=&#8221;25&#8243; css_animation=&#8221;&#8221; css=&#8221;.vc_custom_1490978050623{padding-top: 50px !important;padding-right: 25px !important;padding-left: 25px !important;background-color: rgba(32,55,109,0.81) !important;*background-color: rgb(32,55,109) !important;}&#8221;][vc_column_inner][vc_column_text] SUPERAR LA POR A VOLAR AMB HIPNOSI A BARCELONA [\/vc_column_text][vc_separator type=&#8221;small&#8221; position=&#8221;center&#8221; up=&#8221;25&#8243; down=&#8221;0&#8243;][\/vc_column_inner][\/vc_row_inner][vc_row_inner row_type=&#8221;row&#8221; type=&#8221;full_width&#8221; text_align=&#8221;center&#8221; background_color=&#8221;rgba(32,55,109,0.81)&#8221; padding_bottom=&#8221;25&#8243; css_animation=&#8221;&#8221; css=&#8221;.vc_custom_1492619741712{padding-top: 25px !important;padding-right: 25px !important;padding-bottom: 25px !important;padding-left: 25px !important;}&#8221;][vc_column_inner width=&#8221;1\/6&#8243;][\/vc_column_inner][vc_column_inner width=&#8221;2\/3&#8243;][vc_column_text] Hipnosi per a superar la Por o F\u00f2bia a Volar a Barcelona Sessions Individuals realitzades per un psic\u00f2leg expert en hipnosi La hipnosi \u00e9s una t\u00e8cnica 100% natural, sense efectes nocius i r\u00e0pida [\/vc_column_text][vc_empty_space][vc_empty_space][\/vc_column_inner][vc_column_inner width=&#8221;1\/6&#8243;][\/vc_column_inner][\/vc_row_inner][vc_empty_space height=&#8221;50px&#8221;][\/vc_column][\/vc_row][vc_row css_animation=&#8221;&#8221; row_type=&#8221;row&#8221; use_row_as_full_screen_section=&#8221;no&#8221; type=&#8221;grid&#8221; angled_section=&#8221;no&#8221; text_align=&#8221;left&#8221; background_image_as_pattern=&#8221;without_pattern&#8221;][vc_column][vc_empty_space&#8230;<\/p>\n","protected":false},"author":1,"featured_media":0,"parent":0,"menu_order":0,"comment_status":"closed","ping_status":"closed","template":"full_width.php","meta":{"_acf_changed":false,"_exactmetrics_skip_tracking":false,"_exactmetrics_sitenote_active":false,"_exactmetrics_sitenote_note":"","_exactmetrics_sitenote_category":0,"footnotes":""},"class_list":["post-436","page","type-page","status-publish","hentry"],"acf":[],"yoast_head":"<!-- This site is optimized with the Yoast SEO plugin v27.4 - https:\/\/yoast.com\/product\/yoast-seo-wordpress\/ -->\n<title>ADULT - Por a volar - Centre GRAT | Centre de psicologia a Barcelona<\/title>\n<meta name=\"robots\" content=\"index, follow, max-snippet:-1, max-image-preview:large, max-video-preview:-1\" \/>\n<link rel=\"canonical\" href=\"https:\/\/www.centregrat.com\/ca\/com-superar-la-por-a-volar\/\" \/>\n<meta property=\"og:locale\" content=\"ca_ES\" \/>\n<meta property=\"og:type\" content=\"article\" \/>\n<meta property=\"og:title\" content=\"ADULT - Por a volar - Centre GRAT | Centre de psicologia a Barcelona\" \/>\n<meta property=\"og:description\" content=\"[vc_row css_animation=&#8221;&#8221; row_type=&#8221;row&#8221; use_row_as_full_screen_section=&#8221;no&#8221; type=&#8221;grid&#8221; angled_section=&#8221;no&#8221; text_align=&#8221;left&#8221; background_image=&#8221;437&#8243; background_image_as_pattern=&#8221;without_pattern&#8221;][vc_column][vc_empty_space height=&#8221;75px&#8221;][vc_row_inner row_type=&#8221;row&#8221; type=&#8221;full_width&#8221; text_align=&#8221;left&#8221; padding_top=&#8221;25&#8243; css_animation=&#8221;&#8221; css=&#8221;.vc_custom_1490978050623{padding-top: 50px !important;padding-right: 25px !important;padding-left: 25px !important;background-color: rgba(32,55,109,0.81) !important;*background-color: rgb(32,55,109) !important;}&#8221;][vc_column_inner][vc_column_text] SUPERAR LA POR A VOLAR AMB HIPNOSI A BARCELONA [\/vc_column_text][vc_separator type=&#8221;small&#8221; position=&#8221;center&#8221; up=&#8221;25&#8243; down=&#8221;0&#8243;][\/vc_column_inner][\/vc_row_inner][vc_row_inner row_type=&#8221;row&#8221; type=&#8221;full_width&#8221; text_align=&#8221;center&#8221; background_color=&#8221;rgba(32,55,109,0.81)&#8221; padding_bottom=&#8221;25&#8243; css_animation=&#8221;&#8221; css=&#8221;.vc_custom_1492619741712{padding-top: 25px !important;padding-right: 25px !important;padding-bottom: 25px !important;padding-left: 25px !important;}&#8221;][vc_column_inner width=&#8221;1\/6&#8243;][\/vc_column_inner][vc_column_inner width=&#8221;2\/3&#8243;][vc_column_text] Hipnosi per a superar la Por o F\u00f2bia a Volar a Barcelona Sessions Individuals realitzades per un psic\u00f2leg expert en hipnosi La hipnosi \u00e9s una t\u00e8cnica 100% natural, sense efectes nocius i r\u00e0pida [\/vc_column_text][vc_empty_space][vc_empty_space][\/vc_column_inner][vc_column_inner width=&#8221;1\/6&#8243;][\/vc_column_inner][\/vc_row_inner][vc_empty_space height=&#8221;50px&#8221;][\/vc_column][\/vc_row][vc_row css_animation=&#8221;&#8221; row_type=&#8221;row&#8221; use_row_as_full_screen_section=&#8221;no&#8221; type=&#8221;grid&#8221; angled_section=&#8221;no&#8221; text_align=&#8221;left&#8221; background_image_as_pattern=&#8221;without_pattern&#8221;][vc_column][vc_empty_space...\" \/>\n<meta property=\"og:url\" content=\"https:\/\/www.centregrat.com\/ca\/com-superar-la-por-a-volar\/\" \/>\n<meta property=\"og:site_name\" content=\"Centre GRAT | Centre de psicologia a Barcelona\" \/>\n<meta property=\"article:modified_time\" content=\"2024-10-23T22:31:45+00:00\" \/>\n<meta property=\"og:image\" content=\"https:\/\/www.centregrat.com\/wp-content\/uploads\/2017\/03\/logo-grat-90-psicologia-educacio.png\" \/>\n\t<meta property=\"og:image:width\" content=\"90\" \/>\n\t<meta property=\"og:image:height\" content=\"90\" \/>\n\t<meta property=\"og:image:type\" content=\"image\/png\" \/>\n<meta name=\"twitter:card\" content=\"summary_large_image\" \/>\n<meta name=\"twitter:label1\" content=\"Temps estimat de lectura\" \/>\n\t<meta name=\"twitter:data1\" content=\"9 minuts\" \/>\n<script type=\"application\/ld+json\" class=\"yoast-schema-graph\">{\"@context\":\"https:\\\/\\\/schema.org\",\"@graph\":[{\"@type\":\"WebPage\",\"@id\":\"https:\\\/\\\/www.centregrat.com\\\/ca\\\/com-superar-la-por-a-volar\\\/\",\"url\":\"https:\\\/\\\/www.centregrat.com\\\/ca\\\/com-superar-la-por-a-volar\\\/\",\"name\":\"ADULT - Por a volar - Centre GRAT | Centre de psicologia a Barcelona\",\"isPartOf\":{\"@id\":\"https:\\\/\\\/www.centregrat.com\\\/ca\\\/#website\"},\"datePublished\":\"2017-05-16T15:29:49+00:00\",\"dateModified\":\"2024-10-23T22:31:45+00:00\",\"breadcrumb\":{\"@id\":\"https:\\\/\\\/www.centregrat.com\\\/ca\\\/com-superar-la-por-a-volar\\\/#breadcrumb\"},\"inLanguage\":\"ca\",\"potentialAction\":[{\"@type\":\"ReadAction\",\"target\":[\"https:\\\/\\\/www.centregrat.com\\\/ca\\\/com-superar-la-por-a-volar\\\/\"]}]},{\"@type\":\"BreadcrumbList\",\"@id\":\"https:\\\/\\\/www.centregrat.com\\\/ca\\\/com-superar-la-por-a-volar\\\/#breadcrumb\",\"itemListElement\":[{\"@type\":\"ListItem\",\"position\":1,\"name\":\"Portada\",\"item\":\"https:\\\/\\\/www.centregrat.com\\\/ca\\\/\"},{\"@type\":\"ListItem\",\"position\":2,\"name\":\"ADULT &#8211; Por a volar\"}]},{\"@type\":\"WebSite\",\"@id\":\"https:\\\/\\\/www.centregrat.com\\\/ca\\\/#website\",\"url\":\"https:\\\/\\\/www.centregrat.com\\\/ca\\\/\",\"name\":\"Centre GRAT | Centre de psicologia a Barcelona\",\"description\":\"Millora la teva qualitat de vida. Et donem les eines necess\u00e0ries perqu\u00e8 aconsegueixis portar una vida satisfact\u00f2ria. Coneix el nostre centre de psicologia a Barcelona\",\"publisher\":{\"@id\":\"https:\\\/\\\/www.centregrat.com\\\/ca\\\/#organization\"},\"potentialAction\":[{\"@type\":\"SearchAction\",\"target\":{\"@type\":\"EntryPoint\",\"urlTemplate\":\"https:\\\/\\\/www.centregrat.com\\\/ca\\\/?s={search_term_string}\"},\"query-input\":{\"@type\":\"PropertyValueSpecification\",\"valueRequired\":true,\"valueName\":\"search_term_string\"}}],\"inLanguage\":\"ca\"},{\"@type\":\"Organization\",\"@id\":\"https:\\\/\\\/www.centregrat.com\\\/ca\\\/#organization\",\"name\":\"Centre GRAT\",\"url\":\"https:\\\/\\\/www.centregrat.com\\\/ca\\\/\",\"logo\":{\"@type\":\"ImageObject\",\"inLanguage\":\"ca\",\"@id\":\"https:\\\/\\\/www.centregrat.com\\\/ca\\\/#\\\/schema\\\/logo\\\/image\\\/\",\"url\":\"https:\\\/\\\/www.centregrat.com\\\/wp-content\\\/uploads\\\/2017\\\/03\\\/logo-grat-90-psicologia-educacio.png\",\"contentUrl\":\"https:\\\/\\\/www.centregrat.com\\\/wp-content\\\/uploads\\\/2017\\\/03\\\/logo-grat-90-psicologia-educacio.png\",\"width\":90,\"height\":90,\"caption\":\"Centre GRAT\"},\"image\":{\"@id\":\"https:\\\/\\\/www.centregrat.com\\\/ca\\\/#\\\/schema\\\/logo\\\/image\\\/\"}}]}<\/script>\n<!-- \/ Yoast SEO plugin. -->","yoast_head_json":{"title":"ADULT - Por a volar - Centre GRAT | Centre de psicologia a Barcelona","robots":{"index":"index","follow":"follow","max-snippet":"max-snippet:-1","max-image-preview":"max-image-preview:large","max-video-preview":"max-video-preview:-1"},"canonical":"https:\/\/www.centregrat.com\/ca\/com-superar-la-por-a-volar\/","og_locale":"ca_ES","og_type":"article","og_title":"ADULT - Por a volar - Centre GRAT | Centre de psicologia a Barcelona","og_description":"[vc_row css_animation=&#8221;&#8221; row_type=&#8221;row&#8221; use_row_as_full_screen_section=&#8221;no&#8221; type=&#8221;grid&#8221; angled_section=&#8221;no&#8221; text_align=&#8221;left&#8221; background_image=&#8221;437&#8243; background_image_as_pattern=&#8221;without_pattern&#8221;][vc_column][vc_empty_space height=&#8221;75px&#8221;][vc_row_inner row_type=&#8221;row&#8221; type=&#8221;full_width&#8221; text_align=&#8221;left&#8221; padding_top=&#8221;25&#8243; css_animation=&#8221;&#8221; css=&#8221;.vc_custom_1490978050623{padding-top: 50px !important;padding-right: 25px !important;padding-left: 25px !important;background-color: rgba(32,55,109,0.81) !important;*background-color: rgb(32,55,109) !important;}&#8221;][vc_column_inner][vc_column_text] SUPERAR LA POR A VOLAR AMB HIPNOSI A BARCELONA [\/vc_column_text][vc_separator type=&#8221;small&#8221; position=&#8221;center&#8221; up=&#8221;25&#8243; down=&#8221;0&#8243;][\/vc_column_inner][\/vc_row_inner][vc_row_inner row_type=&#8221;row&#8221; type=&#8221;full_width&#8221; text_align=&#8221;center&#8221; background_color=&#8221;rgba(32,55,109,0.81)&#8221; padding_bottom=&#8221;25&#8243; css_animation=&#8221;&#8221; css=&#8221;.vc_custom_1492619741712{padding-top: 25px !important;padding-right: 25px !important;padding-bottom: 25px !important;padding-left: 25px !important;}&#8221;][vc_column_inner width=&#8221;1\/6&#8243;][\/vc_column_inner][vc_column_inner width=&#8221;2\/3&#8243;][vc_column_text] Hipnosi per a superar la Por o F\u00f2bia a Volar a Barcelona Sessions Individuals realitzades per un psic\u00f2leg expert en hipnosi La hipnosi \u00e9s una t\u00e8cnica 100% natural, sense efectes nocius i r\u00e0pida [\/vc_column_text][vc_empty_space][vc_empty_space][\/vc_column_inner][vc_column_inner width=&#8221;1\/6&#8243;][\/vc_column_inner][\/vc_row_inner][vc_empty_space height=&#8221;50px&#8221;][\/vc_column][\/vc_row][vc_row css_animation=&#8221;&#8221; row_type=&#8221;row&#8221; use_row_as_full_screen_section=&#8221;no&#8221; type=&#8221;grid&#8221; angled_section=&#8221;no&#8221; text_align=&#8221;left&#8221; background_image_as_pattern=&#8221;without_pattern&#8221;][vc_column][vc_empty_space...","og_url":"https:\/\/www.centregrat.com\/ca\/com-superar-la-por-a-volar\/","og_site_name":"Centre GRAT | Centre de psicologia a Barcelona","article_modified_time":"2024-10-23T22:31:45+00:00","og_image":[{"width":90,"height":90,"url":"https:\/\/www.centregrat.com\/wp-content\/uploads\/2017\/03\/logo-grat-90-psicologia-educacio.png","type":"image\/png"}],"twitter_card":"summary_large_image","twitter_misc":{"Temps estimat de lectura":"9 minuts"},"schema":{"@context":"https:\/\/schema.org","@graph":[{"@type":"WebPage","@id":"https:\/\/www.centregrat.com\/ca\/com-superar-la-por-a-volar\/","url":"https:\/\/www.centregrat.com\/ca\/com-superar-la-por-a-volar\/","name":"ADULT - Por a volar - Centre GRAT | Centre de psicologia a Barcelona","isPartOf":{"@id":"https:\/\/www.centregrat.com\/ca\/#website"},"datePublished":"2017-05-16T15:29:49+00:00","dateModified":"2024-10-23T22:31:45+00:00","breadcrumb":{"@id":"https:\/\/www.centregrat.com\/ca\/com-superar-la-por-a-volar\/#breadcrumb"},"inLanguage":"ca","potentialAction":[{"@type":"ReadAction","target":["https:\/\/www.centregrat.com\/ca\/com-superar-la-por-a-volar\/"]}]},{"@type":"BreadcrumbList","@id":"https:\/\/www.centregrat.com\/ca\/com-superar-la-por-a-volar\/#breadcrumb","itemListElement":[{"@type":"ListItem","position":1,"name":"Portada","item":"https:\/\/www.centregrat.com\/ca\/"},{"@type":"ListItem","position":2,"name":"ADULT &#8211; Por a volar"}]},{"@type":"WebSite","@id":"https:\/\/www.centregrat.com\/ca\/#website","url":"https:\/\/www.centregrat.com\/ca\/","name":"Centre GRAT | Centre de psicologia a Barcelona","description":"Millora la teva qualitat de vida. Et donem les eines necess\u00e0ries perqu\u00e8 aconsegueixis portar una vida satisfact\u00f2ria. Coneix el nostre centre de psicologia a Barcelona","publisher":{"@id":"https:\/\/www.centregrat.com\/ca\/#organization"},"potentialAction":[{"@type":"SearchAction","target":{"@type":"EntryPoint","urlTemplate":"https:\/\/www.centregrat.com\/ca\/?s={search_term_string}"},"query-input":{"@type":"PropertyValueSpecification","valueRequired":true,"valueName":"search_term_string"}}],"inLanguage":"ca"},{"@type":"Organization","@id":"https:\/\/www.centregrat.com\/ca\/#organization","name":"Centre GRAT","url":"https:\/\/www.centregrat.com\/ca\/","logo":{"@type":"ImageObject","inLanguage":"ca","@id":"https:\/\/www.centregrat.com\/ca\/#\/schema\/logo\/image\/","url":"https:\/\/www.centregrat.com\/wp-content\/uploads\/2017\/03\/logo-grat-90-psicologia-educacio.png","contentUrl":"https:\/\/www.centregrat.com\/wp-content\/uploads\/2017\/03\/logo-grat-90-psicologia-educacio.png","width":90,"height":90,"caption":"Centre GRAT"},"image":{"@id":"https:\/\/www.centregrat.com\/ca\/#\/schema\/logo\/image\/"}}]}},"_links":{"self":[{"href":"https:\/\/www.centregrat.com\/ca\/wp-json\/wp\/v2\/pages\/436","targetHints":{"allow":["GET"]}}],"collection":[{"href":"https:\/\/www.centregrat.com\/ca\/wp-json\/wp\/v2\/pages"}],"about":[{"href":"https:\/\/www.centregrat.com\/ca\/wp-json\/wp\/v2\/types\/page"}],"author":[{"embeddable":true,"href":"https:\/\/www.centregrat.com\/ca\/wp-json\/wp\/v2\/users\/1"}],"replies":[{"embeddable":true,"href":"https:\/\/www.centregrat.com\/ca\/wp-json\/wp\/v2\/comments?post=436"}],"version-history":[{"count":29,"href":"https:\/\/www.centregrat.com\/ca\/wp-json\/wp\/v2\/pages\/436\/revisions"}],"predecessor-version":[{"id":30213,"href":"https:\/\/www.centregrat.com\/ca\/wp-json\/wp\/v2\/pages\/436\/revisions\/30213"}],"wp:attachment":[{"href":"https:\/\/www.centregrat.com\/ca\/wp-json\/wp\/v2\/media?parent=436"}],"curies":[{"name":"wp","href":"https:\/\/api.w.org\/{rel}","templated":true}]}}