{"id":594,"date":"2017-05-30T07:55:30","date_gmt":"2017-05-30T07:55:30","guid":{"rendered":"https:\/\/www.centregrat.com\/?page_id=594"},"modified":"2026-04-27T09:28:40","modified_gmt":"2026-04-27T09:28:40","slug":"psicoterapia-terapia-psicologica-adolescents-i-families-a-barcelona","status":"publish","type":"page","link":"https:\/\/www.centregrat.com\/ca\/psicoterapia-terapia-psicologica-adolescents-i-families-a-barcelona\/","title":{"rendered":"ADOL &#8211; Ter\u00e0pia psicol\u00f2gica adolescents i fam\u00edlies"},"content":{"rendered":"<div class=\"wpb-content-wrapper\"><p>[vc_row css_animation=&#8221;&#8221; row_type=&#8221;row&#8221; use_row_as_full_screen_section=&#8221;no&#8221; type=&#8221;grid&#8221; angled_section=&#8221;no&#8221; text_align=&#8221;left&#8221; background_image=&#8221;597&#8243; background_image_as_pattern=&#8221;without_pattern&#8221;][vc_column][vc_empty_space height=&#8221;75px&#8221;][vc_row_inner row_type=&#8221;row&#8221; type=&#8221;full_width&#8221; text_align=&#8221;left&#8221; padding_top=&#8221;25&#8243; css_animation=&#8221;&#8221; css=&#8221;.vc_custom_1490978050623{padding-top: 50px !important;padding-right: 25px !important;padding-left: 25px !important;background-color: rgba(32,55,109,0.81) !important;*background-color: rgb(32,55,109) !important;}&#8221;][vc_column_inner][vc_column_text]<\/p>\n<h1 style=\"text-align: center;\"><span style=\"color: #ffffff;\"><strong>Ter\u00e0pia Psicol\u00f2gica per a adolescents i fam\u00edlies<\/strong><\/span><\/h1>\n<p>[\/vc_column_text][vc_separator type=&#8221;small&#8221; position=&#8221;center&#8221; up=&#8221;25&#8243; down=&#8221;0&#8243;][\/vc_column_inner][\/vc_row_inner][vc_row_inner row_type=&#8221;row&#8221; type=&#8221;full_width&#8221; text_align=&#8221;center&#8221; background_color=&#8221;rgba(32,55,109,0.81)&#8221; padding_bottom=&#8221;50&#8243; css_animation=&#8221;&#8221; css=&#8221;.vc_custom_1493310011113{padding-top: 25px !important;padding-right: 25px !important;padding-bottom: 25px !important;padding-left: 25px !important;}&#8221;][vc_column_inner width=&#8221;1\/6&#8243;][\/vc_column_inner][vc_column_inner width=&#8221;2\/3&#8243;][vc_column_text]<\/p>\n<h2 style=\"text-align: center;\"><span style=\"color: #ffffff;\">Psic\u00f2legs especialistes en ter\u00e0pia amb adolescents i fam\u00edlies a Barcelona<\/span><\/h2>\n<p>[\/vc_column_text][vc_empty_space]<a  itemprop=\"url\" href=\"#contacto\" target=\"_self\" data-hover-background-color=#20376d data-hover-border-color=#20376d  class=\"qbutton  large default\" style=\"border-color: #ffc92d; background-color: #ffc92d;\">Sol\u00b7licita una visita<\/a>[vc_empty_space][\/vc_column_inner][vc_column_inner width=&#8221;1\/6&#8243;][\/vc_column_inner][\/vc_row_inner][vc_empty_space height=&#8221;75px&#8221;][\/vc_column][\/vc_row][vc_row css_animation=&#8221;&#8221; row_type=&#8221;row&#8221; use_row_as_full_screen_section=&#8221;no&#8221; type=&#8221;grid&#8221; angled_section=&#8221;no&#8221; text_align=&#8221;left&#8221; background_image_as_pattern=&#8221;without_pattern&#8221; padding_top=&#8221;75&#8243; padding_bottom=&#8221;75&#8243;][vc_column][vc_column_text css=&#8221;&#8221;]<\/p>\n<h2 style=\"text-align: center;\">Per qu\u00e8 l&#8217;adolesc\u00e8ncia \u00e9s un per\u00edode en el qual apareixen moltes complicacions?<\/h2>\n<p>[\/vc_column_text][vc_separator type=&#8221;small&#8221; position=&#8221;center&#8221; up=&#8221;25&#8243; down=&#8221;25&#8243;][vc_row_inner row_type=&#8221;row&#8221; type=&#8221;full_width&#8221; text_align=&#8221;left&#8221; css_animation=&#8221;&#8221;][vc_column_inner width=&#8221;1\/2&#8243;][vc_column_text css=&#8221;&#8221;]<\/p>\n<p style=\"text-align: center;\"><span style=\"color: #000000;\">L&#8217;<strong>adolesc\u00e8ncia<\/strong> \u00e9s una etapa plena de canvis f\u00edsics, emocionals i socials que es caracteritza per ser l&#8217;etapa de la vida en la que el grup d&#8217;iguals es converteix en una de les coses m\u00e9s importants per la persona i es busca l&#8217;acceptaci\u00f3 del grup de diferents maneres, unes m\u00e9s sanes que altres. \u00c9s l&#8217;etapa on s&#8217;ha d&#8217;<strong>aprendre a relacionar-se amb els altres i construir-se una identitat per evitar problemes psicol\u00f2gics a l&#8217;edat adulta<\/strong>, per\u00f2 aix\u00f2 no \u00e9s una tasca gens f\u00e0cil i poden sorgir problemes emocionals i relacionals. <\/span><\/p>\n<p>[\/vc_column_text][\/vc_column_inner][vc_column_inner width=&#8221;1\/2&#8243;][vc_column_text css=&#8221;&#8221;]<\/p>\n<p style=\"text-align: center;\"><span style=\"color: #000000;\">Una altra de les caracter\u00edstiques d&#8217;aquesta etapa \u00e9s el <strong>pas de l&#8217;edat infantil a l&#8217;edat adulta<\/strong>.\u00a0<\/span><span style=\"color: #000000;\">Aix\u00f2 implica que l&#8217;<strong>adolescent<\/strong> haur\u00e0 d&#8217;enfrontar-se i distanciar-se dels pares per tal d&#8217;anar aconseguint m\u00e9s llibertat, formar-se el seu propi criteri i diferenciar-se per construir la seva pr\u00f2pia identitat i aix\u00f2 tampoc \u00e9s una tasca gens f\u00e0cil, pel que pot generar conflictes familiars. <strong>No tractar les dificultats relacionals i emocionals en aquesta etapa de la vida \u00e9s un factor de risc per desenvolupar problemes psicol\u00f2gics en edat adulta.<\/strong><\/span><\/p>\n<p>[\/vc_column_text][\/vc_column_inner][\/vc_row_inner][\/vc_column][\/vc_row][vc_row css_animation=&#8221;&#8221; row_type=&#8221;row&#8221; use_row_as_full_screen_section=&#8221;no&#8221; type=&#8221;grid&#8221; angled_section=&#8221;no&#8221; text_align=&#8221;center&#8221; background_image=&#8221;606&#8243; background_image_as_pattern=&#8221;without_pattern&#8221; padding_top=&#8221;75&#8243; padding_bottom=&#8221;75&#8243;][vc_column][vc_column_text]<\/p>\n<h2 style=\"text-align: center;\"><span style=\"color: #ffffff;\">La ter\u00e0pia psicol\u00f2gica amb adolescents<\/span><\/h2>\n<p>[\/vc_column_text][vc_separator type=&#8221;small&#8221; position=&#8221;center&#8221; up=&#8221;25&#8243; down=&#8221;25&#8243;][vc_row_inner row_type=&#8221;row&#8221; type=&#8221;full_width&#8221; text_align=&#8221;left&#8221; css_animation=&#8221;&#8221;][vc_column_inner width=&#8221;1\/4&#8243;]<div class='q_icon_with_title tiny normal_icon center'><div class=\"icon_holder \" style=\" \"><span data-icon-type=\"normal\"   style=\"\" class=\"qode_iwt_icon_holder q_font_awsome_icon fa-lg \"><i class=\"qode_icon_font_awesome fa fa-user qode_iwt_icon_element\" style=\"color: #ffc92d;\" ><\/i><\/span><\/div><div class=\"icon_text_holder\" style=\"\"><div class=\"icon_text_inner\" style=\"\"><h3 class=\"icon_title\" style=\"color: #ffffff;\">Sessions Individuals<\/h3><p style=''><\/p><\/div><\/div><\/div>[\/vc_column_inner][vc_column_inner width=&#8221;1\/4&#8243;]<div class='q_icon_with_title tiny normal_icon center'><div class=\"icon_holder \" style=\" \"><span data-icon-type=\"normal\"   style=\"\" class=\"qode_iwt_icon_holder q_font_awsome_icon fa-lg \"><i class=\"qode_icon_font_awesome fa fa-users qode_iwt_icon_element\" style=\"color: #ffc92d;\" ><\/i><\/span><\/div><div class=\"icon_text_holder\" style=\"\"><div class=\"icon_text_inner\" style=\"\"><h3 class=\"icon_title\" style=\"color: #ffffff;\">Sessions Familiars<\/h3><p style=''><\/p><\/div><\/div><\/div>[\/vc_column_inner][vc_column_inner width=&#8221;1\/4&#8243;]<div class='q_icon_with_title tiny normal_icon center'><div class=\"icon_holder \" style=\" \"><span data-icon-type=\"normal\"   style=\"\" class=\"qode_iwt_icon_holder q_font_awsome_icon fa-lg \"><i class=\"qode_icon_font_awesome fa fa-file qode_iwt_icon_element\" style=\"color: #ffc92d;\" ><\/i><\/span><\/div><div class=\"icon_text_holder\" style=\"\"><div class=\"icon_text_inner\" style=\"\"><h3 class=\"icon_title\" style=\"color: #ffffff;\">Coordinaci\u00f3 amb el Centre Educatiu<\/h3><p style=''><\/p><\/div><\/div><\/div>[\/vc_column_inner][vc_column_inner width=&#8221;1\/4&#8243;]<div class='q_icon_with_title tiny normal_icon center'><div class=\"icon_holder \" style=\" \"><span data-icon-type=\"normal\"   style=\"\" class=\"qode_iwt_icon_holder q_font_awsome_icon fa-lg \"><i class=\"qode_icon_font_awesome fa fa-child qode_iwt_icon_element\" style=\"color: #ffc92d;\" ><\/i><\/span><\/div><div class=\"icon_text_holder\" style=\"\"><div class=\"icon_text_inner\" style=\"\"><h3 class=\"icon_title\" style=\"color: #ffffff;\">Sessions Grupals d'Habilitats Socials<\/h3><p style=''><\/p><\/div><\/div><\/div>[\/vc_column_inner][\/vc_row_inner][vc_empty_space]<a  itemprop=\"url\" href=\"#contacto\" target=\"_self\" data-hover-background-color=#20376d data-hover-border-color=#20376d  class=\"qbutton  large default\" style=\"border-color: #ffc92d; background-color: #ffc92d;\">Sol\u00b7licita una visita<\/a>[\/vc_column][\/vc_row][vc_row css_animation=&#8221;&#8221; row_type=&#8221;row&#8221; use_row_as_full_screen_section=&#8221;no&#8221; type=&#8221;grid&#8221; angled_section=&#8221;no&#8221; text_align=&#8221;left&#8221; background_image_as_pattern=&#8221;without_pattern&#8221; padding_bottom=&#8221;75&#8243;][vc_column][vc_empty_space][vc_column_text]<\/p>\n<h2 style=\"text-align: center;\">El meu fill adolescent necessita tractament psicol\u00f2gic?<\/h2>\n<p>[\/vc_column_text][vc_separator type=&#8221;small&#8221; position=&#8221;center&#8221; up=&#8221;25&#8243; down=&#8221;25&#8243;][vc_column_text]<\/p>\n<p style=\"text-align: center;\">Els\u00a0<strong>adolescents<\/strong>\u00a0acostumen a ser bastant reservats amb la seva intimitat, les seves preocupacions i els seus problemes, pel que no s&#8217;ha d&#8217;esperar a que el vostre fill us expliqui que t\u00e9 problemes o us demani anar al psic\u00f2leg, hi ha\u00a0<strong>senyals que us poden alertar que alguna cosa no va b\u00e9<\/strong>, aqu\u00ed teniu algunes d&#8217;elles:<\/p>\n<p>[\/vc_column_text][vc_empty_space height=&#8221;32&#8243;][vc_row_inner row_type=&#8221;row&#8221; type=&#8221;full_width&#8221; text_align=&#8221;left&#8221; css_animation=&#8221;&#8221;][vc_column_inner width=&#8221;1\/2&#8243;][vc_column_text]<\/p>\n<ul>\n<li>Est\u00e0 irritable o trist<\/li>\n<li>Respon malament o faltant al respecte sovint<\/li>\n<li>Menja poc o no vol menjar<\/li>\n<li>Menja molt<\/li>\n<li>Ha perdut o guanyat pes en poc temps<\/li>\n<li>T\u00e9 dificultats per dormir o es desperta a la nit<\/li>\n<li>No t\u00e9 amics o t\u00e9 un o dos amics<\/li>\n<\/ul>\n<p>[\/vc_column_text][\/vc_column_inner][vc_column_inner width=&#8221;1\/2&#8243;][vc_column_text css=&#8221;&#8221;]<\/p>\n<ul>\n<li>No queda amb amics<\/li>\n<li>Moltes hores al m\u00f2bil \/ videoconsola \/ ordinador<\/li>\n<li>T\u00e9 un baix rendiment acad\u00e8mic<\/li>\n<li>S&#8217;agobia molt o sent ansietat amb els ex\u00e0mens<\/li>\n<li>No obeeix als pares o mestres freq\u00fcentment<\/li>\n<li>No vol anar a l&#8217;escola \/ institut<\/li>\n<\/ul>\n<p>[\/vc_column_text][\/vc_column_inner][\/vc_row_inner][vc_empty_space height=&#8221;32&#8243;][vc_column_text]<\/p>\n<h3 style=\"text-align: center;\">Aquestes s\u00f3n nom\u00e9s algunes senyals que podeu observar en els vostres fills adolescents.<\/h3>\n<p>[\/vc_column_text][vc_separator type=&#8221;normal&#8221; up=&#8221;75&#8243; down=&#8221;75&#8243;][\/vc_column][\/vc_row][vc_row css_animation=&#8221;&#8221; row_type=&#8221;row&#8221; use_row_as_full_screen_section=&#8221;no&#8221; type=&#8221;grid&#8221; angled_section=&#8221;no&#8221; text_align=&#8221;left&#8221; background_image_as_pattern=&#8221;without_pattern&#8221; padding_top=&#8221;75&#8243; padding_bottom=&#8221;75&#8243;][vc_column][vc_column_text]<\/p>\n<h2 style=\"text-align: center;\">Com fem la ter\u00e0pia psicol\u00f2gica amb adolescents?<\/h2>\n<p>[\/vc_column_text][vc_separator type=&#8221;small&#8221; position=&#8221;center&#8221; up=&#8221;25&#8243; down=&#8221;25&#8243;][vc_row_inner row_type=&#8221;row&#8221; type=&#8221;full_width&#8221; text_align=&#8221;left&#8221; css_animation=&#8221;&#8221;][vc_column_inner width=&#8221;1\/2&#8243;][vc_column_text]<strong>Aprendre a relacionar-se amb els seus iguals, amb la fam\u00edlia i amb figures d&#8217;autoritat<\/strong> (com els mestres) <strong>de manera sana<\/strong>; i construir-se una identitat s\u00f3n aspectes prioritaris que l&#8217;adolescent ha d&#8217;aconseguir en aquesta etapa de la vida.<\/p>\n<p>Per aix\u00f2 els psic\u00f2legs de GRAT treballem amb els adolescents a trav\u00e9s de sessions individuals per tractar les seves preocupacions, combinant-les amb sessions amb la fam\u00edlia.[\/vc_column_text][\/vc_column_inner][vc_column_inner width=&#8221;1\/2&#8243;][vc_column_text]Aquestes sessions es poden complementar amb sessions en grup per millorar les relacions amb els seus iguals, de manera que l&#8217;adolescent pugui aconseguir sentir-se b\u00e9 en tots els aspectes de la seva vida.<\/p>\n<p>Treballem en <strong>coordinaci\u00f3<\/strong> entre els diferents <strong>professionals<\/strong> del centre i amb els professionals dels serveis externs\u00a0que tenen contacte amb l&#8217;adolescent i s\u00f3n rellevants pel seu proc\u00e9s de millora personal (<strong>mestres, metges, serveis socials<\/strong>, etc.) ja que \u00e9s molt important que tots intervenim en la mateixa direcci\u00f3.[\/vc_column_text][\/vc_column_inner][\/vc_row_inner][\/vc_column][\/vc_row][vc_row css_animation=&#8221;&#8221; row_type=&#8221;row&#8221; use_row_as_full_screen_section=&#8221;no&#8221; type=&#8221;full_width&#8221; angled_section=&#8221;no&#8221; text_align=&#8221;center&#8221; background_image_as_pattern=&#8221;without_pattern&#8221; padding_bottom=&#8221;75&#8243;][vc_column]<a  itemprop=\"url\" href=\"https:\/\/www.centregrat.com\/ca\/nosaltres\/\" target=\"_self\"  class=\"qbutton  default\" style=\"\">Coneix als nostres psic\u00f2legs experts en adolescents<\/a>[vc_separator type=&#8221;small&#8221; position=&#8221;center&#8221; up=&#8221;25&#8243; down=&#8221;25&#8243;][\/vc_column][\/vc_row][vc_row css_animation=&#8221;&#8221; row_type=&#8221;row&#8221; use_row_as_full_screen_section=&#8221;no&#8221; type=&#8221;grid&#8221; angled_section=&#8221;no&#8221; text_align=&#8221;left&#8221; background_image_as_pattern=&#8221;without_pattern&#8221; el_class=&#8221;oculta&#8221;][vc_column width=&#8221;1\/4&#8243;][vc_empty_space][vc_single_image image=&#8221;185&#8243; img_size=&#8221;200&#215;200&#8243; alignment=&#8221;center&#8221; qode_css_animation=&#8221;&#8221;][vc_empty_space][vc_column_text]<\/p>\n<h3 style=\"text-align: center;\">Dra. Am\u00e0lia Gord\u00f3vil Merino<\/h3>\n<p style=\"text-align: center;\">Psic\u00f2loga col\u00b7legiada n\u00ba20177<\/p>\n<p>[\/vc_column_text][vc_empty_space][vc_accordion active_tab=&#8221;false&#8221; collapsible=&#8221;yes&#8221; style=&#8221;accordion&#8221; title=&#8221;CON\u00c8IXER M\u00c9S&#8221;][vc_accordion_tab title=&#8221;CON\u00c9IXER M\u00c9S&#8221; title_color=&#8221;#ffffff&#8221; background_color=&#8221;#20376d&#8221; title_tag=&#8221;h5&#8243;][vc_column_text]<\/p>\n<ul>\n<li style=\"text-align: left;\">Doctora en Psicologia Cl\u00ednica i de la Salut<\/li>\n<li style=\"text-align: left;\">Psic\u00f2loga General Sanit\u00e0ria<\/li>\n<li style=\"text-align: left;\">Especialista en psicoter\u00e0pia infanto-juvenil i ter\u00e0pia familiar<\/li>\n<li style=\"text-align: left;\">Especialista en assessorament a pares sobre el maneig conductual dels fills<\/li>\n<li style=\"text-align: left;\">Especialista en l\u2019entrenament de les habilitats socials en grup amb adolescents<\/li>\n<li style=\"text-align: left;\">Especialista en gesti\u00f3 d\u2019emocions i trastorns d\u2019ansietat<\/li>\n<li style=\"text-align: left;\">Professora en cursos de psicologia al Centre GRAT<\/li>\n<li style=\"text-align: left;\">Anterior: Professora de v\u00e0ries assignatures del grau i m\u00e0ster de Psicologia\u00a0 de la Universitat Oberta de Catalunya i Universitat de Girona<\/li>\n<li style=\"text-align: left;\">Autora de material docent sobre t\u00e8cniques i estrat\u00e8gies d\u2019intervenci\u00f3 en ter\u00e0pia familiar sist\u00e8mica en la Universitat Oberta de Catalunya<\/li>\n<li style=\"text-align: left;\">Llicenciada en Psicologia. Universitat de Barcelona<\/li>\n<li style=\"text-align: left;\">M\u00e0ster en Ter\u00e0pia Familiar. Perspectiva Integradora Sist\u00e8mica. Universitat de Girona<\/li>\n<li style=\"text-align: left;\">M\u00e0ster Oficial en Psicologia Cl\u00ednica i de la Salut. Especialitat Neuropsicologia. Universitat de Barcelona<\/li>\n<li style=\"text-align: left;\">Postgrau en Psicoter\u00e0pia Integradora. Universitat de Girona<\/li>\n<li style=\"text-align: left;\">Formaci\u00f3 en Avaluaci\u00f3 i tractament del TDAH. Fundaci\u00f3 Adana<\/li>\n<li style=\"text-align: left;\">Formaci\u00f3 en TDAH, les reeducacions psicopedag\u00f2giques des de l\u2019abordatge cognitniu-conductual. Fundaci\u00f3 Adana<\/li>\n<\/ul>\n<h5 style=\"text-align: left;\">PUBLICACIONS:<\/h5>\n<ul>\n<li style=\"text-align: left;\">Co-autora del llibre\u00a0<em>\u201cCompartir la vida educa\u201d<\/em>. Eumo Editorial<\/li>\n<li style=\"text-align: left;\">Col\u00b7labora amb diversos mitjans de comunicaci\u00f3 com ara La Vanguardia, Rac 1, Diari ARA, entre altres.<\/li>\n<li style=\"text-align: left;\">\u00c9s primera autora de publicacions relacionades amb la psicologia infantil i qualitat de vida: \u201cUn enfoque integrador en el tratamiento del TDAH infantil y juvenil\u201d (Revista de Psicoterapia, 2012) y \u201cEpilepsia infantil, un cambio hacia la integraci\u00f3n\u201d (Revista Vivir con Epilepsia, 2009).Sotarras, Salse, Ribera, Centelles, Gord\u00f3vil, Splendiani (2014). Apoyo de voz en la lectura en el \u00e1mbito de la educaci\u00f3n superior. Edutec-e Revista Electr\u00f3nica de Tecnolog\u00eda Educativa, 49, 1-16.<\/li>\n<li style=\"text-align: left;\">Gord\u00f3vil, A., Faust, T. (2013). Un enfoque integrador en el tratamiento del TDAH infantil y juvenil. Revista de Psicoterapia, 23(90\/91), 125-147.<\/li>\n<li style=\"text-align: left;\">Gord\u00f3vil, A., Gu\u00e0ria, J., Per\u00f3, M. (2011). Estimation of Logistic Regression Models in Small Samples. A Simulation Study Using a Weakly Informative Default Prior Distribution. Psicologica 33(2), 345-361.<\/li>\n<li style=\"text-align: left;\">Gord\u00f3vil-Merino, A., Gu\u00e0rdia-Olmos, J., Per\u00f3-Cebollero, M., i De La Fuente-Solanas, E. I. (2010). Classical and bayesian estimation in the logistic regression model applied to diagnosis of Child Attention Deficit Hyperactivity Disorder. Psychological Reports, 106 (2), 519-533<\/li>\n<li style=\"text-align: left;\">Gord\u00f3vil ,A., i Gu\u00e0rdia, J. (2009). Epilepsia infantil, un camino hacia la integraci\u00f3n. Vivir con Epilepsia, 3 (3), 4-5. (G.I.: 688-2004).<\/li>\n<li style=\"text-align: left;\">Gordo\u00f3vil-Merino, A., Villase\u00f1or-Cabrera, T., i Gu\u00e0rdia-Olmos, J. (2009). Evaluaci\u00f3n Cuantitativa de Calidad de Vida en Epilepsia Infantil y Adolescente. Estado del Arte. Revista de Neuropsicolog\u00eda, 4(1), 11-15. (Revista indexada en IMBIOMED i indexada en el cat\u00e0leg Latindex).<\/li>\n<li style=\"text-align: left;\">Villase\u00f1or-Cabrera, T., Gord\u00f3vil-Merino, A., Barrios-Carrej\u00f3n, M., Gudayol-Ferre, E., i Gu\u00e0rdia-Olmos, J. (2009). Estudio bibliom\u00e9trico de la producci\u00f3n cient\u00edfica en el \u00e1mbito de la neuropsicolog\u00eda. Revista de Neuropsicolog\u00eda, 4(1), 5-10. (Revista indexada en IMBIOMED i indexada en el cat\u00e0leg Latindex).<\/li>\n<li style=\"text-align: left;\">Morales, C; Gord\u00f3vil, A; G\u00f3mez, J; Villase\u00f1or, T; Per\u00f3, M &amp; Gu\u00e0rdia, J. (acceptat, juliol 2011). Attention Deficit Hyperactivity Disorder: birth season and epidemiology en Attention Deficit Hyperactivity Disorder \/ Book 2. InTech: Croatia ISBN: 979-953-307-685-9.<\/li>\n<\/ul>\n<p>[\/vc_column_text][\/vc_accordion_tab][\/vc_accordion][\/vc_column][vc_column width=&#8221;1\/4&#8243;][vc_empty_space][vc_single_image image=&#8221;186&#8243; img_size=&#8221;200&#215;200&#8243; alignment=&#8221;center&#8221; qode_css_animation=&#8221;&#8221;][vc_empty_space][vc_column_text]<\/p>\n<h3 style=\"text-align: center;\">Albert Roig Tor<\/h3>\n<p style=\"text-align: center;\">Psic\u00f2leg col\u00b7legiat n\u00ba17308[\/vc_column_text][vc_empty_space][vc_accordion active_tab=&#8221;false&#8221; collapsible=&#8221;yes&#8221; style=&#8221;accordion&#8221; title=&#8221;CON\u00c8IXER M\u00c9S&#8221;][vc_accordion_tab title=&#8221;CON\u00c9IXER M\u00c9S&#8221; title_color=&#8221;#ffffff&#8221; background_color=&#8221;#20376d&#8221; title_tag=&#8221;h5&#8243;][vc_column_text]<\/p>\n<ul>\n<li style=\"text-align: left;\">Psic\u00f2leg General Sanitari<\/li>\n<li style=\"text-align: left;\">Psicoterapeuta adults, joves i adolescents<\/li>\n<li style=\"text-align: left;\">Especialista en ter\u00e0pia individual, familiar i de parella<\/li>\n<li style=\"text-align: left;\">Especialista hipnosi cl\u00ednica<\/li>\n<li style=\"text-align: left;\">Especialista en tabaquisme<\/li>\n<li style=\"text-align: left;\">Especialista en f\u00f2bies: por a volar, a conduir, a animals i altres pors irracionals<\/li>\n<li style=\"text-align: left;\">Especialista en trastorns de l\u2019estat de l\u2019\u00e0nim, trastorns d\u2019ansietat, trastorns de somatitzaci\u00f3<\/li>\n<li style=\"text-align: left;\">Especialista en estrat\u00e8gies en comunicaci\u00f3 i habilitats socials<\/li>\n<li style=\"text-align: left;\">Especialista en trastorns conversius i somatomorfs<\/li>\n<li style=\"text-align: left;\">Consultor extern de l\u2019Equip Psiqui\u00e0tric de l\u2019Hospital de Barcelona<\/li>\n<li style=\"text-align: left;\">Psic\u00f2leg expert en hipnosi cl\u00ednica a la Unitat de Parkinson i Trastorns del Moviment adscrita al Centre M\u00e8dic Teknon<\/li>\n<li style=\"text-align: left;\">Investigador en projectes d\u2019investigaci\u00f3 cient\u00edfica sobre l\u2019efic\u00e0cia de la hipnosi en trastorns conversius<\/li>\n<li style=\"text-align: left;\">Docent de seminaris sobre Hipnosi dintre del Postgrau en Hipnosi Cl\u00ednica la Universitat de Barcelona<\/li>\n<li style=\"text-align: left;\">Docent de cursos sobre hipnosi cl\u00ednica adre\u00e7ats a professionals sanitaris al Centre GRAT<\/li>\n<li style=\"text-align: left;\">Llicenciat en Psicologia. Universitat de Barcelona.<\/li>\n<li style=\"text-align: left;\">M\u00e0ster en Ter\u00e0pia Cognitiu Social. Ter\u00e0pia individual, familiar i de parella. Universitat de Barcelona<\/li>\n<li style=\"text-align: left;\">Postgrau en Hipnosi Cl\u00ednica. Universitat de Barcelona, Facultat de Psicologia.<\/li>\n<\/ul>\n<h5 style=\"text-align: left;\">PUBLICACIONS:<\/h5>\n<ul>\n<li style=\"text-align: left;\">L\u2019avaluaci\u00f3 de l\u2019estr\u00e8s i del trauma: Presentaci\u00f3 de la versi\u00f3 espanyola de l\u2019escala de trauma acumulatiu (CTS). P\u00e0gs. 89 \u2013 104 de la Revista de Psicoter\u00e0pia \/ Vol. XX \u2013 N\u00ba 80.<\/li>\n<li style=\"text-align: left;\">La Hist\u00e8ria a la medicina del S. XXI. Quaderns de Psicosom\u00e0tica i Psiquiatria d\u2019Enlla\u00e7 N\u00ba40 Mes: Abril\/Maig\/Juny 2013.<\/li>\n<\/ul>\n<p>[\/vc_column_text][\/vc_accordion_tab][\/vc_accordion][\/vc_column][vc_column width=&#8221;1\/4&#8243;][vc_empty_space][vc_single_image image=&#8221;23343&#8243; img_size=&#8221;200&#215;200&#8243; alignment=&#8221;center&#8221; qode_css_animation=&#8221;&#8221;][vc_empty_space][vc_column_text]<\/p>\n<h3 style=\"text-align: center;\">Tania L\u00f3pez Rodr\u00edguez<\/h3>\n<p style=\"text-align: center;\">Psic\u00f2loga col\u00b7legiada n\u00ba19442<\/p>\n<p>[\/vc_column_text][vc_empty_space][vc_accordion active_tab=&#8221;false&#8221; collapsible=&#8221;yes&#8221; style=&#8221;accordion&#8221; title=&#8221;CON\u00c8IXER M\u00c9S&#8221;][vc_accordion_tab title=&#8221;CON\u00c9IXER M\u00c9S&#8221; title_color=&#8221;#ffffff&#8221; background_color=&#8221;#20376d&#8221; title_tag=&#8221;h5&#8243;][vc_column_text]<\/p>\n<ul>\n<li style=\"text-align: left;\">Psic\u00f2loga General Sanit\u00e0ria<\/li>\n<li style=\"text-align: left;\">Terapeuta Familiar i de Parella sist\u00e8mica<\/li>\n<li style=\"text-align: left;\">Especialista en psicoter\u00e0pia individual infanto-juvenil, adults i familiar<\/li>\n<li style=\"text-align: left;\">Especialista en assessorament a pares sobre el maneig conductual de els\/as fills\/as<\/li>\n<li style=\"text-align: left;\">Especialista en viol\u00e8ncies i conflictes intrafamiliars<\/li>\n<li style=\"text-align: left;\">Experi\u00e8ncia amb inf\u00e0ncia, adolesc\u00e8ncia i joventut en situaci\u00f3 de risc intrafamiliar i d\u2019exclusi\u00f3 social<\/li>\n<li style=\"text-align: left;\">Experi\u00e8ncia amb adults i fam\u00edlies en situacions socials complexes.<\/li>\n<li style=\"text-align: left;\">Especialista en acompanyament a pares i mares en el desenvolupament cognitiu, educatiu, social i emocional dels seus fills\/as<\/li>\n<li style=\"text-align: left;\">Especialista en trastorns d\u2019ansietat, trastorns de l\u2019estat d\u2019\u00e0nim i en gesti\u00f3 de les emocions.<\/li>\n<li style=\"text-align: left;\">Especialista en creixement personal i autoestima.<\/li>\n<li style=\"text-align: left;\">Membre de la\u00a0Societat\u00a0Catalana de\u00a0Ter\u00e0pia\u00a0Familiar<\/li>\n<li style=\"text-align: left;\">M\u00e0ster Oficial en Psicologia Cl\u00ednica i de la Salut, per la Universitat de Barcelona.<\/li>\n<li>M\u00e0ster en Ter\u00e0pia Familiar i de Parella Sist\u00e8mica (Terapeuta Familiar) per KINE, Barcelona.<\/li>\n<li>Psicoter\u00e0pia integradora per al Tractament dels Trastorns de la Conducta Aliment\u00e0ria. Escuela de Psicolog\u00eda y Psicoterapia Eva Molero<\/li>\n<li>Tractament Psicol\u00f2gic del Trauma en Psicoter\u00e0pia. Centre GRAT.<\/li>\n<li><\/li>\n<\/ul>\n<p>[\/vc_column_text][\/vc_accordion_tab][\/vc_accordion][\/vc_column][vc_column width=&#8221;1\/4&#8243;][vc_empty_space][vc_single_image image=&#8221;29825&#8243; img_size=&#8221;200&#215;200&#8243; alignment=&#8221;center&#8221; qode_css_animation=&#8221;&#8221;][vc_empty_space][vc_column_text]<\/p>\n<h3 style=\"text-align: center;\">Helena Bertr\u00e1n Valls<\/h3>\n<p style=\"text-align: center;\">Psic\u00f2loga col\u00b7legiada n\u00ba29502<\/p>\n<p>[\/vc_column_text][vc_empty_space][vc_accordion active_tab=&#8221;false&#8221; collapsible=&#8221;yes&#8221; style=&#8221;accordion&#8221; title=&#8221;CON\u00c8IXER M\u00c9S&#8221;][vc_accordion_tab title=&#8221;CON\u00c9IXER M\u00c9S&#8221; title_color=&#8221;#ffffff&#8221; background_color=&#8221;#20376d&#8221; title_tag=&#8221;h5&#8243;][vc_column_text]<\/p>\n<ul>\n<li style=\"text-align: left;\">Psic\u00f2loga General Sanit\u00e0ria<\/li>\n<li style=\"text-align: left;\">Psicoter\u00e0pia a adults, joves i adolescents<\/li>\n<li style=\"text-align: left;\">Especialista en ter\u00e0pia individual, familiar i de parella<\/li>\n<li style=\"text-align: left;\">Especialista en ter\u00e0pia EMDR<\/li>\n<li style=\"text-align: left;\">Especialista en tractament de trauma, f\u00f2bies i Trastorn per Estr\u00e8s Postraum\u00e0tic<\/li>\n<li style=\"text-align: left;\">Especialista en estr\u00e8s laboral, ansietat, depressi\u00f3, trastorn adaptatiu i dol<\/li>\n<li style=\"text-align: left;\">Especialista en creixement personal, autoestima i habilitats comunicatives<\/li>\n<li style=\"text-align: left;\">M\u00e0ster en Ter\u00e0pia Familiar Sist\u00e8mica (Hospital Sant Pau)<\/li>\n<li style=\"text-align: left;\">M\u00e0ster en Psicologia Cl\u00ednica i de la Salut i Ter\u00e0pia Cognitiu Conductual (ISEP)<\/li>\n<li style=\"text-align: left;\">M\u00e0ster en Intervenci\u00f3 en dificultats d&#8217;Aprenentatge (ISEP)<\/li>\n<li style=\"text-align: left;\">Terapeuta EMDR Nivel I i II en Asociaci\u00f3n EMDR Espa\u00f1a<\/li>\n<li style=\"text-align: left;\">Curs en reeducacions psicopedag\u00f2giques des d&#8217;un abordatge cognitiu-conductual (Fundaci\u00f3n ADANA).<\/li>\n<li style=\"text-align: left;\">Graduada en Psicologia (UAO)<\/li>\n<\/ul>\n<p>[\/vc_column_text][\/vc_accordion_tab][\/vc_accordion][\/vc_column][\/vc_row][vc_row css_animation=&#8221;&#8221; row_type=&#8221;row&#8221; use_row_as_full_screen_section=&#8221;no&#8221; type=&#8221;grid&#8221; angled_section=&#8221;no&#8221; text_align=&#8221;left&#8221; background_image_as_pattern=&#8221;without_pattern&#8221; el_class=&#8221;oculta&#8221;][vc_column width=&#8221;1\/3&#8243;][vc_empty_space][vc_single_image image=&#8221;17983&#8243; img_size=&#8221;200&#215;200&#8243; alignment=&#8221;center&#8221; qode_css_animation=&#8221;&#8221;][vc_empty_space][vc_column_text]<\/p>\n<h3 style=\"text-align: center;\">Carme Font Medina<\/h3>\n<p style=\"text-align: center;\">Psic\u00f2loga col\u00b7legiada n\u00ba28000<\/p>\n<p>[\/vc_column_text][vc_empty_space][vc_accordion active_tab=&#8221;false&#8221; collapsible=&#8221;yes&#8221; style=&#8221;accordion&#8221; title=&#8221;CON\u00c8IXER M\u00c9S&#8221;][vc_accordion_tab title=&#8221;CON\u00c9IXER M\u00c9S&#8221; title_color=&#8221;#ffffff&#8221; background_color=&#8221;#20376d&#8221; title_tag=&#8221;h5&#8243;][vc_column_text]<\/p>\n<ul>\n<li style=\"text-align: left;\">Psic\u00f2loga experta en psicoter\u00e0pia<\/li>\n<li style=\"text-align: left;\">Experta en adolesc\u00e8ncia i fam\u00edlia<\/li>\n<li style=\"text-align: left;\">Experta en adiccions comportamentals<\/li>\n<li style=\"text-align: left;\">Especialista en Ter\u00e0pia Individual i Familiar<\/li>\n<li style=\"text-align: left;\">Llicenciada en Psicologia. Universitat Aut\u00f2noma de Barcelona<\/li>\n<li style=\"text-align: left;\">Postgrau en Adiccions Comportamentals i Manipulaci\u00f3 Psicol\u00f2gica. UB<\/li>\n<\/ul>\n<p>[\/vc_column_text][\/vc_accordion_tab][\/vc_accordion][\/vc_column][vc_column width=&#8221;1\/3&#8243;][vc_empty_space][vc_single_image image=&#8221;18497&#8243; img_size=&#8221;200&#215;200&#8243; alignment=&#8221;center&#8221; qode_css_animation=&#8221;&#8221;][vc_empty_space][vc_column_text]<\/p>\n<h3 style=\"text-align: center;\">Andrea Rodr\u00edguez Saura<\/h3>\n<p style=\"text-align: center;\">Psic\u00f2loga col\u00b7legiada n\u00ba19281<\/p>\n<p>[\/vc_column_text][vc_empty_space][vc_accordion active_tab=&#8221;false&#8221; collapsible=&#8221;yes&#8221; style=&#8221;accordion&#8221; title=&#8221;CON\u00c8IXER M\u00c9S&#8221;][vc_accordion_tab title=&#8221;CON\u00c9IXER M\u00c9S&#8221; title_color=&#8221;#ffffff&#8221; background_color=&#8221;#20376d&#8221; title_tag=&#8221;h5&#8243;][vc_column_text]<\/p>\n<ul>\n<li style=\"text-align: left;\">Psic\u00f2loga General Sanit\u00e0ria<\/li>\n<li style=\"text-align: left;\">Especialista en psicoter\u00e0pia infanto-juvenil i ter\u00e0pia familiar<\/li>\n<li style=\"text-align: left;\">Especialista en assessorament i acompanyament en orientaci\u00f3 acad\u00e8mica<\/li>\n<li style=\"text-align: left;\">Especialista en acompanyament a pares en el desenvolupament cognitiu, educatiu social i emocional dels seus fills<\/li>\n<li style=\"text-align: left;\">Especialista en gesti\u00f3 de les emocions i trastorns d\u2019ansietat<\/li>\n<li style=\"text-align: left;\">Especialista en assessorament a pares sobre el maneig conductual dels fills<\/li>\n<li style=\"text-align: left;\">Psicopedagoga del EAP (Equip d\u2019orientaci\u00f3 i Assessorament Psicopedag\u00f2gic de la Generalitat de Catalunya)<\/li>\n<li style=\"text-align: left;\">Docent de cursos sobre psicoter\u00e0pia infanto-juvenil i familiar per a psic\u00f2legs al Centre GRAT<\/li>\n<li style=\"text-align: left;\">Llicenciada en Psicologia. Universitat de Barcelona<\/li>\n<li style=\"text-align: left;\">M\u00e0ster en Ter\u00e0pia Cognitiu-Social. Universitat de Barcelona<\/li>\n<li style=\"text-align: left;\">M\u00e0ster en Ter\u00e0pia Familiar. Perspectiva Sist\u00e8mica Integradora. Fundaci\u00f3 Universitat de Girona<\/li>\n<li style=\"text-align: left;\">Formaci\u00f3 en Dificultats d\u2019Aprenentatge. TDAH, Disl\u00e8xia, Discalc\u00falia, TANV. Fundaci\u00f3 Adana<\/li>\n<li style=\"text-align: left;\">Formaci\u00f3 en reeducacions psicopedag\u00f2giques des de l\u2019abordatge cognitiu conductual. Fundaci\u00f3 Adana<\/li>\n<\/ul>\n<p>[\/vc_column_text][\/vc_accordion_tab][\/vc_accordion][\/vc_column][vc_column width=&#8221;1\/3&#8243;][vc_empty_space][vc_single_image image=&#8221;21325&#8243; img_size=&#8221;200&#215;200&#8243; alignment=&#8221;center&#8221; qode_css_animation=&#8221;&#8221;][vc_empty_space][vc_column_text]<\/p>\n<h3 style=\"text-align: center;\">N\u00faria Tarifa Garcia<\/h3>\n<p style=\"text-align: center;\">Psic\u00f2loga col\u00b7legiada n\u00ba18273[\/vc_column_text][vc_empty_space][vc_accordion active_tab=&#8221;false&#8221; collapsible=&#8221;yes&#8221; style=&#8221;accordion&#8221; title=&#8221;CON\u00c8IXER M\u00c9S&#8221;][vc_accordion_tab title=&#8221;CON\u00c9IXER M\u00c9S&#8221; title_color=&#8221;#ffffff&#8221; background_color=&#8221;#20376d&#8221; title_tag=&#8221;h5&#8243;][vc_column_text]<\/p>\n<ul>\n<li style=\"text-align: left;\">Psic\u00f2loga General Sanit\u00e0ria<\/li>\n<li style=\"text-align: left;\">Fundadora i Directora del Centre GRAT<\/li>\n<li style=\"text-align: left;\">Coordinadora de l\u2019\u00c0rea de Formaci\u00f3 del Centre GRAT<\/li>\n<li style=\"text-align: left;\">Psicoterapeuta d\u2019adolescents, joves i adults<\/li>\n<li style=\"text-align: left;\">Especialista en ter\u00e0pia individual i familiar<\/li>\n<li style=\"text-align: left;\">Especialista en ter\u00e0pia EMDR<\/li>\n<li style=\"text-align: left;\">Especialista en conducci\u00f3 de grups terap\u00e8utics<\/li>\n<li style=\"text-align: left;\">Especialista en tractament del trauma, Trastorn per Estr\u00e8s Postraum\u00e0tic, f\u00f2bies, abusos i maltractament.<\/li>\n<li style=\"text-align: left;\">Especialista en trastorns alimentaris<\/li>\n<li style=\"text-align: left;\">Especialista en trastorns de l\u2019estat de l\u2019\u00e0nim, trastorns d\u2019ansietat, trastorns adaptatius, trastorns de somatitzaci\u00f3 i trastorns obsessius<\/li>\n<li style=\"text-align: left;\">Especialista en creixement personal, estrat\u00e8gies de comunicaci\u00f3, habilitats socials i autoestima<\/li>\n<li style=\"text-align: left;\">Llicenciada en Psicologia. Universitat Ramon Llull<\/li>\n<li style=\"text-align: left;\">M\u00e0ster en Ter\u00e0pia Familiar. Perspectiva Sist\u00e8mica Integradora. Universitat de Girona<\/li>\n<li style=\"text-align: left;\">M\u00e0ster en Ter\u00e0pia Cognitiu Social. Ter\u00e0pia individual, familiar i de parella. Universitat de Barcelona<\/li>\n<li style=\"text-align: left;\">Postgrau en Ter\u00e0pia Breu Estrat\u00e8gica. Universitat de Girona<\/li>\n<li style=\"text-align: left;\">Terapeuta EMDR. Asociaci\u00f3n EMDR Espa\u00f1a.<\/li>\n<li style=\"text-align: left;\">Formaci\u00f3 en Dificultats d\u2019Aprenentatge. TDAH, Disl\u00e8xia, Discalc\u00falia, TANV. Fundaci\u00f3 Adana<\/li>\n<\/ul>\n<p>[\/vc_column_text][\/vc_accordion_tab][\/vc_accordion][\/vc_column][\/vc_row][vc_row css_animation=&#8221;&#8221; row_type=&#8221;row&#8221; use_row_as_full_screen_section=&#8221;no&#8221; type=&#8221;grid&#8221; anchor=&#8221;contacto&#8221; angled_section=&#8221;no&#8221; text_align=&#8221;center&#8221; background_image=&#8221;615&#8243; background_image_as_pattern=&#8221;without_pattern&#8221; padding_top=&#8221;50&#8243; padding_bottom=&#8221;50&#8243;][vc_column][vc_column_text]<\/p>\n<h2 style=\"text-align: center;\"><span style=\"color: #ffffff;\">Si penseu que al vostre fill li pot estar passant alguna cosa us podem assessorar. Escriviu-nos<\/span><\/h2>\n<p>[\/vc_column_text][vc_separator type=&#8221;small&#8221; position=&#8221;center&#8221; up=&#8221;25&#8243; down=&#8221;25&#8243;][vc_column_text]<\/p>\n<h4 style=\"text-align: center;\"><span style=\"color: #ffffff;\">OMPLE EL FORMULARI I CONTACTAREM AMB TU EN BREU<\/span><\/h4>\n<p>[\/vc_column_text][vc_empty_space]\n<div class=\"wpcf7 no-js\" id=\"wpcf7-f620-o1\" lang=\"en-US\" dir=\"ltr\" data-wpcf7-id=\"620\">\n<div class=\"screen-reader-response\"><p role=\"status\" aria-live=\"polite\" aria-atomic=\"true\"><\/p> <ul><\/ul><\/div>\n<form action=\"\/ca\/wp-json\/wp\/v2\/pages\/594#wpcf7-f620-o1\" method=\"post\" class=\"wpcf7-form init default 7fb081fd7beb cmatic-conn cmatic-aud-28 cmatic-mapd0-0 cmatic-v097802 cmatic-sent-0 cmatic-total-7551\" aria-label=\"Contact form\" novalidate=\"novalidate\" data-status=\"init\">\n<fieldset class=\"hidden-fields-container\"><input type=\"hidden\" name=\"_wpcf7\" value=\"620\" \/><input type=\"hidden\" name=\"_wpcf7_version\" value=\"6.1.5\" \/><input type=\"hidden\" name=\"_wpcf7_locale\" value=\"en_US\" \/><input type=\"hidden\" name=\"_wpcf7_unit_tag\" value=\"wpcf7-f620-o1\" \/><input type=\"hidden\" name=\"_wpcf7_container_post\" value=\"0\" \/><input type=\"hidden\" name=\"_wpcf7_posted_data_hash\" value=\"\" \/><input type=\"hidden\" name=\"redirect_nonce\" value=\"acd5fbf210\" \/><input type=\"hidden\" name=\"wpcf7cfpdf_hidden_name\" value=\"document-pdf\" \/><input type=\"hidden\" name=\"wpcf7cfpdf_hidden_reference\" value=\"e32ffea9\" \/><input type=\"hidden\" name=\"wpcf7cfpdf_hidden_date\" value=\"May1,2026\" \/>\n<\/fieldset>\n<p><label> <span class=\"wpcf7-form-control-wrap\" data-name=\"your-name\"><input size=\"40\" maxlength=\"400\" class=\"wpcf7-form-control wpcf7-text wpcf7-validates-as-required\" aria-required=\"true\" aria-invalid=\"false\" placeholder=\"Nom\" value=\"\" type=\"text\" name=\"your-name\" \/><\/span> <\/label>\n<\/p>\n<p><label> <span class=\"wpcf7-form-control-wrap\" data-name=\"your-email\"><input size=\"40\" maxlength=\"400\" class=\"wpcf7-form-control wpcf7-email wpcf7-validates-as-required wpcf7-text wpcf7-validates-as-email\" aria-required=\"true\" aria-invalid=\"false\" placeholder=\"Email\" value=\"\" type=\"email\" name=\"your-email\" \/><\/span> <\/label>\n<\/p>\n<p><label> <span class=\"wpcf7-form-control-wrap\" data-name=\"telefono\"><input size=\"40\" maxlength=\"400\" class=\"wpcf7-form-control wpcf7-text wpcf7-validates-as-required\" aria-required=\"true\" aria-invalid=\"false\" placeholder=\"Tel\u00e8fon\" value=\"\" type=\"text\" name=\"telefono\" \/><\/span> <\/label>\n<\/p>\n<p><label> <span class=\"wpcf7-form-control-wrap\" data-name=\"edat\"><input size=\"40\" maxlength=\"400\" class=\"wpcf7-form-control wpcf7-text wpcf7-validates-as-required\" aria-required=\"true\" aria-invalid=\"false\" placeholder=\"Quina edat t\u00e9 l&#039;adolescent?\" value=\"\" type=\"text\" name=\"edat\" \/><\/span> <\/label>\n<\/p>\n<p><label> <span class=\"wpcf7-form-control-wrap\" data-name=\"your-message\"><textarea cols=\"40\" rows=\"10\" maxlength=\"2000\" class=\"wpcf7-form-control wpcf7-textarea wpcf7-validates-as-required\" aria-required=\"true\" aria-invalid=\"false\" placeholder=\"Explica breument el motiu de consulta per poder donar-te visita amb el millor especialista per a la vostra situaci\u00f3\" name=\"your-message\"><\/textarea><\/span> <\/label>\n<\/p>\n<p><Small style = \"font-size: 0.6rem; line-height: .8rem\"> \u201cDe conformidad con lo establecido en la normativa vigente en Protecci\u00f3n de Datos de Car\u00e1cter Personal, te informamos que tus datos ser\u00e1n incorporados al sistema de tratamiento titularidad de CENTRE GRAT PSICOLOGIA S.L.U, con CIF B55425300 y domicilio social sito en (08007) Barcelona, calle Gran V\u00eda de les Corts Catalanes, n\u00ba 646, entresuelo 1\u00ba, con la finalidad de atender la comunicaci\u00f3n necesaria para la prestaci\u00f3n de los servicios contratados, siendo cedidos exclusivamente por imperativo legal, conforme a la legislaci\u00f3n tributaria vigente. En cumplimiento con la normativa vigente, CENTRE GRAT PSICOLOGIA S.L.U informa que los datos ser\u00e1n conservados durante el plazo estrictamente necesario para cumplir con los preceptos mencionados con anterioridad. De acuerdo con los derechos que te confiere la normativa vigente en protecci\u00f3n de datos podr\u00e1\u0301 ejercer los derechos de acceso, rectificaci\u00f3n, limitaci\u00f3n de tratamiento, supresi\u00f3n, portabilidad y oposici\u00f3n al tratamiento de sus datos de car\u00e1cter personal, as\u00ed como del consentimiento prestado para el tratamiento de los mismos, dirigiendo su petici\u00f3n a la direcci\u00f3n postal indicada m\u00e1s arriba o al correo electr\u00f3nico: info@centregrat.com. Podr\u00e1s dirigirte a la Autoridad de Control competente para presentar la reclamaci\u00f3n que consideres oportuna. El env\u00edo de estos datos implica la aceptaci\u00f3n de esta cl\u00e1usula\u201d  <\/small>\n<\/p>\n<p><span class=\"wpcf7-form-control-wrap\" data-name=\"acceptance-481\"><span class=\"wpcf7-form-control wpcf7-acceptance\"><span class=\"wpcf7-list-item\"><input type=\"checkbox\" name=\"acceptance-481\" value=\"1\" aria-invalid=\"false\" \/><\/span><\/span><\/span> Confirmo que he llegit i ACCEPTO tots els termes i condicions de tractament de dades exposades aqu\u00ed i a la <a style=\"line-height: 2rem;\" href='\/politica-de-privacidad\/'> Pol\u00edtica de Privacitat <\/a>\n<\/p>\n<p><input class=\"wpcf7-form-control wpcf7-submit has-spinner\" type=\"submit\" value=\"ENVIAR\" \/>\n<\/p><p style=\"display: none !important;\" class=\"akismet-fields-container\" data-prefix=\"_wpcf7_ak_\"><label>&#916;<textarea name=\"_wpcf7_ak_hp_textarea\" cols=\"45\" rows=\"8\" maxlength=\"100\"><\/textarea><\/label><input type=\"hidden\" id=\"ak_js_1\" name=\"_wpcf7_ak_js\" value=\"60\"\/><script>document.getElementById( \"ak_js_1\" ).setAttribute( \"value\", ( new Date() ).getTime() );<\/script><\/p><div class=\"wpcf7-response-output\" aria-hidden=\"true\"><\/div>\n<\/form>\n<\/div>\n[\/vc_column][\/vc_row]<\/p>\n<\/div>","protected":false},"excerpt":{"rendered":"<p>[vc_row css_animation=&#8221;&#8221; row_type=&#8221;row&#8221; use_row_as_full_screen_section=&#8221;no&#8221; type=&#8221;grid&#8221; angled_section=&#8221;no&#8221; text_align=&#8221;left&#8221; background_image=&#8221;597&#8243; background_image_as_pattern=&#8221;without_pattern&#8221;][vc_column][vc_empty_space height=&#8221;75px&#8221;][vc_row_inner row_type=&#8221;row&#8221; type=&#8221;full_width&#8221; text_align=&#8221;left&#8221; padding_top=&#8221;25&#8243; css_animation=&#8221;&#8221; css=&#8221;.vc_custom_1490978050623{padding-top: 50px !important;padding-right: 25px !important;padding-left: 25px !important;background-color: rgba(32,55,109,0.81) !important;*background-color: rgb(32,55,109) !important;}&#8221;][vc_column_inner][vc_column_text] Ter\u00e0pia Psicol\u00f2gica per a adolescents i fam\u00edlies [\/vc_column_text][vc_separator type=&#8221;small&#8221; position=&#8221;center&#8221; up=&#8221;25&#8243; down=&#8221;0&#8243;][\/vc_column_inner][\/vc_row_inner][vc_row_inner row_type=&#8221;row&#8221; type=&#8221;full_width&#8221; text_align=&#8221;center&#8221; background_color=&#8221;rgba(32,55,109,0.81)&#8221; padding_bottom=&#8221;50&#8243; css_animation=&#8221;&#8221; css=&#8221;.vc_custom_1493310011113{padding-top: 25px !important;padding-right: 25px !important;padding-bottom: 25px !important;padding-left: 25px !important;}&#8221;][vc_column_inner width=&#8221;1\/6&#8243;][\/vc_column_inner][vc_column_inner width=&#8221;2\/3&#8243;][vc_column_text] Psic\u00f2legs especialistes en ter\u00e0pia amb adolescents i fam\u00edlies a Barcelona [\/vc_column_text][vc_empty_space][vc_empty_space][\/vc_column_inner][vc_column_inner width=&#8221;1\/6&#8243;][\/vc_column_inner][\/vc_row_inner][vc_empty_space height=&#8221;75px&#8221;][\/vc_column][\/vc_row][vc_row css_animation=&#8221;&#8221; row_type=&#8221;row&#8221; use_row_as_full_screen_section=&#8221;no&#8221; type=&#8221;grid&#8221; angled_section=&#8221;no&#8221; text_align=&#8221;left&#8221; background_image_as_pattern=&#8221;without_pattern&#8221; padding_top=&#8221;75&#8243; padding_bottom=&#8221;75&#8243;][vc_column][vc_column_text css=&#8221;&#8221;] Per qu\u00e8 l&#8217;adolesc\u00e8ncia \u00e9s un per\u00edode en el qual apareixen moltes complicacions? [\/vc_column_text][vc_separator type=&#8221;small&#8221; position=&#8221;center&#8221; up=&#8221;25&#8243; down=&#8221;25&#8243;][vc_row_inner row_type=&#8221;row&#8221; type=&#8221;full_width&#8221; text_align=&#8221;left&#8221; css_animation=&#8221;&#8221;][vc_column_inner width=&#8221;1\/2&#8243;][vc_column_text&#8230;<\/p>\n","protected":false},"author":1,"featured_media":0,"parent":0,"menu_order":0,"comment_status":"closed","ping_status":"closed","template":"full_width.php","meta":{"_acf_changed":false,"_exactmetrics_skip_tracking":false,"_exactmetrics_sitenote_active":false,"_exactmetrics_sitenote_note":"","_exactmetrics_sitenote_category":0,"footnotes":""},"class_list":["post-594","page","type-page","status-publish","hentry"],"acf":[],"yoast_head":"<!-- This site is optimized with the Yoast SEO plugin v27.4 - https:\/\/yoast.com\/product\/yoast-seo-wordpress\/ -->\n<title>ADOL - Ter\u00e0pia psicol\u00f2gica adolescents i fam\u00edlies - Centre GRAT | Centre de psicologia a Barcelona<\/title>\n<meta name=\"robots\" content=\"index, follow, max-snippet:-1, max-image-preview:large, max-video-preview:-1\" \/>\n<link rel=\"canonical\" href=\"https:\/\/www.centregrat.com\/ca\/psicoterapia-terapia-psicologica-adolescents-i-families-a-barcelona\/\" \/>\n<meta property=\"og:locale\" content=\"ca_ES\" \/>\n<meta property=\"og:type\" content=\"article\" \/>\n<meta property=\"og:title\" content=\"ADOL - Ter\u00e0pia psicol\u00f2gica adolescents i fam\u00edlies - Centre GRAT | Centre de psicologia a Barcelona\" \/>\n<meta property=\"og:description\" content=\"[vc_row css_animation=&#8221;&#8221; row_type=&#8221;row&#8221; use_row_as_full_screen_section=&#8221;no&#8221; type=&#8221;grid&#8221; angled_section=&#8221;no&#8221; text_align=&#8221;left&#8221; background_image=&#8221;597&#8243; background_image_as_pattern=&#8221;without_pattern&#8221;][vc_column][vc_empty_space height=&#8221;75px&#8221;][vc_row_inner row_type=&#8221;row&#8221; type=&#8221;full_width&#8221; text_align=&#8221;left&#8221; padding_top=&#8221;25&#8243; css_animation=&#8221;&#8221; css=&#8221;.vc_custom_1490978050623{padding-top: 50px !important;padding-right: 25px !important;padding-left: 25px !important;background-color: rgba(32,55,109,0.81) !important;*background-color: rgb(32,55,109) !important;}&#8221;][vc_column_inner][vc_column_text] Ter\u00e0pia Psicol\u00f2gica per a adolescents i fam\u00edlies [\/vc_column_text][vc_separator type=&#8221;small&#8221; position=&#8221;center&#8221; up=&#8221;25&#8243; down=&#8221;0&#8243;][\/vc_column_inner][\/vc_row_inner][vc_row_inner row_type=&#8221;row&#8221; type=&#8221;full_width&#8221; text_align=&#8221;center&#8221; background_color=&#8221;rgba(32,55,109,0.81)&#8221; padding_bottom=&#8221;50&#8243; css_animation=&#8221;&#8221; css=&#8221;.vc_custom_1493310011113{padding-top: 25px !important;padding-right: 25px !important;padding-bottom: 25px !important;padding-left: 25px !important;}&#8221;][vc_column_inner width=&#8221;1\/6&#8243;][\/vc_column_inner][vc_column_inner width=&#8221;2\/3&#8243;][vc_column_text] Psic\u00f2legs especialistes en ter\u00e0pia amb adolescents i fam\u00edlies a Barcelona [\/vc_column_text][vc_empty_space][vc_empty_space][\/vc_column_inner][vc_column_inner width=&#8221;1\/6&#8243;][\/vc_column_inner][\/vc_row_inner][vc_empty_space height=&#8221;75px&#8221;][\/vc_column][\/vc_row][vc_row css_animation=&#8221;&#8221; row_type=&#8221;row&#8221; use_row_as_full_screen_section=&#8221;no&#8221; type=&#8221;grid&#8221; angled_section=&#8221;no&#8221; text_align=&#8221;left&#8221; background_image_as_pattern=&#8221;without_pattern&#8221; padding_top=&#8221;75&#8243; padding_bottom=&#8221;75&#8243;][vc_column][vc_column_text css=&#8221;&#8221;] Per qu\u00e8 l&#8217;adolesc\u00e8ncia \u00e9s un per\u00edode en el qual apareixen moltes complicacions? [\/vc_column_text][vc_separator type=&#8221;small&#8221; position=&#8221;center&#8221; up=&#8221;25&#8243; down=&#8221;25&#8243;][vc_row_inner row_type=&#8221;row&#8221; type=&#8221;full_width&#8221; text_align=&#8221;left&#8221; css_animation=&#8221;&#8221;][vc_column_inner width=&#8221;1\/2&#8243;][vc_column_text...\" \/>\n<meta property=\"og:url\" content=\"https:\/\/www.centregrat.com\/ca\/psicoterapia-terapia-psicologica-adolescents-i-families-a-barcelona\/\" \/>\n<meta property=\"og:site_name\" content=\"Centre GRAT | Centre de psicologia a Barcelona\" \/>\n<meta property=\"article:modified_time\" content=\"2026-04-27T09:28:40+00:00\" \/>\n<meta property=\"og:image\" content=\"https:\/\/www.centregrat.com\/wp-content\/uploads\/2017\/03\/logo-grat-90-psicologia-educacio.png\" \/>\n\t<meta property=\"og:image:width\" content=\"90\" \/>\n\t<meta property=\"og:image:height\" content=\"90\" \/>\n\t<meta property=\"og:image:type\" content=\"image\/png\" \/>\n<meta name=\"twitter:card\" content=\"summary_large_image\" \/>\n<meta name=\"twitter:label1\" content=\"Temps estimat de lectura\" \/>\n\t<meta name=\"twitter:data1\" content=\"14 minuts\" \/>\n<script type=\"application\/ld+json\" class=\"yoast-schema-graph\">{\"@context\":\"https:\\\/\\\/schema.org\",\"@graph\":[{\"@type\":\"WebPage\",\"@id\":\"https:\\\/\\\/www.centregrat.com\\\/ca\\\/psicoterapia-terapia-psicologica-adolescents-i-families-a-barcelona\\\/\",\"url\":\"https:\\\/\\\/www.centregrat.com\\\/ca\\\/psicoterapia-terapia-psicologica-adolescents-i-families-a-barcelona\\\/\",\"name\":\"ADOL - Ter\u00e0pia psicol\u00f2gica adolescents i fam\u00edlies - Centre GRAT | Centre de psicologia a Barcelona\",\"isPartOf\":{\"@id\":\"https:\\\/\\\/www.centregrat.com\\\/ca\\\/#website\"},\"datePublished\":\"2017-05-30T07:55:30+00:00\",\"dateModified\":\"2026-04-27T09:28:40+00:00\",\"breadcrumb\":{\"@id\":\"https:\\\/\\\/www.centregrat.com\\\/ca\\\/psicoterapia-terapia-psicologica-adolescents-i-families-a-barcelona\\\/#breadcrumb\"},\"inLanguage\":\"ca\",\"potentialAction\":[{\"@type\":\"ReadAction\",\"target\":[\"https:\\\/\\\/www.centregrat.com\\\/ca\\\/psicoterapia-terapia-psicologica-adolescents-i-families-a-barcelona\\\/\"]}]},{\"@type\":\"BreadcrumbList\",\"@id\":\"https:\\\/\\\/www.centregrat.com\\\/ca\\\/psicoterapia-terapia-psicologica-adolescents-i-families-a-barcelona\\\/#breadcrumb\",\"itemListElement\":[{\"@type\":\"ListItem\",\"position\":1,\"name\":\"Portada\",\"item\":\"https:\\\/\\\/www.centregrat.com\\\/ca\\\/\"},{\"@type\":\"ListItem\",\"position\":2,\"name\":\"ADOL &#8211; Ter\u00e0pia psicol\u00f2gica adolescents i fam\u00edlies\"}]},{\"@type\":\"WebSite\",\"@id\":\"https:\\\/\\\/www.centregrat.com\\\/ca\\\/#website\",\"url\":\"https:\\\/\\\/www.centregrat.com\\\/ca\\\/\",\"name\":\"Centre GRAT | Centre de psicologia a Barcelona\",\"description\":\"Millora la teva qualitat de vida. Et donem les eines necess\u00e0ries perqu\u00e8 aconsegueixis portar una vida satisfact\u00f2ria. Coneix el nostre centre de psicologia a Barcelona\",\"publisher\":{\"@id\":\"https:\\\/\\\/www.centregrat.com\\\/ca\\\/#organization\"},\"potentialAction\":[{\"@type\":\"SearchAction\",\"target\":{\"@type\":\"EntryPoint\",\"urlTemplate\":\"https:\\\/\\\/www.centregrat.com\\\/ca\\\/?s={search_term_string}\"},\"query-input\":{\"@type\":\"PropertyValueSpecification\",\"valueRequired\":true,\"valueName\":\"search_term_string\"}}],\"inLanguage\":\"ca\"},{\"@type\":\"Organization\",\"@id\":\"https:\\\/\\\/www.centregrat.com\\\/ca\\\/#organization\",\"name\":\"Centre GRAT\",\"url\":\"https:\\\/\\\/www.centregrat.com\\\/ca\\\/\",\"logo\":{\"@type\":\"ImageObject\",\"inLanguage\":\"ca\",\"@id\":\"https:\\\/\\\/www.centregrat.com\\\/ca\\\/#\\\/schema\\\/logo\\\/image\\\/\",\"url\":\"https:\\\/\\\/www.centregrat.com\\\/wp-content\\\/uploads\\\/2017\\\/03\\\/logo-grat-90-psicologia-educacio.png\",\"contentUrl\":\"https:\\\/\\\/www.centregrat.com\\\/wp-content\\\/uploads\\\/2017\\\/03\\\/logo-grat-90-psicologia-educacio.png\",\"width\":90,\"height\":90,\"caption\":\"Centre GRAT\"},\"image\":{\"@id\":\"https:\\\/\\\/www.centregrat.com\\\/ca\\\/#\\\/schema\\\/logo\\\/image\\\/\"}}]}<\/script>\n<!-- \/ Yoast SEO plugin. -->","yoast_head_json":{"title":"ADOL - Ter\u00e0pia psicol\u00f2gica adolescents i fam\u00edlies - Centre GRAT | Centre de psicologia a Barcelona","robots":{"index":"index","follow":"follow","max-snippet":"max-snippet:-1","max-image-preview":"max-image-preview:large","max-video-preview":"max-video-preview:-1"},"canonical":"https:\/\/www.centregrat.com\/ca\/psicoterapia-terapia-psicologica-adolescents-i-families-a-barcelona\/","og_locale":"ca_ES","og_type":"article","og_title":"ADOL - Ter\u00e0pia psicol\u00f2gica adolescents i fam\u00edlies - Centre GRAT | Centre de psicologia a Barcelona","og_description":"[vc_row css_animation=&#8221;&#8221; row_type=&#8221;row&#8221; use_row_as_full_screen_section=&#8221;no&#8221; type=&#8221;grid&#8221; angled_section=&#8221;no&#8221; text_align=&#8221;left&#8221; background_image=&#8221;597&#8243; background_image_as_pattern=&#8221;without_pattern&#8221;][vc_column][vc_empty_space height=&#8221;75px&#8221;][vc_row_inner row_type=&#8221;row&#8221; type=&#8221;full_width&#8221; text_align=&#8221;left&#8221; padding_top=&#8221;25&#8243; css_animation=&#8221;&#8221; css=&#8221;.vc_custom_1490978050623{padding-top: 50px !important;padding-right: 25px !important;padding-left: 25px !important;background-color: rgba(32,55,109,0.81) !important;*background-color: rgb(32,55,109) !important;}&#8221;][vc_column_inner][vc_column_text] Ter\u00e0pia Psicol\u00f2gica per a adolescents i fam\u00edlies [\/vc_column_text][vc_separator type=&#8221;small&#8221; position=&#8221;center&#8221; up=&#8221;25&#8243; down=&#8221;0&#8243;][\/vc_column_inner][\/vc_row_inner][vc_row_inner row_type=&#8221;row&#8221; type=&#8221;full_width&#8221; text_align=&#8221;center&#8221; background_color=&#8221;rgba(32,55,109,0.81)&#8221; padding_bottom=&#8221;50&#8243; css_animation=&#8221;&#8221; css=&#8221;.vc_custom_1493310011113{padding-top: 25px !important;padding-right: 25px !important;padding-bottom: 25px !important;padding-left: 25px !important;}&#8221;][vc_column_inner width=&#8221;1\/6&#8243;][\/vc_column_inner][vc_column_inner width=&#8221;2\/3&#8243;][vc_column_text] Psic\u00f2legs especialistes en ter\u00e0pia amb adolescents i fam\u00edlies a Barcelona [\/vc_column_text][vc_empty_space][vc_empty_space][\/vc_column_inner][vc_column_inner width=&#8221;1\/6&#8243;][\/vc_column_inner][\/vc_row_inner][vc_empty_space height=&#8221;75px&#8221;][\/vc_column][\/vc_row][vc_row css_animation=&#8221;&#8221; row_type=&#8221;row&#8221; use_row_as_full_screen_section=&#8221;no&#8221; type=&#8221;grid&#8221; angled_section=&#8221;no&#8221; text_align=&#8221;left&#8221; background_image_as_pattern=&#8221;without_pattern&#8221; padding_top=&#8221;75&#8243; padding_bottom=&#8221;75&#8243;][vc_column][vc_column_text css=&#8221;&#8221;] Per qu\u00e8 l&#8217;adolesc\u00e8ncia \u00e9s un per\u00edode en el qual apareixen moltes complicacions? [\/vc_column_text][vc_separator type=&#8221;small&#8221; position=&#8221;center&#8221; up=&#8221;25&#8243; down=&#8221;25&#8243;][vc_row_inner row_type=&#8221;row&#8221; type=&#8221;full_width&#8221; text_align=&#8221;left&#8221; css_animation=&#8221;&#8221;][vc_column_inner width=&#8221;1\/2&#8243;][vc_column_text...","og_url":"https:\/\/www.centregrat.com\/ca\/psicoterapia-terapia-psicologica-adolescents-i-families-a-barcelona\/","og_site_name":"Centre GRAT | Centre de psicologia a Barcelona","article_modified_time":"2026-04-27T09:28:40+00:00","og_image":[{"width":90,"height":90,"url":"https:\/\/www.centregrat.com\/wp-content\/uploads\/2017\/03\/logo-grat-90-psicologia-educacio.png","type":"image\/png"}],"twitter_card":"summary_large_image","twitter_misc":{"Temps estimat de lectura":"14 minuts"},"schema":{"@context":"https:\/\/schema.org","@graph":[{"@type":"WebPage","@id":"https:\/\/www.centregrat.com\/ca\/psicoterapia-terapia-psicologica-adolescents-i-families-a-barcelona\/","url":"https:\/\/www.centregrat.com\/ca\/psicoterapia-terapia-psicologica-adolescents-i-families-a-barcelona\/","name":"ADOL - Ter\u00e0pia psicol\u00f2gica adolescents i fam\u00edlies - Centre GRAT | Centre de psicologia a Barcelona","isPartOf":{"@id":"https:\/\/www.centregrat.com\/ca\/#website"},"datePublished":"2017-05-30T07:55:30+00:00","dateModified":"2026-04-27T09:28:40+00:00","breadcrumb":{"@id":"https:\/\/www.centregrat.com\/ca\/psicoterapia-terapia-psicologica-adolescents-i-families-a-barcelona\/#breadcrumb"},"inLanguage":"ca","potentialAction":[{"@type":"ReadAction","target":["https:\/\/www.centregrat.com\/ca\/psicoterapia-terapia-psicologica-adolescents-i-families-a-barcelona\/"]}]},{"@type":"BreadcrumbList","@id":"https:\/\/www.centregrat.com\/ca\/psicoterapia-terapia-psicologica-adolescents-i-families-a-barcelona\/#breadcrumb","itemListElement":[{"@type":"ListItem","position":1,"name":"Portada","item":"https:\/\/www.centregrat.com\/ca\/"},{"@type":"ListItem","position":2,"name":"ADOL &#8211; Ter\u00e0pia psicol\u00f2gica adolescents i fam\u00edlies"}]},{"@type":"WebSite","@id":"https:\/\/www.centregrat.com\/ca\/#website","url":"https:\/\/www.centregrat.com\/ca\/","name":"Centre GRAT | Centre de psicologia a Barcelona","description":"Millora la teva qualitat de vida. Et donem les eines necess\u00e0ries perqu\u00e8 aconsegueixis portar una vida satisfact\u00f2ria. Coneix el nostre centre de psicologia a Barcelona","publisher":{"@id":"https:\/\/www.centregrat.com\/ca\/#organization"},"potentialAction":[{"@type":"SearchAction","target":{"@type":"EntryPoint","urlTemplate":"https:\/\/www.centregrat.com\/ca\/?s={search_term_string}"},"query-input":{"@type":"PropertyValueSpecification","valueRequired":true,"valueName":"search_term_string"}}],"inLanguage":"ca"},{"@type":"Organization","@id":"https:\/\/www.centregrat.com\/ca\/#organization","name":"Centre GRAT","url":"https:\/\/www.centregrat.com\/ca\/","logo":{"@type":"ImageObject","inLanguage":"ca","@id":"https:\/\/www.centregrat.com\/ca\/#\/schema\/logo\/image\/","url":"https:\/\/www.centregrat.com\/wp-content\/uploads\/2017\/03\/logo-grat-90-psicologia-educacio.png","contentUrl":"https:\/\/www.centregrat.com\/wp-content\/uploads\/2017\/03\/logo-grat-90-psicologia-educacio.png","width":90,"height":90,"caption":"Centre GRAT"},"image":{"@id":"https:\/\/www.centregrat.com\/ca\/#\/schema\/logo\/image\/"}}]}},"_links":{"self":[{"href":"https:\/\/www.centregrat.com\/ca\/wp-json\/wp\/v2\/pages\/594","targetHints":{"allow":["GET"]}}],"collection":[{"href":"https:\/\/www.centregrat.com\/ca\/wp-json\/wp\/v2\/pages"}],"about":[{"href":"https:\/\/www.centregrat.com\/ca\/wp-json\/wp\/v2\/types\/page"}],"author":[{"embeddable":true,"href":"https:\/\/www.centregrat.com\/ca\/wp-json\/wp\/v2\/users\/1"}],"replies":[{"embeddable":true,"href":"https:\/\/www.centregrat.com\/ca\/wp-json\/wp\/v2\/comments?post=594"}],"version-history":[{"count":76,"href":"https:\/\/www.centregrat.com\/ca\/wp-json\/wp\/v2\/pages\/594\/revisions"}],"predecessor-version":[{"id":35634,"href":"https:\/\/www.centregrat.com\/ca\/wp-json\/wp\/v2\/pages\/594\/revisions\/35634"}],"wp:attachment":[{"href":"https:\/\/www.centregrat.com\/ca\/wp-json\/wp\/v2\/media?parent=594"}],"curies":[{"name":"wp","href":"https:\/\/api.w.org\/{rel}","templated":true}]}}