{"id":642,"date":"2017-06-01T09:47:32","date_gmt":"2017-06-01T09:47:32","guid":{"rendered":"https:\/\/www.centregrat.com\/?page_id=642"},"modified":"2026-04-27T08:24:15","modified_gmt":"2026-04-27T08:24:15","slug":"grups-dhabilitats-socials-adolescents-barcelona","status":"publish","type":"page","link":"https:\/\/www.centregrat.com\/ca\/grups-dhabilitats-socials-adolescents-barcelona\/","title":{"rendered":"ADOL &#8211; Grup d&#8217;habilitats socials adolescents i joves"},"content":{"rendered":"<div class=\"wpb-content-wrapper\"><p>[vc_row css_animation=&#8221;&#8221; row_type=&#8221;row&#8221; use_row_as_full_screen_section=&#8221;no&#8221; type=&#8221;grid&#8221; angled_section=&#8221;no&#8221; text_align=&#8221;left&#8221; background_image=&#8221;643&#8243; background_image_as_pattern=&#8221;without_pattern&#8221;][vc_column][vc_empty_space height=&#8221;75px&#8221;][vc_row_inner row_type=&#8221;row&#8221; type=&#8221;full_width&#8221; text_align=&#8221;left&#8221; padding_top=&#8221;25&#8243; css_animation=&#8221;&#8221; css=&#8221;.vc_custom_1490978050623{padding-top: 50px !important;padding-right: 25px !important;padding-left: 25px !important;background-color: rgba(32,55,109,0.81) !important;*background-color: rgb(32,55,109) !important;}&#8221;][vc_column_inner][vc_column_text]<\/p>\n<h1 style=\"text-align: center;\"><span style=\"color: #ffffff;\"><strong>Millora de les Habilitats Socials en Grups per Adolescents i Joves a Barcelona<\/strong><\/span><\/h1>\n<p>[\/vc_column_text][vc_separator type=&#8221;small&#8221; position=&#8221;center&#8221; up=&#8221;25&#8243; down=&#8221;0&#8243;][\/vc_column_inner][\/vc_row_inner][vc_row_inner row_type=&#8221;row&#8221; type=&#8221;full_width&#8221; text_align=&#8221;center&#8221; background_color=&#8221;rgba(32,55,109,0.81)&#8221; padding_bottom=&#8221;50&#8243; css_animation=&#8221;&#8221; css=&#8221;.vc_custom_1493310011113{padding-top: 25px !important;padding-right: 25px !important;padding-bottom: 25px !important;padding-left: 25px !important;}&#8221;][vc_column_inner width=&#8221;1\/6&#8243;][\/vc_column_inner][vc_column_inner width=&#8221;2\/3&#8243;][vc_column_text]<\/p>\n<p style=\"text-align: center;\"><span style=\"color: #ffffff;\">Ajudem a adolescents d&#8217;entre 12 i 22 anys que tenen dificultats a l&#8217;hora de relacionar-se amb els altres, a adquirir les habilitats necess\u00e0ries per establir una relaci\u00f3 sana i segura amb els dem\u00e9s i sentir-se b\u00e9, a trav\u00e9s de posar en pr\u00e0ctica t\u00e8cniques que els proporcionem als nostres grups d&#8217;habilitats socials.<\/span><\/p>\n<p>[\/vc_column_text][vc_empty_space]<a  itemprop=\"url\" href=\"#contacto\" target=\"_self\" data-hover-background-color=#20376d data-hover-border-color=#20376d  class=\"qbutton  large default\" style=\"border-color: #ffc92d; background-color: #ffc92d;\">Sol\u00b7licita una visita informativa gratu\u00efta<\/a>[\/vc_column_inner][vc_column_inner width=&#8221;1\/6&#8243;][\/vc_column_inner][\/vc_row_inner][vc_empty_space height=&#8221;75px&#8221;][\/vc_column][\/vc_row][vc_row css_animation=&#8221;&#8221; row_type=&#8221;row&#8221; use_row_as_full_screen_section=&#8221;no&#8221; type=&#8221;grid&#8221; angled_section=&#8221;no&#8221; text_align=&#8221;left&#8221; background_image_as_pattern=&#8221;without_pattern&#8221; padding_top=&#8221;75&#8243; padding_bottom=&#8221;75&#8243;][vc_column][vc_column_text]<\/p>\n<h2 style=\"text-align: center;\">Prova la metodologia m\u00e9s efica\u00e7 per millorar les habilitats socials<\/h2>\n<p>[\/vc_column_text][vc_separator type=&#8221;small&#8221; position=&#8221;center&#8221; up=&#8221;25&#8243; down=&#8221;25&#8243;][vc_column_text]<\/p>\n<h3 style=\"text-align: center;\">El teu fill\/a aprendr\u00e0 a relacionar-se millor amb els seus companys<\/h3>\n<p>[\/vc_column_text][vc_empty_space][vc_row_inner row_type=&#8221;row&#8221; type=&#8221;full_width&#8221; text_align=&#8221;left&#8221; css_animation=&#8221;&#8221;][vc_column_inner width=&#8221;1\/2&#8243;][vc_column_text]L\u2019adolesc\u00e8ncia \u00e9s una etapa de canvis on es comencen a assajar les habilitats socials que quedaran consolidades a l\u2019edat adulta. Per tant, dificultats de relaci\u00f3 amb els companys a l\u2019adolesc\u00e8ncia poden derivar en problemes importants a l\u2019adultesa, com ara l\u2019establiment de relacions superficials (sense tenir un vincle fort, sense confian\u00e7a), no saber posar l\u00edmits (per por al conflicte), posar l\u00edmits de manera agressiva (per por a que ens puguin fer mal), evitar iniciar o mantenir converses, problemes a la feina, etc.[\/vc_column_text][\/vc_column_inner][vc_column_inner width=&#8221;1\/2&#8243;][vc_column_text]A m\u00e9s, l\u2019adolescent comparteix moltes hores al dia amb companys i amics, que cada cop esdevenen m\u00e9s importants a la seva vida i es tornen m\u00e9s influents.<\/p>\n<p>Per tant, \u00e9s important saber gestionar aquetes relacions d\u2019una manera sana per tal d\u2019enfortir l\u2019autoestima i que l\u2019adolescent aprengui i gaudeixi amb persones de la seva edat.[\/vc_column_text][\/vc_column_inner][\/vc_row_inner][vc_separator type=&#8221;normal&#8221; up=&#8221;75&#8243; down=&#8221;75&#8243;][vc_column_text]<\/p>\n<h2 style=\"text-align: center;\">Has observat en el teu fill alguna d&#8217;aquestes conductes?<\/h2>\n<p>[\/vc_column_text][vc_separator type=&#8221;small&#8221; position=&#8221;center&#8221; up=&#8221;25&#8243; down=&#8221;25&#8243;][vc_row_inner row_type=&#8221;row&#8221; type=&#8221;full_width&#8221; text_align=&#8221;left&#8221; css_animation=&#8221;&#8221;][vc_column_inner width=&#8221;1\/2&#8243;][vc_column_text]<\/p>\n<ul>\n<li>Li costa expressar el que pensa o vol<\/li>\n<li>T\u00e9 pocs amics o no en t\u00e9<\/li>\n<li>Quan els seus amics queden, ell es queda a casa<\/li>\n<li>Est\u00e0 immers en els videojocs<\/li>\n<li>Es comporta de manera agressiva amb els altres<\/li>\n<li>No fa coses per por a fer el rid\u00edcul<\/li>\n<li>No participa a classe mai<\/li>\n<\/ul>\n<p>[\/vc_column_text][\/vc_column_inner][vc_column_inner width=&#8221;1\/2&#8243;][vc_column_text]<\/p>\n<ul>\n<li>Encara que no li costa parlar amb els altres, sembla que no caigui b\u00e9<\/li>\n<li>Li costa posar-se al lloc de l&#8217;altre<\/li>\n<li>Acostuma a deixar-se endur pels altres<\/li>\n<li>Falta al respecte als altres freq\u00fcentment<\/li>\n<li>Li costa dir NO<\/li>\n<li>Li costa estar en grup<\/li>\n<\/ul>\n<p>[\/vc_column_text][\/vc_column_inner][\/vc_row_inner][\/vc_column][\/vc_row][vc_row css_animation=&#8221;&#8221; row_type=&#8221;row&#8221; use_row_as_full_screen_section=&#8221;no&#8221; type=&#8221;grid&#8221; angled_section=&#8221;no&#8221; text_align=&#8221;center&#8221; background_image=&#8221;660&#8243; background_image_as_pattern=&#8221;without_pattern&#8221; padding_top=&#8221;75&#8243; padding_bottom=&#8221;75&#8243;][vc_column][vc_column_text]<\/p>\n<h2 style=\"text-align: center;\"><span style=\"color: #ffffff;\">Us ajudem<\/span><\/h2>\n<p>[\/vc_column_text][vc_separator type=&#8221;small&#8221; position=&#8221;center&#8221; up=&#8221;25&#8243; down=&#8221;25&#8243;][vc_row_inner row_type=&#8221;row&#8221; type=&#8221;full_width&#8221; text_align=&#8221;left&#8221; css_animation=&#8221;&#8221;][vc_column_inner width=&#8221;1\/4&#8243;]<div class='q_icon_with_title tiny normal_icon center'><div class=\"icon_holder \" style=\" \"><span data-icon-type=\"normal\"   style=\"\" class=\"qode_iwt_icon_holder q_font_awsome_icon fa-lg \"><i class=\"qode_icon_font_awesome fa fa-users qode_iwt_icon_element\" style=\"color: #ffc92d;\" ><\/i><\/span><\/div><div class=\"icon_text_holder\" style=\"\"><div class=\"icon_text_inner\" style=\"\"><h3 class=\"icon_title\" style=\"color: #ffffff;\">Grups per edats<\/h3><p style='color: #ffffff'>1r Cicle ESO, 2n Cicle ESO, de 17 a 22 anys<\/p><\/div><\/div><\/div>[\/vc_column_inner][vc_column_inner width=&#8221;1\/4&#8243;]<div class='q_icon_with_title tiny normal_icon center'><div class=\"icon_holder \" style=\" \"><span data-icon-type=\"normal\"   style=\"\" class=\"qode_iwt_icon_holder q_font_awsome_icon fa-lg \"><i class=\"qode_icon_font_awesome fa fa-calendar qode_iwt_icon_element\" style=\"color: #ffc92d;\" ><\/i><\/span><\/div><div class=\"icon_text_holder\" style=\"\"><div class=\"icon_text_inner\" style=\"\"><h3 class=\"icon_title\" style=\"color: #ffffff;\">Grups continus<\/h3><p style='color: #ffffff'>Estan funcionant cont\u00ednuament. Cada persona finalitza el seu proc\u00e9s quan hagi assolit els seus objectius. <\/p><\/div><\/div><\/div>[\/vc_column_inner][vc_column_inner width=&#8221;1\/4&#8243;]<div class='q_icon_with_title tiny normal_icon center'><div class=\"icon_holder \" style=\" \"><span data-icon-type=\"normal\"   style=\"\" class=\"qode_iwt_icon_holder q_font_awsome_icon fa-lg \"><i class=\"qode_icon_font_awesome fa fa-child qode_iwt_icon_element\" style=\"color: #ffc92d;\" ><\/i><\/span><\/div><div class=\"icon_text_holder\" style=\"\"><div class=\"icon_text_inner\" style=\"\"><h3 class=\"icon_title\" style=\"color: #ffffff;\">Grups oberts<\/h3><p style='color: #ffffff'>La incorporaci\u00f3 al grup pot realitzar-se en qualsevol moment. Aix\u00f2 permet que els adolescents comencin a treballar les habilitats socials des del primer moment, introduint-se en un grup nou.<\/p><\/div><\/div><\/div>[\/vc_column_inner][vc_column_inner width=&#8221;1\/4&#8243;]<div class='q_icon_with_title tiny normal_icon center'><div class=\"icon_holder \" style=\" \"><span data-icon-type=\"normal\"   style=\"\" class=\"qode_iwt_icon_holder q_font_awsome_icon fa-lg \"><i class=\"qode_icon_font_awesome fa fa-file qode_iwt_icon_element\" style=\"color: #ffc92d;\" ><\/i><\/span><\/div><div class=\"icon_text_holder\" style=\"\"><div class=\"icon_text_inner\" style=\"\"><h3 class=\"icon_title\" style=\"color: #ffffff;\">Treball pr\u00e0ctic i din\u00e0mic<\/h3><p style='color: #ffffff'>A trav\u00e9s de t\u00e8cniques i exercicis pr\u00e0ctics que permetran superar les dificultats que cada persona es trobi a l'hora de relacionar-se. <\/p><\/div><\/div><\/div>[\/vc_column_inner][\/vc_row_inner][vc_empty_space]<a  itemprop=\"url\" href=\"#contacto\" target=\"_self\" data-hover-background-color=#20376d data-hover-border-color=#20376d  class=\"qbutton  large default\" style=\"border-color: #ffc92d; background-color: #ffc92d;\">Sol\u00b7licita una visita informativa gratu\u00efta<\/a>[\/vc_column][\/vc_row][vc_row css_animation=&#8221;&#8221; row_type=&#8221;row&#8221; use_row_as_full_screen_section=&#8221;no&#8221; type=&#8221;grid&#8221; angled_section=&#8221;no&#8221; text_align=&#8221;left&#8221; background_image_as_pattern=&#8221;without_pattern&#8221; padding_top=&#8221;75&#8243; padding_bottom=&#8221;75&#8243;][vc_column][vc_column_text]<\/p>\n<h2 style=\"text-align: center;\">Continguts del treball de les habilitats socials en grups d&#8217;adolescents<\/h2>\n<p>[\/vc_column_text][vc_separator type=&#8221;small&#8221; position=&#8221;center&#8221; up=&#8221;25&#8243; down=&#8221;25&#8243;][vc_column_text]<\/p>\n<p style=\"text-align: center;\">Es treballaran principalment, els seg\u00fcents aspectes relacionats amb les habilitats socials:<\/p>\n<p>[\/vc_column_text][vc_empty_space height=&#8221;32&#8243;][vc_row_inner row_type=&#8221;row&#8221; type=&#8221;full_width&#8221; text_align=&#8221;left&#8221; css_animation=&#8221;&#8221;][vc_column_inner width=&#8221;1\/2&#8243;]<div class=\"q_icon_list\"><i class=\"qode_icon_font_awesome fa fa-check qode-ili-icon-holder transparent\" style=\"color: #ffc92d;\" ><\/i><p style=\"font-size: 18px;margin-bottom: 18px;\">Conversa (iniciar, mantenir, finalitzar) <\/p><\/div><div class=\"q_icon_list\"><i class=\"qode_icon_font_awesome fa fa-check qode-ili-icon-holder transparent\" style=\"color: #ffc92d;\" ><\/i><p style=\"font-size: 18px;margin-bottom: 18px;\">Fer i rebutjar peticions<\/p><\/div><div class=\"q_icon_list\"><i class=\"qode_icon_font_awesome fa fa-check qode-ili-icon-holder transparent\" style=\"color: #ffc92d;\" ><\/i><p style=\"font-size: 18px;margin-bottom: 18px;\">Solucionar conflictes personals <\/p><\/div><div class=\"q_icon_list\"><i class=\"qode_icon_font_awesome fa fa-check qode-ili-icon-holder transparent\" style=\"color: #ffc92d;\" ><\/i><p style=\"font-size: 18px;margin-bottom: 18px;\">Estils comunicatius: passiu, agressiu i assertiu<\/p><\/div><div class=\"q_icon_list\"><i class=\"qode_icon_font_awesome fa fa-check qode-ili-icon-holder transparent\" style=\"color: #ffc92d;\" ><\/i><p style=\"font-size: 18px;margin-bottom: 18px;\">Autoestima<\/p><\/div><div class=\"q_icon_list\"><i class=\"qode_icon_font_awesome fa fa-check qode-ili-icon-holder transparent\" style=\"color: #ffc92d;\" ><\/i><p style=\"font-size: 18px;margin-bottom: 18px;\">Empatia<\/p><\/div>[\/vc_column_inner][vc_column_inner width=&#8221;1\/2&#8243;]<div class=\"q_icon_list\"><i class=\"qode_icon_font_awesome fa fa-check qode-ili-icon-holder transparent\" style=\"color: #ffc92d;\" ><\/i><p style=\"font-size: 18px;margin-bottom: 18px;\">Posar l\u00edmits, saber dir no<\/p><\/div><div class=\"q_icon_list\"><i class=\"qode_icon_font_awesome fa fa-check qode-ili-icon-holder transparent\" style=\"color: #ffc92d;\" ><\/i><p style=\"font-size: 18px;margin-bottom: 18px;\">Pensaments i creences negatius o limitants<\/p><\/div><div class=\"q_icon_list\"><i class=\"qode_icon_font_awesome fa fa-check qode-ili-icon-holder transparent\" style=\"color: #ffc92d;\" ><\/i><p style=\"font-size: 18px;margin-bottom: 18px;\">Comunicaci\u00f3: llenguatge verbal i llenguatge no verbal<\/p><\/div><div class=\"q_icon_list\"><i class=\"qode_icon_font_awesome fa fa-check qode-ili-icon-holder transparent\" style=\"color: #ffc92d;\" ><\/i><p style=\"font-size: 18px;margin-bottom: 18px;\">Improvisaci\u00f3 \/ Espontane\u00eftat<\/p><\/div><div class=\"q_icon_list\"><i class=\"qode_icon_font_awesome fa fa-check qode-ili-icon-holder transparent\" style=\"color: #ffc92d;\" ><\/i><p style=\"font-size: 18px;margin-bottom: 18px;\">Vergonya \/ Timidesa \/ Inseguretat<\/p><\/div><div class=\"q_icon_list\"><i class=\"qode_icon_font_awesome fa fa-check qode-ili-icon-holder transparent\" style=\"color: #ffc92d;\" ><\/i><p style=\"font-size: 18px;margin-bottom: 18px;\">Intel\u00b7lig\u00e8ncia emocional<\/p><\/div>[\/vc_column_inner][\/vc_row_inner][vc_separator type=&#8221;normal&#8221; up=&#8221;75&#8243; down=&#8221;75&#8243;][vc_column_text]<\/p>\n<h2 style=\"text-align: center;\">Per qu\u00e8 \u00e9s important treballar les habilitats socials en grup?<\/h2>\n<p>[\/vc_column_text][vc_separator type=&#8221;small&#8221; position=&#8221;center&#8221; up=&#8221;25&#8243; down=&#8221;25&#8243;][vc_row_inner row_type=&#8221;row&#8221; type=&#8221;full_width&#8221; text_align=&#8221;left&#8221; css_animation=&#8221;&#8221;][vc_column_inner width=&#8221;1\/2&#8243;][vc_column_text]El grup d&#8217;habilitats socials \u00e9s una manera de treballar les relacions socials molt avantatjosa ja que permet que les persones que participen facin un treball personal i al mateix temps s\u2019enriqueixin del treball dels altres participants.<\/p>\n<p>El grup \u00e9s un context vivencial on l\u2019adolescent treballa les pors o dificultats en les relacions interpersonals i posa en pr\u00e0ctica les habilitats apreses, de manera que terapeuta i companys poden ajudar-lo i guiar-lo en el mateix moment.[\/vc_column_text][\/vc_column_inner][vc_column_inner width=&#8221;1\/2&#8243;][vc_column_text]Es treballa per a que desenvolupin la capacitat d\u2019empatia, aprenguin a no jutjar, a entendre i acceptar la difer\u00e8ncia en l\u2019altre, a comunicar-se d\u2019una manera assertiva i per tant, a conviure millor amb els altres.<\/p>\n<p>S\u2019aprenen habilitats comunicatives, ajudar i ser ajudats, a posar l\u00edmits, a superar la vergonya o la timidesa, etc.[\/vc_column_text][\/vc_column_inner][\/vc_row_inner][vc_separator type=&#8221;normal&#8221; up=&#8221;75&#8243; down=&#8221;75&#8243;][vc_column_text]<\/p>\n<h2 style=\"text-align: center;\">Els pares dels adolescents que ja han passat pel nostre grup d&#8217;habilitats socials estan satisfets amb els resultats i ens ho han dit a trav\u00e9s de ressenyes que ens han deixat a Google:<\/h2>\n<p>[\/vc_column_text][vc_separator type=&#8221;small&#8221; position=&#8221;center&#8221; up=&#8221;25&#8243; down=&#8221;25&#8243;][vc_row_inner row_type=&#8221;row&#8221; type=&#8221;full_width&#8221; text_align=&#8221;left&#8221; css_animation=&#8221;&#8221;][vc_column_inner width=&#8221;1\/2&#8243;][vc_column_text css=&#8221;.vc_custom_1496316343294{border-top-width: 1px !important;border-right-width: 1px !important;border-bottom-width: 1px !important;border-left-width: 1px !important;padding-top: 20px !important;padding-right: 20px !important;padding-bottom: 20px !important;padding-left: 20px !important;border-left-color: #ffc92d !important;border-left-style: dashed !important;border-right-color: #ffc92d !important;border-right-style: dashed !important;border-top-color: #ffc92d !important;border-top-style: dashed !important;border-bottom-color: #ffc92d !important;border-bottom-style: dashed !important;}&#8221;]<\/p>\n<p style=\"text-align: left;\"><em>&#8220;En este centro han ayudado mucho a mi hija de 12 a\u00f1os.<br \/>\nLe ha ido muy bien realizar sesiones de grupo de habilidades sociales con ni\u00f1@s de su misma edad y un poco m\u00e1s mayores.<br \/>\nLo hemos complementado con sesiones individuales y estamos muy contentos. Gracias Amalia&#8221;<br \/>\n<\/em><\/p>\n<p style=\"text-align: right;\"><strong> A.P.<\/strong><\/p>\n<p>[\/vc_column_text][\/vc_column_inner][vc_column_inner width=&#8221;1\/2&#8243;][vc_column_text css=&#8221;.vc_custom_1496316364623{border-top-width: 1px !important;border-right-width: 1px !important;border-bottom-width: 1px !important;border-left-width: 1px !important;padding-top: 20px !important;padding-right: 20px !important;padding-bottom: 20px !important;padding-left: 20px !important;border-left-color: #ffc92d !important;border-left-style: dashed !important;border-right-color: #ffc92d !important;border-right-style: dashed !important;border-top-color: #ffc92d !important;border-top-style: dashed !important;border-bottom-color: #ffc92d !important;border-bottom-style: dashed !important;}&#8221;]<\/p>\n<p style=\"text-align: left;\"><em>&#8220;Hem quedat molt contents de l&#8217;excel\u00b7lent tracte i professionalitat del Centre Grat. Vam escollir el grup d&#8217;habilitats socials de la Sra. Amalia Gord\u00f3vil, va ser un encert poder participar-hi. Recomano la tasca que fan i de ben segur que voldrem repetir.<br \/>\nNo perdeu mai l&#8217;inter\u00e8s i proximitat, aix\u00f2 ja us fa diferents!<br \/>\nUna mare amb agra\u00efment.&#8221;<br \/>\n<\/em><\/p>\n<p style=\"text-align: right;\"><strong>N.F.<\/strong><\/p>\n<p>[\/vc_column_text][\/vc_column_inner][\/vc_row_inner][\/vc_column][\/vc_row][vc_row css_animation=&#8221;&#8221; row_type=&#8221;row&#8221; use_row_as_full_screen_section=&#8221;no&#8221; type=&#8221;grid&#8221; anchor=&#8221;contacto&#8221; angled_section=&#8221;no&#8221; text_align=&#8221;center&#8221; background_image=&#8221;661&#8243; background_image_as_pattern=&#8221;without_pattern&#8221; padding_top=&#8221;50&#8243; padding_bottom=&#8221;50&#8243;][vc_column][vc_column_text]<\/p>\n<h2 style=\"text-align: center;\"><span style=\"color: #ffffff;\">Vull m\u00e9s informaci\u00f3 sobre els grups<\/span><\/h2>\n<p>[\/vc_column_text][vc_separator type=&#8221;small&#8221; position=&#8221;center&#8221; up=&#8221;25&#8243; down=&#8221;25&#8243;][vc_empty_space]\n<div class=\"wpcf7 no-js\" id=\"wpcf7-f695-o1\" lang=\"en-US\" dir=\"ltr\" data-wpcf7-id=\"695\">\n<div class=\"screen-reader-response\"><p role=\"status\" aria-live=\"polite\" aria-atomic=\"true\"><\/p> <ul><\/ul><\/div>\n<form action=\"\/ca\/wp-json\/wp\/v2\/pages\/642#wpcf7-f695-o1\" method=\"post\" class=\"wpcf7-form init default 7fb081fd7beb cmatic-conn cmatic-aud-28 cmatic-mapd0-0 cmatic-v097802 cmatic-sent-0 cmatic-total-7551\" aria-label=\"Contact form\" novalidate=\"novalidate\" data-status=\"init\">\n<fieldset class=\"hidden-fields-container\"><input type=\"hidden\" name=\"_wpcf7\" value=\"695\" \/><input type=\"hidden\" name=\"_wpcf7_version\" value=\"6.1.5\" \/><input type=\"hidden\" name=\"_wpcf7_locale\" value=\"en_US\" \/><input type=\"hidden\" name=\"_wpcf7_unit_tag\" value=\"wpcf7-f695-o1\" \/><input type=\"hidden\" name=\"_wpcf7_container_post\" value=\"0\" \/><input type=\"hidden\" name=\"_wpcf7_posted_data_hash\" value=\"\" \/><input type=\"hidden\" name=\"redirect_nonce\" value=\"a4eda47c6e\" \/><input type=\"hidden\" name=\"wpcf7cfpdf_hidden_name\" value=\"document-pdf\" \/><input type=\"hidden\" name=\"wpcf7cfpdf_hidden_reference\" value=\"80259cc6\" \/><input type=\"hidden\" name=\"wpcf7cfpdf_hidden_date\" value=\"April27,2026\" \/>\n<\/fieldset>\n<p><label> <span class=\"wpcf7-form-control-wrap\" data-name=\"your-name\"><input size=\"40\" maxlength=\"400\" class=\"wpcf7-form-control wpcf7-text wpcf7-validates-as-required\" aria-required=\"true\" aria-invalid=\"false\" placeholder=\"Nom\" value=\"\" type=\"text\" name=\"your-name\" \/><\/span> <\/label>\n<\/p>\n<p><label> <span class=\"wpcf7-form-control-wrap\" data-name=\"your-email\"><input size=\"40\" maxlength=\"400\" class=\"wpcf7-form-control wpcf7-email wpcf7-validates-as-required wpcf7-text wpcf7-validates-as-email\" aria-required=\"true\" aria-invalid=\"false\" placeholder=\"Email\" value=\"\" type=\"email\" name=\"your-email\" \/><\/span> <\/label>\n<\/p>\n<p><label> <span class=\"wpcf7-form-control-wrap\" data-name=\"telefono\"><input size=\"40\" maxlength=\"400\" class=\"wpcf7-form-control wpcf7-text wpcf7-validates-as-required\" aria-required=\"true\" aria-invalid=\"false\" placeholder=\"Tel\u00e8fon\" value=\"\" type=\"text\" name=\"telefono\" \/><\/span> <\/label>\n<\/p>\n<p><label> <span class=\"wpcf7-form-control-wrap\" data-name=\"edat\"><input size=\"40\" maxlength=\"400\" class=\"wpcf7-form-control wpcf7-text wpcf7-validates-as-required\" aria-required=\"true\" aria-invalid=\"false\" placeholder=\"Quina edat t\u00e9 l&#039;adolescent?\" value=\"\" type=\"text\" name=\"edat\" \/><\/span> <\/label>\n<\/p>\n<p><label> <span class=\"wpcf7-form-control-wrap\" data-name=\"disponibilitat\"><input size=\"40\" maxlength=\"400\" class=\"wpcf7-form-control wpcf7-text wpcf7-validates-as-required\" aria-required=\"true\" aria-invalid=\"false\" placeholder=\"Disponibilitat per a realitzar la visita\" value=\"\" type=\"text\" name=\"disponibilitat\" \/><\/span> <\/label>\n<\/p>\n<p><Small style = \"font-size: 0.6rem; line-height: .8rem\">\u201cDe conformidad con lo establecido en la normativa vigente en Protecci\u00f3n de Datos de Car\u00e1cter Personal, te informamos que tus datos ser\u00e1n incorporados al sistema de tratamiento titularidad de CENTRE GRAT PSICOLOGIA S.L.U, con CIF B55425300 y domicilio social sito en (08007) Barcelona, calle Gran V\u00eda de les Corts Catalanes, n\u00ba 646, entresuelo 1\u00ba, con la finalidad de atender la comunicaci\u00f3n necesaria para la prestaci\u00f3n de los servicios contratados, siendo cedidos exclusivamente por imperativo legal, conforme a la legislaci\u00f3n tributaria vigente. En cumplimiento con la normativa vigente, CENTRE GRAT PSICOLOGIA S.L.U informa que los datos ser\u00e1n conservados durante el plazo estrictamente necesario para cumplir con los preceptos mencionados con anterioridad. De acuerdo con los derechos que te confiere la normativa vigente en protecci\u00f3n de datos podr\u00e1\u0301 ejercer los derechos de acceso, rectificaci\u00f3n, limitaci\u00f3n de tratamiento, supresi\u00f3n, portabilidad y oposici\u00f3n al tratamiento de sus datos de car\u00e1cter personal, as\u00ed como del consentimiento prestado para el tratamiento de los mismos, dirigiendo su petici\u00f3n a la direcci\u00f3n postal indicada m\u00e1s arriba o al correo electr\u00f3nico: info@centregrat.com. Podr\u00e1s dirigirte a la Autoridad de Control competente para presentar la reclamaci\u00f3n que consideres oportuna. El env\u00edo de estos datos implica la aceptaci\u00f3n de esta cl\u00e1usula\u201d  <\/small>\n<\/p>\n<p><span class=\"wpcf7-form-control-wrap\" data-name=\"acceptance-481\"><span class=\"wpcf7-form-control wpcf7-acceptance\"><span class=\"wpcf7-list-item\"><input type=\"checkbox\" name=\"acceptance-481\" value=\"1\" aria-invalid=\"false\" \/><\/span><\/span><\/span> Confirmo que he llegit i ACCEPTO tots els termes i condicions de tractament de dades exposades aqu\u00ed i a la <a style=\"line-height: 2rem;\" href='\/politica-de-privacidad\/'> Pol\u00edtica de Privacitat <\/a>\n<\/p>\n<p><input class=\"wpcf7-form-control wpcf7-submit has-spinner\" type=\"submit\" value=\"ENVIAR\" \/>\n<\/p><p style=\"display: none !important;\" class=\"akismet-fields-container\" data-prefix=\"_wpcf7_ak_\"><label>&#916;<textarea name=\"_wpcf7_ak_hp_textarea\" cols=\"45\" rows=\"8\" maxlength=\"100\"><\/textarea><\/label><input type=\"hidden\" id=\"ak_js_1\" name=\"_wpcf7_ak_js\" value=\"53\"\/><script>document.getElementById( \"ak_js_1\" ).setAttribute( \"value\", ( new Date() ).getTime() );<\/script><\/p><div class=\"wpcf7-response-output\" aria-hidden=\"true\"><\/div>\n<\/form>\n<\/div>\n[\/vc_column][\/vc_row]<\/p>\n<\/div>","protected":false},"excerpt":{"rendered":"<p>[vc_row css_animation=&#8221;&#8221; row_type=&#8221;row&#8221; use_row_as_full_screen_section=&#8221;no&#8221; type=&#8221;grid&#8221; angled_section=&#8221;no&#8221; text_align=&#8221;left&#8221; background_image=&#8221;643&#8243; background_image_as_pattern=&#8221;without_pattern&#8221;][vc_column][vc_empty_space height=&#8221;75px&#8221;][vc_row_inner row_type=&#8221;row&#8221; type=&#8221;full_width&#8221; text_align=&#8221;left&#8221; padding_top=&#8221;25&#8243; css_animation=&#8221;&#8221; css=&#8221;.vc_custom_1490978050623{padding-top: 50px !important;padding-right: 25px !important;padding-left: 25px !important;background-color: rgba(32,55,109,0.81) !important;*background-color: rgb(32,55,109) !important;}&#8221;][vc_column_inner][vc_column_text] Millora de les Habilitats Socials en Grups per Adolescents i Joves a Barcelona [\/vc_column_text][vc_separator type=&#8221;small&#8221; position=&#8221;center&#8221; up=&#8221;25&#8243; down=&#8221;0&#8243;][\/vc_column_inner][\/vc_row_inner][vc_row_inner row_type=&#8221;row&#8221; type=&#8221;full_width&#8221; text_align=&#8221;center&#8221; background_color=&#8221;rgba(32,55,109,0.81)&#8221; padding_bottom=&#8221;50&#8243; css_animation=&#8221;&#8221; css=&#8221;.vc_custom_1493310011113{padding-top: 25px !important;padding-right: 25px !important;padding-bottom: 25px !important;padding-left: 25px !important;}&#8221;][vc_column_inner width=&#8221;1\/6&#8243;][\/vc_column_inner][vc_column_inner width=&#8221;2\/3&#8243;][vc_column_text] Ajudem a adolescents d&#8217;entre 12 i 22 anys que tenen dificultats a l&#8217;hora de relacionar-se amb els altres, a adquirir les habilitats necess\u00e0ries per establir una relaci\u00f3 sana i segura amb els dem\u00e9s i sentir-se b\u00e9, a trav\u00e9s de&#8230;<\/p>\n","protected":false},"author":1,"featured_media":0,"parent":0,"menu_order":0,"comment_status":"closed","ping_status":"closed","template":"full_width.php","meta":{"_acf_changed":false,"_exactmetrics_skip_tracking":false,"_exactmetrics_sitenote_active":false,"_exactmetrics_sitenote_note":"","_exactmetrics_sitenote_category":0,"footnotes":""},"class_list":["post-642","page","type-page","status-publish","hentry"],"acf":[],"yoast_head":"<!-- This site is optimized with the Yoast SEO plugin v27.4 - https:\/\/yoast.com\/product\/yoast-seo-wordpress\/ -->\n<title>Grup d&#039;habilitats socials adolescents | Centre Grat Barcelona<\/title>\n<meta name=\"robots\" content=\"index, follow, max-snippet:-1, max-image-preview:large, max-video-preview:-1\" \/>\n<link rel=\"canonical\" href=\"https:\/\/www.centregrat.com\/ca\/grups-dhabilitats-socials-adolescents-barcelona\/\" \/>\n<meta property=\"og:locale\" content=\"ca_ES\" \/>\n<meta property=\"og:type\" content=\"article\" \/>\n<meta property=\"og:title\" content=\"Grup d&#039;habilitats socials adolescents | Centre Grat Barcelona\" \/>\n<meta property=\"og:description\" content=\"[vc_row css_animation=&#8221;&#8221; row_type=&#8221;row&#8221; use_row_as_full_screen_section=&#8221;no&#8221; type=&#8221;grid&#8221; angled_section=&#8221;no&#8221; text_align=&#8221;left&#8221; background_image=&#8221;643&#8243; background_image_as_pattern=&#8221;without_pattern&#8221;][vc_column][vc_empty_space height=&#8221;75px&#8221;][vc_row_inner row_type=&#8221;row&#8221; type=&#8221;full_width&#8221; text_align=&#8221;left&#8221; padding_top=&#8221;25&#8243; css_animation=&#8221;&#8221; css=&#8221;.vc_custom_1490978050623{padding-top: 50px !important;padding-right: 25px !important;padding-left: 25px !important;background-color: rgba(32,55,109,0.81) !important;*background-color: rgb(32,55,109) !important;}&#8221;][vc_column_inner][vc_column_text] Millora de les Habilitats Socials en Grups per Adolescents i Joves a Barcelona [\/vc_column_text][vc_separator type=&#8221;small&#8221; position=&#8221;center&#8221; up=&#8221;25&#8243; down=&#8221;0&#8243;][\/vc_column_inner][\/vc_row_inner][vc_row_inner row_type=&#8221;row&#8221; type=&#8221;full_width&#8221; text_align=&#8221;center&#8221; background_color=&#8221;rgba(32,55,109,0.81)&#8221; padding_bottom=&#8221;50&#8243; css_animation=&#8221;&#8221; css=&#8221;.vc_custom_1493310011113{padding-top: 25px !important;padding-right: 25px !important;padding-bottom: 25px !important;padding-left: 25px !important;}&#8221;][vc_column_inner width=&#8221;1\/6&#8243;][\/vc_column_inner][vc_column_inner width=&#8221;2\/3&#8243;][vc_column_text] Ajudem a adolescents d&#8217;entre 12 i 22 anys que tenen dificultats a l&#8217;hora de relacionar-se amb els altres, a adquirir les habilitats necess\u00e0ries per establir una relaci\u00f3 sana i segura amb els dem\u00e9s i sentir-se b\u00e9, a trav\u00e9s de...\" \/>\n<meta property=\"og:url\" content=\"https:\/\/www.centregrat.com\/ca\/grups-dhabilitats-socials-adolescents-barcelona\/\" \/>\n<meta property=\"og:site_name\" content=\"Centre GRAT | Centre de psicologia a Barcelona\" \/>\n<meta property=\"article:modified_time\" content=\"2026-04-27T08:24:15+00:00\" \/>\n<meta property=\"og:image\" content=\"https:\/\/www.centregrat.com\/wp-content\/uploads\/2017\/03\/logo-grat-90-psicologia-educacio.png\" \/>\n\t<meta property=\"og:image:width\" content=\"90\" \/>\n\t<meta property=\"og:image:height\" content=\"90\" \/>\n\t<meta property=\"og:image:type\" content=\"image\/png\" \/>\n<meta name=\"twitter:card\" content=\"summary_large_image\" \/>\n<meta name=\"twitter:label1\" content=\"Temps estimat de lectura\" \/>\n\t<meta name=\"twitter:data1\" content=\"7 minuts\" \/>\n<script type=\"application\/ld+json\" class=\"yoast-schema-graph\">{\"@context\":\"https:\\\/\\\/schema.org\",\"@graph\":[{\"@type\":\"WebPage\",\"@id\":\"https:\\\/\\\/www.centregrat.com\\\/ca\\\/grups-dhabilitats-socials-adolescents-barcelona\\\/\",\"url\":\"https:\\\/\\\/www.centregrat.com\\\/ca\\\/grups-dhabilitats-socials-adolescents-barcelona\\\/\",\"name\":\"Grup d'habilitats socials adolescents | Centre Grat Barcelona\",\"isPartOf\":{\"@id\":\"https:\\\/\\\/www.centregrat.com\\\/ca\\\/#website\"},\"datePublished\":\"2017-06-01T09:47:32+00:00\",\"dateModified\":\"2026-04-27T08:24:15+00:00\",\"breadcrumb\":{\"@id\":\"https:\\\/\\\/www.centregrat.com\\\/ca\\\/grups-dhabilitats-socials-adolescents-barcelona\\\/#breadcrumb\"},\"inLanguage\":\"ca\",\"potentialAction\":[{\"@type\":\"ReadAction\",\"target\":[\"https:\\\/\\\/www.centregrat.com\\\/ca\\\/grups-dhabilitats-socials-adolescents-barcelona\\\/\"]}]},{\"@type\":\"BreadcrumbList\",\"@id\":\"https:\\\/\\\/www.centregrat.com\\\/ca\\\/grups-dhabilitats-socials-adolescents-barcelona\\\/#breadcrumb\",\"itemListElement\":[{\"@type\":\"ListItem\",\"position\":1,\"name\":\"Portada\",\"item\":\"https:\\\/\\\/www.centregrat.com\\\/ca\\\/\"},{\"@type\":\"ListItem\",\"position\":2,\"name\":\"ADOL &#8211; Grup d&#8217;habilitats socials adolescents i joves\"}]},{\"@type\":\"WebSite\",\"@id\":\"https:\\\/\\\/www.centregrat.com\\\/ca\\\/#website\",\"url\":\"https:\\\/\\\/www.centregrat.com\\\/ca\\\/\",\"name\":\"Centre GRAT | Centre de psicologia a Barcelona\",\"description\":\"Millora la teva qualitat de vida. Et donem les eines necess\u00e0ries perqu\u00e8 aconsegueixis portar una vida satisfact\u00f2ria. Coneix el nostre centre de psicologia a Barcelona\",\"publisher\":{\"@id\":\"https:\\\/\\\/www.centregrat.com\\\/ca\\\/#organization\"},\"potentialAction\":[{\"@type\":\"SearchAction\",\"target\":{\"@type\":\"EntryPoint\",\"urlTemplate\":\"https:\\\/\\\/www.centregrat.com\\\/ca\\\/?s={search_term_string}\"},\"query-input\":{\"@type\":\"PropertyValueSpecification\",\"valueRequired\":true,\"valueName\":\"search_term_string\"}}],\"inLanguage\":\"ca\"},{\"@type\":\"Organization\",\"@id\":\"https:\\\/\\\/www.centregrat.com\\\/ca\\\/#organization\",\"name\":\"Centre GRAT\",\"url\":\"https:\\\/\\\/www.centregrat.com\\\/ca\\\/\",\"logo\":{\"@type\":\"ImageObject\",\"inLanguage\":\"ca\",\"@id\":\"https:\\\/\\\/www.centregrat.com\\\/ca\\\/#\\\/schema\\\/logo\\\/image\\\/\",\"url\":\"https:\\\/\\\/www.centregrat.com\\\/wp-content\\\/uploads\\\/2017\\\/03\\\/logo-grat-90-psicologia-educacio.png\",\"contentUrl\":\"https:\\\/\\\/www.centregrat.com\\\/wp-content\\\/uploads\\\/2017\\\/03\\\/logo-grat-90-psicologia-educacio.png\",\"width\":90,\"height\":90,\"caption\":\"Centre GRAT\"},\"image\":{\"@id\":\"https:\\\/\\\/www.centregrat.com\\\/ca\\\/#\\\/schema\\\/logo\\\/image\\\/\"}}]}<\/script>\n<!-- \/ Yoast SEO plugin. -->","yoast_head_json":{"title":"Grup d'habilitats socials adolescents | Centre Grat Barcelona","robots":{"index":"index","follow":"follow","max-snippet":"max-snippet:-1","max-image-preview":"max-image-preview:large","max-video-preview":"max-video-preview:-1"},"canonical":"https:\/\/www.centregrat.com\/ca\/grups-dhabilitats-socials-adolescents-barcelona\/","og_locale":"ca_ES","og_type":"article","og_title":"Grup d'habilitats socials adolescents | Centre Grat Barcelona","og_description":"[vc_row css_animation=&#8221;&#8221; row_type=&#8221;row&#8221; use_row_as_full_screen_section=&#8221;no&#8221; type=&#8221;grid&#8221; angled_section=&#8221;no&#8221; text_align=&#8221;left&#8221; background_image=&#8221;643&#8243; background_image_as_pattern=&#8221;without_pattern&#8221;][vc_column][vc_empty_space height=&#8221;75px&#8221;][vc_row_inner row_type=&#8221;row&#8221; type=&#8221;full_width&#8221; text_align=&#8221;left&#8221; padding_top=&#8221;25&#8243; css_animation=&#8221;&#8221; css=&#8221;.vc_custom_1490978050623{padding-top: 50px !important;padding-right: 25px !important;padding-left: 25px !important;background-color: rgba(32,55,109,0.81) !important;*background-color: rgb(32,55,109) !important;}&#8221;][vc_column_inner][vc_column_text] Millora de les Habilitats Socials en Grups per Adolescents i Joves a Barcelona [\/vc_column_text][vc_separator type=&#8221;small&#8221; position=&#8221;center&#8221; up=&#8221;25&#8243; down=&#8221;0&#8243;][\/vc_column_inner][\/vc_row_inner][vc_row_inner row_type=&#8221;row&#8221; type=&#8221;full_width&#8221; text_align=&#8221;center&#8221; background_color=&#8221;rgba(32,55,109,0.81)&#8221; padding_bottom=&#8221;50&#8243; css_animation=&#8221;&#8221; css=&#8221;.vc_custom_1493310011113{padding-top: 25px !important;padding-right: 25px !important;padding-bottom: 25px !important;padding-left: 25px !important;}&#8221;][vc_column_inner width=&#8221;1\/6&#8243;][\/vc_column_inner][vc_column_inner width=&#8221;2\/3&#8243;][vc_column_text] Ajudem a adolescents d&#8217;entre 12 i 22 anys que tenen dificultats a l&#8217;hora de relacionar-se amb els altres, a adquirir les habilitats necess\u00e0ries per establir una relaci\u00f3 sana i segura amb els dem\u00e9s i sentir-se b\u00e9, a trav\u00e9s de...","og_url":"https:\/\/www.centregrat.com\/ca\/grups-dhabilitats-socials-adolescents-barcelona\/","og_site_name":"Centre GRAT | Centre de psicologia a Barcelona","article_modified_time":"2026-04-27T08:24:15+00:00","og_image":[{"width":90,"height":90,"url":"https:\/\/www.centregrat.com\/wp-content\/uploads\/2017\/03\/logo-grat-90-psicologia-educacio.png","type":"image\/png"}],"twitter_card":"summary_large_image","twitter_misc":{"Temps estimat de lectura":"7 minuts"},"schema":{"@context":"https:\/\/schema.org","@graph":[{"@type":"WebPage","@id":"https:\/\/www.centregrat.com\/ca\/grups-dhabilitats-socials-adolescents-barcelona\/","url":"https:\/\/www.centregrat.com\/ca\/grups-dhabilitats-socials-adolescents-barcelona\/","name":"Grup d'habilitats socials adolescents | Centre Grat Barcelona","isPartOf":{"@id":"https:\/\/www.centregrat.com\/ca\/#website"},"datePublished":"2017-06-01T09:47:32+00:00","dateModified":"2026-04-27T08:24:15+00:00","breadcrumb":{"@id":"https:\/\/www.centregrat.com\/ca\/grups-dhabilitats-socials-adolescents-barcelona\/#breadcrumb"},"inLanguage":"ca","potentialAction":[{"@type":"ReadAction","target":["https:\/\/www.centregrat.com\/ca\/grups-dhabilitats-socials-adolescents-barcelona\/"]}]},{"@type":"BreadcrumbList","@id":"https:\/\/www.centregrat.com\/ca\/grups-dhabilitats-socials-adolescents-barcelona\/#breadcrumb","itemListElement":[{"@type":"ListItem","position":1,"name":"Portada","item":"https:\/\/www.centregrat.com\/ca\/"},{"@type":"ListItem","position":2,"name":"ADOL &#8211; Grup d&#8217;habilitats socials adolescents i joves"}]},{"@type":"WebSite","@id":"https:\/\/www.centregrat.com\/ca\/#website","url":"https:\/\/www.centregrat.com\/ca\/","name":"Centre GRAT | Centre de psicologia a Barcelona","description":"Millora la teva qualitat de vida. Et donem les eines necess\u00e0ries perqu\u00e8 aconsegueixis portar una vida satisfact\u00f2ria. Coneix el nostre centre de psicologia a Barcelona","publisher":{"@id":"https:\/\/www.centregrat.com\/ca\/#organization"},"potentialAction":[{"@type":"SearchAction","target":{"@type":"EntryPoint","urlTemplate":"https:\/\/www.centregrat.com\/ca\/?s={search_term_string}"},"query-input":{"@type":"PropertyValueSpecification","valueRequired":true,"valueName":"search_term_string"}}],"inLanguage":"ca"},{"@type":"Organization","@id":"https:\/\/www.centregrat.com\/ca\/#organization","name":"Centre GRAT","url":"https:\/\/www.centregrat.com\/ca\/","logo":{"@type":"ImageObject","inLanguage":"ca","@id":"https:\/\/www.centregrat.com\/ca\/#\/schema\/logo\/image\/","url":"https:\/\/www.centregrat.com\/wp-content\/uploads\/2017\/03\/logo-grat-90-psicologia-educacio.png","contentUrl":"https:\/\/www.centregrat.com\/wp-content\/uploads\/2017\/03\/logo-grat-90-psicologia-educacio.png","width":90,"height":90,"caption":"Centre GRAT"},"image":{"@id":"https:\/\/www.centregrat.com\/ca\/#\/schema\/logo\/image\/"}}]}},"_links":{"self":[{"href":"https:\/\/www.centregrat.com\/ca\/wp-json\/wp\/v2\/pages\/642","targetHints":{"allow":["GET"]}}],"collection":[{"href":"https:\/\/www.centregrat.com\/ca\/wp-json\/wp\/v2\/pages"}],"about":[{"href":"https:\/\/www.centregrat.com\/ca\/wp-json\/wp\/v2\/types\/page"}],"author":[{"embeddable":true,"href":"https:\/\/www.centregrat.com\/ca\/wp-json\/wp\/v2\/users\/1"}],"replies":[{"embeddable":true,"href":"https:\/\/www.centregrat.com\/ca\/wp-json\/wp\/v2\/comments?post=642"}],"version-history":[{"count":27,"href":"https:\/\/www.centregrat.com\/ca\/wp-json\/wp\/v2\/pages\/642\/revisions"}],"predecessor-version":[{"id":11558,"href":"https:\/\/www.centregrat.com\/ca\/wp-json\/wp\/v2\/pages\/642\/revisions\/11558"}],"wp:attachment":[{"href":"https:\/\/www.centregrat.com\/ca\/wp-json\/wp\/v2\/media?parent=642"}],"curies":[{"name":"wp","href":"https:\/\/api.w.org\/{rel}","templated":true}]}}