{"id":711,"date":"2017-06-06T08:38:48","date_gmt":"2017-06-06T08:38:48","guid":{"rendered":"https:\/\/www.centregrat.com\/?page_id=711"},"modified":"2026-04-24T10:52:15","modified_gmt":"2026-04-24T10:52:15","slug":"grup-habilitats-socials-nens","status":"publish","type":"page","link":"https:\/\/www.centregrat.com\/ca\/grup-habilitats-socials-nens\/","title":{"rendered":"INFANT &#8211; Grup habilitats socials nens"},"content":{"rendered":"<div class=\"wpb-content-wrapper\"><p>[vc_row css_animation=&#8221;&#8221; row_type=&#8221;row&#8221; use_row_as_full_screen_section=&#8221;no&#8221; type=&#8221;grid&#8221; angled_section=&#8221;no&#8221; text_align=&#8221;left&#8221; background_image=&#8221;716&#8243; background_image_as_pattern=&#8221;without_pattern&#8221;][vc_column][vc_empty_space height=&#8221;75px&#8221;][vc_row_inner row_type=&#8221;row&#8221; type=&#8221;full_width&#8221; text_align=&#8221;left&#8221; padding_top=&#8221;25&#8243; css_animation=&#8221;&#8221; css=&#8221;.vc_custom_1490978050623{padding-top: 50px !important;padding-right: 25px !important;padding-left: 25px !important;background-color: rgba(32,55,109,0.81) !important;*background-color: rgb(32,55,109) !important;}&#8221;][vc_column_inner][vc_column_text]<\/p>\n<h1 style=\"text-align: center;\"><span style=\"color: #ffffff;\"><strong>Grups d\u2019Habilitats Socials per nens i nenes a Barcelona<\/strong><\/span><\/h1>\n<p>[\/vc_column_text][vc_separator type=&#8221;small&#8221; position=&#8221;center&#8221; up=&#8221;25&#8243; down=&#8221;0&#8243;][\/vc_column_inner][\/vc_row_inner][vc_row_inner row_type=&#8221;row&#8221; type=&#8221;full_width&#8221; text_align=&#8221;center&#8221; background_color=&#8221;rgba(32,55,109,0.81)&#8221; padding_bottom=&#8221;75&#8243; css_animation=&#8221;&#8221; css=&#8221;.vc_custom_1496742091472{padding-top: 25px !important;padding-right: 25px !important;padding-bottom: 25px !important;padding-left: 25px !important;}&#8221;][vc_column_inner width=&#8221;1\/6&#8243;][\/vc_column_inner][vc_column_inner width=&#8221;2\/3&#8243;][vc_column_text]<\/p>\n<h3 style=\"text-align: center;\"><span style=\"color: #ffffff;\">Garanteix una inf\u00e0ncia feli\u00e7 i una adultesa sana al teu fill<\/span><\/h3>\n<p>[\/vc_column_text][vc_empty_space][vc_column_text]<\/p>\n<p style=\"text-align: center;\"><span style=\"color: #ffffff;\">Al grup d\u2019habilitats socials per a nens i nenes del Centre GRAT, ajudem als nens i nenes de prim\u00e0ria que tenen dificultats a l\u2019hora de relacionar-se amb els seus companys, perqu\u00e8 aprenguin a relacionar-se de manera efica\u00e7 i puguin gaudir de la relaci\u00f3 amb els seus companys, tenir una inf\u00e0ncia m\u00e9s feli\u00e7 i prevenir dificultats de relaci\u00f3 en etapes de la vida posteriors, de manera que siguin uns adolescents i uns adults amb unes relacions personals sanes i satisfact\u00f2ries.<\/span><\/p>\n<p>[\/vc_column_text][vc_empty_space]<a  itemprop=\"url\" href=\"#contacto\" target=\"_self\" data-hover-background-color=#20376d data-hover-border-color=#20376d  class=\"qbutton  large default\" style=\"border-color: #ffc92d; background-color: #ffc92d;\">Sol\u00b7licita m\u00e9s informaci\u00f3<\/a>[vc_empty_space][\/vc_column_inner][vc_column_inner width=&#8221;1\/6&#8243;][\/vc_column_inner][\/vc_row_inner][vc_empty_space height=&#8221;75px&#8221;][\/vc_column][\/vc_row][vc_row css_animation=&#8221;&#8221; row_type=&#8221;row&#8221; use_row_as_full_screen_section=&#8221;no&#8221; type=&#8221;grid&#8221; angled_section=&#8221;no&#8221; text_align=&#8221;left&#8221; background_image_as_pattern=&#8221;without_pattern&#8221; padding_top=&#8221;75&#8243; padding_bottom=&#8221;75&#8243;][vc_column][vc_column_text]<\/p>\n<h2 style=\"text-align: center;\">Els grups d&#8217;habilitats socials infantils s\u00f3n pel teu fill si es donen algunes d&#8217;aquestes situacions:<\/h2>\n<p>[\/vc_column_text][vc_separator type=&#8221;small&#8221; position=&#8221;center&#8221; up=&#8221;25&#8243; down=&#8221;25&#8243;][vc_row_inner row_type=&#8221;row&#8221; type=&#8221;full_width&#8221; text_align=&#8221;left&#8221; css_animation=&#8221;&#8221;][vc_column_inner width=&#8221;1\/2&#8243;][vc_column_text]<\/p>\n<ul>\n<li>Els professors et diuen que molesta als companys<\/li>\n<li>Li costa jugar amb altres nens<\/li>\n<li>Prefereix estar amb adults que amb nens de la seva edat<\/li>\n<li>Prefereix estar amb nens m\u00e9s petits que amb nens de la seva edat<\/li>\n<\/ul>\n<p>[\/vc_column_text][\/vc_column_inner][vc_column_inner width=&#8221;1\/2&#8243;][vc_column_text]<\/p>\n<ul>\n<li>El professor diu que \u00e9s el pallasso de la classe<\/li>\n<li>Els companys els molesten a ell<\/li>\n<li>Est\u00e0 sol al pati<\/li>\n<li>Tens la sensaci\u00f3 que no sintonitza o connecta amb altres nens<\/li>\n<\/ul>\n<p>[\/vc_column_text][\/vc_column_inner][\/vc_row_inner][\/vc_column][\/vc_row][vc_row css_animation=&#8221;&#8221; row_type=&#8221;row&#8221; use_row_as_full_screen_section=&#8221;no&#8221; type=&#8221;grid&#8221; angled_section=&#8221;no&#8221; text_align=&#8221;center&#8221; background_image=&#8221;721&#8243; background_image_as_pattern=&#8221;without_pattern&#8221; padding_top=&#8221;75&#8243; padding_bottom=&#8221;75&#8243;][vc_column][vc_column_text]<\/p>\n<h2 style=\"text-align: center;\"><span style=\"color: #ffffff;\">Treballem les habilitats socials amb els nens a trav\u00e9s de:<\/span><\/h2>\n<p>[\/vc_column_text][vc_separator type=&#8221;small&#8221; position=&#8221;center&#8221; up=&#8221;25&#8243; down=&#8221;25&#8243;][vc_row_inner row_type=&#8221;row&#8221; type=&#8221;full_width&#8221; text_align=&#8221;left&#8221; css_animation=&#8221;&#8221;][vc_column_inner width=&#8221;1\/3&#8243;]<div class='q_icon_with_title tiny normal_icon center'><div class=\"icon_holder \" style=\" \"><span data-icon-type=\"normal\"   style=\"\" class=\"qode_iwt_icon_holder q_font_awsome_icon fa-lg \"><i class=\"qode_icon_font_awesome fa fa-users qode_iwt_icon_element\" style=\"color: #ffc92d;\" ><\/i><\/span><\/div><div class=\"icon_text_holder\" style=\"\"><div class=\"icon_text_inner\" style=\"\"><h3 class=\"icon_title\" style=\"color: #ffffff;\">Sessions en grup<\/h3><p style='color: #ffffff'><\/p><\/div><\/div><\/div>[vc_column_text]<\/p>\n<p style=\"text-align: center;\"><span style=\"color: #ffffff;\">Permeten assajar les t\u00e8cniques de relaci\u00f3 social en un entorn real i supervisat, permetent aix\u00ed una millor interioritzaci\u00f3 i adquisici\u00f3 de les habilitats practicades<\/span><\/p>\n<p>[\/vc_column_text][\/vc_column_inner][vc_column_inner width=&#8221;1\/3&#8243;]<div class='q_icon_with_title tiny normal_icon center'><div class=\"icon_holder \" style=\" \"><span data-icon-type=\"normal\"   style=\"\" class=\"qode_iwt_icon_holder q_font_awsome_icon fa-lg \"><i class=\"qode_icon_font_awesome fa fa-comments qode_iwt_icon_element\" style=\"color: #ffc92d;\" ><\/i><\/span><\/div><div class=\"icon_text_holder\" style=\"\"><div class=\"icon_text_inner\" style=\"\"><h3 class=\"icon_title\" style=\"color: #ffffff;\">Sessions amb els pares<\/h3><p style='color: #ffffff'><\/p><\/div><\/div><\/div>[vc_column_text]<\/p>\n<p style=\"text-align: center;\"><span style=\"color: #ffffff;\">Amb l\u2019objectiu d\u2019intercanviar informaci\u00f3 \u00fatil per ajudar millor als nens, fer una valoraci\u00f3 de l\u2019evoluci\u00f3 i marcar nous objectius<\/span><\/p>\n<p>[\/vc_column_text][\/vc_column_inner][vc_column_inner width=&#8221;1\/3&#8243;]<div class='q_icon_with_title tiny normal_icon center'><div class=\"icon_holder \" style=\" \"><span data-icon-type=\"normal\"   style=\"\" class=\"qode_iwt_icon_holder q_font_awsome_icon fa-lg \"><i class=\"qode_icon_font_awesome fa fa-graduation-cap qode_iwt_icon_element\" style=\"color: #ffc92d;\" ><\/i><\/span><\/div><div class=\"icon_text_holder\" style=\"\"><div class=\"icon_text_inner\" style=\"\"><h3 class=\"icon_title\" style=\"color: #ffffff;\">Coordinaci\u00f3 amb l'escola<\/h3><p style='color: #ffffff'><\/p><\/div><\/div><\/div>[vc_column_text]<\/p>\n<p style=\"text-align: center;\"><span style=\"color: #ffffff;\">Amb previ consentiment dels pares, ens coordinarem amb l\u2019escola per remar tots en la mateixa direcci\u00f3<\/span><\/p>\n<p>[\/vc_column_text][\/vc_column_inner][\/vc_row_inner][vc_empty_space]<a  itemprop=\"url\" href=\"#contacto\" target=\"_self\" data-hover-background-color=#20376d data-hover-border-color=#20376d  class=\"qbutton  large default\" style=\"border-color: #ffc92d; background-color: #ffc92d;\">Sol\u00b7licita m\u00e9s informaci\u00f3<\/a>[\/vc_column][\/vc_row][vc_row css_animation=&#8221;&#8221; row_type=&#8221;row&#8221; use_row_as_full_screen_section=&#8221;no&#8221; type=&#8221;grid&#8221; angled_section=&#8221;no&#8221; text_align=&#8221;left&#8221; background_image_as_pattern=&#8221;without_pattern&#8221; padding_top=&#8221;75&#8243; padding_bottom=&#8221;75&#8243;][vc_column][vc_column_text]<\/p>\n<h2 style=\"text-align: center;\">Els grups d&#8217;habilitats socials per nens s\u00f3n:<\/h2>\n<p>[\/vc_column_text][vc_separator type=&#8221;small&#8221; position=&#8221;center&#8221; up=&#8221;25&#8243; down=&#8221;25&#8243;][vc_row_inner row_type=&#8221;row&#8221; type=&#8221;full_width&#8221; text_align=&#8221;left&#8221; css_animation=&#8221;&#8221;][vc_column_inner width=&#8221;1\/3&#8243;]<div class=\"q_icon_list\"><i class=\"qode_icon_font_awesome fa fa-check qode-ili-icon-holder transparent\" style=\"color: #ffc92d;\" ><\/i><p style=\"font-size: 18px;margin-bottom: 18px;\"><strong>Per edats: <\/strong> formats per franges d'edats<\/p><\/div>[\/vc_column_inner][vc_column_inner width=&#8221;1\/3&#8243;]<div class=\"q_icon_list\"><i class=\"qode_icon_font_awesome fa fa-check qode-ili-icon-holder transparent\" style=\"color: #ffc92d;\" ><\/i><p style=\"font-size: 18px;margin-bottom: 18px;\"><strong>Nombre de sessions determinades: <\/strong> Es realitza en format de curs, t\u00e9 un nombre de sessions totals, data d\u2019inici i data de finalitzaci\u00f3<\/p><\/div>[\/vc_column_inner][vc_column_inner width=&#8221;1\/3&#8243;]<div class=\"q_icon_list\"><i class=\"qode_icon_font_awesome fa fa-check qode-ili-icon-holder transparent\" style=\"color: #ffc92d;\" ><\/i><p style=\"font-size: 18px;margin-bottom: 18px;\"><strong>Din\u00e0mics:<\/strong> Es treballen les habilitats comunicatives a trav\u00e9s del joc, de manera que els nens gaudiran mentres aprenen<\/p><\/div>[\/vc_column_inner][\/vc_row_inner][\/vc_column][\/vc_row][vc_row css_animation=&#8221;&#8221; row_type=&#8221;row&#8221; use_row_as_full_screen_section=&#8221;no&#8221; type=&#8221;grid&#8221; anchor=&#8221;contacto&#8221; angled_section=&#8221;no&#8221; text_align=&#8221;center&#8221; background_image=&#8221;722&#8243; background_image_as_pattern=&#8221;without_pattern&#8221; padding_top=&#8221;50&#8243; padding_bottom=&#8221;50&#8243;][vc_column][vc_column_text]<\/p>\n<h2 style=\"text-align: center;\"><span style=\"color: #ffffff;\">Vols m\u00e9s informaci\u00f3? Escriu-nos: <\/span><\/h2>\n<p>[\/vc_column_text][vc_separator type=&#8221;small&#8221; position=&#8221;center&#8221; up=&#8221;25&#8243; down=&#8221;25&#8243;][vc_empty_space]\n<div class=\"wpcf7 no-js\" id=\"wpcf7-f727-o1\" lang=\"en-US\" dir=\"ltr\" data-wpcf7-id=\"727\">\n<div class=\"screen-reader-response\"><p role=\"status\" aria-live=\"polite\" aria-atomic=\"true\"><\/p> <ul><\/ul><\/div>\n<form action=\"\/ca\/wp-json\/wp\/v2\/pages\/711#wpcf7-f727-o1\" method=\"post\" class=\"wpcf7-form init default 7fb081fd7beb cmatic-conn cmatic-aud-28 cmatic-mapd0-0 cmatic-v097802 cmatic-sent-0 cmatic-total-7551\" aria-label=\"Contact form\" novalidate=\"novalidate\" data-status=\"init\">\n<fieldset class=\"hidden-fields-container\"><input type=\"hidden\" name=\"_wpcf7\" value=\"727\" \/><input type=\"hidden\" name=\"_wpcf7_version\" value=\"6.1.5\" \/><input type=\"hidden\" name=\"_wpcf7_locale\" value=\"en_US\" \/><input type=\"hidden\" name=\"_wpcf7_unit_tag\" value=\"wpcf7-f727-o1\" \/><input type=\"hidden\" name=\"_wpcf7_container_post\" value=\"0\" \/><input type=\"hidden\" name=\"_wpcf7_posted_data_hash\" value=\"\" \/><input type=\"hidden\" name=\"redirect_nonce\" value=\"a4eda47c6e\" \/><input type=\"hidden\" name=\"wpcf7cfpdf_hidden_name\" value=\"document-pdf\" \/><input type=\"hidden\" name=\"wpcf7cfpdf_hidden_reference\" value=\"4a0533bb\" \/><input type=\"hidden\" name=\"wpcf7cfpdf_hidden_date\" value=\"April27,2026\" \/>\n<\/fieldset>\n<p><label> <span class=\"wpcf7-form-control-wrap\" data-name=\"your-name\"><input size=\"40\" maxlength=\"400\" class=\"wpcf7-form-control wpcf7-text wpcf7-validates-as-required\" aria-required=\"true\" aria-invalid=\"false\" placeholder=\"Nom\" value=\"\" type=\"text\" name=\"your-name\" \/><\/span> <\/label>\n<\/p>\n<p><label> <span class=\"wpcf7-form-control-wrap\" data-name=\"your-email\"><input size=\"40\" maxlength=\"400\" class=\"wpcf7-form-control wpcf7-email wpcf7-validates-as-required wpcf7-text wpcf7-validates-as-email\" aria-required=\"true\" aria-invalid=\"false\" placeholder=\"Email\" value=\"\" type=\"email\" name=\"your-email\" \/><\/span> <\/label>\n<\/p>\n<p><label> <span class=\"wpcf7-form-control-wrap\" data-name=\"telefono\"><input size=\"40\" maxlength=\"400\" class=\"wpcf7-form-control wpcf7-text wpcf7-validates-as-required\" aria-required=\"true\" aria-invalid=\"false\" placeholder=\"Tel\u00e8fon\" value=\"\" type=\"text\" name=\"telefono\" \/><\/span> <\/label>\n<\/p>\n<p><label> <span class=\"wpcf7-form-control-wrap\" data-name=\"edat\"><input size=\"40\" maxlength=\"400\" class=\"wpcf7-form-control wpcf7-text wpcf7-validates-as-required\" aria-required=\"true\" aria-invalid=\"false\" placeholder=\"Quina edat t\u00e9 el nen\/la nena\" value=\"\" type=\"text\" name=\"edat\" \/><\/span> <\/label>\n<\/p>\n<p><label> <span class=\"wpcf7-form-control-wrap\" data-name=\"disponibilitat\"><input size=\"40\" maxlength=\"400\" class=\"wpcf7-form-control wpcf7-text wpcf7-validates-as-required\" aria-required=\"true\" aria-invalid=\"false\" placeholder=\"Disponibilitat per a realitzar la visita\" value=\"\" type=\"text\" name=\"disponibilitat\" \/><\/span> <\/label>\n<\/p>\n<p><Small style = \"font-size: 0.6rem; line-height: .8rem\"> \u201cDe conformidad con lo establecido en la normativa vigente en Protecci\u00f3n de Datos de Car\u00e1cter Personal, te informamos que tus datos ser\u00e1n incorporados al sistema de tratamiento titularidad de CENTRE GRAT PSICOLOGIA S.L.U, con CIF B55425300 y domicilio social sito en (08007) Barcelona, calle Gran V\u00eda de les Corts Catalanes, n\u00ba 646, entresuelo 1\u00ba, con la finalidad de atender la comunicaci\u00f3n necesaria para la prestaci\u00f3n de los servicios contratados, siendo cedidos exclusivamente por imperativo legal, conforme a la legislaci\u00f3n tributaria vigente. En cumplimiento con la normativa vigente, CENTRE GRAT PSICOLOGIA S.L.U informa que los datos ser\u00e1n conservados durante el plazo estrictamente necesario para cumplir con los preceptos mencionados con anterioridad. De acuerdo con los derechos que te confiere la normativa vigente en protecci\u00f3n de datos podr\u00e1\u0301 ejercer los derechos de acceso, rectificaci\u00f3n, limitaci\u00f3n de tratamiento, supresi\u00f3n, portabilidad y oposici\u00f3n al tratamiento de sus datos de car\u00e1cter personal, as\u00ed como del consentimiento prestado para el tratamiento de los mismos, dirigiendo su petici\u00f3n a la direcci\u00f3n postal indicada m\u00e1s arriba o al correo electr\u00f3nico: info@centregrat.com. Podr\u00e1s dirigirte a la Autoridad de Control competente para presentar la reclamaci\u00f3n que consideres oportuna. El env\u00edo de estos datos implica la aceptaci\u00f3n de esta cl\u00e1usula\u201d  <\/small>\n<\/p>\n<p><span class=\"wpcf7-form-control-wrap\" data-name=\"acceptance-481\"><span class=\"wpcf7-form-control wpcf7-acceptance\"><span class=\"wpcf7-list-item\"><input type=\"checkbox\" name=\"acceptance-481\" value=\"1\" aria-invalid=\"false\" \/><\/span><\/span><\/span> Confirmo que he llegit i ACCEPTO tots els termes i condicions de tractament de dades exposades aqu\u00ed i a la <a style=\"line-height: 2rem;\" href='\/politica-de-privacidad\/'> Pol\u00edtica de Privacitat <\/a>\n<\/p>\n<p><input class=\"wpcf7-form-control wpcf7-submit has-spinner\" type=\"submit\" value=\"ENVIAR\" \/>\n<\/p><p style=\"display: none !important;\" class=\"akismet-fields-container\" data-prefix=\"_wpcf7_ak_\"><label>&#916;<textarea name=\"_wpcf7_ak_hp_textarea\" cols=\"45\" rows=\"8\" maxlength=\"100\"><\/textarea><\/label><input type=\"hidden\" id=\"ak_js_1\" name=\"_wpcf7_ak_js\" value=\"99\"\/><script>document.getElementById( \"ak_js_1\" ).setAttribute( \"value\", ( new Date() ).getTime() );<\/script><\/p><div class=\"wpcf7-response-output\" aria-hidden=\"true\"><\/div>\n<\/form>\n<\/div>\n[\/vc_column][\/vc_row]<\/p>\n<\/div>","protected":false},"excerpt":{"rendered":"<p>[vc_row css_animation=&#8221;&#8221; row_type=&#8221;row&#8221; use_row_as_full_screen_section=&#8221;no&#8221; type=&#8221;grid&#8221; angled_section=&#8221;no&#8221; text_align=&#8221;left&#8221; background_image=&#8221;716&#8243; background_image_as_pattern=&#8221;without_pattern&#8221;][vc_column][vc_empty_space height=&#8221;75px&#8221;][vc_row_inner row_type=&#8221;row&#8221; type=&#8221;full_width&#8221; text_align=&#8221;left&#8221; padding_top=&#8221;25&#8243; css_animation=&#8221;&#8221; css=&#8221;.vc_custom_1490978050623{padding-top: 50px !important;padding-right: 25px !important;padding-left: 25px !important;background-color: rgba(32,55,109,0.81) !important;*background-color: rgb(32,55,109) !important;}&#8221;][vc_column_inner][vc_column_text] Grups d\u2019Habilitats Socials per nens i nenes a Barcelona [\/vc_column_text][vc_separator type=&#8221;small&#8221; position=&#8221;center&#8221; up=&#8221;25&#8243; down=&#8221;0&#8243;][\/vc_column_inner][\/vc_row_inner][vc_row_inner row_type=&#8221;row&#8221; type=&#8221;full_width&#8221; text_align=&#8221;center&#8221; background_color=&#8221;rgba(32,55,109,0.81)&#8221; padding_bottom=&#8221;75&#8243; css_animation=&#8221;&#8221; css=&#8221;.vc_custom_1496742091472{padding-top: 25px !important;padding-right: 25px !important;padding-bottom: 25px !important;padding-left: 25px !important;}&#8221;][vc_column_inner width=&#8221;1\/6&#8243;][\/vc_column_inner][vc_column_inner width=&#8221;2\/3&#8243;][vc_column_text] Garanteix una inf\u00e0ncia feli\u00e7 i una adultesa sana al teu fill [\/vc_column_text][vc_empty_space][vc_column_text] Al grup d\u2019habilitats socials per a nens i nenes del Centre GRAT, ajudem als nens i nenes de prim\u00e0ria que tenen dificultats a l\u2019hora de relacionar-se amb els seus companys, perqu\u00e8&#8230;<\/p>\n","protected":false},"author":1,"featured_media":3314,"parent":0,"menu_order":0,"comment_status":"closed","ping_status":"closed","template":"full_width.php","meta":{"_acf_changed":false,"_exactmetrics_skip_tracking":false,"_exactmetrics_sitenote_active":false,"_exactmetrics_sitenote_note":"","_exactmetrics_sitenote_category":0,"footnotes":""},"class_list":["post-711","page","type-page","status-publish","has-post-thumbnail","hentry"],"acf":[],"yoast_head":"<!-- This site is optimized with the Yoast SEO plugin v27.4 - https:\/\/yoast.com\/product\/yoast-seo-wordpress\/ -->\n<title>INFANT - Grup habilitats socials nens - Centre GRAT | Centre de psicologia a Barcelona<\/title>\n<meta name=\"robots\" content=\"index, follow, max-snippet:-1, max-image-preview:large, max-video-preview:-1\" \/>\n<link rel=\"canonical\" href=\"https:\/\/www.centregrat.com\/ca\/grup-habilitats-socials-nens\/\" \/>\n<meta property=\"og:locale\" content=\"ca_ES\" \/>\n<meta property=\"og:type\" content=\"article\" \/>\n<meta property=\"og:title\" content=\"INFANT - Grup habilitats socials nens - Centre GRAT | Centre de psicologia a Barcelona\" \/>\n<meta property=\"og:description\" content=\"[vc_row css_animation=&#8221;&#8221; row_type=&#8221;row&#8221; use_row_as_full_screen_section=&#8221;no&#8221; type=&#8221;grid&#8221; angled_section=&#8221;no&#8221; text_align=&#8221;left&#8221; background_image=&#8221;716&#8243; background_image_as_pattern=&#8221;without_pattern&#8221;][vc_column][vc_empty_space height=&#8221;75px&#8221;][vc_row_inner row_type=&#8221;row&#8221; type=&#8221;full_width&#8221; text_align=&#8221;left&#8221; padding_top=&#8221;25&#8243; css_animation=&#8221;&#8221; css=&#8221;.vc_custom_1490978050623{padding-top: 50px !important;padding-right: 25px !important;padding-left: 25px !important;background-color: rgba(32,55,109,0.81) !important;*background-color: rgb(32,55,109) !important;}&#8221;][vc_column_inner][vc_column_text] Grups d\u2019Habilitats Socials per nens i nenes a Barcelona [\/vc_column_text][vc_separator type=&#8221;small&#8221; position=&#8221;center&#8221; up=&#8221;25&#8243; down=&#8221;0&#8243;][\/vc_column_inner][\/vc_row_inner][vc_row_inner row_type=&#8221;row&#8221; type=&#8221;full_width&#8221; text_align=&#8221;center&#8221; background_color=&#8221;rgba(32,55,109,0.81)&#8221; padding_bottom=&#8221;75&#8243; css_animation=&#8221;&#8221; css=&#8221;.vc_custom_1496742091472{padding-top: 25px !important;padding-right: 25px !important;padding-bottom: 25px !important;padding-left: 25px !important;}&#8221;][vc_column_inner width=&#8221;1\/6&#8243;][\/vc_column_inner][vc_column_inner width=&#8221;2\/3&#8243;][vc_column_text] Garanteix una inf\u00e0ncia feli\u00e7 i una adultesa sana al teu fill [\/vc_column_text][vc_empty_space][vc_column_text] Al grup d\u2019habilitats socials per a nens i nenes del Centre GRAT, ajudem als nens i nenes de prim\u00e0ria que tenen dificultats a l\u2019hora de relacionar-se amb els seus companys, perqu\u00e8...\" \/>\n<meta property=\"og:url\" content=\"https:\/\/www.centregrat.com\/ca\/grup-habilitats-socials-nens\/\" \/>\n<meta property=\"og:site_name\" content=\"Centre GRAT | Centre de psicologia a Barcelona\" \/>\n<meta property=\"article:modified_time\" content=\"2026-04-24T10:52:15+00:00\" \/>\n<meta property=\"og:image\" content=\"https:\/\/www.centregrat.com\/wp-content\/uploads\/2017\/06\/grups-habilitats-socials-nens-adolescents.jpg\" \/>\n\t<meta property=\"og:image:width\" content=\"1100\" \/>\n\t<meta property=\"og:image:height\" content=\"600\" \/>\n\t<meta property=\"og:image:type\" content=\"image\/jpeg\" \/>\n<meta name=\"twitter:card\" content=\"summary_large_image\" \/>\n<meta name=\"twitter:label1\" content=\"Temps estimat de lectura\" \/>\n\t<meta name=\"twitter:data1\" content=\"4 minuts\" \/>\n<script type=\"application\/ld+json\" class=\"yoast-schema-graph\">{\"@context\":\"https:\\\/\\\/schema.org\",\"@graph\":[{\"@type\":\"WebPage\",\"@id\":\"https:\\\/\\\/www.centregrat.com\\\/ca\\\/grup-habilitats-socials-nens\\\/\",\"url\":\"https:\\\/\\\/www.centregrat.com\\\/ca\\\/grup-habilitats-socials-nens\\\/\",\"name\":\"INFANT - Grup habilitats socials nens - Centre GRAT | Centre de psicologia a Barcelona\",\"isPartOf\":{\"@id\":\"https:\\\/\\\/www.centregrat.com\\\/ca\\\/#website\"},\"primaryImageOfPage\":{\"@id\":\"https:\\\/\\\/www.centregrat.com\\\/ca\\\/grup-habilitats-socials-nens\\\/#primaryimage\"},\"image\":{\"@id\":\"https:\\\/\\\/www.centregrat.com\\\/ca\\\/grup-habilitats-socials-nens\\\/#primaryimage\"},\"thumbnailUrl\":\"https:\\\/\\\/www.centregrat.com\\\/wp-content\\\/uploads\\\/2017\\\/06\\\/grups-habilitats-socials-nens-adolescents.jpg\",\"datePublished\":\"2017-06-06T08:38:48+00:00\",\"dateModified\":\"2026-04-24T10:52:15+00:00\",\"breadcrumb\":{\"@id\":\"https:\\\/\\\/www.centregrat.com\\\/ca\\\/grup-habilitats-socials-nens\\\/#breadcrumb\"},\"inLanguage\":\"ca\",\"potentialAction\":[{\"@type\":\"ReadAction\",\"target\":[\"https:\\\/\\\/www.centregrat.com\\\/ca\\\/grup-habilitats-socials-nens\\\/\"]}]},{\"@type\":\"ImageObject\",\"inLanguage\":\"ca\",\"@id\":\"https:\\\/\\\/www.centregrat.com\\\/ca\\\/grup-habilitats-socials-nens\\\/#primaryimage\",\"url\":\"https:\\\/\\\/www.centregrat.com\\\/wp-content\\\/uploads\\\/2017\\\/06\\\/grups-habilitats-socials-nens-adolescents.jpg\",\"contentUrl\":\"https:\\\/\\\/www.centregrat.com\\\/wp-content\\\/uploads\\\/2017\\\/06\\\/grups-habilitats-socials-nens-adolescents.jpg\",\"width\":1100,\"height\":600},{\"@type\":\"BreadcrumbList\",\"@id\":\"https:\\\/\\\/www.centregrat.com\\\/ca\\\/grup-habilitats-socials-nens\\\/#breadcrumb\",\"itemListElement\":[{\"@type\":\"ListItem\",\"position\":1,\"name\":\"Portada\",\"item\":\"https:\\\/\\\/www.centregrat.com\\\/ca\\\/\"},{\"@type\":\"ListItem\",\"position\":2,\"name\":\"INFANT &#8211; Grup habilitats socials nens\"}]},{\"@type\":\"WebSite\",\"@id\":\"https:\\\/\\\/www.centregrat.com\\\/ca\\\/#website\",\"url\":\"https:\\\/\\\/www.centregrat.com\\\/ca\\\/\",\"name\":\"Centre GRAT | Centre de psicologia a Barcelona\",\"description\":\"Millora la teva qualitat de vida. Et donem les eines necess\u00e0ries perqu\u00e8 aconsegueixis portar una vida satisfact\u00f2ria. Coneix el nostre centre de psicologia a Barcelona\",\"publisher\":{\"@id\":\"https:\\\/\\\/www.centregrat.com\\\/ca\\\/#organization\"},\"potentialAction\":[{\"@type\":\"SearchAction\",\"target\":{\"@type\":\"EntryPoint\",\"urlTemplate\":\"https:\\\/\\\/www.centregrat.com\\\/ca\\\/?s={search_term_string}\"},\"query-input\":{\"@type\":\"PropertyValueSpecification\",\"valueRequired\":true,\"valueName\":\"search_term_string\"}}],\"inLanguage\":\"ca\"},{\"@type\":\"Organization\",\"@id\":\"https:\\\/\\\/www.centregrat.com\\\/ca\\\/#organization\",\"name\":\"Centre GRAT\",\"url\":\"https:\\\/\\\/www.centregrat.com\\\/ca\\\/\",\"logo\":{\"@type\":\"ImageObject\",\"inLanguage\":\"ca\",\"@id\":\"https:\\\/\\\/www.centregrat.com\\\/ca\\\/#\\\/schema\\\/logo\\\/image\\\/\",\"url\":\"https:\\\/\\\/www.centregrat.com\\\/wp-content\\\/uploads\\\/2017\\\/03\\\/logo-grat-90-psicologia-educacio.png\",\"contentUrl\":\"https:\\\/\\\/www.centregrat.com\\\/wp-content\\\/uploads\\\/2017\\\/03\\\/logo-grat-90-psicologia-educacio.png\",\"width\":90,\"height\":90,\"caption\":\"Centre GRAT\"},\"image\":{\"@id\":\"https:\\\/\\\/www.centregrat.com\\\/ca\\\/#\\\/schema\\\/logo\\\/image\\\/\"}}]}<\/script>\n<!-- \/ Yoast SEO plugin. -->","yoast_head_json":{"title":"INFANT - Grup habilitats socials nens - Centre GRAT | Centre de psicologia a Barcelona","robots":{"index":"index","follow":"follow","max-snippet":"max-snippet:-1","max-image-preview":"max-image-preview:large","max-video-preview":"max-video-preview:-1"},"canonical":"https:\/\/www.centregrat.com\/ca\/grup-habilitats-socials-nens\/","og_locale":"ca_ES","og_type":"article","og_title":"INFANT - Grup habilitats socials nens - Centre GRAT | Centre de psicologia a Barcelona","og_description":"[vc_row css_animation=&#8221;&#8221; row_type=&#8221;row&#8221; use_row_as_full_screen_section=&#8221;no&#8221; type=&#8221;grid&#8221; angled_section=&#8221;no&#8221; text_align=&#8221;left&#8221; background_image=&#8221;716&#8243; background_image_as_pattern=&#8221;without_pattern&#8221;][vc_column][vc_empty_space height=&#8221;75px&#8221;][vc_row_inner row_type=&#8221;row&#8221; type=&#8221;full_width&#8221; text_align=&#8221;left&#8221; padding_top=&#8221;25&#8243; css_animation=&#8221;&#8221; css=&#8221;.vc_custom_1490978050623{padding-top: 50px !important;padding-right: 25px !important;padding-left: 25px !important;background-color: rgba(32,55,109,0.81) !important;*background-color: rgb(32,55,109) !important;}&#8221;][vc_column_inner][vc_column_text] Grups d\u2019Habilitats Socials per nens i nenes a Barcelona [\/vc_column_text][vc_separator type=&#8221;small&#8221; position=&#8221;center&#8221; up=&#8221;25&#8243; down=&#8221;0&#8243;][\/vc_column_inner][\/vc_row_inner][vc_row_inner row_type=&#8221;row&#8221; type=&#8221;full_width&#8221; text_align=&#8221;center&#8221; background_color=&#8221;rgba(32,55,109,0.81)&#8221; padding_bottom=&#8221;75&#8243; css_animation=&#8221;&#8221; css=&#8221;.vc_custom_1496742091472{padding-top: 25px !important;padding-right: 25px !important;padding-bottom: 25px !important;padding-left: 25px !important;}&#8221;][vc_column_inner width=&#8221;1\/6&#8243;][\/vc_column_inner][vc_column_inner width=&#8221;2\/3&#8243;][vc_column_text] Garanteix una inf\u00e0ncia feli\u00e7 i una adultesa sana al teu fill [\/vc_column_text][vc_empty_space][vc_column_text] Al grup d\u2019habilitats socials per a nens i nenes del Centre GRAT, ajudem als nens i nenes de prim\u00e0ria que tenen dificultats a l\u2019hora de relacionar-se amb els seus companys, perqu\u00e8...","og_url":"https:\/\/www.centregrat.com\/ca\/grup-habilitats-socials-nens\/","og_site_name":"Centre GRAT | Centre de psicologia a Barcelona","article_modified_time":"2026-04-24T10:52:15+00:00","og_image":[{"width":1100,"height":600,"url":"https:\/\/www.centregrat.com\/wp-content\/uploads\/2017\/06\/grups-habilitats-socials-nens-adolescents.jpg","type":"image\/jpeg"}],"twitter_card":"summary_large_image","twitter_misc":{"Temps estimat de lectura":"4 minuts"},"schema":{"@context":"https:\/\/schema.org","@graph":[{"@type":"WebPage","@id":"https:\/\/www.centregrat.com\/ca\/grup-habilitats-socials-nens\/","url":"https:\/\/www.centregrat.com\/ca\/grup-habilitats-socials-nens\/","name":"INFANT - Grup habilitats socials nens - Centre GRAT | Centre de psicologia a Barcelona","isPartOf":{"@id":"https:\/\/www.centregrat.com\/ca\/#website"},"primaryImageOfPage":{"@id":"https:\/\/www.centregrat.com\/ca\/grup-habilitats-socials-nens\/#primaryimage"},"image":{"@id":"https:\/\/www.centregrat.com\/ca\/grup-habilitats-socials-nens\/#primaryimage"},"thumbnailUrl":"https:\/\/www.centregrat.com\/wp-content\/uploads\/2017\/06\/grups-habilitats-socials-nens-adolescents.jpg","datePublished":"2017-06-06T08:38:48+00:00","dateModified":"2026-04-24T10:52:15+00:00","breadcrumb":{"@id":"https:\/\/www.centregrat.com\/ca\/grup-habilitats-socials-nens\/#breadcrumb"},"inLanguage":"ca","potentialAction":[{"@type":"ReadAction","target":["https:\/\/www.centregrat.com\/ca\/grup-habilitats-socials-nens\/"]}]},{"@type":"ImageObject","inLanguage":"ca","@id":"https:\/\/www.centregrat.com\/ca\/grup-habilitats-socials-nens\/#primaryimage","url":"https:\/\/www.centregrat.com\/wp-content\/uploads\/2017\/06\/grups-habilitats-socials-nens-adolescents.jpg","contentUrl":"https:\/\/www.centregrat.com\/wp-content\/uploads\/2017\/06\/grups-habilitats-socials-nens-adolescents.jpg","width":1100,"height":600},{"@type":"BreadcrumbList","@id":"https:\/\/www.centregrat.com\/ca\/grup-habilitats-socials-nens\/#breadcrumb","itemListElement":[{"@type":"ListItem","position":1,"name":"Portada","item":"https:\/\/www.centregrat.com\/ca\/"},{"@type":"ListItem","position":2,"name":"INFANT &#8211; Grup habilitats socials nens"}]},{"@type":"WebSite","@id":"https:\/\/www.centregrat.com\/ca\/#website","url":"https:\/\/www.centregrat.com\/ca\/","name":"Centre GRAT | Centre de psicologia a Barcelona","description":"Millora la teva qualitat de vida. Et donem les eines necess\u00e0ries perqu\u00e8 aconsegueixis portar una vida satisfact\u00f2ria. Coneix el nostre centre de psicologia a Barcelona","publisher":{"@id":"https:\/\/www.centregrat.com\/ca\/#organization"},"potentialAction":[{"@type":"SearchAction","target":{"@type":"EntryPoint","urlTemplate":"https:\/\/www.centregrat.com\/ca\/?s={search_term_string}"},"query-input":{"@type":"PropertyValueSpecification","valueRequired":true,"valueName":"search_term_string"}}],"inLanguage":"ca"},{"@type":"Organization","@id":"https:\/\/www.centregrat.com\/ca\/#organization","name":"Centre GRAT","url":"https:\/\/www.centregrat.com\/ca\/","logo":{"@type":"ImageObject","inLanguage":"ca","@id":"https:\/\/www.centregrat.com\/ca\/#\/schema\/logo\/image\/","url":"https:\/\/www.centregrat.com\/wp-content\/uploads\/2017\/03\/logo-grat-90-psicologia-educacio.png","contentUrl":"https:\/\/www.centregrat.com\/wp-content\/uploads\/2017\/03\/logo-grat-90-psicologia-educacio.png","width":90,"height":90,"caption":"Centre GRAT"},"image":{"@id":"https:\/\/www.centregrat.com\/ca\/#\/schema\/logo\/image\/"}}]}},"_links":{"self":[{"href":"https:\/\/www.centregrat.com\/ca\/wp-json\/wp\/v2\/pages\/711","targetHints":{"allow":["GET"]}}],"collection":[{"href":"https:\/\/www.centregrat.com\/ca\/wp-json\/wp\/v2\/pages"}],"about":[{"href":"https:\/\/www.centregrat.com\/ca\/wp-json\/wp\/v2\/types\/page"}],"author":[{"embeddable":true,"href":"https:\/\/www.centregrat.com\/ca\/wp-json\/wp\/v2\/users\/1"}],"replies":[{"embeddable":true,"href":"https:\/\/www.centregrat.com\/ca\/wp-json\/wp\/v2\/comments?post=711"}],"version-history":[{"count":24,"href":"https:\/\/www.centregrat.com\/ca\/wp-json\/wp\/v2\/pages\/711\/revisions"}],"predecessor-version":[{"id":30218,"href":"https:\/\/www.centregrat.com\/ca\/wp-json\/wp\/v2\/pages\/711\/revisions\/30218"}],"wp:featuredmedia":[{"embeddable":true,"href":"https:\/\/www.centregrat.com\/ca\/wp-json\/wp\/v2\/media\/3314"}],"wp:attachment":[{"href":"https:\/\/www.centregrat.com\/ca\/wp-json\/wp\/v2\/media?parent=711"}],"curies":[{"name":"wp","href":"https:\/\/api.w.org\/{rel}","templated":true}]}}