{"id":1720,"date":"2017-05-16T15:29:49","date_gmt":"2017-05-16T15:29:49","guid":{"rendered":"https:\/\/www.centregrat.com\/com-superar-la-por-a-volar\/"},"modified":"2024-10-23T23:52:56","modified_gmt":"2024-10-23T23:52:56","slug":"superar-el-miedo-a-volar-con-hipnosis-en-barcelona","status":"publish","type":"page","link":"https:\/\/www.centregrat.com\/es\/superar-el-miedo-a-volar-con-hipnosis-en-barcelona\/","title":{"rendered":"ADULT &#8211; Miedo a volar"},"content":{"rendered":"<div class=\"wpb-content-wrapper\"><p>[vc_row css_animation=&#8221;&#8221; row_type=&#8221;row&#8221; use_row_as_full_screen_section=&#8221;no&#8221; type=&#8221;grid&#8221; angled_section=&#8221;no&#8221; text_align=&#8221;left&#8221; background_image=&#8221;437&#8243; background_image_as_pattern=&#8221;without_pattern&#8221;][vc_column][vc_empty_space height=&#8221;75px&#8221;][vc_row_inner row_type=&#8221;row&#8221; type=&#8221;full_width&#8221; text_align=&#8221;left&#8221; padding_top=&#8221;25&#8243; css_animation=&#8221;&#8221; css=&#8221;.vc_custom_1490978050623{padding-top: 50px !important;padding-right: 25px !important;padding-left: 25px !important;background-color: rgba(32,55,109,0.81) !important;*background-color: rgb(32,55,109) !important;}&#8221;][vc_column_inner][vc_column_text]<\/p>\n<h1 style=\"text-align: center;\"><span style=\"color: #ffffff;\"><strong>SUPERAR EL MIEDO A VOLAR CON HIPNOSIS EN BARCELONA<\/strong><\/span><\/h1>\n<p>[\/vc_column_text][vc_separator type=&#8221;small&#8221; position=&#8221;center&#8221; up=&#8221;25&#8243; down=&#8221;0&#8243;][\/vc_column_inner][\/vc_row_inner][vc_row_inner row_type=&#8221;row&#8221; type=&#8221;full_width&#8221; text_align=&#8221;center&#8221; background_color=&#8221;rgba(32,55,109,0.81)&#8221; padding_bottom=&#8221;25&#8243; css_animation=&#8221;&#8221; css=&#8221;.vc_custom_1492619741712{padding-top: 25px !important;padding-right: 25px !important;padding-bottom: 25px !important;padding-left: 25px !important;}&#8221;][vc_column_inner width=&#8221;1\/6&#8243;][\/vc_column_inner][vc_column_inner width=&#8221;2\/3&#8243;][vc_column_text]<\/p>\n<h3 style=\"text-align: center;\"><span style=\"color: #ffffff;\">Hipnosis para superar el miedo o fobia a volar en Barcelona<\/span><\/h3>\n<p style=\"text-align: center;\"><span style=\"color: #ffffff;\">Sesiones Individuales realizadas por un psic\u00f3logo experto en hipnosis<\/span><\/p>\n<p style=\"text-align: center;\"><strong><span style=\"color: #ffffff;\">La hipnosis es una t\u00e9cnica 100% natural, sin efectos nocivos y r\u00e1pida<\/span><\/strong><\/p>\n<p>[\/vc_column_text][vc_empty_space]<a  itemprop=\"url\" href=\"#contacto\" target=\"_self\" data-hover-background-color=#20376d data-hover-border-color=#20376d  class=\"qbutton  large default\" style=\"border-color: #ffc92d; background-color: #ffc92d;\">Solicita m\u00e1s informaci\u00f3n<\/a>[vc_empty_space][\/vc_column_inner][vc_column_inner width=&#8221;1\/6&#8243;][\/vc_column_inner][\/vc_row_inner][vc_empty_space height=&#8221;50px&#8221;][\/vc_column][\/vc_row][vc_row css_animation=&#8221;&#8221; row_type=&#8221;row&#8221; use_row_as_full_screen_section=&#8221;no&#8221; type=&#8221;grid&#8221; angled_section=&#8221;no&#8221; text_align=&#8221;left&#8221; background_image_as_pattern=&#8221;without_pattern&#8221;][vc_column][vc_empty_space height=&#8221;75px&#8221;][vc_column_text]<\/p>\n<h2 style=\"text-align: center;\">\u00bfSientes algunos de estos s\u00edntomas cuando te subes a un avi\u00f3n?<\/h2>\n<p>[\/vc_column_text][vc_separator type=&#8221;small&#8221; position=&#8221;center&#8221; up=&#8221;25&#8243; down=&#8221;25&#8243;][vc_row_inner row_type=&#8221;row&#8221; type=&#8221;full_width&#8221; text_align=&#8221;left&#8221; css_animation=&#8221;&#8221;][vc_column_inner width=&#8221;1\/6&#8243;][\/vc_column_inner][vc_column_inner width=&#8221;1\/3&#8243;]<div class=\"q_icon_list\"><i class=\"qode_icon_font_awesome fa fa-circle-o qode-ili-icon-holder transparent\" style=\"color: #ffc92d;\" ><\/i><p style=\"\">Dificultad para conciliar el sue\u00f1o los d\u00edas previos a viajar<\/p><\/div><div class=\"q_icon_list\"><i class=\"qode_icon_font_awesome fa fa-circle-o qode-ili-icon-holder transparent\" style=\"color: #ffc92d;\" ><\/i><p style=\"\">Taquicardia<\/p><\/div><div class=\"q_icon_list\"><i class=\"qode_icon_font_awesome fa fa-circle-o qode-ili-icon-holder transparent\" style=\"color: #ffc92d;\" ><\/i><p style=\"\">Sudoraci\u00f3n<\/p><\/div><div class=\"q_icon_list\"><i class=\"qode_icon_font_awesome fa fa-circle-o qode-ili-icon-holder transparent\" style=\"color: #ffc92d;\" ><\/i><p style=\"\">Sensaci\u00f3n de falta de aire<\/p><\/div>[\/vc_column_inner][vc_column_inner width=&#8221;1\/3&#8243;]<div class=\"q_icon_list\"><i class=\"qode_icon_font_awesome fa fa-circle-o qode-ili-icon-holder transparent\" style=\"color: #ffc92d;\" ><\/i><p style=\"\">Problemas digestivos<\/p><\/div><div class=\"q_icon_list\"><i class=\"qode_icon_font_awesome fa fa-circle-o qode-ili-icon-holder transparent\" style=\"color: #ffc92d;\" ><\/i><p style=\"\">Miedo a perder el control durante el viaje<\/p><\/div><div class=\"q_icon_list\"><i class=\"qode_icon_font_awesome fa fa-circle-o qode-ili-icon-holder transparent\" style=\"color: #ffc92d;\" ><\/i><p style=\"\">Pensamientos negativos sobre la seguridad del vuelo<\/p><\/div><div class=\"q_icon_list\"><i class=\"qode_icon_font_awesome fa fa-circle-o qode-ili-icon-holder transparent\" style=\"color: #ffc92d;\" ><\/i><p style=\"\">Claustrofobia<\/p><\/div>[\/vc_column_inner][vc_column_inner width=&#8221;1\/6&#8243;][\/vc_column_inner][\/vc_row_inner][vc_separator type=&#8221;normal&#8221; up=&#8221;50&#8243; down=&#8221;50&#8243;][vc_row_inner row_type=&#8221;row&#8221; type=&#8221;full_width&#8221; text_align=&#8221;left&#8221; css_animation=&#8221;&#8221;][vc_column_inner width=&#8221;1\/3&#8243;][vc_column_text]<\/p>\n<h2 style=\"text-align: left;\">\u00bfTe has encontrado en alguna de estas situaciones por el miedo a volar?<\/h2>\n<p>[\/vc_column_text][vc_separator type=&#8221;small&#8221; position=&#8221;left&#8221; up=&#8221;25&#8243; down=&#8221;0&#8243;][\/vc_column_inner][vc_column_inner width=&#8221;1\/3&#8243;]<div class=\"q_icon_list\"><i class=\"qode_icon_font_awesome fa fa-circle-o qode-ili-icon-holder transparent\" style=\"color: #ffc92d;\" ><\/i><p style=\"\">\u00bfHay destinos que no escojes por miedo a volar?<\/p><\/div><div class=\"q_icon_list\"><i class=\"qode_icon_font_awesome fa fa-circle-o qode-ili-icon-holder transparent\" style=\"color: #ffc92d;\" ><\/i><p style=\"\">\u00bfTu evoluci\u00f3n profesional est\u00e1 estancada o en peligro por el miedo a volar?<\/p><\/div><div class=\"q_icon_list\"><i class=\"qode_icon_font_awesome fa fa-circle-o qode-ili-icon-holder transparent\" style=\"color: #ffc92d;\" ><\/i><p style=\"\">\u00bfEl miedo a volar te impide visitar a familiares?<\/p><\/div>[\/vc_column_inner][vc_column_inner width=&#8221;1\/3&#8243;]<div class=\"q_icon_list\"><i class=\"qode_icon_font_awesome fa fa-circle-o qode-ili-icon-holder transparent\" style=\"color: #ffc92d;\" ><\/i><p style=\"\">\u00bfSue\u00f1as con visitar ese lugar especial pero no puedes ir?<\/p><\/div><div class=\"q_icon_list\"><i class=\"qode_icon_font_awesome fa fa-circle-o qode-ili-icon-holder transparent\" style=\"color: #ffc92d;\" ><\/i><p style=\"\">\u00bfNo te apuntas a planes con tus amigos si van en avi\u00f3n?<\/p><\/div>[\/vc_column_inner][\/vc_row_inner][\/vc_column][\/vc_row][vc_row css_animation=&#8221;&#8221; row_type=&#8221;row&#8221; use_row_as_full_screen_section=&#8221;no&#8221; type=&#8221;full_width&#8221; angled_section=&#8221;no&#8221; text_align=&#8221;left&#8221; background_image_as_pattern=&#8221;without_pattern&#8221;][vc_column][vc_empty_space height=&#8221;75px&#8221;][\/vc_column][\/vc_row][vc_row css_animation=&#8221;&#8221; row_type=&#8221;row&#8221; use_row_as_full_screen_section=&#8221;no&#8221; type=&#8221;grid&#8221; angled_section=&#8221;no&#8221; text_align=&#8221;center&#8221; background_image=&#8221;1854&#8243; background_image_as_pattern=&#8221;without_pattern&#8221; padding_top=&#8221;50&#8243; padding_bottom=&#8221;50&#8243;][vc_column][vc_column_text]<\/p>\n<h2 style=\"text-align: center;\"><span style=\"color: #ffffff;\">No dejes que el miedo a volar o aerofobia limite m\u00e1s tu vida, si\u00e9ntete libre de ir a donde quieras<\/span><\/h2>\n<p>[\/vc_column_text][vc_separator type=&#8221;small&#8221; position=&#8221;center&#8221; up=&#8221;25&#8243; down=&#8221;25&#8243;][vc_column_text]<\/p>\n<p style=\"text-align: center;\"><span style=\"color: #ffffff;\">La hipnosis cl\u00ednica realizada por un psic\u00f3logo experto en hipnosis es una buena opci\u00f3n de tratamiento para superar el miedo o fobia a volar<\/span><\/p>\n<p>[\/vc_column_text][vc_empty_space][vc_column_text]<\/p>\n<h4 style=\"text-align: center;\"><span style=\"color: #ffffff;\">No pierdas m\u00e1s tiempo, volar con tranquilidad es posible. Pide una visita y te explicaremos c\u00f3mo ayudarte a conseguirlo<\/span><\/h4>\n<p>[\/vc_column_text][vc_empty_space]<a  itemprop=\"url\" href=\"#contacto\" target=\"_self\" data-hover-background-color=#20376d data-hover-border-color=#20376d  class=\"qbutton  large default\" style=\"border-color: #ffc92d; background-color: #ffc92d;\">Solicita m\u00e1s informaci\u00f3n<\/a>[\/vc_column][\/vc_row][vc_row css_animation=&#8221;&#8221; row_type=&#8221;row&#8221; use_row_as_full_screen_section=&#8221;no&#8221; type=&#8221;full_width&#8221; angled_section=&#8221;no&#8221; text_align=&#8221;left&#8221; background_image_as_pattern=&#8221;without_pattern&#8221; padding_top=&#8221;50&#8243;][vc_column][vc_column_text]<\/p>\n<h2 style=\"text-align: center;\">\u00bfEn qu\u00e9 consiste la t\u00e9cnica de la hipnosis para superar la aerofobia o el miedo \/ fobia a volar?<\/h2>\n<p>[\/vc_column_text][vc_separator type=&#8221;small&#8221; position=&#8221;center&#8221; up=&#8221;25&#8243; down=&#8221;0&#8243;][\/vc_column][\/vc_row][vc_row css_animation=&#8221;&#8221; row_type=&#8221;row&#8221; use_row_as_full_screen_section=&#8221;no&#8221; type=&#8221;grid&#8221; angled_section=&#8221;no&#8221; text_align=&#8221;left&#8221; background_image_as_pattern=&#8221;without_pattern&#8221; padding_top=&#8221;25&#8243; padding_bottom=&#8221;75&#8243;][vc_column width=&#8221;1\/2&#8243;][vc_column_text]La <strong>hipnosis cl\u00ednica, en manos de un profesional de la salud titulado (psic\u00f3logo o psiquiatra)<\/strong>, puede convertirse en una herramienta eficaz y r\u00e1pida para cambiar las pautas del comportamiento aprendido, en este caso, <strong>el miedo a volar<\/strong>.<\/p>\n<p>Seg\u00fan las estad\u00edsticas, el avi\u00f3n resulta ser uno de los medios de transporte m\u00e1s seguros y eficaces de los que disponemos en la actualidad. A pesar de ello, <strong>el miedo a volar resulta ser uno de los miedos m\u00e1s extendidos en t\u00e9rminos de medios de transporte<\/strong>.<\/p>\n<p>Sin duda estar\u00e9is de acuerdo en que la l\u00f3gica no se aplica en este caso.<strong> Cuando la l\u00f3gica y la imaginaci\u00f3n entran en conflicto, suele ganar esta \u00faltima<\/strong>. Los pensamientos catastr\u00f3ficos se ponen en marcha produciendo las reacciones corporales propias del <strong>miedo<\/strong>. El cerebro empieza a retroalimentarse y los pensamientos refuerzan cada vez m\u00e1s las reacciones psicol\u00f3gicas adversas.[\/vc_column_text][\/vc_column][vc_column width=&#8221;1\/2&#8243;][vc_column_text]Es aqu\u00ed donde puede ser \u00fatil la <strong>hipnosis cl\u00ednica<\/strong>, una forma aparentemente no l\u00f3gica, en el que <strong>el poder de la imaginaci\u00f3n de la persona se pone a trabajar a su favor para cambiar el escenario, sensaciones y percepciones que tienen las personas al afrontar la situaci\u00f3n temida<\/strong>. De este modo la persona puede adoptar un nuevo punto de vista acerca de volar en avi\u00f3n, aprender <strong>ejercicios de autohipnosis<\/strong> para modificar las sensaciones corporales desagradables, substituy\u00e9ndolas as\u00ed por una relajaci\u00f3n profunda que permite recuperar el control y afrontar la ansiedad con reacciones fisiol\u00f3gicas totalmente opuestas a esta.<\/p>\n<p>De esta forma la persona aprende una t\u00e9cnica<strong> 100% natural, sin efectos secundarios nocivos y m\u00e1s r\u00e1pida que la mayor\u00eda de intervenciones dirigidas a este campo<\/strong>, ya que se puede conseguir superar el miedo a volar en 5 sesiones de hipnosis aproximadamente.[\/vc_column_text][\/vc_column][\/vc_row][vc_row css_animation=&#8221;&#8221; row_type=&#8221;row&#8221; use_row_as_full_screen_section=&#8221;no&#8221; type=&#8221;grid&#8221; angled_section=&#8221;no&#8221; text_align=&#8221;center&#8221; background_image=&#8221;444&#8243; background_image_as_pattern=&#8221;without_pattern&#8221; padding_top=&#8221;50&#8243; padding_bottom=&#8221;50&#8243;][vc_column][vc_column_text]<\/p>\n<h2 style=\"text-align: center;\"><span style=\"color: #ffffff;\">La hipnosis para superar el miedo o fobia a volar es una t\u00e9cnica:<\/span><\/h2>\n<p>&nbsp;<\/p>\n<p>[\/vc_column_text][vc_separator type=&#8221;small&#8221; position=&#8221;center&#8221; up=&#8221;25&#8243; down=&#8221;25&#8243;][vc_empty_space][vc_row_inner row_type=&#8221;row&#8221; type=&#8221;full_width&#8221; text_align=&#8221;left&#8221; css_animation=&#8221;&#8221;][vc_column_inner width=&#8221;1\/3&#8243;]<div class='q_icon_with_title tiny normal_icon center'><div class=\"icon_holder \" style=\" \"><span data-icon-type=\"normal\"   style=\"\" class=\"qode_iwt_icon_holder q_font_awsome_icon fa-lg \"><i class=\"qode_icon_font_awesome fa fa-calendar qode_iwt_icon_element\" style=\"color: #ffc92d;\" ><\/i><\/span><\/div><div class=\"icon_text_holder\" style=\"\"><div class=\"icon_text_inner\" style=\"\"><h5 class=\"icon_title\" style=\"color: #ffc92d;\">Breve<\/h5><p style='color: #ffffff'>Resultados en 5 sesiones aproximadamente<\/p><\/div><\/div><\/div>[\/vc_column_inner][vc_column_inner width=&#8221;1\/3&#8243;]<div class='q_icon_with_title tiny normal_icon center'><div class=\"icon_holder \" style=\" \"><span data-icon-type=\"normal\"   style=\"\" class=\"qode_iwt_icon_holder q_font_awsome_icon fa-lg \"><i class=\"qode_icon_font_awesome fa fa-cog qode_iwt_icon_element\" style=\"color: #ffc92d;\" ><\/i><\/span><\/div><div class=\"icon_text_holder\" style=\"\"><div class=\"icon_text_inner\" style=\"\"><h5 class=\"icon_title\" style=\"color: #ffc92d;\">Segura<\/h5><p style='color: #ffffff'>El control de la situaci\u00f3n siempre lo tendr\u00e1s t\u00fa No tiene efectos secundarios<\/p><\/div><\/div><\/div>[\/vc_column_inner][vc_column_inner width=&#8221;1\/3&#8243;]<div class='q_icon_with_title tiny normal_icon center'><div class=\"icon_holder \" style=\" \"><span data-icon-type=\"normal\"   style=\"\" class=\"qode_iwt_icon_holder q_font_awsome_icon fa-lg \"><i class=\"qode_icon_font_awesome fa fa-star qode_iwt_icon_element\" style=\"color: #ffc92d;\" ><\/i><\/span><\/div><div class=\"icon_text_holder\" style=\"\"><div class=\"icon_text_inner\" style=\"\"><h5 class=\"icon_title\" style=\"color: #ffc92d;\">Eficaz<\/h5><p style='color: #ffffff'>La hipnosis cl\u00ednica es una t\u00e9cnica cuya eficacia est\u00e1 comprobada cient\u00edficamente. Adem\u00e1s, nuestros casos de \u00e9xito nos avalan<\/p><\/div><\/div><\/div>[\/vc_column_inner][\/vc_row_inner][vc_empty_space][vc_row_inner row_type=&#8221;row&#8221; type=&#8221;full_width&#8221; text_align=&#8221;left&#8221; css_animation=&#8221;&#8221;][vc_column_inner width=&#8221;1\/2&#8243;]<div class='q_icon_with_title tiny normal_icon center'><div class=\"icon_holder \" style=\" \"><span data-icon-type=\"normal\"   style=\"\" class=\"qode_iwt_icon_holder q_font_awsome_icon fa-lg \"><i class=\"qode_icon_font_awesome fa fa-check qode_iwt_icon_element\" style=\"color: #ffc92d;\" ><\/i><\/span><\/div><div class=\"icon_text_holder\" style=\"\"><div class=\"icon_text_inner\" style=\"\"><h5 class=\"icon_title\" style=\"color: #ffc92d;\">Fiable<\/h5><p style='color: #ffffff'>Las sesiones de hipnosis para superar el miedo a volar est\u00e1n dirigidas por un psic\u00f3logo experto en hipnosis y acreditado, a diferencia de otros centros donde quien realiza hipnosis no es un profesional formado dentro del \u00e1mbito de la salud, poniendo en riesgo a la persona<\/p><\/div><\/div><\/div>[\/vc_column_inner][vc_column_inner width=&#8221;1\/2&#8243;]<div class='q_icon_with_title tiny normal_icon center'><div class=\"icon_holder \" style=\" \"><span data-icon-type=\"normal\"   style=\"\" class=\"qode_iwt_icon_holder q_font_awsome_icon fa-lg \"><i class=\"qode_icon_font_awesome fa fa-user qode_iwt_icon_element\" style=\"color: #ffc92d;\" ><\/i><\/span><\/div><div class=\"icon_text_holder\" style=\"\"><div class=\"icon_text_inner\" style=\"\"><h5 class=\"icon_title\" style=\"color: #ffc92d;\">Personalizada<\/h5><p style='color: #ffffff'>El miedo a volar de cada persona puede estar formado por componentes diferentes de una persona a otra, adem\u00e1s de poseer caracter\u00edsticas diferentes de personalidad y funcionamiento. Es por ello que en el Centre GRAT no realizamos sesiones de hipnosis para superar el miedo a volar en grupos a diferencia de otros centros, realizamos una intervenci\u00f3n individual y personalizada, dise\u00f1ada a medida para cada persona teniendo en cuenta sus particularidades.<\/p><\/div><\/div><\/div>[\/vc_column_inner][\/vc_row_inner][vc_empty_space]<a  itemprop=\"url\" href=\"#contacto\" target=\"_self\" data-hover-background-color=#20376d data-hover-border-color=#20376d  class=\"qbutton  large default\" style=\"border-color: #ffc92d; background-color: #ffc92d;\">Solicita m\u00e1s informaci\u00f3n<\/a>[\/vc_column][\/vc_row][vc_row css_animation=&#8221;&#8221; row_type=&#8221;row&#8221; use_row_as_full_screen_section=&#8221;no&#8221; type=&#8221;grid&#8221; angled_section=&#8221;no&#8221; text_align=&#8221;left&#8221; background_image_as_pattern=&#8221;without_pattern&#8221; padding_top=&#8221;75&#8243;][vc_column][vc_column_text]<\/p>\n<h2 style=\"text-align: center;\">Testimonios de personas que confiaron en nosotros y ya han superado el miedo a volar:<\/h2>\n<p>[\/vc_column_text][vc_separator type=&#8221;small&#8221; position=&#8221;center&#8221; up=&#8221;25&#8243; down=&#8221;25&#8243;][vc_column_text]<\/p>\n<p style=\"text-align: center;\">Citamos algunas opiniones de personas que han realizado las sesiones de hipnosis para superar el miedo a volar, que nos han escrito en diversos medios de Internet:<\/p>\n<p>[\/vc_column_text][vc_empty_space][vc_row_inner row_type=&#8221;row&#8221; type=&#8221;full_width&#8221; text_align=&#8221;left&#8221; css_animation=&#8221;&#8221;][vc_column_inner width=&#8221;1\/2&#8243;][vc_column_text]<\/p>\n<p style=\"text-align: left;\"><em>&#8220;Ha sido la mejor elecci\u00f3n que pod\u00eda hacer. Ten\u00eda P\u00c1NICO a volar, y ha conseguido que vuele, sin ATAQUES DE ANSIEDAD, SIN FRIO, SIN DORMIRSE MI CUERPO, RESPIRANDO NORMAL. La semana anterior al vuelo, durmiendo como un \u00e1ngel, sin mis ataques de ansiedad previos. A QUIEN LE OCURRA LO MISMO&#8230;NO DUDEIS. He pasado un final de semana en Menorca, maravilloso, sin pensar que luego ten\u00eda que volver.&#8221;<\/em><strong><br \/>\n<\/strong><\/p>\n<p style=\"text-align: right;\"><strong>I.M.<\/strong><\/p>\n<p>[\/vc_column_text][\/vc_column_inner][vc_column_inner width=&#8221;1\/2&#8243;][vc_column_text]<em>&#8220;[&#8230;] As\u00ed que conoc\u00ed a Albert Roig, mi psic\u00f3logo, qui\u00e9n ha conseguido ordenar mis pensamientos negativos y reducir much\u00edsimo mi miedo a volar. Para ello, me realiz\u00f3 sesiones de hipnosis, (s\u00ed, \u00a1HIPNOSIS!) que aunque he de reconocer que al principio este t\u00e9rmino me daba mucho respeto, me ha funcionado muy muy bien. [&#8230;] La verdad es que me fue muy bien, lo recomiendo 100%.&#8221;<\/em><\/p>\n<p style=\"text-align: right;\"><strong>M.C<\/strong><\/p>\n<p>[\/vc_column_text][\/vc_column_inner][\/vc_row_inner][vc_separator type=&#8221;normal&#8221; up=&#8221;50&#8243; down=&#8221;50&#8243;][vc_column_text]<\/p>\n<h2 style=\"text-align: center;\">Ponte en manos de un profesional<\/h2>\n<p>[\/vc_column_text][vc_separator type=&#8221;small&#8221; position=&#8221;center&#8221; up=&#8221;25&#8243; down=&#8221;25&#8243;][\/vc_column][\/vc_row][vc_row css_animation=&#8221;&#8221; row_type=&#8221;row&#8221; use_row_as_full_screen_section=&#8221;no&#8221; type=&#8221;grid&#8221; angled_section=&#8221;no&#8221; text_align=&#8221;left&#8221; background_image_as_pattern=&#8221;without_pattern&#8221; padding_bottom=&#8221;75&#8243;][vc_column width=&#8221;1\/4&#8243;][vc_single_image image=&#8221;186&#8243; img_size=&#8221;full&#8221; alignment=&#8221;center&#8221; qode_css_animation=&#8221;&#8221;][\/vc_column][vc_column width=&#8221;3\/4&#8243;][vc_column_text]<\/p>\n<h3><span style=\"color: #20376d;\">Albert Roig Tor<\/span><\/h3>\n<p>[\/vc_column_text][vc_column_text]Colegiado n\u00ba17308<\/p>\n<p><strong>Psic\u00f3logo General Sanitario especializado en psicoterapia e hipnosis cl\u00ednica<\/strong><\/p>\n<p>Actualmente es psic\u00f3logo experto en hipnosis cl\u00ednica en la Cl\u00ednica Creu Blanca, investigador en proyectos cient\u00edficos sobre la eficacia de la hipnosis cl\u00ednica en trastornos conversivos, colabora impartiendo seminarios sobre hipnosis cl\u00ednica en el marco del Postgrado en Hipnosis Cl\u00ednica de la Universitat de Barcelona y es docente de cursos sobre t\u00e9cnicas hipn\u00f3ticas aplicadas a la psicoterapia en el Centre GRAT. Ha trabajado como psic\u00f3logo experto en hipnosis cl\u00ednica en la Unidad de Parkinson y Trastornos del Movimiento adscrita al Centre M\u00e9dico Teknon y en el Hospital Sant Pau.[\/vc_column_text][vc_empty_space][vc_accordion active_tab=&#8221;false&#8221; collapsible=&#8221;yes&#8221; style=&#8221;accordion&#8221; title=&#8221;CON\u00c8IXER M\u00c9S&#8221;][vc_accordion_tab title=&#8221;SABER M\u00c1S&#8221; title_color=&#8221;#ffffff&#8221; background_color=&#8221;#20376d&#8221; title_tag=&#8221;h5&#8243;][vc_column_text]<\/p>\n<ul>\n<li>Psic\u00f3logo General Sanitario acreditado por el Colegio Oficial de Psic\u00f3logos de Catalunya<\/li>\n<li>Licenciado en Psicolog\u00eda en la Universidad de Barcelona.<\/li>\n<li>Postgrado en Hipnosis Cl\u00ednica. Universidad de Barcelona, Facultad de Psicolog\u00eda.<\/li>\n<li>M\u00e1ster en Terapia Cognitivo Social (terapia individual, de pareja y familiar). Universidad de Barcelona.<\/li>\n<li>Psicoterapia adultos, j\u00f3venes y adolescentes<\/li>\n<li>Especialista en terapia individual y familiar<\/li>\n<li>Especialista en hipnosis cl\u00ednica<\/li>\n<li>Especialista en tabaquismo<\/li>\n<li>Especialista en fobias: miedo a volar, a conducir, a animales y otros miedos irracionales<\/li>\n<li>Especialista en trastornos del estado del \u00e1nimo, trastornos de ansiedad, trastornos de somatizaci\u00f3n<\/li>\n<li>Especialista en estrategias de comunicaci\u00f3n y habilidades sociales<\/li>\n<li>Especialista en trastornos conversivos y somatomorfos<\/li>\n<li>Consultor externo del Equipo Psiqui\u00e1trico del Hospital de Barcelona<\/li>\n<li>Psic\u00f3logo experto en hipnosis cl\u00ednica en la Unidad de Parkinson y Trastornos del Movimiento adscrita al Centro M\u00e9dico Teknon<\/li>\n<li>Investigador en proyectos de investigaci\u00f3n cient\u00edfica sobre la eficacia de la hipnosis en trastornos conversivos<\/li>\n<li>Docente de seminarios sobre Hipnosis dentro del Postgrado en Hipnosis Cl\u00ednica de la Universidad de Barcelona<\/li>\n<\/ul>\n<h5 style=\"text-align: left;\">Publicaciones:<\/h5>\n<ul>\n<li>La evaluaci\u00f3n del estr\u00e9s y del trauma: Presentaci\u00f3n de la versi\u00f3n espa\u00f1ola de la escala de trauma acumulativo (CTS). P\u00e1gs. 89 \u2013 104 de la Revista de Psicoterapia \/ Vol. XX \u2013 N\u00ba 80.<\/li>\n<li>La Histeria en la medicina del S. XXI. Cuadernos de Psicosom\u00e1tica y Psiquiatr\u00eda de Enlace N\u00ba40 Mes: Abril\/Mayo\/Junio 2013.<\/li>\n<\/ul>\n<p>[\/vc_column_text][\/vc_accordion_tab][\/vc_accordion][\/vc_column][\/vc_row][vc_row css_animation=&#8221;&#8221; row_type=&#8221;row&#8221; use_row_as_full_screen_section=&#8221;no&#8221; type=&#8221;grid&#8221; anchor=&#8221;contacto&#8221; angled_section=&#8221;no&#8221; text_align=&#8221;center&#8221; background_image=&#8221;446&#8243; background_image_as_pattern=&#8221;without_pattern&#8221; padding_top=&#8221;50&#8243; padding_bottom=&#8221;50&#8243;][vc_column][vc_column_text]<\/p>\n<h2 style=\"text-align: center;\"><span style=\"color: #ffffff;\">Solicita una visita:<\/span><\/h2>\n<p>[\/vc_column_text][vc_separator type=&#8221;small&#8221; position=&#8221;center&#8221; up=&#8221;25&#8243; down=&#8221;25&#8243;][vc_column_text]<\/p>\n<p style=\"text-align: center;\"><span style=\"color: #ffffff;\">Para concertar una visita necesitamos la siguiente informaci\u00f3n:<\/span><\/p>\n<p>[\/vc_column_text][vc_empty_space]\n<div class=\"wpcf7 no-js\" id=\"wpcf7-f1761-o1\" lang=\"en-US\" dir=\"ltr\" data-wpcf7-id=\"1761\">\n<div class=\"screen-reader-response\"><p role=\"status\" aria-live=\"polite\" aria-atomic=\"true\"><\/p> <ul><\/ul><\/div>\n<form action=\"\/es\/wp-json\/wp\/v2\/pages\/1720#wpcf7-f1761-o1\" method=\"post\" class=\"wpcf7-form init cf7_custom_style_1 7fb081fd7beb cmatic-conn cmatic-aud-28 cmatic-mapd0-0 cmatic-v097802 cmatic-sent-0 cmatic-total-7551\" aria-label=\"Contact form\" novalidate=\"novalidate\" data-status=\"init\">\n<fieldset class=\"hidden-fields-container\"><input type=\"hidden\" name=\"_wpcf7\" value=\"1761\" \/><input type=\"hidden\" name=\"_wpcf7_version\" value=\"6.1.5\" \/><input type=\"hidden\" name=\"_wpcf7_locale\" value=\"en_US\" \/><input type=\"hidden\" name=\"_wpcf7_unit_tag\" value=\"wpcf7-f1761-o1\" \/><input type=\"hidden\" name=\"_wpcf7_container_post\" value=\"0\" \/><input type=\"hidden\" name=\"_wpcf7_posted_data_hash\" value=\"\" \/><input type=\"hidden\" name=\"redirect_nonce\" value=\"8cdf8972e9\" \/><input type=\"hidden\" name=\"wpcf7cfpdf_hidden_name\" value=\"document-pdf\" \/><input type=\"hidden\" name=\"wpcf7cfpdf_hidden_reference\" value=\"46ec29fa\" \/><input type=\"hidden\" name=\"wpcf7cfpdf_hidden_date\" value=\"April30,2026\" \/>\n<\/fieldset>\n<p><label> <span class=\"wpcf7-form-control-wrap\" data-name=\"your-name\"><input size=\"40\" maxlength=\"400\" class=\"wpcf7-form-control wpcf7-text wpcf7-validates-as-required\" aria-required=\"true\" aria-invalid=\"false\" placeholder=\"Nombre\" value=\"\" type=\"text\" name=\"your-name\" \/><\/span> <\/label>\n<\/p>\n<p><label> <span class=\"wpcf7-form-control-wrap\" data-name=\"your-email\"><input size=\"40\" maxlength=\"400\" class=\"wpcf7-form-control wpcf7-email wpcf7-validates-as-required wpcf7-text wpcf7-validates-as-email\" aria-required=\"true\" aria-invalid=\"false\" placeholder=\"Email\" value=\"\" type=\"email\" name=\"your-email\" \/><\/span> <\/label>\n<\/p>\n<p><label> <span class=\"wpcf7-form-control-wrap\" data-name=\"telefono\"><input size=\"40\" maxlength=\"400\" class=\"wpcf7-form-control wpcf7-text wpcf7-validates-as-required\" aria-required=\"true\" aria-invalid=\"false\" placeholder=\"Tel\u00e9fono\" value=\"\" type=\"text\" name=\"telefono\" \/><\/span> <\/label>\n<\/p>\n<p><small style=\"font-size: 0.6rem; line-height:.8rem\">\u201cDe conformidad con lo establecido en la normativa vigente en Protecci\u00f3n de Datos de Car\u00e1cter Personal, te informamos que tus datos ser\u00e1n incorporados al sistema de tratamiento titularidad de CENTRE GRAT PSICOLOGIA S.L.U, con CIF B55425300 y domicilio social sito en (08007) Barcelona, calle Gran V\u00eda de les Corts Catalanes, n\u00ba 646, entresuelo 1\u00ba, con la finalidad de atender la comunicaci\u00f3n necesaria para la prestaci\u00f3n de los servicios contratados, siendo cedidos exclusivamente por imperativo legal, conforme a la legislaci\u00f3n tributaria vigente. En cumplimiento con la normativa vigente, CENTRE GRAT PSICOLOGIA S.L.U informa que los datos ser\u00e1n conservados durante el plazo estrictamente necesario para cumplir con los preceptos mencionados con anterioridad. De acuerdo con los derechos que te confiere la normativa vigente en protecci\u00f3n de datos podr\u00e1\u0301 ejercer los derechos de acceso, rectificaci\u00f3n, limitaci\u00f3n de tratamiento, supresi\u00f3n, portabilidad y oposici\u00f3n al tratamiento de sus datos de car\u00e1cter personal, as\u00ed como del consentimiento prestado para el tratamiento de los mismos, dirigiendo su petici\u00f3n a la direcci\u00f3n postal indicada m\u00e1s arriba o al correo electr\u00f3nico: info@centregrat.com. Podr\u00e1s dirigirte a la Autoridad de Control competente para presentar la reclamaci\u00f3n que consideres oportuna. El env\u00edo de estos datos implica la aceptaci\u00f3n de esta cl\u00e1usula\u201d<\/small>\n<\/p>\n<p><span class=\"wpcf7-form-control-wrap\" data-name=\"acceptance-481\"><span class=\"wpcf7-form-control wpcf7-acceptance\"><span class=\"wpcf7-list-item\"><input type=\"checkbox\" name=\"acceptance-481\" value=\"1\" aria-invalid=\"false\" \/><\/span><\/span><\/span> Confirmo que he le\u00eddo y ACEPTO todos los t\u00e9rminos y condiciones de tratamiento de datos expuestos aqu\u00ed y en la <a style=\"line-height: 2rem;\" href='\/politica-de-privacidad\/'> Pol\u00edtica de Privacidad<\/a>a<br \/>\n<input class=\"wpcf7-form-control wpcf7-submit has-spinner\" type=\"submit\" value=\"ENVIAR\" \/>\n<\/p><p style=\"display: none !important;\" class=\"akismet-fields-container\" data-prefix=\"_wpcf7_ak_\"><label>&#916;<textarea name=\"_wpcf7_ak_hp_textarea\" cols=\"45\" rows=\"8\" maxlength=\"100\"><\/textarea><\/label><input type=\"hidden\" id=\"ak_js_1\" name=\"_wpcf7_ak_js\" value=\"17\"\/><script>document.getElementById( \"ak_js_1\" ).setAttribute( \"value\", ( new Date() ).getTime() );<\/script><\/p><div class=\"wpcf7-response-output\" aria-hidden=\"true\"><\/div>\n<\/form>\n<\/div>\n[\/vc_column][\/vc_row]<\/p>\n<\/div>","protected":false},"excerpt":{"rendered":"<p>[vc_row css_animation=&#8221;&#8221; row_type=&#8221;row&#8221; use_row_as_full_screen_section=&#8221;no&#8221; type=&#8221;grid&#8221; angled_section=&#8221;no&#8221; text_align=&#8221;left&#8221; background_image=&#8221;437&#8243; background_image_as_pattern=&#8221;without_pattern&#8221;][vc_column][vc_empty_space height=&#8221;75px&#8221;][vc_row_inner row_type=&#8221;row&#8221; type=&#8221;full_width&#8221; text_align=&#8221;left&#8221; padding_top=&#8221;25&#8243; css_animation=&#8221;&#8221; css=&#8221;.vc_custom_1490978050623{padding-top: 50px !important;padding-right: 25px !important;padding-left: 25px !important;background-color: rgba(32,55,109,0.81) !important;*background-color: rgb(32,55,109) !important;}&#8221;][vc_column_inner][vc_column_text] SUPERAR EL MIEDO A VOLAR CON HIPNOSIS EN BARCELONA [\/vc_column_text][vc_separator type=&#8221;small&#8221; position=&#8221;center&#8221; up=&#8221;25&#8243; down=&#8221;0&#8243;][\/vc_column_inner][\/vc_row_inner][vc_row_inner row_type=&#8221;row&#8221; type=&#8221;full_width&#8221; text_align=&#8221;center&#8221; background_color=&#8221;rgba(32,55,109,0.81)&#8221; padding_bottom=&#8221;25&#8243; css_animation=&#8221;&#8221; css=&#8221;.vc_custom_1492619741712{padding-top: 25px !important;padding-right: 25px !important;padding-bottom: 25px !important;padding-left: 25px !important;}&#8221;][vc_column_inner width=&#8221;1\/6&#8243;][\/vc_column_inner][vc_column_inner width=&#8221;2\/3&#8243;][vc_column_text] Hipnosis para superar el miedo o fobia a volar en Barcelona Sesiones Individuales realizadas por un psic\u00f3logo experto en hipnosis La hipnosis es una t\u00e9cnica 100% natural, sin efectos nocivos y r\u00e1pida [\/vc_column_text][vc_empty_space][vc_empty_space][\/vc_column_inner][vc_column_inner width=&#8221;1\/6&#8243;][\/vc_column_inner][\/vc_row_inner][vc_empty_space height=&#8221;50px&#8221;][\/vc_column][\/vc_row][vc_row css_animation=&#8221;&#8221; row_type=&#8221;row&#8221; use_row_as_full_screen_section=&#8221;no&#8221; type=&#8221;grid&#8221; angled_section=&#8221;no&#8221; text_align=&#8221;left&#8221; background_image_as_pattern=&#8221;without_pattern&#8221;][vc_column][vc_empty_space height=&#8221;75px&#8221;][vc_column_text]&#8230;<\/p>\n","protected":false},"author":1,"featured_media":0,"parent":0,"menu_order":0,"comment_status":"closed","ping_status":"closed","template":"full_width.php","meta":{"_acf_changed":false,"_exactmetrics_skip_tracking":false,"_exactmetrics_sitenote_active":false,"_exactmetrics_sitenote_note":"","_exactmetrics_sitenote_category":0,"footnotes":""},"class_list":["post-1720","page","type-page","status-publish","hentry"],"acf":[],"yoast_head":"<!-- This site is optimized with the Yoast SEO plugin v27.4 - https:\/\/yoast.com\/product\/yoast-seo-wordpress\/ -->\n<title>Superar el miedo a volar con hipnosis en Barcelona | Centre GRAT<\/title>\n<meta name=\"description\" content=\"Sesiones Individuales realizadas por un psic\u00f3logo experto en hipnosis. T\u00e9cnica 100% natural, sin efectos nocivos y r\u00e1pida.\" \/>\n<meta name=\"robots\" content=\"index, follow, max-snippet:-1, max-image-preview:large, max-video-preview:-1\" \/>\n<link rel=\"canonical\" href=\"https:\/\/www.centregrat.com\/es\/superar-el-miedo-a-volar-con-hipnosis-en-barcelona\/\" \/>\n<meta property=\"og:locale\" content=\"es_ES\" \/>\n<meta property=\"og:type\" content=\"article\" \/>\n<meta property=\"og:title\" content=\"Superar el miedo a volar con hipnosis en Barcelona | Centre GRAT\" \/>\n<meta property=\"og:description\" content=\"Sesiones Individuales realizadas por un psic\u00f3logo experto en hipnosis. T\u00e9cnica 100% natural, sin efectos nocivos y r\u00e1pida.\" \/>\n<meta property=\"og:url\" content=\"https:\/\/www.centregrat.com\/es\/superar-el-miedo-a-volar-con-hipnosis-en-barcelona\/\" \/>\n<meta property=\"og:site_name\" content=\"Centre GRAT | Centre de psicologia a Barcelona\" \/>\n<meta property=\"article:modified_time\" content=\"2024-10-23T23:52:56+00:00\" \/>\n<meta property=\"og:image\" content=\"https:\/\/www.centregrat.com\/wp-content\/uploads\/2017\/03\/logo-grat-90-psicologia-educacio.png\" \/>\n\t<meta property=\"og:image:width\" content=\"90\" \/>\n\t<meta property=\"og:image:height\" content=\"90\" \/>\n\t<meta property=\"og:image:type\" content=\"image\/png\" \/>\n<meta name=\"twitter:card\" content=\"summary_large_image\" \/>\n<meta name=\"twitter:label1\" content=\"Tiempo de lectura\" \/>\n\t<meta name=\"twitter:data1\" content=\"9 minutos\" \/>\n<script type=\"application\/ld+json\" class=\"yoast-schema-graph\">{\"@context\":\"https:\\\/\\\/schema.org\",\"@graph\":[{\"@type\":\"WebPage\",\"@id\":\"https:\\\/\\\/www.centregrat.com\\\/es\\\/superar-el-miedo-a-volar-con-hipnosis-en-barcelona\\\/\",\"url\":\"https:\\\/\\\/www.centregrat.com\\\/es\\\/superar-el-miedo-a-volar-con-hipnosis-en-barcelona\\\/\",\"name\":\"Superar el miedo a volar con hipnosis en Barcelona | Centre GRAT\",\"isPartOf\":{\"@id\":\"https:\\\/\\\/www.centregrat.com\\\/ca\\\/#website\"},\"datePublished\":\"2017-05-16T15:29:49+00:00\",\"dateModified\":\"2024-10-23T23:52:56+00:00\",\"description\":\"Sesiones Individuales realizadas por un psic\u00f3logo experto en hipnosis. T\u00e9cnica 100% natural, sin efectos nocivos y r\u00e1pida.\",\"breadcrumb\":{\"@id\":\"https:\\\/\\\/www.centregrat.com\\\/es\\\/superar-el-miedo-a-volar-con-hipnosis-en-barcelona\\\/#breadcrumb\"},\"inLanguage\":\"es\",\"potentialAction\":[{\"@type\":\"ReadAction\",\"target\":[\"https:\\\/\\\/www.centregrat.com\\\/es\\\/superar-el-miedo-a-volar-con-hipnosis-en-barcelona\\\/\"]}]},{\"@type\":\"BreadcrumbList\",\"@id\":\"https:\\\/\\\/www.centregrat.com\\\/es\\\/superar-el-miedo-a-volar-con-hipnosis-en-barcelona\\\/#breadcrumb\",\"itemListElement\":[{\"@type\":\"ListItem\",\"position\":1,\"name\":\"Portada\",\"item\":\"https:\\\/\\\/www.centregrat.com\\\/es\\\/\"},{\"@type\":\"ListItem\",\"position\":2,\"name\":\"ADULT &#8211; Miedo a volar\"}]},{\"@type\":\"WebSite\",\"@id\":\"https:\\\/\\\/www.centregrat.com\\\/ca\\\/#website\",\"url\":\"https:\\\/\\\/www.centregrat.com\\\/ca\\\/\",\"name\":\"Centre GRAT | Centre de psicologia a Barcelona\",\"description\":\"Millora la teva qualitat de vida. Et donem les eines necess\u00e0ries perqu\u00e8 aconsegueixis portar una vida satisfact\u00f2ria. Coneix el nostre centre de psicologia a Barcelona\",\"publisher\":{\"@id\":\"https:\\\/\\\/www.centregrat.com\\\/ca\\\/#organization\"},\"potentialAction\":[{\"@type\":\"SearchAction\",\"target\":{\"@type\":\"EntryPoint\",\"urlTemplate\":\"https:\\\/\\\/www.centregrat.com\\\/ca\\\/?s={search_term_string}\"},\"query-input\":{\"@type\":\"PropertyValueSpecification\",\"valueRequired\":true,\"valueName\":\"search_term_string\"}}],\"inLanguage\":\"es\"},{\"@type\":\"Organization\",\"@id\":\"https:\\\/\\\/www.centregrat.com\\\/ca\\\/#organization\",\"name\":\"Centre GRAT\",\"url\":\"https:\\\/\\\/www.centregrat.com\\\/ca\\\/\",\"logo\":{\"@type\":\"ImageObject\",\"inLanguage\":\"es\",\"@id\":\"https:\\\/\\\/www.centregrat.com\\\/ca\\\/#\\\/schema\\\/logo\\\/image\\\/\",\"url\":\"https:\\\/\\\/www.centregrat.com\\\/wp-content\\\/uploads\\\/2017\\\/03\\\/logo-grat-90-psicologia-educacio.png\",\"contentUrl\":\"https:\\\/\\\/www.centregrat.com\\\/wp-content\\\/uploads\\\/2017\\\/03\\\/logo-grat-90-psicologia-educacio.png\",\"width\":90,\"height\":90,\"caption\":\"Centre GRAT\"},\"image\":{\"@id\":\"https:\\\/\\\/www.centregrat.com\\\/ca\\\/#\\\/schema\\\/logo\\\/image\\\/\"}}]}<\/script>\n<!-- \/ Yoast SEO plugin. -->","yoast_head_json":{"title":"Superar el miedo a volar con hipnosis en Barcelona | Centre GRAT","description":"Sesiones Individuales realizadas por un psic\u00f3logo experto en hipnosis. T\u00e9cnica 100% natural, sin efectos nocivos y r\u00e1pida.","robots":{"index":"index","follow":"follow","max-snippet":"max-snippet:-1","max-image-preview":"max-image-preview:large","max-video-preview":"max-video-preview:-1"},"canonical":"https:\/\/www.centregrat.com\/es\/superar-el-miedo-a-volar-con-hipnosis-en-barcelona\/","og_locale":"es_ES","og_type":"article","og_title":"Superar el miedo a volar con hipnosis en Barcelona | Centre GRAT","og_description":"Sesiones Individuales realizadas por un psic\u00f3logo experto en hipnosis. T\u00e9cnica 100% natural, sin efectos nocivos y r\u00e1pida.","og_url":"https:\/\/www.centregrat.com\/es\/superar-el-miedo-a-volar-con-hipnosis-en-barcelona\/","og_site_name":"Centre GRAT | Centre de psicologia a Barcelona","article_modified_time":"2024-10-23T23:52:56+00:00","og_image":[{"width":90,"height":90,"url":"https:\/\/www.centregrat.com\/wp-content\/uploads\/2017\/03\/logo-grat-90-psicologia-educacio.png","type":"image\/png"}],"twitter_card":"summary_large_image","twitter_misc":{"Tiempo de lectura":"9 minutos"},"schema":{"@context":"https:\/\/schema.org","@graph":[{"@type":"WebPage","@id":"https:\/\/www.centregrat.com\/es\/superar-el-miedo-a-volar-con-hipnosis-en-barcelona\/","url":"https:\/\/www.centregrat.com\/es\/superar-el-miedo-a-volar-con-hipnosis-en-barcelona\/","name":"Superar el miedo a volar con hipnosis en Barcelona | Centre GRAT","isPartOf":{"@id":"https:\/\/www.centregrat.com\/ca\/#website"},"datePublished":"2017-05-16T15:29:49+00:00","dateModified":"2024-10-23T23:52:56+00:00","description":"Sesiones Individuales realizadas por un psic\u00f3logo experto en hipnosis. T\u00e9cnica 100% natural, sin efectos nocivos y r\u00e1pida.","breadcrumb":{"@id":"https:\/\/www.centregrat.com\/es\/superar-el-miedo-a-volar-con-hipnosis-en-barcelona\/#breadcrumb"},"inLanguage":"es","potentialAction":[{"@type":"ReadAction","target":["https:\/\/www.centregrat.com\/es\/superar-el-miedo-a-volar-con-hipnosis-en-barcelona\/"]}]},{"@type":"BreadcrumbList","@id":"https:\/\/www.centregrat.com\/es\/superar-el-miedo-a-volar-con-hipnosis-en-barcelona\/#breadcrumb","itemListElement":[{"@type":"ListItem","position":1,"name":"Portada","item":"https:\/\/www.centregrat.com\/es\/"},{"@type":"ListItem","position":2,"name":"ADULT &#8211; Miedo a volar"}]},{"@type":"WebSite","@id":"https:\/\/www.centregrat.com\/ca\/#website","url":"https:\/\/www.centregrat.com\/ca\/","name":"Centre GRAT | Centre de psicologia a Barcelona","description":"Millora la teva qualitat de vida. Et donem les eines necess\u00e0ries perqu\u00e8 aconsegueixis portar una vida satisfact\u00f2ria. Coneix el nostre centre de psicologia a Barcelona","publisher":{"@id":"https:\/\/www.centregrat.com\/ca\/#organization"},"potentialAction":[{"@type":"SearchAction","target":{"@type":"EntryPoint","urlTemplate":"https:\/\/www.centregrat.com\/ca\/?s={search_term_string}"},"query-input":{"@type":"PropertyValueSpecification","valueRequired":true,"valueName":"search_term_string"}}],"inLanguage":"es"},{"@type":"Organization","@id":"https:\/\/www.centregrat.com\/ca\/#organization","name":"Centre GRAT","url":"https:\/\/www.centregrat.com\/ca\/","logo":{"@type":"ImageObject","inLanguage":"es","@id":"https:\/\/www.centregrat.com\/ca\/#\/schema\/logo\/image\/","url":"https:\/\/www.centregrat.com\/wp-content\/uploads\/2017\/03\/logo-grat-90-psicologia-educacio.png","contentUrl":"https:\/\/www.centregrat.com\/wp-content\/uploads\/2017\/03\/logo-grat-90-psicologia-educacio.png","width":90,"height":90,"caption":"Centre GRAT"},"image":{"@id":"https:\/\/www.centregrat.com\/ca\/#\/schema\/logo\/image\/"}}]}},"_links":{"self":[{"href":"https:\/\/www.centregrat.com\/es\/wp-json\/wp\/v2\/pages\/1720","targetHints":{"allow":["GET"]}}],"collection":[{"href":"https:\/\/www.centregrat.com\/es\/wp-json\/wp\/v2\/pages"}],"about":[{"href":"https:\/\/www.centregrat.com\/es\/wp-json\/wp\/v2\/types\/page"}],"author":[{"embeddable":true,"href":"https:\/\/www.centregrat.com\/es\/wp-json\/wp\/v2\/users\/1"}],"replies":[{"embeddable":true,"href":"https:\/\/www.centregrat.com\/es\/wp-json\/wp\/v2\/comments?post=1720"}],"version-history":[{"count":9,"href":"https:\/\/www.centregrat.com\/es\/wp-json\/wp\/v2\/pages\/1720\/revisions"}],"predecessor-version":[{"id":30226,"href":"https:\/\/www.centregrat.com\/es\/wp-json\/wp\/v2\/pages\/1720\/revisions\/30226"}],"wp:attachment":[{"href":"https:\/\/www.centregrat.com\/es\/wp-json\/wp\/v2\/media?parent=1720"}],"curies":[{"name":"wp","href":"https:\/\/api.w.org\/{rel}","templated":true}]}}