{"id":1879,"date":"2017-06-15T09:26:16","date_gmt":"2017-06-15T09:26:16","guid":{"rendered":"https:\/\/www.centregrat.com\/?page_id=1879\/"},"modified":"2026-04-27T14:11:10","modified_gmt":"2026-04-27T14:11:10","slug":"grupos-de-habilidades-sociales-para-adolescentes-en-barcelona","status":"publish","type":"page","link":"https:\/\/www.centregrat.com\/es\/grupos-de-habilidades-sociales-para-adolescentes-en-barcelona\/","title":{"rendered":"ADOL &#8211; Grupo de habilidades sociales adolescentes y j\u00f3venes"},"content":{"rendered":"<div class=\"wpb-content-wrapper\"><p>[vc_row css_animation=&#8221;&#8221; row_type=&#8221;row&#8221; use_row_as_full_screen_section=&#8221;no&#8221; type=&#8221;grid&#8221; angled_section=&#8221;no&#8221; text_align=&#8221;left&#8221; background_image=&#8221;643&#8243; background_image_as_pattern=&#8221;without_pattern&#8221;][vc_column][vc_empty_space height=&#8221;75px&#8221;][vc_row_inner row_type=&#8221;row&#8221; type=&#8221;full_width&#8221; text_align=&#8221;left&#8221; padding_top=&#8221;25&#8243; css_animation=&#8221;&#8221; css=&#8221;.vc_custom_1490978050623{padding-top: 50px !important;padding-right: 25px !important;padding-left: 25px !important;background-color: rgba(32,55,109,0.81) !important;*background-color: rgb(32,55,109) !important;}&#8221;][vc_column_inner][vc_column_text]<\/p>\n<h1 style=\"text-align: center;\"><span style=\"color: #ffffff;\"><strong>Mejora de las habilidades sociales en grupos para adolescentes y j\u00f3venes en Barcelona<\/strong><\/span><\/h1>\n<p>[\/vc_column_text][vc_separator type=&#8221;small&#8221; position=&#8221;center&#8221; up=&#8221;25&#8243; down=&#8221;0&#8243;][\/vc_column_inner][\/vc_row_inner][vc_row_inner row_type=&#8221;row&#8221; type=&#8221;full_width&#8221; text_align=&#8221;center&#8221; background_color=&#8221;rgba(32,55,109,0.81)&#8221; padding_bottom=&#8221;50&#8243; css_animation=&#8221;&#8221; css=&#8221;.vc_custom_1493310011113{padding-top: 25px !important;padding-right: 25px !important;padding-bottom: 25px !important;padding-left: 25px !important;}&#8221;][vc_column_inner width=&#8221;1\/6&#8243;][\/vc_column_inner][vc_column_inner width=&#8221;2\/3&#8243;][vc_column_text]<\/p>\n<p style=\"text-align: center;\"><span style=\"color: #ffffff;\">Ayudamos a adolescentes que tienen dificultades a la hora de relacionarse con los dem\u00e1s, a adquirir las habilidades necesarias para establecer una relaci\u00f3n sana y segura con los dem\u00e1s y sentirse bien, a trav\u00e9s de poner en pr\u00e1ctica t\u00e9cnicas que les proporcionamos en nuestros grupos de habilidades sociales.<\/span><\/p>\n<p>[\/vc_column_text][vc_empty_space]<a  itemprop=\"url\" href=\"#contacto\" target=\"_self\" data-hover-background-color=#20376d data-hover-border-color=#20376d  class=\"qbutton  large default\" style=\"border-color: #ffc92d; background-color: #ffc92d;\">Solicita una visita informativa gratuita<\/a>[\/vc_column_inner][vc_column_inner width=&#8221;1\/6&#8243;][\/vc_column_inner][\/vc_row_inner][vc_empty_space height=&#8221;75px&#8221;][\/vc_column][\/vc_row][vc_row css_animation=&#8221;&#8221; row_type=&#8221;row&#8221; use_row_as_full_screen_section=&#8221;no&#8221; type=&#8221;grid&#8221; angled_section=&#8221;no&#8221; text_align=&#8221;left&#8221; background_image_as_pattern=&#8221;without_pattern&#8221; padding_top=&#8221;75&#8243; padding_bottom=&#8221;75&#8243;][vc_column][vc_column_text]<\/p>\n<h2 style=\"text-align: center;\">Prueba la metodolog\u00eda m\u00e1s eficaz para mejorar las habilidades sociales<\/h2>\n<p>[\/vc_column_text][vc_separator type=&#8221;small&#8221; position=&#8221;center&#8221; up=&#8221;25&#8243; down=&#8221;25&#8243;][vc_column_text]<\/p>\n<h3 style=\"text-align: center;\">Tu hijo aprender\u00e1 a relacionarse mejor con sus compa\u00f1eros<\/h3>\n<p>[\/vc_column_text][vc_empty_space][vc_row_inner row_type=&#8221;row&#8221; type=&#8221;full_width&#8221; text_align=&#8221;left&#8221; css_animation=&#8221;&#8221;][vc_column_inner width=&#8221;1\/2&#8243;][vc_column_text]La adolescencia es una etapa de cambios donde se empieza a ensayar las habilidades sociales que quedar\u00e1n consolidadas en la edad adulta. Por tanto, dificultades de relaci\u00f3n con los compa\u00f1eros en la adolescencia pueden derivar en problemas importantes en la edad adulta, como establecer relaciones superficiales (sin tener un v\u00ednculo fuerte, sin confianza), no saber poner l\u00edmites (por miedo al conflicto), poner l\u00edmites de manera agresiva (por miedo a que nos puedan hacer da\u00f1o), evitar iniciar o mantener conversaciones, problemas en el trabajo, etc.[\/vc_column_text][\/vc_column_inner][vc_column_inner width=&#8221;1\/2&#8243;][vc_column_text]Adem\u00e1s, el adolescente comparte muchas horas al d\u00eda con compa\u00f1eros y amigos, que cada vez son m\u00e1s importantes en su vida y se vuelven m\u00e1s influyentes.<\/p>\n<p>Por tanto, es importante saber gestionar estas relaciones de una manera sana, para fortalecer la autoestima y que el adolescente aprenda y disfrute con personas de su edad.[\/vc_column_text][\/vc_column_inner][\/vc_row_inner][vc_separator type=&#8221;normal&#8221; up=&#8221;75&#8243; down=&#8221;75&#8243;][vc_column_text]<\/p>\n<h2 style=\"text-align: center;\">\u00bfHas observado en tu hijo alguna de estas condutas?<\/h2>\n<p>[\/vc_column_text][vc_separator type=&#8221;small&#8221; position=&#8221;center&#8221; up=&#8221;25&#8243; down=&#8221;25&#8243;][vc_row_inner row_type=&#8221;row&#8221; type=&#8221;full_width&#8221; text_align=&#8221;left&#8221; css_animation=&#8221;&#8221;][vc_column_inner width=&#8221;1\/2&#8243;][vc_column_text]<\/p>\n<ul>\n<li>Le cuesta expresar lo que piensa o quiere<\/li>\n<li>Tiene pocos amigos o no tiene<\/li>\n<li>Cuando sus amigos quedan, \u00e9l se queda en casa<\/li>\n<li>Est\u00e1 inmerso en los videojuegos<\/li>\n<li>Se comporta de manera agresiva con los dem\u00e1s<\/li>\n<li>No hace cosas por miedo a hacer el rid\u00edculo<\/li>\n<li>Aunque no le cuesta hablar con los dem\u00e1s, parece que no caiga bien<\/li>\n<\/ul>\n<p>[\/vc_column_text][\/vc_column_inner][vc_column_inner width=&#8221;1\/2&#8243;][vc_column_text]<\/p>\n<ul>\n<li>No participa en clase nunca<\/li>\n<li>Le cuesta ponerse en el lugar del otro<\/li>\n<li>Se suele dejar llevar por los dem\u00e1s<\/li>\n<li>Falta al respeto a los dem\u00e1s constantemente<\/li>\n<li>Le cuesta decir NO<\/li>\n<li>Le cuesta estar en grupo<\/li>\n<\/ul>\n<p>[\/vc_column_text][\/vc_column_inner][\/vc_row_inner][\/vc_column][\/vc_row][vc_row css_animation=&#8221;&#8221; row_type=&#8221;row&#8221; use_row_as_full_screen_section=&#8221;no&#8221; type=&#8221;grid&#8221; angled_section=&#8221;no&#8221; text_align=&#8221;center&#8221; background_image=&#8221;660&#8243; background_image_as_pattern=&#8221;without_pattern&#8221; padding_top=&#8221;75&#8243; padding_bottom=&#8221;75&#8243;][vc_column][vc_column_text]<\/p>\n<h2 style=\"text-align: center;\"><span style=\"color: #ffffff;\">Os ayudamos<\/span><\/h2>\n<p>[\/vc_column_text][vc_separator type=&#8221;small&#8221; position=&#8221;center&#8221; up=&#8221;25&#8243; down=&#8221;25&#8243;][vc_row_inner row_type=&#8221;row&#8221; type=&#8221;full_width&#8221; text_align=&#8221;left&#8221; css_animation=&#8221;&#8221;][vc_column_inner width=&#8221;1\/4&#8243;]<div class='q_icon_with_title tiny normal_icon center'><div class=\"icon_holder \" style=\" \"><span data-icon-type=\"normal\"   style=\"\" class=\"qode_iwt_icon_holder q_font_awsome_icon fa-lg \"><i class=\"qode_icon_font_awesome fa fa-users qode_iwt_icon_element\" style=\"color: #ffc92d;\" ><\/i><\/span><\/div><div class=\"icon_text_holder\" style=\"\"><div class=\"icon_text_inner\" style=\"\"><h3 class=\"icon_title\" style=\"color: #ffffff;\">Grupos por edades<\/h3><p style='color: #ffffff'>1\u00ba Ciclo ESO, 2\u00ba Ciclo ESO, de 17 a 22 a\u00f1os<\/p><\/div><\/div><\/div>[\/vc_column_inner][vc_column_inner width=&#8221;1\/4&#8243;]<div class='q_icon_with_title tiny normal_icon center'><div class=\"icon_holder \" style=\" \"><span data-icon-type=\"normal\"   style=\"\" class=\"qode_iwt_icon_holder q_font_awsome_icon fa-lg \"><i class=\"qode_icon_font_awesome fa fa-calendar qode_iwt_icon_element\" style=\"color: #ffc92d;\" ><\/i><\/span><\/div><div class=\"icon_text_holder\" style=\"\"><div class=\"icon_text_inner\" style=\"\"><h3 class=\"icon_title\" style=\"color: #ffffff;\">Grupos continuos<\/h3><p style='color: #ffffff'>Est\u00e1n funcionando continuamente. Cada persona finaliza su proceso cuando ha conseguido sus objetivos<\/p><\/div><\/div><\/div>[\/vc_column_inner][vc_column_inner width=&#8221;1\/4&#8243;]<div class='q_icon_with_title tiny normal_icon center'><div class=\"icon_holder \" style=\" \"><span data-icon-type=\"normal\"   style=\"\" class=\"qode_iwt_icon_holder q_font_awsome_icon fa-lg \"><i class=\"qode_icon_font_awesome fa fa-child qode_iwt_icon_element\" style=\"color: #ffc92d;\" ><\/i><\/span><\/div><div class=\"icon_text_holder\" style=\"\"><div class=\"icon_text_inner\" style=\"\"><h3 class=\"icon_title\" style=\"color: #ffffff;\">Grupos abiertos<\/h3><p style='color: #ffffff'>La incorporaci\u00f3n al grupo puede realizarse en cualquier momento. Esto permite a los adolescentes trabajar las habilidades sociales desde el primer momento, introduci\u00e9ndose en un grupo nuevo.<\/p><\/div><\/div><\/div>[\/vc_column_inner][vc_column_inner width=&#8221;1\/4&#8243;]<div class='q_icon_with_title tiny normal_icon center'><div class=\"icon_holder \" style=\" \"><span data-icon-type=\"normal\"   style=\"\" class=\"qode_iwt_icon_holder q_font_awsome_icon fa-lg \"><i class=\"qode_icon_font_awesome fa fa-file qode_iwt_icon_element\" style=\"color: #ffc92d;\" ><\/i><\/span><\/div><div class=\"icon_text_holder\" style=\"\"><div class=\"icon_text_inner\" style=\"\"><h3 class=\"icon_title\" style=\"color: #ffffff;\">Trabajo pr\u00e1ctico y din\u00e1mico<\/h3><p style='color: #ffffff'>A trav\u00e9s de t\u00e9cnicas y ejercicios pr\u00e1cticos que permitir\u00e1n superar las dificultades que cada persona se encuentra a la hora de relaciona<\/p><\/div><\/div><\/div>[\/vc_column_inner][\/vc_row_inner][vc_empty_space]<a  itemprop=\"url\" href=\"#contacto\" target=\"_self\" data-hover-background-color=#20376d data-hover-border-color=#20376d  class=\"qbutton  large default\" style=\"border-color: #ffc92d; background-color: #ffc92d;\">Solicita una visita informativa gratuita<\/a>[\/vc_column][\/vc_row][vc_row css_animation=&#8221;&#8221; row_type=&#8221;row&#8221; use_row_as_full_screen_section=&#8221;no&#8221; type=&#8221;grid&#8221; angled_section=&#8221;no&#8221; text_align=&#8221;left&#8221; background_image_as_pattern=&#8221;without_pattern&#8221; padding_top=&#8221;75&#8243; padding_bottom=&#8221;75&#8243;][vc_column][vc_column_text]<\/p>\n<h2 style=\"text-align: center;\">Contenidos del trabajo de las habilidades sociales en grupos de adolescentes<\/h2>\n<p>[\/vc_column_text][vc_separator type=&#8221;small&#8221; position=&#8221;center&#8221; up=&#8221;25&#8243; down=&#8221;25&#8243;][vc_column_text]<\/p>\n<p style=\"text-align: center;\">Se trabajan principalmente, los siguientes aspectos relacionados con las habilidades sociales:<\/p>\n<p>[\/vc_column_text][vc_empty_space height=&#8221;32&#8243;][vc_row_inner row_type=&#8221;row&#8221; type=&#8221;full_width&#8221; text_align=&#8221;left&#8221; css_animation=&#8221;&#8221;][vc_column_inner width=&#8221;1\/2&#8243;]<div class=\"q_icon_list\"><i class=\"qode_icon_font_awesome fa fa-check qode-ili-icon-holder transparent\" style=\"color: #ffc92d;\" ><\/i><p style=\"font-size: 18px;margin-bottom: 18px;\">Conversaci\u00f3n (iniciar, mantener, finalizar)<\/p><\/div><div class=\"q_icon_list\"><i class=\"qode_icon_font_awesome fa fa-check qode-ili-icon-holder transparent\" style=\"color: #ffc92d;\" ><\/i><p style=\"font-size: 18px;margin-bottom: 18px;\">Hacer y rechazar peticiones<\/p><\/div><div class=\"q_icon_list\"><i class=\"qode_icon_font_awesome fa fa-check qode-ili-icon-holder transparent\" style=\"color: #ffc92d;\" ><\/i><p style=\"font-size: 18px;margin-bottom: 18px;\">Solucionar conflictos personales<\/p><\/div><div class=\"q_icon_list\"><i class=\"qode_icon_font_awesome fa fa-check qode-ili-icon-holder transparent\" style=\"color: #ffc92d;\" ><\/i><p style=\"font-size: 18px;margin-bottom: 18px;\">Estilos comunicativos: pasivo, agresivo y asertivo<\/p><\/div><div class=\"q_icon_list\"><i class=\"qode_icon_font_awesome fa fa-check qode-ili-icon-holder transparent\" style=\"color: #ffc92d;\" ><\/i><p style=\"font-size: 18px;margin-bottom: 18px;\">Autoestima<\/p><\/div><div class=\"q_icon_list\"><i class=\"qode_icon_font_awesome fa fa-check qode-ili-icon-holder transparent\" style=\"color: #ffc92d;\" ><\/i><p style=\"font-size: 18px;margin-bottom: 18px;\">Empat\u00eda<\/p><\/div>[\/vc_column_inner][vc_column_inner width=&#8221;1\/2&#8243;]<div class=\"q_icon_list\"><i class=\"qode_icon_font_awesome fa fa-check qode-ili-icon-holder transparent\" style=\"color: #ffc92d;\" ><\/i><p style=\"font-size: 18px;margin-bottom: 18px;\">Poner l\u00edmites, saber decir no<\/p><\/div><div class=\"q_icon_list\"><i class=\"qode_icon_font_awesome fa fa-check qode-ili-icon-holder transparent\" style=\"color: #ffc92d;\" ><\/i><p style=\"font-size: 18px;margin-bottom: 18px;\">Pensamientos y creencias negativas o limitantes<\/p><\/div><div class=\"q_icon_list\"><i class=\"qode_icon_font_awesome fa fa-check qode-ili-icon-holder transparent\" style=\"color: #ffc92d;\" ><\/i><p style=\"font-size: 18px;margin-bottom: 18px;\">Comunicaci\u00f3n: lenguaje verbal y no verbal<\/p><\/div><div class=\"q_icon_list\"><i class=\"qode_icon_font_awesome fa fa-check qode-ili-icon-holder transparent\" style=\"color: #ffc92d;\" ><\/i><p style=\"font-size: 18px;margin-bottom: 18px;\">Improvisaci\u00f3n \/ Espontaneidad<\/p><\/div><div class=\"q_icon_list\"><i class=\"qode_icon_font_awesome fa fa-check qode-ili-icon-holder transparent\" style=\"color: #ffc92d;\" ><\/i><p style=\"font-size: 18px;margin-bottom: 18px;\">Verg\u00fcenza \/ Timidez \/ Inseguridad<\/p><\/div><div class=\"q_icon_list\"><i class=\"qode_icon_font_awesome fa fa-check qode-ili-icon-holder transparent\" style=\"color: #ffc92d;\" ><\/i><p style=\"font-size: 18px;margin-bottom: 18px;\">Inteligencia emocional<\/p><\/div>[\/vc_column_inner][\/vc_row_inner][vc_separator type=&#8221;normal&#8221; up=&#8221;75&#8243; down=&#8221;75&#8243;][vc_column_text]<\/p>\n<h2 style=\"text-align: center;\">\u00bfPor qu\u00e9 es importante trabajar las habilidades sociales en grupo?<\/h2>\n<p>[\/vc_column_text][vc_separator type=&#8221;small&#8221; position=&#8221;center&#8221; up=&#8221;25&#8243; down=&#8221;25&#8243;][vc_row_inner row_type=&#8221;row&#8221; type=&#8221;full_width&#8221; text_align=&#8221;left&#8221; css_animation=&#8221;&#8221;][vc_column_inner width=&#8221;1\/2&#8243;][vc_column_text]El <strong>grupo de habilidades sociales<\/strong> es la mejor manera de realizar un trabajo personal y al mismo tiempo permite que el <strong>adolescente<\/strong> se enriquezca del trabajo del resto de participantes.<\/p>\n<p>El <strong>grupo <\/strong>es un contexto vivencial en el que el <strong>adolescente<\/strong> <strong>trabaja los miedos o dificultades en las relaciones interpersonales<\/strong> y pone en pr\u00e1ctica las habilidades aprendidas de manera que terapeuta y compa\u00f1eros pueden ayudarlo en el mismo momento.[\/vc_column_text][\/vc_column_inner][vc_column_inner width=&#8221;1\/2&#8243;][vc_column_text]Se trabaja para que el <strong>adolescente<\/strong> desarrolle la capacidad de empat\u00eda, aprenda a no juzgar, a entender y aceptar la diferencia en el otro, a comunicarse de una manera asertiva y por tanto, a convivir mejor con los dem\u00e1s.<\/p>\n<p>Se aprenden habilidades comunicativas, ayudar y ser ayudados, a poner l\u00edmites, a superar la verg\u00fcenza y la timidez, entre otras.[\/vc_column_text][\/vc_column_inner][\/vc_row_inner][vc_separator type=&#8221;normal&#8221; up=&#8221;75&#8243; down=&#8221;75&#8243;][vc_column_text]<\/p>\n<h2 style=\"text-align: center;\">Los padres de los adolescentes que ya han pasado por nuestro grupo de habilidades sociales est\u00e1n satisfechos con los resultados y nos lo han dicho a trav\u00e9s de rese\u00f1as que nos han dejado en Google:<\/h2>\n<p>[\/vc_column_text][vc_separator type=&#8221;small&#8221; position=&#8221;center&#8221; up=&#8221;25&#8243; down=&#8221;25&#8243;][vc_row_inner row_type=&#8221;row&#8221; type=&#8221;full_width&#8221; text_align=&#8221;left&#8221; css_animation=&#8221;&#8221;][vc_column_inner width=&#8221;1\/2&#8243;][vc_column_text css=&#8221;.vc_custom_1496316343294{border-top-width: 1px !important;border-right-width: 1px !important;border-bottom-width: 1px !important;border-left-width: 1px !important;padding-top: 20px !important;padding-right: 20px !important;padding-bottom: 20px !important;padding-left: 20px !important;border-left-color: #ffc92d !important;border-left-style: dashed !important;border-right-color: #ffc92d !important;border-right-style: dashed !important;border-top-color: #ffc92d !important;border-top-style: dashed !important;border-bottom-color: #ffc92d !important;border-bottom-style: dashed !important;}&#8221;]<\/p>\n<p style=\"text-align: left;\"><em>&#8220;En este centro han ayudado mucho a mi hija de 12 a\u00f1os.<br \/>\nLe ha ido muy bien realizar sesiones de grupo de habilidades sociales con ni\u00f1@s de su misma edad y un poco m\u00e1s mayores.<br \/>\nLo hemos complementado con sesiones individuales y estamos muy contentos. Gracias Amalia&#8221;<br \/>\n<\/em><\/p>\n<p style=\"text-align: right;\"><strong> A.P.<\/strong><\/p>\n<p>[\/vc_column_text][\/vc_column_inner][vc_column_inner width=&#8221;1\/2&#8243;][vc_column_text css=&#8221;.vc_custom_1496316364623{border-top-width: 1px !important;border-right-width: 1px !important;border-bottom-width: 1px !important;border-left-width: 1px !important;padding-top: 20px !important;padding-right: 20px !important;padding-bottom: 20px !important;padding-left: 20px !important;border-left-color: #ffc92d !important;border-left-style: dashed !important;border-right-color: #ffc92d !important;border-right-style: dashed !important;border-top-color: #ffc92d !important;border-top-style: dashed !important;border-bottom-color: #ffc92d !important;border-bottom-style: dashed !important;}&#8221;]<\/p>\n<p style=\"text-align: left;\"><em>&#8220;Hem quedat molt contents de l&#8217;excel\u00b7lent tracte i professionalitat del Centre Grat. Vam escollir el grup d&#8217;habilitats socials de la Sra. Amalia Gord\u00f3vil, va ser un encert poder participar-hi. Recomano la tasca que fan i de ben segur que voldrem repetir.<br \/>\nNo perdeu mai l&#8217;inter\u00e8s i proximitat, aix\u00f2 ja us fa diferents!<br \/>\nUna mare amb agra\u00efment.&#8221;<br \/>\n<\/em><\/p>\n<p style=\"text-align: right;\"><strong>N.F.<\/strong><\/p>\n<p>[\/vc_column_text][\/vc_column_inner][\/vc_row_inner][\/vc_column][\/vc_row][vc_row css_animation=&#8221;&#8221; row_type=&#8221;row&#8221; use_row_as_full_screen_section=&#8221;no&#8221; type=&#8221;grid&#8221; anchor=&#8221;contacto&#8221; angled_section=&#8221;no&#8221; text_align=&#8221;center&#8221; background_image=&#8221;661&#8243; background_image_as_pattern=&#8221;without_pattern&#8221; padding_top=&#8221;50&#8243; padding_bottom=&#8221;50&#8243;][vc_column][vc_column_text]<\/p>\n<h2 style=\"text-align: center;\"><span style=\"color: #ffffff;\">Si pens\u00e1is que vuestro hijo se encuentra en alguna de estas situaciones, os podemos asesorar<\/span><\/h2>\n<p>[\/vc_column_text][vc_separator type=&#8221;small&#8221; position=&#8221;center&#8221; up=&#8221;25&#8243; down=&#8221;25&#8243;][vc_empty_space]\n<div class=\"wpcf7 no-js\" id=\"wpcf7-f1880-o1\" lang=\"en-US\" dir=\"ltr\" data-wpcf7-id=\"1880\">\n<div class=\"screen-reader-response\"><p role=\"status\" aria-live=\"polite\" aria-atomic=\"true\"><\/p> <ul><\/ul><\/div>\n<form action=\"\/es\/wp-json\/wp\/v2\/pages\/1879#wpcf7-f1880-o1\" method=\"post\" class=\"wpcf7-form init default 7fb081fd7beb cmatic-conn cmatic-aud-28 cmatic-mapd0-0 cmatic-v097802 cmatic-sent-0 cmatic-total-7551\" aria-label=\"Contact form\" novalidate=\"novalidate\" data-status=\"init\">\n<fieldset class=\"hidden-fields-container\"><input type=\"hidden\" name=\"_wpcf7\" value=\"1880\" \/><input type=\"hidden\" name=\"_wpcf7_version\" value=\"6.1.5\" \/><input type=\"hidden\" name=\"_wpcf7_locale\" value=\"en_US\" \/><input type=\"hidden\" name=\"_wpcf7_unit_tag\" value=\"wpcf7-f1880-o1\" \/><input type=\"hidden\" name=\"_wpcf7_container_post\" value=\"0\" \/><input type=\"hidden\" name=\"_wpcf7_posted_data_hash\" value=\"\" \/><input type=\"hidden\" name=\"redirect_nonce\" value=\"a4eda47c6e\" \/><input type=\"hidden\" name=\"wpcf7cfpdf_hidden_name\" value=\"document-pdf\" \/><input type=\"hidden\" name=\"wpcf7cfpdf_hidden_reference\" value=\"9976efa2\" \/><input type=\"hidden\" name=\"wpcf7cfpdf_hidden_date\" value=\"April27,2026\" \/>\n<\/fieldset>\n<p><label> <span class=\"wpcf7-form-control-wrap\" data-name=\"your-name\"><input size=\"40\" maxlength=\"400\" class=\"wpcf7-form-control wpcf7-text wpcf7-validates-as-required\" aria-required=\"true\" aria-invalid=\"false\" placeholder=\"Nombre\" value=\"\" type=\"text\" name=\"your-name\" \/><\/span> <\/label>\n<\/p>\n<p><label> <span class=\"wpcf7-form-control-wrap\" data-name=\"your-email\"><input size=\"40\" maxlength=\"400\" class=\"wpcf7-form-control wpcf7-email wpcf7-validates-as-required wpcf7-text wpcf7-validates-as-email\" aria-required=\"true\" aria-invalid=\"false\" placeholder=\"Email\" value=\"\" type=\"email\" name=\"your-email\" \/><\/span> <\/label>\n<\/p>\n<p><label> <span class=\"wpcf7-form-control-wrap\" data-name=\"telefono\"><input size=\"40\" maxlength=\"400\" class=\"wpcf7-form-control wpcf7-text wpcf7-validates-as-required\" aria-required=\"true\" aria-invalid=\"false\" placeholder=\"Tel\u00e9fono\" value=\"\" type=\"text\" name=\"telefono\" \/><\/span> <\/label>\n<\/p>\n<p><label> <span class=\"wpcf7-form-control-wrap\" data-name=\"edat\"><input size=\"40\" maxlength=\"400\" class=\"wpcf7-form-control wpcf7-text wpcf7-validates-as-required\" aria-required=\"true\" aria-invalid=\"false\" placeholder=\"\u00bfQu\u00e9 edad tiene el adolescente?\" value=\"\" type=\"text\" name=\"edat\" \/><\/span> <\/label>\n<\/p>\n<p><label> <span class=\"wpcf7-form-control-wrap\" data-name=\"disponibilitat\"><input size=\"40\" maxlength=\"400\" class=\"wpcf7-form-control wpcf7-text wpcf7-validates-as-required\" aria-required=\"true\" aria-invalid=\"false\" placeholder=\"Disponibilidad para realizar la visita\" value=\"\" type=\"text\" name=\"disponibilitat\" \/><\/span> <\/label>\n<\/p>\n<p><small style=\"font-size: 0.6rem; line-height:.8rem\">\u201cDe conformidad con lo establecido en la normativa vigente en Protecci\u00f3n de Datos de Car\u00e1cter Personal, te informamos que tus datos ser\u00e1n incorporados al sistema de tratamiento titularidad de CENTRE GRAT PSICOLOGIA S.L.U, con CIF B55425300 y domicilio social sito en (08007) Barcelona, calle Gran V\u00eda de les Corts Catalanes, n\u00ba 646, entresuelo 1\u00ba, con la finalidad de atender la comunicaci\u00f3n necesaria para la prestaci\u00f3n de los servicios contratados, siendo cedidos exclusivamente por imperativo legal, conforme a la legislaci\u00f3n tributaria vigente. En cumplimiento con la normativa vigente, CENTRE GRAT PSICOLOGIA S.L.U informa que los datos ser\u00e1n conservados durante el plazo estrictamente necesario para cumplir con los preceptos mencionados con anterioridad. De acuerdo con los derechos que te confiere la normativa vigente en protecci\u00f3n de datos podr\u00e1\u0301 ejercer los derechos de acceso, rectificaci\u00f3n, limitaci\u00f3n de tratamiento, supresi\u00f3n, portabilidad y oposici\u00f3n al tratamiento de sus datos de car\u00e1cter personal, as\u00ed como del consentimiento prestado para el tratamiento de los mismos, dirigiendo su petici\u00f3n a la direcci\u00f3n postal indicada m\u00e1s arriba o al correo electr\u00f3nico: info@centregrat.com. Podr\u00e1s dirigirte a la Autoridad de Control competente para presentar la reclamaci\u00f3n que consideres oportuna. El env\u00edo de estos datos implica la aceptaci\u00f3n de esta cl\u00e1usula\u201d<\/small>\n<\/p>\n<p><span class=\"wpcf7-form-control-wrap\" data-name=\"acceptance-481\"><span class=\"wpcf7-form-control wpcf7-acceptance\"><span class=\"wpcf7-list-item\"><input type=\"checkbox\" name=\"acceptance-481\" value=\"1\" aria-invalid=\"false\" \/><\/span><\/span><\/span> Confirmo que he le\u00eddo y ACEPTO todos los t\u00e9rminos y condiciones de tratamiento de datos expuestos aqu\u00ed y en la <a style=\"line-height: 2rem;\" href='\/politica-de-privacidad\/'> Pol\u00edtica de Privacidad<\/a>a\n<\/p>\n<p><input class=\"wpcf7-form-control wpcf7-submit has-spinner\" type=\"submit\" value=\"ENVIAR\" \/>\n<\/p><p style=\"display: none !important;\" class=\"akismet-fields-container\" data-prefix=\"_wpcf7_ak_\"><label>&#916;<textarea name=\"_wpcf7_ak_hp_textarea\" cols=\"45\" rows=\"8\" maxlength=\"100\"><\/textarea><\/label><input type=\"hidden\" id=\"ak_js_1\" name=\"_wpcf7_ak_js\" value=\"65\"\/><script>document.getElementById( \"ak_js_1\" ).setAttribute( \"value\", ( new Date() ).getTime() );<\/script><\/p><div class=\"wpcf7-response-output\" aria-hidden=\"true\"><\/div>\n<\/form>\n<\/div>\n[\/vc_column][\/vc_row]<\/p>\n<\/div>","protected":false},"excerpt":{"rendered":"<p>[vc_row css_animation=&#8221;&#8221; row_type=&#8221;row&#8221; use_row_as_full_screen_section=&#8221;no&#8221; type=&#8221;grid&#8221; angled_section=&#8221;no&#8221; text_align=&#8221;left&#8221; background_image=&#8221;643&#8243; background_image_as_pattern=&#8221;without_pattern&#8221;][vc_column][vc_empty_space height=&#8221;75px&#8221;][vc_row_inner row_type=&#8221;row&#8221; type=&#8221;full_width&#8221; text_align=&#8221;left&#8221; padding_top=&#8221;25&#8243; css_animation=&#8221;&#8221; css=&#8221;.vc_custom_1490978050623{padding-top: 50px !important;padding-right: 25px !important;padding-left: 25px !important;background-color: rgba(32,55,109,0.81) !important;*background-color: rgb(32,55,109) !important;}&#8221;][vc_column_inner][vc_column_text] Mejora de las habilidades sociales en grupos para adolescentes y j\u00f3venes en Barcelona [\/vc_column_text][vc_separator type=&#8221;small&#8221; position=&#8221;center&#8221; up=&#8221;25&#8243; down=&#8221;0&#8243;][\/vc_column_inner][\/vc_row_inner][vc_row_inner row_type=&#8221;row&#8221; type=&#8221;full_width&#8221; text_align=&#8221;center&#8221; background_color=&#8221;rgba(32,55,109,0.81)&#8221; padding_bottom=&#8221;50&#8243; css_animation=&#8221;&#8221; css=&#8221;.vc_custom_1493310011113{padding-top: 25px !important;padding-right: 25px !important;padding-bottom: 25px !important;padding-left: 25px !important;}&#8221;][vc_column_inner width=&#8221;1\/6&#8243;][\/vc_column_inner][vc_column_inner width=&#8221;2\/3&#8243;][vc_column_text] Ayudamos a adolescentes que tienen dificultades a la hora de relacionarse con los dem\u00e1s, a adquirir las habilidades necesarias para establecer una relaci\u00f3n sana y segura con los dem\u00e1s y sentirse bien, a trav\u00e9s de poner en pr\u00e1ctica t\u00e9cnicas&#8230;<\/p>\n","protected":false},"author":1,"featured_media":6684,"parent":0,"menu_order":0,"comment_status":"closed","ping_status":"closed","template":"full_width.php","meta":{"_acf_changed":false,"_exactmetrics_skip_tracking":false,"_exactmetrics_sitenote_active":false,"_exactmetrics_sitenote_note":"","_exactmetrics_sitenote_category":0,"footnotes":""},"class_list":["post-1879","page","type-page","status-publish","has-post-thumbnail","hentry"],"acf":[],"yoast_head":"<!-- This site is optimized with the Yoast SEO plugin v27.4 - https:\/\/yoast.com\/product\/yoast-seo-wordpress\/ -->\n<title>Mejora de habilidades sociales para adolescentes y j\u00f3venes en Barcelona<\/title>\n<meta name=\"description\" content=\"Ayudamos a adolescentes entre 12 y 22 a\u00f1os con dificultades a la hora de relacionarse, a adquirir las habilidades necesarias para establecer relaciones\" \/>\n<meta name=\"robots\" content=\"index, follow, max-snippet:-1, max-image-preview:large, max-video-preview:-1\" \/>\n<link rel=\"canonical\" href=\"https:\/\/www.centregrat.com\/es\/grupos-de-habilidades-sociales-para-adolescentes-en-barcelona\/\" \/>\n<meta property=\"og:locale\" content=\"es_ES\" \/>\n<meta property=\"og:type\" content=\"article\" \/>\n<meta property=\"og:title\" content=\"Mejora de habilidades sociales para adolescentes y j\u00f3venes en Barcelona\" \/>\n<meta property=\"og:description\" content=\"Ayudamos a adolescentes entre 12 y 22 a\u00f1os con dificultades a la hora de relacionarse, a adquirir las habilidades necesarias para establecer relaciones\" \/>\n<meta property=\"og:url\" content=\"https:\/\/www.centregrat.com\/es\/grupos-de-habilidades-sociales-para-adolescentes-en-barcelona\/\" \/>\n<meta property=\"og:site_name\" content=\"Centre GRAT | Centre de psicologia a Barcelona\" \/>\n<meta property=\"article:modified_time\" content=\"2026-04-27T14:11:10+00:00\" \/>\n<meta property=\"og:image\" content=\"https:\/\/www.centregrat.com\/wp-content\/uploads\/2018\/09\/fondo-grup-habilitat-socials-adolescents-barcelona-centre-grat-psicolegs-copia.jpg\" \/>\n\t<meta property=\"og:image:width\" content=\"1920\" \/>\n\t<meta property=\"og:image:height\" content=\"662\" \/>\n\t<meta property=\"og:image:type\" content=\"image\/jpeg\" \/>\n<meta name=\"twitter:card\" content=\"summary_large_image\" \/>\n<meta name=\"twitter:label1\" content=\"Tiempo de lectura\" \/>\n\t<meta name=\"twitter:data1\" content=\"7 minutos\" \/>\n<script type=\"application\/ld+json\" class=\"yoast-schema-graph\">{\"@context\":\"https:\\\/\\\/schema.org\",\"@graph\":[{\"@type\":\"WebPage\",\"@id\":\"https:\\\/\\\/www.centregrat.com\\\/es\\\/grupos-de-habilidades-sociales-para-adolescentes-en-barcelona\\\/\",\"url\":\"https:\\\/\\\/www.centregrat.com\\\/es\\\/grupos-de-habilidades-sociales-para-adolescentes-en-barcelona\\\/\",\"name\":\"Mejora de habilidades sociales para adolescentes y j\u00f3venes en Barcelona\",\"isPartOf\":{\"@id\":\"https:\\\/\\\/www.centregrat.com\\\/ca\\\/#website\"},\"primaryImageOfPage\":{\"@id\":\"https:\\\/\\\/www.centregrat.com\\\/es\\\/grupos-de-habilidades-sociales-para-adolescentes-en-barcelona\\\/#primaryimage\"},\"image\":{\"@id\":\"https:\\\/\\\/www.centregrat.com\\\/es\\\/grupos-de-habilidades-sociales-para-adolescentes-en-barcelona\\\/#primaryimage\"},\"thumbnailUrl\":\"https:\\\/\\\/www.centregrat.com\\\/wp-content\\\/uploads\\\/2018\\\/09\\\/fondo-grup-habilitat-socials-adolescents-barcelona-centre-grat-psicolegs-copia.jpg\",\"datePublished\":\"2017-06-15T09:26:16+00:00\",\"dateModified\":\"2026-04-27T14:11:10+00:00\",\"description\":\"Ayudamos a adolescentes entre 12 y 22 a\u00f1os con dificultades a la hora de relacionarse, a adquirir las habilidades necesarias para establecer relaciones\",\"breadcrumb\":{\"@id\":\"https:\\\/\\\/www.centregrat.com\\\/es\\\/grupos-de-habilidades-sociales-para-adolescentes-en-barcelona\\\/#breadcrumb\"},\"inLanguage\":\"es\",\"potentialAction\":[{\"@type\":\"ReadAction\",\"target\":[\"https:\\\/\\\/www.centregrat.com\\\/es\\\/grupos-de-habilidades-sociales-para-adolescentes-en-barcelona\\\/\"]}]},{\"@type\":\"ImageObject\",\"inLanguage\":\"es\",\"@id\":\"https:\\\/\\\/www.centregrat.com\\\/es\\\/grupos-de-habilidades-sociales-para-adolescentes-en-barcelona\\\/#primaryimage\",\"url\":\"https:\\\/\\\/www.centregrat.com\\\/wp-content\\\/uploads\\\/2018\\\/09\\\/fondo-grup-habilitat-socials-adolescents-barcelona-centre-grat-psicolegs-copia.jpg\",\"contentUrl\":\"https:\\\/\\\/www.centregrat.com\\\/wp-content\\\/uploads\\\/2018\\\/09\\\/fondo-grup-habilitat-socials-adolescents-barcelona-centre-grat-psicolegs-copia.jpg\",\"width\":1920,\"height\":662,\"caption\":\"RETOS-ADOLESCENCIA\"},{\"@type\":\"BreadcrumbList\",\"@id\":\"https:\\\/\\\/www.centregrat.com\\\/es\\\/grupos-de-habilidades-sociales-para-adolescentes-en-barcelona\\\/#breadcrumb\",\"itemListElement\":[{\"@type\":\"ListItem\",\"position\":1,\"name\":\"Portada\",\"item\":\"https:\\\/\\\/www.centregrat.com\\\/es\\\/\"},{\"@type\":\"ListItem\",\"position\":2,\"name\":\"ADOL &#8211; Grupo de habilidades sociales adolescentes y j\u00f3venes\"}]},{\"@type\":\"WebSite\",\"@id\":\"https:\\\/\\\/www.centregrat.com\\\/ca\\\/#website\",\"url\":\"https:\\\/\\\/www.centregrat.com\\\/ca\\\/\",\"name\":\"Centre GRAT | Centre de psicologia a Barcelona\",\"description\":\"Millora la teva qualitat de vida. Et donem les eines necess\u00e0ries perqu\u00e8 aconsegueixis portar una vida satisfact\u00f2ria. Coneix el nostre centre de psicologia a Barcelona\",\"publisher\":{\"@id\":\"https:\\\/\\\/www.centregrat.com\\\/ca\\\/#organization\"},\"potentialAction\":[{\"@type\":\"SearchAction\",\"target\":{\"@type\":\"EntryPoint\",\"urlTemplate\":\"https:\\\/\\\/www.centregrat.com\\\/ca\\\/?s={search_term_string}\"},\"query-input\":{\"@type\":\"PropertyValueSpecification\",\"valueRequired\":true,\"valueName\":\"search_term_string\"}}],\"inLanguage\":\"es\"},{\"@type\":\"Organization\",\"@id\":\"https:\\\/\\\/www.centregrat.com\\\/ca\\\/#organization\",\"name\":\"Centre GRAT\",\"url\":\"https:\\\/\\\/www.centregrat.com\\\/ca\\\/\",\"logo\":{\"@type\":\"ImageObject\",\"inLanguage\":\"es\",\"@id\":\"https:\\\/\\\/www.centregrat.com\\\/ca\\\/#\\\/schema\\\/logo\\\/image\\\/\",\"url\":\"https:\\\/\\\/www.centregrat.com\\\/wp-content\\\/uploads\\\/2017\\\/03\\\/logo-grat-90-psicologia-educacio.png\",\"contentUrl\":\"https:\\\/\\\/www.centregrat.com\\\/wp-content\\\/uploads\\\/2017\\\/03\\\/logo-grat-90-psicologia-educacio.png\",\"width\":90,\"height\":90,\"caption\":\"Centre GRAT\"},\"image\":{\"@id\":\"https:\\\/\\\/www.centregrat.com\\\/ca\\\/#\\\/schema\\\/logo\\\/image\\\/\"}}]}<\/script>\n<!-- \/ Yoast SEO plugin. -->","yoast_head_json":{"title":"Mejora de habilidades sociales para adolescentes y j\u00f3venes en Barcelona","description":"Ayudamos a adolescentes entre 12 y 22 a\u00f1os con dificultades a la hora de relacionarse, a adquirir las habilidades necesarias para establecer relaciones","robots":{"index":"index","follow":"follow","max-snippet":"max-snippet:-1","max-image-preview":"max-image-preview:large","max-video-preview":"max-video-preview:-1"},"canonical":"https:\/\/www.centregrat.com\/es\/grupos-de-habilidades-sociales-para-adolescentes-en-barcelona\/","og_locale":"es_ES","og_type":"article","og_title":"Mejora de habilidades sociales para adolescentes y j\u00f3venes en Barcelona","og_description":"Ayudamos a adolescentes entre 12 y 22 a\u00f1os con dificultades a la hora de relacionarse, a adquirir las habilidades necesarias para establecer relaciones","og_url":"https:\/\/www.centregrat.com\/es\/grupos-de-habilidades-sociales-para-adolescentes-en-barcelona\/","og_site_name":"Centre GRAT | Centre de psicologia a Barcelona","article_modified_time":"2026-04-27T14:11:10+00:00","og_image":[{"width":1920,"height":662,"url":"https:\/\/www.centregrat.com\/wp-content\/uploads\/2018\/09\/fondo-grup-habilitat-socials-adolescents-barcelona-centre-grat-psicolegs-copia.jpg","type":"image\/jpeg"}],"twitter_card":"summary_large_image","twitter_misc":{"Tiempo de lectura":"7 minutos"},"schema":{"@context":"https:\/\/schema.org","@graph":[{"@type":"WebPage","@id":"https:\/\/www.centregrat.com\/es\/grupos-de-habilidades-sociales-para-adolescentes-en-barcelona\/","url":"https:\/\/www.centregrat.com\/es\/grupos-de-habilidades-sociales-para-adolescentes-en-barcelona\/","name":"Mejora de habilidades sociales para adolescentes y j\u00f3venes en Barcelona","isPartOf":{"@id":"https:\/\/www.centregrat.com\/ca\/#website"},"primaryImageOfPage":{"@id":"https:\/\/www.centregrat.com\/es\/grupos-de-habilidades-sociales-para-adolescentes-en-barcelona\/#primaryimage"},"image":{"@id":"https:\/\/www.centregrat.com\/es\/grupos-de-habilidades-sociales-para-adolescentes-en-barcelona\/#primaryimage"},"thumbnailUrl":"https:\/\/www.centregrat.com\/wp-content\/uploads\/2018\/09\/fondo-grup-habilitat-socials-adolescents-barcelona-centre-grat-psicolegs-copia.jpg","datePublished":"2017-06-15T09:26:16+00:00","dateModified":"2026-04-27T14:11:10+00:00","description":"Ayudamos a adolescentes entre 12 y 22 a\u00f1os con dificultades a la hora de relacionarse, a adquirir las habilidades necesarias para establecer relaciones","breadcrumb":{"@id":"https:\/\/www.centregrat.com\/es\/grupos-de-habilidades-sociales-para-adolescentes-en-barcelona\/#breadcrumb"},"inLanguage":"es","potentialAction":[{"@type":"ReadAction","target":["https:\/\/www.centregrat.com\/es\/grupos-de-habilidades-sociales-para-adolescentes-en-barcelona\/"]}]},{"@type":"ImageObject","inLanguage":"es","@id":"https:\/\/www.centregrat.com\/es\/grupos-de-habilidades-sociales-para-adolescentes-en-barcelona\/#primaryimage","url":"https:\/\/www.centregrat.com\/wp-content\/uploads\/2018\/09\/fondo-grup-habilitat-socials-adolescents-barcelona-centre-grat-psicolegs-copia.jpg","contentUrl":"https:\/\/www.centregrat.com\/wp-content\/uploads\/2018\/09\/fondo-grup-habilitat-socials-adolescents-barcelona-centre-grat-psicolegs-copia.jpg","width":1920,"height":662,"caption":"RETOS-ADOLESCENCIA"},{"@type":"BreadcrumbList","@id":"https:\/\/www.centregrat.com\/es\/grupos-de-habilidades-sociales-para-adolescentes-en-barcelona\/#breadcrumb","itemListElement":[{"@type":"ListItem","position":1,"name":"Portada","item":"https:\/\/www.centregrat.com\/es\/"},{"@type":"ListItem","position":2,"name":"ADOL &#8211; Grupo de habilidades sociales adolescentes y j\u00f3venes"}]},{"@type":"WebSite","@id":"https:\/\/www.centregrat.com\/ca\/#website","url":"https:\/\/www.centregrat.com\/ca\/","name":"Centre GRAT | Centre de psicologia a Barcelona","description":"Millora la teva qualitat de vida. Et donem les eines necess\u00e0ries perqu\u00e8 aconsegueixis portar una vida satisfact\u00f2ria. Coneix el nostre centre de psicologia a Barcelona","publisher":{"@id":"https:\/\/www.centregrat.com\/ca\/#organization"},"potentialAction":[{"@type":"SearchAction","target":{"@type":"EntryPoint","urlTemplate":"https:\/\/www.centregrat.com\/ca\/?s={search_term_string}"},"query-input":{"@type":"PropertyValueSpecification","valueRequired":true,"valueName":"search_term_string"}}],"inLanguage":"es"},{"@type":"Organization","@id":"https:\/\/www.centregrat.com\/ca\/#organization","name":"Centre GRAT","url":"https:\/\/www.centregrat.com\/ca\/","logo":{"@type":"ImageObject","inLanguage":"es","@id":"https:\/\/www.centregrat.com\/ca\/#\/schema\/logo\/image\/","url":"https:\/\/www.centregrat.com\/wp-content\/uploads\/2017\/03\/logo-grat-90-psicologia-educacio.png","contentUrl":"https:\/\/www.centregrat.com\/wp-content\/uploads\/2017\/03\/logo-grat-90-psicologia-educacio.png","width":90,"height":90,"caption":"Centre GRAT"},"image":{"@id":"https:\/\/www.centregrat.com\/ca\/#\/schema\/logo\/image\/"}}]}},"_links":{"self":[{"href":"https:\/\/www.centregrat.com\/es\/wp-json\/wp\/v2\/pages\/1879","targetHints":{"allow":["GET"]}}],"collection":[{"href":"https:\/\/www.centregrat.com\/es\/wp-json\/wp\/v2\/pages"}],"about":[{"href":"https:\/\/www.centregrat.com\/es\/wp-json\/wp\/v2\/types\/page"}],"author":[{"embeddable":true,"href":"https:\/\/www.centregrat.com\/es\/wp-json\/wp\/v2\/users\/1"}],"replies":[{"embeddable":true,"href":"https:\/\/www.centregrat.com\/es\/wp-json\/wp\/v2\/comments?post=1879"}],"version-history":[{"count":6,"href":"https:\/\/www.centregrat.com\/es\/wp-json\/wp\/v2\/pages\/1879\/revisions"}],"predecessor-version":[{"id":35649,"href":"https:\/\/www.centregrat.com\/es\/wp-json\/wp\/v2\/pages\/1879\/revisions\/35649"}],"wp:featuredmedia":[{"embeddable":true,"href":"https:\/\/www.centregrat.com\/es\/wp-json\/wp\/v2\/media\/6684"}],"wp:attachment":[{"href":"https:\/\/www.centregrat.com\/es\/wp-json\/wp\/v2\/media?parent=1879"}],"curies":[{"name":"wp","href":"https:\/\/api.w.org\/{rel}","templated":true}]}}