{"id":1984,"date":"2017-06-15T15:59:43","date_gmt":"2017-06-15T15:59:43","guid":{"rendered":"https:\/\/www.centregrat.com\/?page_id=1984\/"},"modified":"2025-07-03T15:01:33","modified_gmt":"2025-07-03T15:01:33","slug":"terapia-de-pareja-en-barcelona","status":"publish","type":"page","link":"https:\/\/www.centregrat.com\/es\/terapia-de-pareja-en-barcelona\/","title":{"rendered":"ADULT &#8211; Terapia de pareja"},"content":{"rendered":"<div class=\"wpb-content-wrapper\"><p>[vc_row css_animation=&#8221;&#8221; row_type=&#8221;row&#8221; use_row_as_full_screen_section=&#8221;no&#8221; type=&#8221;grid&#8221; angled_section=&#8221;no&#8221; text_align=&#8221;left&#8221; background_image=&#8221;32877&#8243; background_image_as_pattern=&#8221;without_pattern&#8221;][vc_column][vc_empty_space height=&#8221;75px&#8221;][vc_row_inner row_type=&#8221;row&#8221; type=&#8221;full_width&#8221; text_align=&#8221;left&#8221; padding_top=&#8221;25&#8243; css_animation=&#8221;&#8221; css=&#8221;.vc_custom_1490978050623{padding-top: 50px !important;padding-right: 25px !important;padding-left: 25px !important;background-color: rgba(32,55,109,0.81) !important;*background-color: rgb(32,55,109) !important;}&#8221;][vc_column_inner][vc_column_text]<\/p>\n<h1 style=\"text-align: center;\"><span style=\"color: #ffffff;\"><strong>Terapia de pareja en Barcelona<\/strong><\/span><\/h1>\n<h2 style=\"text-align: center;\"><span style=\"color: #ffcc00;\"><strong>Visitas Presenciales y Online<\/strong><\/span><\/h2>\n<p>[\/vc_column_text][vc_separator type=&#8221;small&#8221; position=&#8221;center&#8221; up=&#8221;25&#8243; down=&#8221;0&#8243;][\/vc_column_inner][\/vc_row_inner][vc_row_inner row_type=&#8221;row&#8221; type=&#8221;full_width&#8221; text_align=&#8221;center&#8221; background_color=&#8221;rgba(32,55,109,0.81)&#8221; padding_bottom=&#8221;25&#8243; css_animation=&#8221;&#8221; css=&#8221;.vc_custom_1492619741712{padding-top: 25px !important;padding-right: 25px !important;padding-bottom: 25px !important;padding-left: 25px !important;}&#8221;][vc_column_inner width=&#8221;1\/6&#8243;][\/vc_column_inner][vc_column_inner width=&#8221;2\/3&#8243;][vc_column_text]<\/p>\n<h2 style=\"text-align: center;\"><span style=\"color: #ffffff;\">\u00bfTe sientes infeliz en tu relaci\u00f3n de pareja?<\/span><\/h2>\n<p style=\"text-align: center;\"><span style=\"color: #ffffff;\">Si has llegado hasta aqu\u00ed probablemente no sientes satisfacci\u00f3n con tu relaci\u00f3n de pareja. Puede ser que sientas enfado con tu pareja y dudas de si ser\u00e1 posible recuperar la ilusi\u00f3n en vuestra relaci\u00f3n. Tal vez ha habido alg\u00fan cambio (trabajo, nacimiento de un hijo, una enfermedad,etc.) que ha puesto m\u00e1s presi\u00f3n en vuestra relaci\u00f3n. Puede ser que hayas intentado poner en marcha soluciones, pero no han mejorado la situaci\u00f3n y cada d\u00eda hay m\u00e1s distancia entre los dos miembros de la pareja. A lo mejor te cuesta hablar sobre tus sentimientos con tu pareja. En estos casos, podemos ayudaros a con sesiones de <strong>terapia de pareja<\/strong> <strong>en Barcelona<\/strong>.<\/span><\/p>\n<p>[\/vc_column_text][vc_empty_space]<a  itemprop=\"url\" href=\"#contacto\" target=\"_self\" data-hover-background-color=#20376d data-hover-border-color=#20376d  class=\"qbutton  large default\" style=\"border-color: #ffc92d; background-color: #ffc92d;\">Solicita una visita<\/a>[vc_empty_space][\/vc_column_inner][vc_column_inner width=&#8221;1\/6&#8243;][\/vc_column_inner][\/vc_row_inner][vc_empty_space height=&#8221;50px&#8221;][\/vc_column][\/vc_row][vc_row css_animation=&#8221;&#8221; row_type=&#8221;row&#8221; use_row_as_full_screen_section=&#8221;no&#8221; type=&#8221;grid&#8221; angled_section=&#8221;no&#8221; text_align=&#8221;left&#8221; background_image_as_pattern=&#8221;without_pattern&#8221;][vc_column][vc_empty_space height=&#8221;75px&#8221;][vc_column_text]<\/p>\n<h2 style=\"text-align: center;\">No permitas que el malestar acabe con tu relaci\u00f3n de pareja<\/h2>\n<p>[\/vc_column_text][vc_separator type=&#8221;small&#8221; position=&#8221;center&#8221; up=&#8221;25&#8243; down=&#8221;0&#8243;][vc_row_inner row_type=&#8221;row&#8221; type=&#8221;full_width&#8221; text_align=&#8221;left&#8221; css_animation=&#8221;&#8221;][vc_column_inner width=&#8221;1\/2&#8243;][vc_column_text]Es probable que te sientas <strong>emocionalmente agotado\/a por la tensi\u00f3n que existe en tu relaci\u00f3n de pareja<\/strong> y notes que has perdido entusiasmo en tu d\u00eda a d\u00eda.<\/p>\n<p>Puede ser que aunque tengas a tu pareja al lado, te sientas solo\/a.[\/vc_column_text][\/vc_column_inner][vc_column_inner width=&#8221;1\/2&#8243;][vc_column_text]Seguramente quieres volver a conectar con tu pareja y sentirte satisfecho\/a en tu relaci\u00f3n de nuevo, pero no sabes c\u00f3mo hacerlo.<\/p>\n<p>Nuestros<strong> Psic\u00f3logos Especialistas en<\/strong>\u00a0<strong>Terapia de Pareja<\/strong> pueden ayudaros a resolver vuestros problemas en nuestra consulta de <strong>Barcelona<\/strong>[\/vc_column_text][\/vc_column_inner][\/vc_row_inner][\/vc_column][\/vc_row][vc_row css_animation=&#8221;&#8221; row_type=&#8221;row&#8221; use_row_as_full_screen_section=&#8221;no&#8221; type=&#8221;full_width&#8221; angled_section=&#8221;no&#8221; text_align=&#8221;left&#8221; background_image_as_pattern=&#8221;without_pattern&#8221;][vc_column][vc_empty_space height=&#8221;75px&#8221;][\/vc_column][\/vc_row][vc_row css_animation=&#8221;&#8221; row_type=&#8221;row&#8221; use_row_as_full_screen_section=&#8221;no&#8221; type=&#8221;grid&#8221; angled_section=&#8221;no&#8221; text_align=&#8221;center&#8221; background_image=&#8221;403&#8243; background_image_as_pattern=&#8221;without_pattern&#8221; padding_top=&#8221;50&#8243; padding_bottom=&#8221;50&#8243;][vc_column][vc_column_text]<\/p>\n<h2 style=\"text-align: center;\"><span style=\"color: #ffffff;\">\u00bfHas notado que &#8230;<\/span><\/h2>\n<p>[\/vc_column_text][vc_separator type=&#8221;small&#8221; position=&#8221;center&#8221; up=&#8221;25&#8243; down=&#8221;25&#8243;][vc_column_text]<span style=\"color: #ffffff;\">+ ten\u00e9is la misma discusi\u00f3n una y otra vez sin llegar a ninguna conclusi\u00f3n?<\/span><br \/>\n<span style=\"color: #ffffff;\">+ los problemas m\u00e1s peque\u00f1os acaban en grandes discusiones?<\/span><br \/>\n<span style=\"color: #ffffff;\">+ ya no ten\u00e9is intimidad y sois como compa\u00f1eros de piso?<\/span><br \/>\n<span style=\"color: #ffffff;\">+ no conf\u00edas en tu pareja?<\/span><br \/>\n<span style=\"color: #ffffff;\">+ no os pon\u00e9is de acuerdo respecto a temas importantes: hijos, proyectos de futuro?<\/span>[\/vc_column_text][vc_empty_space][vc_column_text]<\/p>\n<h4 style=\"text-align: center;\"><span style=\"color: #ffffff;\">Cuida tu relaci\u00f3n de pareja y resuelve los problemas cuanto antes. Te ayudamos a hacerlo en nuestra consulta de Barcelona<\/span><\/h4>\n<p>[\/vc_column_text][vc_empty_space]<a  itemprop=\"url\" href=\"#contacto\" target=\"_self\" data-hover-background-color=#20376d data-hover-border-color=#20376d  class=\"qbutton  large default\" style=\"border-color: #ffc92d; background-color: #ffc92d;\">Solicita una visita<\/a>[\/vc_column][\/vc_row][vc_row css_animation=&#8221;&#8221; row_type=&#8221;row&#8221; use_row_as_full_screen_section=&#8221;no&#8221; type=&#8221;full_width&#8221; angled_section=&#8221;no&#8221; text_align=&#8221;left&#8221; background_image_as_pattern=&#8221;without_pattern&#8221; padding_top=&#8221;50&#8243;][vc_column][vc_column_text]<\/p>\n<h2 style=\"text-align: center;\">Con la Terapia de Pareja de Centre GRAT en Barcelona podr\u00e9is conseguir:<\/h2>\n<p>[\/vc_column_text][vc_empty_space][\/vc_column][\/vc_row][vc_row css_animation=&#8221;&#8221; row_type=&#8221;row&#8221; use_row_as_full_screen_section=&#8221;no&#8221; type=&#8221;grid&#8221; angled_section=&#8221;no&#8221; text_align=&#8221;left&#8221; background_image_as_pattern=&#8221;without_pattern&#8221;][vc_column width=&#8221;1\/2&#8243;]<div class=\"q_icon_list\"><i class=\"qode_icon_font_awesome fa fa-circle-o qode-ili-icon-holder transparent\" style=\"color: #ffc92d;\" ><\/i><p style=\"\">Aprender a resolver vuestras diferencias<\/p><\/div><div class=\"q_icon_list\"><i class=\"qode_icon_font_awesome fa fa-circle-o qode-ili-icon-holder transparent\" style=\"color: #ffc92d;\" ><\/i><p style=\"\">Detener las discusiones repetitivas<\/p><\/div><div class=\"q_icon_list\"><i class=\"qode_icon_font_awesome fa fa-circle-o qode-ili-icon-holder transparent\" style=\"color: #ffc92d;\" ><\/i><p style=\"\">Recuperar la calma para poder reflexionar<\/p><\/div>[\/vc_column][vc_column width=&#8221;1\/2&#8243;]<div class=\"q_icon_list\"><i class=\"qode_icon_font_awesome fa fa-circle-o qode-ili-icon-holder transparent\" style=\"color: #ffc92d;\" ><\/i><p style=\"\">Recuperar el afecto y la confianza<\/p><\/div><div class=\"q_icon_list\"><i class=\"qode_icon_font_awesome fa fa-circle-o qode-ili-icon-holder transparent\" style=\"color: #ffc92d;\" ><\/i><p style=\"\">Mejorar vuestras habilidades de comunicaci\u00f3n en un ambiente seguro<\/p><\/div>[\/vc_column][\/vc_row][vc_row css_animation=&#8221;&#8221; row_type=&#8221;row&#8221; use_row_as_full_screen_section=&#8221;no&#8221; type=&#8221;grid&#8221; angled_section=&#8221;no&#8221; text_align=&#8221;left&#8221; background_image_as_pattern=&#8221;without_pattern&#8221; padding_top=&#8221;50&#8243; padding_bottom=&#8221;50&#8243;][vc_column][vc_separator type=&#8221;normal&#8221; down=&#8221;50&#8243;][vc_column_text]<\/p>\n<h2 style=\"text-align: center;\">Te orientamos en las siguientes situaciones:<\/h2>\n<p>[\/vc_column_text][vc_empty_space][vc_row_inner row_type=&#8221;row&#8221; type=&#8221;full_width&#8221; text_align=&#8221;left&#8221; css_animation=&#8221;&#8221;][vc_column_inner width=&#8221;1\/2&#8243;][vc_single_image image=&#8221;1710&#8243; img_size=&#8221;full&#8221; alignment=&#8221;center&#8221; qode_css_animation=&#8221;&#8221;][vc_empty_space][vc_column_text]<\/p>\n<h3 style=\"text-align: center;\"><span style=\"color: #20376d;\">Problemas de pareja<\/span><\/h3>\n<p>[\/vc_column_text][vc_empty_space][vc_column_text]<\/p>\n<ul>\n<li>Problemas de convivencia:\u00a0peleas, <a href=\"https:\/\/www.centregrat.com\/es\/blog\/aprende-discutir-en-pareja-sin-perder-el-control\" target=\"_blank\" rel=\"noopener noreferrer\">discusiones<\/a>, distanciamiento, problemas en divisi\u00f3n\u00a0de tareas, bloqueos, etc.<\/li>\n<li><a href=\"https:\/\/www.centregrat.com\/es\/blog\/es-posible-superar-una-infidelidad\" target=\"_blank\" rel=\"noopener noreferrer\">Celos, desconfianza, infidelidad<\/a><\/li>\n<li>Problemas sexuales<\/li>\n<li>Dificultades con las respectivas familias<\/li>\n<li>Terapia de pareja individual<\/li>\n<li>Acompa\u00f1amiento durante la separaci\u00f3n<\/li>\n<\/ul>\n<p>[\/vc_column_text][\/vc_column_inner][vc_column_inner width=&#8221;1\/2&#8243;][vc_single_image image=&#8221;398&#8243; img_size=&#8221;full&#8221; alignment=&#8221;center&#8221; qode_css_animation=&#8221;&#8221;][vc_empty_space][vc_column_text]<\/p>\n<h3 style=\"text-align: center;\"><span style=\"color: #20376d;\">Problemas como padres<\/span><\/h3>\n<p>[\/vc_column_text][vc_empty_space][vc_column_text]<\/p>\n<ul>\n<li>Dificultades en la concepci\u00f3n<\/li>\n<li>Ansiedad durante el embarazo<\/li>\n<li>Miedo al parto<\/li>\n<li>Nuevos padres. Dificultades en la adaptaci\u00f3n en esta nueva etapa: crisis de pareja, sentimientos de soledad, depresi\u00f3n post-parto, problemas distribuci\u00f3n tiempo pareja-padres,&#8230;<\/li>\n<li>Desacuerdos en la crianza\/educaci\u00f3n<\/li>\n<li>Preparaci\u00f3n para el primer hijo<\/li>\n<li>Parejas con hijos de relaciones anteriores<\/li>\n<li>Desacuerdos respecto a la custodia\u200b<\/li>\n<\/ul>\n<p>[\/vc_column_text][\/vc_column_inner][\/vc_row_inner][\/vc_column][\/vc_row][vc_row css_animation=&#8221;&#8221; row_type=&#8221;row&#8221; use_row_as_full_screen_section=&#8221;no&#8221; type=&#8221;grid&#8221; angled_section=&#8221;no&#8221; text_align=&#8221;center&#8221; background_image=&#8221;32884&#8243; background_image_as_pattern=&#8221;without_pattern&#8221; padding_top=&#8221;50&#8243; padding_bottom=&#8221;50&#8243;][vc_column][vc_column_text]<\/p>\n<h2 style=\"text-align: center;\"><span style=\"color: #ffffff;\">C\u00f3mo trabajamos en la Unidad de Terapia de Pareja de Centre GRAT en Barcelona:<\/span><\/h2>\n<p>[\/vc_column_text][vc_separator type=&#8221;small&#8221; position=&#8221;center&#8221; up=&#8221;25&#8243; down=&#8221;25&#8243;][vc_empty_space][vc_row_inner row_type=&#8221;row&#8221; type=&#8221;full_width&#8221; text_align=&#8221;left&#8221; css_animation=&#8221;&#8221;][vc_column_inner width=&#8221;1\/3&#8243;]<div class='q_icon_with_title small normal_icon center'><div class=\"icon_holder \" style=\" \"><span data-icon-type=\"normal\"   style=\"\" class=\"qode_iwt_icon_holder q_font_awsome_icon fa-2x \"><i class=\"qode_icon_font_awesome fa fa-user-md qode_iwt_icon_element\" style=\"color: #ffc92d;\" ><\/i><\/span><\/div><div class=\"icon_text_holder\" style=\"\"><div class=\"icon_text_inner\" style=\"\"><h4 class=\"icon_title\" style=\"color: #ffffff;\">Psic\u00f3logos especialistas en terapia de pareja, cercanos y con a\u00f1os de experiencia que os guiar\u00e1n en el proceso<\/h4><p style=''><\/p><\/div><\/div><\/div>[\/vc_column_inner][vc_column_inner width=&#8221;1\/3&#8243;]<div class='q_icon_with_title small normal_icon center'><div class=\"icon_holder \" style=\" \"><span data-icon-type=\"normal\"   style=\"\" class=\"qode_iwt_icon_holder q_font_awsome_icon fa-2x \"><i class=\"qode_icon_font_awesome fa fa-heart qode_iwt_icon_element\" style=\"color: #ffc92d;\" ><\/i><\/span><\/div><div class=\"icon_text_holder\" style=\"\"><div class=\"icon_text_inner\" style=\"\"><h4 class=\"icon_title\" style=\"color: #ffffff;\">Diagn\u00f3stico de vuestra relaci\u00f3n de pareja<\/h4><p style=''><\/p><\/div><\/div><\/div>[\/vc_column_inner][vc_column_inner width=&#8221;1\/3&#8243;]<div class='q_icon_with_title small normal_icon center'><div class=\"icon_holder \" style=\" \"><span data-icon-type=\"normal\"   style=\"\" class=\"qode_iwt_icon_holder q_font_awsome_icon fa-2x \"><i class=\"qode_icon_font_awesome fa fa-refresh qode_iwt_icon_element\" style=\"color: #ffc92d;\" ><\/i><\/span><\/div><div class=\"icon_text_holder\" style=\"\"><div class=\"icon_text_inner\" style=\"\"><h4 class=\"icon_title\" style=\"color: #ffffff;\">Terapia de pareja breve y orientada al cambio<\/h4><p style=''><\/p><\/div><\/div><\/div>[\/vc_column_inner][\/vc_row_inner][vc_empty_space][vc_row_inner row_type=&#8221;row&#8221; type=&#8221;full_width&#8221; text_align=&#8221;left&#8221; css_animation=&#8221;&#8221;][vc_column_inner width=&#8221;1\/3&#8243;]<div class='q_icon_with_title small normal_icon center'><div class=\"icon_holder \" style=\" \"><span data-icon-type=\"normal\"   style=\"\" class=\"qode_iwt_icon_holder q_font_awsome_icon fa-2x \"><i class=\"qode_icon_font_awesome fa fa-file-text qode_iwt_icon_element\" style=\"color: #ffc92d;\" ><\/i><\/span><\/div><div class=\"icon_text_holder\" style=\"\"><div class=\"icon_text_inner\" style=\"\"><h4 class=\"icon_title\" style=\"color: #ffffff;\">Trabajo con objetivos concretos dentro y fuera de la sesi\u00f3n<\/h4><p style=''><\/p><\/div><\/div><\/div>[\/vc_column_inner][vc_column_inner width=&#8221;1\/3&#8243;]<div class='q_icon_with_title small normal_icon center'><div class=\"icon_holder \" style=\" \"><span data-icon-type=\"normal\"   style=\"\" class=\"qode_iwt_icon_holder q_font_awsome_icon fa-2x \"><i class=\"qode_icon_font_awesome fa fa-coffee qode_iwt_icon_element\" style=\"color: #ffc92d;\" ><\/i><\/span><\/div><div class=\"icon_text_holder\" style=\"\"><div class=\"icon_text_inner\" style=\"\"><h4 class=\"icon_title\" style=\"color: #ffffff;\">Clima tranquilo donde poder hablar de vuestras diferencias<\/h4><p style=''><\/p><\/div><\/div><\/div>[\/vc_column_inner][vc_column_inner width=&#8221;1\/3&#8243;]<div class='q_icon_with_title small normal_icon center'><div class=\"icon_holder \" style=\" \"><span data-icon-type=\"normal\"   style=\"\" class=\"qode_iwt_icon_holder q_font_awsome_icon fa-2x \"><i class=\"qode_icon_font_awesome fa fa-calendar qode_iwt_icon_element\" style=\"color: #ffc92d;\" ><\/i><\/span><\/div><div class=\"icon_text_holder\" style=\"\"><div class=\"icon_text_inner\" style=\"\"><h4 class=\"icon_title\" style=\"color: #ffffff;\">Adaptaci\u00f3n a vuestros horarios y disponibilidad<\/h4><p style=''><\/p><\/div><\/div><\/div>[\/vc_column_inner][\/vc_row_inner][vc_empty_space][vc_column_text]<\/p>\n<h2 style=\"text-align: center;\"><span style=\"color: #ffffff;\">Vuelve a sentir a tu pareja como un apoyo. \u00a1El cambio es posible!<\/span><\/h2>\n<p>[\/vc_column_text][vc_empty_space][vc_column_text]<\/p>\n<h4 style=\"text-align: center;\"><span style=\"color: #ffffff;\">No dej\u00e9is que vuestra relaci\u00f3n se queme<\/span><\/h4>\n<h4 style=\"text-align: center;\"><span style=\"color: #ffffff;\">Os ayudamos a encontrar la soluci\u00f3n a vuestros problemas en nuestra Unidad de Terapia de Pareja en Barcelona<\/span><\/h4>\n<p>[\/vc_column_text][vc_empty_space]<a  itemprop=\"url\" href=\"#contacto\" target=\"_self\" data-hover-background-color=#20376d data-hover-border-color=#20376d  class=\"qbutton  large default\" style=\"border-color: #ffc92d; background-color: #ffc92d;\">Solicita una visita<\/a>[\/vc_column][\/vc_row][vc_row css_animation=&#8221;&#8221; row_type=&#8221;row&#8221; use_row_as_full_screen_section=&#8221;no&#8221; type=&#8221;grid&#8221; angled_section=&#8221;no&#8221; text_align=&#8221;left&#8221; background_image_as_pattern=&#8221;without_pattern&#8221; padding_top=&#8221;75&#8243;][vc_column][vc_column_text]<\/p>\n<h2 style=\"text-align: center;\">Conoce a nuestros Psic\u00f3logos Especialistas en Terapia de Pareja<\/h2>\n<p>[\/vc_column_text][vc_separator type=&#8221;small&#8221; position=&#8221;center&#8221; up=&#8221;25&#8243; down=&#8221;25&#8243;][vc_column_text]<\/p>\n<p style=\"text-align: center;\">Los psic\u00f3logos de la Unidad de\u00a0<strong>Terapia de Pareja<\/strong>\u00a0de Centre GRAT en\u00a0<strong>Barcelona<\/strong>, son\u00a0<strong>Psic\u00f3logos Especialistas\u00a0<\/strong>en\u00a0<strong>Terapia de Pareja<\/strong>\u00a0y llevan m\u00e1s de 15 a\u00f1os trabajando en el campo.<\/p>\n<p>[\/vc_column_text][vc_empty_space][\/vc_column][\/vc_row][vc_row css_animation=&#8221;&#8221; row_type=&#8221;row&#8221; use_row_as_full_screen_section=&#8221;no&#8221; type=&#8221;grid&#8221; angled_section=&#8221;no&#8221; text_align=&#8221;left&#8221; background_image_as_pattern=&#8221;without_pattern&#8221;][vc_column width=&#8221;1\/3&#8243;][vc_empty_space][vc_single_image image=&#8221;18174&#8243; img_size=&#8221;full&#8221; alignment=&#8221;center&#8221; qode_css_animation=&#8221;&#8221;][vc_empty_space][vc_column_text css=&#8221;&#8221;]<\/p>\n<h3 style=\"text-align: center;\">\u00darsula Salvador Chinchilla<\/h3>\n<p style=\"text-align: center;\">Psic\u00f3loga General Sanitaria<\/p>\n<p style=\"text-align: center;\">Especialista en Terapia de Pareja y Sexual<\/p>\n<p style=\"text-align: center;\">Colegiada n\u00ba 17363<\/p>\n<p>[\/vc_column_text][vc_empty_space][vc_accordion active_tab=&#8221;false&#8221; collapsible=&#8221;yes&#8221; style=&#8221;accordion&#8221; title=&#8221;CON\u00c8IXER M\u00c9S&#8221;][vc_accordion_tab title=&#8221;SABER M\u00c1S&#8221; title_color=&#8221;#ffffff&#8221; background_color=&#8221;#20376d&#8221; title_tag=&#8221;h5&#8243;][vc_column_text]<\/p>\n<ul>\n<li>Psic\u00f3loga General Sanitaria<\/li>\n<li>Psicoterapeuta de adolescentes, j\u00f3venes y adultos<\/li>\n<li>Especialista en terapia individual y de pareja<\/li>\n<li>Especialista en terapia sexual<\/li>\n<li>Especialista en trastornos del estado del \u00e1nimo, ansiedad, depresi\u00f3n y somatizaciones<\/li>\n<li>Especialista en adicciones<\/li>\n<li>Instructora certificada en Educaci\u00f3n Real\u00ae infantil y adolescente de Tania Garc\u00eda con n\u00ba23100<\/li>\n<li>Especialista en parentalidad positiva<\/li>\n<li>Licenciada en Psicolog\u00eda. Universitat Aut\u00f2noma de Barcelona<\/li>\n<li>Postgrado en Terapia de Pareja. Universitat de Barcelona<\/li>\n<li>Postgrado en Terapia Sexual. Universitat de Barcelona<\/li>\n<li>Postgrado en Psicoterapia. Centro \u00cdtaca<\/li>\n<li>M\u00e1ster en Educaci\u00f3n Real\u00ae &#8211; Infantil y Adolescente de Tania Garc\u00eda<\/li>\n<\/ul>\n<p>[\/vc_column_text][\/vc_accordion_tab][\/vc_accordion][\/vc_column][vc_column width=&#8221;1\/3&#8243;][vc_empty_space][vc_single_image image=&#8221;181&#8243; img_size=&#8221;full&#8221; alignment=&#8221;center&#8221; qode_css_animation=&#8221;&#8221;][vc_empty_space][vc_column_text css=&#8221;&#8221;]<\/p>\n<h3 style=\"text-align: center;\">Pablo Quiroga Vicu\u00f1a<\/h3>\n<p style=\"text-align: center;\">Psic\u00f3logo General Sanitario<\/p>\n<p style=\"text-align: center;\">Especialista en Terapia de Pareja y Sexual<\/p>\n<p style=\"text-align: center;\">Colegiado n\u00ba 14679<\/p>\n<p>[\/vc_column_text][vc_empty_space][vc_accordion active_tab=&#8221;false&#8221; collapsible=&#8221;yes&#8221; style=&#8221;accordion&#8221; title=&#8221;CON\u00c8IXER M\u00c9S&#8221;][vc_accordion_tab title=&#8221;SABER M\u00c1S&#8221; title_color=&#8221;#ffffff&#8221; background_color=&#8221;#20376d&#8221; title_tag=&#8221;h5&#8243;][vc_column_text]<\/p>\n<ul>\n<li style=\"text-align: left;\">Psic\u00f3logo General Sanitario<\/li>\n<li style=\"text-align: left;\">Psicoterapeuta adultos, j\u00f3venes y adolescentes<\/li>\n<li>Especialista en terapia EMDR<\/li>\n<li style=\"text-align: left;\">Especialista en terapia individual, familiar y de pareja<\/li>\n<li style=\"text-align: left;\">Especialista en terapia sexual<\/li>\n<li style=\"text-align: left;\">Especialista en conducci\u00f3n de grupos terap\u00e9uticos<\/li>\n<li style=\"text-align: left;\">Especialista en mediaci\u00f3n familiar<\/li>\n<li style=\"text-align: left;\">Docente en el M\u00e1ster Iberoamericano de Terapia Familiar de Blanquerna (Universitat Ramon Llull)<\/li>\n<li style=\"text-align: left;\">Tutor de pr\u00e1cticas de terapia familiar sist\u00e9mica del M\u00e1ster en Terapia Cognitivo Social de la UB en el Hospital Sant Pau<\/li>\n<li style=\"text-align: left;\">Profesor de la UOC en el M\u00e1ster de Psicolog\u00eda Infantil y Juvenil<\/li>\n<li style=\"text-align: left;\">Profesor del Curso de Terapia de Pareja: t\u00e9cnicas y recursos (Centre GRAT)<\/li>\n<li style=\"text-align: left;\">Miembro de l\u2019Acad\u00e8mia de les Ci\u00e8ncies M\u00e8diques<\/li>\n<li style=\"text-align: left;\">Miembro de la Societat Catalanya de Ter\u00e0pia Familiar<\/li>\n<li style=\"text-align: left;\">Licenciado en psicolog\u00eda<\/li>\n<li style=\"text-align: left;\">M\u00e1ster en Terapia Familiar Sist\u00e9mica (UAB-Hospital Sant Pau)<\/li>\n<li style=\"text-align: left;\">Formaci\u00f3n b\u00e1sica en terapia familiar (Hospital Sant Pau)<\/li>\n<li style=\"text-align: left;\">M\u00e1ster en \u201cprevenci\u00f3n de riesgos laborales\u201d (idfo-ue)<\/li>\n<li>Terapeuta EMDR. Asociaci\u00f3n EMDR Espa\u00f1a<\/li>\n<\/ul>\n<h5 style=\"text-align: left;\"><strong>PUBLICACIONES:<\/strong><\/h5>\n<p style=\"text-align: left;\">Investigador colaborador en el estudi de la Diputaci\u00f3 de Barcelona:<\/p>\n<p style=\"text-align: left;\">\u201cFam\u00edlia i Viol\u00e8ncia \u2013 Un estudi sobre la viol\u00e8ncia intrafamiliar dels adolescents vers els seus progenitors\u201d<\/p>\n<p style=\"text-align: left;\"><a href=\"http:\/\/www.academia.edu\/1018518\">http:\/\/www.academia.edu\/10<\/a><\/p>\n<p>[\/vc_column_text][\/vc_accordion_tab][\/vc_accordion][\/vc_column][vc_column width=&#8221;1\/3&#8243;][vc_empty_space][vc_single_image image=&#8221;23344&#8243; img_size=&#8221;full&#8221; alignment=&#8221;center&#8221; qode_css_animation=&#8221;&#8221;][vc_empty_space][vc_column_text css=&#8221;&#8221;]<\/p>\n<h3 style=\"text-align: center;\">Tania L\u00f3pez Rodr\u00edguez<\/h3>\n<p style=\"text-align: center;\">Psic\u00f3loga General Sanitaria<\/p>\n<p style=\"text-align: center;\">Especialista en Terapia de Pareja<\/p>\n<p style=\"text-align: center;\">Colegiado n\u00ba 19442<\/p>\n<p>[\/vc_column_text][vc_empty_space][vc_accordion active_tab=&#8221;false&#8221; collapsible=&#8221;yes&#8221; style=&#8221;accordion&#8221; title=&#8221;CON\u00c8IXER M\u00c9S&#8221;][vc_accordion_tab title=&#8221;SABER M\u00c1S&#8221; title_color=&#8221;#ffffff&#8221; background_color=&#8221;#20376d&#8221; title_tag=&#8221;h5&#8243;][vc_column_text]&#8221;Siempre me ha interesado mucho profundizar en el mundo relacional, y desde la terapia sist\u00e9mica, desde la que me he especializado, he podido profundizar m\u00e1s en\u00a0 la pareja, como uno de los sistemas en los que nos vemos envueltos de lo m\u00e1s complejo y din\u00e1mico.<\/p>\n<p>Me apasiona la terapia de parejas, ya que me da la oportunidad de poder ayudar a las personas involucradas en estas relaciones\u00a0 a pasar de las quejas y el malestar al cambio, en donde sea posible volver a fortalecer un v\u00ednculo tan importante como es \u00e9ste. Y mejorar, por tanto, el bienestar emocional de ambos\/as. Me gusta crear un espacio dentro de este proceso en donde nadie se sienta juzgado, un lugar seguro, en donde encontrar conjuntamente, con un trabajo colaborativo, las mejores soluciones para cada caso. As\u00ed como,encontrar el mayor entendimiento posible, conociendo y explorando las din\u00e1micas que se dan en la pareja, el origen de ellas y las necesidades de cada una de las personas que forman parte&#8221;.<\/p>\n<ul>\n<li>Psic\u00f3loga General Sanitaria<\/li>\n<li>Terapeuta Familiar sist\u00e8mica<\/li>\n<li>Especialista en psicoterapia individual \u00a0infanto-juvenil, adultos y familiar<\/li>\n<li>Especialista en asesoramiento a padres sobre el manejo conductual de los\/as hijos\/as<\/li>\n<li>Especialista en violencias y conflictos intrafamiliares<\/li>\n<li>Experiencia con infancia, adolescencia y juventud en situaci\u00f3n de riesgo intrafamiliar y de exclusi\u00f3n social<\/li>\n<li>Especialista en acompa\u00f1amiento a padres y madres en el desarrollo cognitivo, educativo, social y emocional de sus hijos\/as<\/li>\n<li>Especialista en trastornos de ansiedad, trastornos del estado de \u00e1nimo y en gesti\u00f3n de las emociones.<\/li>\n<li>Especialista en crecimiento personal y autoestima.<\/li>\n<li>M\u00e1ster Oficial en Psicolog\u00eda Cl\u00ednica y de la Salud, por la Universitat de Barcelona.<\/li>\n<li>Psicoterapia integradora para el Tratamiento de los Trastornos de la Conducta Alimentaria. Escuela de Psicolog\u00eda y Psicoterapia Eva Molero<\/li>\n<li>Tratamiento Psicol\u00f3gico del Trauma en Psicoterapia. Centre GRAT.<\/li>\n<\/ul>\n<p>[\/vc_column_text][\/vc_accordion_tab][\/vc_accordion][\/vc_column][\/vc_row][vc_row css_animation=&#8221;&#8221; row_type=&#8221;row&#8221; use_row_as_full_screen_section=&#8221;no&#8221; type=&#8221;grid&#8221; angled_section=&#8221;no&#8221; text_align=&#8221;left&#8221; background_image_as_pattern=&#8221;without_pattern&#8221;][vc_column width=&#8221;1\/2&#8243;][vc_empty_space][vc_single_image image=&#8221;19385&#8243; img_size=&#8221;full&#8221; alignment=&#8221;center&#8221; qode_css_animation=&#8221;&#8221;][vc_empty_space][vc_column_text css=&#8221;&#8221;]<\/p>\n<h3 style=\"text-align: center;\">Raquel Gimeno-Bay\u00f3n<\/h3>\n<p style=\"text-align: center;\">Psic\u00f3loga General Sanitaria<\/p>\n<p style=\"text-align: center;\">Especialista en Terapia de Pareja y Sexual<\/p>\n<p style=\"text-align: center;\">Colegiada n\u00ba27489<\/p>\n<p>[\/vc_column_text][vc_empty_space][vc_accordion active_tab=&#8221;false&#8221; collapsible=&#8221;yes&#8221; style=&#8221;accordion&#8221; title=&#8221;CON\u00c8IXER M\u00c9S&#8221;][vc_accordion_tab title=&#8221;SABER M\u00c1S&#8221; title_color=&#8221;#ffffff&#8221; background_color=&#8221;#20376d&#8221; title_tag=&#8221;h5&#8243;][vc_column_text]<\/p>\n<ul>\n<li>Psic\u00f3loga General Sanitaria<\/li>\n<li>Psicoterapeuta de adolescentes, j\u00f3venes y adultos<\/li>\n<li>Especialista en terapia individual y de pareja<\/li>\n<li>Especialista en terapia sexual<\/li>\n<li>Especialista en trastornos del estado del \u00e1nimo, ansiedad, depresi\u00f3n y somatizaciones<\/li>\n<li>Especialista en adicciones<\/li>\n<li>Especialista en parentalidad positiva<\/li>\n<li>Licenciada en Psicolog\u00eda. Universitat Aut\u00f2noma de Barcelona<\/li>\n<li>Postgrado en Terapia de Pareja. Universitat de Barcelona<\/li>\n<li>Postgrado en Terapia Sexual. Universitat de Barcelona<\/li>\n<li>Postgrado en Psicoterapia. Centro \u00cdtaca<\/li>\n<\/ul>\n<p>[\/vc_column_text][\/vc_accordion_tab][\/vc_accordion][\/vc_column][vc_column width=&#8221;1\/2&#8243;][vc_empty_space][vc_single_image image=&#8221;21651&#8243; img_size=&#8221;full&#8221; alignment=&#8221;center&#8221; css=&#8221;&#8221; qode_css_animation=&#8221;&#8221;][vc_empty_space][vc_column_text css=&#8221;&#8221;]<\/p>\n<h3 style=\"text-align: center;\">Sara Mart\u00edn<\/h3>\n<p style=\"text-align: center;\">Psic\u00f3loga General Sanitaria<\/p>\n<p style=\"text-align: center;\">Especialista en Terapia de Pareja, dependencia emocional y manipulaci\u00f3n psicol\u00f3gica<\/p>\n<p style=\"text-align: center;\">Colegiada n\u00ba28723<\/p>\n<p>[\/vc_column_text][vc_empty_space][vc_accordion active_tab=&#8221;false&#8221; collapsible=&#8221;yes&#8221; style=&#8221;accordion&#8221; title=&#8221;CON\u00c8IXER M\u00c9S&#8221;][vc_accordion_tab title=&#8221;SABER M\u00c1S&#8221; title_color=&#8221;#ffffff&#8221; background_color=&#8221;#20376d&#8221; title_tag=&#8221;h5&#8243;][vc_column_text css=&#8221;&#8221;]<\/p>\n<ul>\n<li style=\"text-align: left;\">Psic\u00f3loga General Sanitaria<\/li>\n<li style=\"text-align: left;\">Especialista en psicoterapia con adultos y adolescentes<\/li>\n<li style=\"text-align: left;\">Psicoterapia individual, de pareja y familiar<\/li>\n<li>Psicoterapia con Perspectiva de g\u00e9nero<\/li>\n<li data-prosemirror-content-type=\"node\" data-prosemirror-node-name=\"listItem\" data-prosemirror-node-block=\"true\">\n<p data-prosemirror-content-type=\"node\" data-prosemirror-node-name=\"paragraph\" data-prosemirror-node-block=\"true\">Especialista en trastornos del estado del \u00e1nimo, ansiedad y obsesivos<\/p>\n<\/li>\n<li data-prosemirror-content-type=\"node\" data-prosemirror-node-name=\"listItem\" data-prosemirror-node-block=\"true\">\n<p data-prosemirror-content-type=\"node\" data-prosemirror-node-name=\"paragraph\" data-prosemirror-node-block=\"true\">Especialista en dependencia emocional y manipulaci\u00f3n psicol\u00f3gica<\/p>\n<\/li>\n<li data-prosemirror-content-type=\"node\" data-prosemirror-node-name=\"listItem\" data-prosemirror-node-block=\"true\">\n<p data-prosemirror-content-type=\"node\" data-prosemirror-node-name=\"paragraph\" data-prosemirror-node-block=\"true\">Especialista en conductas adictivas<\/p>\n<\/li>\n<li data-prosemirror-content-type=\"node\" data-prosemirror-node-name=\"listItem\" data-prosemirror-node-block=\"true\">\n<p data-prosemirror-content-type=\"node\" data-prosemirror-node-name=\"paragraph\" data-prosemirror-node-block=\"true\">Experta en prevenci\u00f3n de adicciones comportamentales en la infancia y adolescencia<\/p>\n<\/li>\n<li style=\"text-align: left;\">Licenciada en Psicolog\u00eda por la Universitdad Aut\u00f3noma de Barcelona<\/li>\n<li style=\"text-align: left;\">M\u00e1ster en Terapia Cognitivo Social. Terapia individual, familiar y de pareja. Universidad de Barcelona.<\/li>\n<li style=\"text-align: left;\">M\u00e1ster en estudios de g\u00e9nero, mujeres y ciudadan\u00eda. Universitat de Barcelona.<\/li>\n<li>Postgrado en Adiciones Comportamentales y Manipulaci\u00f3n Psicol\u00f3gica &#8211; IL3 &#8211; Universidad de Barcelona<\/li>\n<\/ul>\n<p>[\/vc_column_text][\/vc_accordion_tab][\/vc_accordion][\/vc_column][\/vc_row][vc_row css_animation=&#8221;&#8221; row_type=&#8221;row&#8221; use_row_as_full_screen_section=&#8221;no&#8221; type=&#8221;grid&#8221; angled_section=&#8221;no&#8221; text_align=&#8221;left&#8221; background_image_as_pattern=&#8221;without_pattern&#8221; padding_top=&#8221;75&#8243;][vc_column][vc_separator type=&#8221;normal&#8221; up=&#8221;50&#8243; down=&#8221;75&#8243;][vc_column_text]<\/p>\n<h2 style=\"text-align: center;\">Muchas personas ya han confiado en nosotros:<\/h2>\n<p>[\/vc_column_text][vc_empty_space]<div class='testimonials_c_holder clearfix dark'><div class=\"testimonials_c testimonials_c_carousel\" data-show-navigation=\"yes\" data-animation-speed=\"\" data-auto-rotate-slides=\"10\" data-number-per-slide=\"1\"><ul class=\"slides\"><li id=\"testimonials-c-1979\" class=\"testimonial_content\"><div class=\"testimonial_content_inner\"><div class=\"testimonial_text_holder\"><div class=\"testimonial_text_inner\" style=\"\"><p>\"Nos ha servido mucho para visualizarnos como pareja desde otro punto de vista y entender c\u00f3mo siente y c\u00f3mo experimenta la otra persona. Repetir\u00edamos sin duda, ya que tener una persona que media de forma imparcial y te da una visi\u00f3n objetiva ha sido la clave en nuestro proceso para poder avanzar en nuestra relaci\u00f3n y salir del c\u00edrculo vicioso en el que nos encontr\u00e1bamos y del que no sab\u00edamos c\u00f3mo salir\"<\/p><p class=\"testimonial_author\" style=\"\">S y M<\/p><\/div><\/div><\/div><\/li><li id=\"testimonials-c-1978\" class=\"testimonial_content\"><div class=\"testimonial_content_inner\"><div class=\"testimonial_text_holder\"><div class=\"testimonial_text_inner\" style=\"\"><p>\"Pues primero fui yo sola para aclararme porque no ten\u00eda claro que quisiera seguir con mi pareja y hice terapia sola hasta que vi que quiz\u00e1s s\u00ed que quer\u00eda intentarlo, pero ten\u00edamos que arreglar las cosas de la pareja... entonces hicimos terapia de pareja. Me gust\u00f3 porque cuando hice terapia sola fue con una psic\u00f3loga y luego al hacer en pareja me recomend\u00f3 mi psic\u00f3loga que hici\u00e9ramos con otro psic\u00f3logo para que la terapa fuera neutral y eso hicimos. Si quieres probar te los recomiendo a los dos: Mar\u00eda Mart\u00edn fue con la que hice terapia sola y Pablo Quiroga con el que hicimos terapia de pareja\".<\/p><p class=\"testimonial_author\" style=\"\">R.<\/p><\/div><\/div><\/div><\/li><li id=\"testimonials-c-1977\" class=\"testimonial_content\"><div class=\"testimonial_content_inner\"><div class=\"testimonial_text_holder\"><div class=\"testimonial_text_inner\" style=\"\"><p>\"A nosotros tambi\u00e9n nos ayud\u00f3 y no se puso de parte de nadie. Por eso os animo a las que est\u00e9is buscando psic\u00f3logo para cosas de pareja que llam\u00e9is a Pablo Quiroga del Centro GRAT, ya no por tonter\u00eda de que se pongan de parte de uno o de otro, si no porque nos ayud\u00f3 y nos fue bien\".<\/p><p class=\"testimonial_author\" style=\"\">S.<\/p><\/div><\/div><\/div><\/li><li id=\"testimonials-c-1976\" class=\"testimonial_content\"><div class=\"testimonial_content_inner\"><div class=\"testimonial_text_holder\"><div class=\"testimonial_text_inner\" style=\"\"><p>\"Profesional muy cercana y clara. Los dos nos hemos sentido escuchados. Desde el principio nos ha propuesto cosas a hacer para mejorar. El espacio de la consulta es muy acogedor y muy c\u00e9ntrico\".<\/p><p class=\"testimonial_author\" style=\"\"><\/p><\/div><\/div><\/div><\/li><li id=\"testimonials-c-1975\" class=\"testimonial_content\"><div class=\"testimonial_content_inner\"><div class=\"testimonial_text_holder\"><div class=\"testimonial_text_inner\" style=\"\"><p>\"Nosotros fuimos con Mar\u00eda Mart\u00edn y nos ayud\u00f3 mucho. Llegamos en un momento en que est\u00e1bamos a punto de separarnos porque nos pele\u00e1bamos much\u00edsimo y finalmente decidimos tirar adelante. Nos ayud\u00f3 a calmarnos y tomar m\u00e1s perspectiva\".<\/p><p class=\"testimonial_author\" style=\"\">R.<\/p><\/div><\/div><\/div><\/li><li id=\"testimonials-c-1980\" class=\"testimonial_content\"><div class=\"testimonial_content_inner\"><div class=\"testimonial_text_holder\"><div class=\"testimonial_text_inner\" style=\"\"><p>\"S\u00f3lo decir que la experiencia fue realmente buena, y que es un equipo altamente recomendable. Recib\u00ed la ayuda que necesitaba en un momento de muchos cambios en mi vida y el resultado ha superado a lo esperado. Much\u00edsimas gracias\".<\/p><p class=\"testimonial_author\" style=\"\">C.<\/p><\/div><\/div><\/div><\/li><li id=\"testimonials-c-1967\" class=\"testimonial_content\"><div class=\"testimonial_content_inner\"><div class=\"testimonial_text_holder\"><div class=\"testimonial_text_inner\" style=\"\"><p>\"Estamos encantados con el resultado de la terapia de pareja. Lo recomendamos sin duda alguna!\".<\/p><p class=\"testimonial_author\" style=\"\">R.<\/p><\/div><\/div><\/div><\/li><\/ul><\/div><\/div>[\/vc_column][\/vc_row][vc_row css_animation=&#8221;&#8221; row_type=&#8221;row&#8221; use_row_as_full_screen_section=&#8221;no&#8221; type=&#8221;grid&#8221; angled_section=&#8221;no&#8221; text_align=&#8221;left&#8221; background_image_as_pattern=&#8221;without_pattern&#8221; padding_top=&#8221;75&#8243; padding_bottom=&#8221;75&#8243;][vc_column][vc_separator type=&#8221;normal&#8221; down=&#8221;50&#8243;][vc_column_text]<\/p>\n<h2 style=\"text-align: center;\">Algunas preguntas frecuentes:<\/h2>\n<p>[\/vc_column_text][vc_empty_space][vc_row_inner row_type=&#8221;row&#8221; type=&#8221;full_width&#8221; text_align=&#8221;left&#8221; css_animation=&#8221;&#8221;][vc_column_inner width=&#8221;1\/2&#8243;]<div class='q_icon_with_title tiny normal_icon left_from_title'><div class=\"icon_text_holder\" style=\"\"><div class=\"icon_text_inner\" style=\"\"><div class=\"icon_title_holder\"><div class=\"icon_holder \" style=\" \"><span data-icon-type=\"normal\"   style=\"\" class=\"qode_iwt_icon_holder q_font_awsome_icon fa-lg \"><i class=\"qode_icon_font_awesome fa fa-question qode_iwt_icon_element\" style=\"color: #20376d;\" ><\/i><\/span><\/div><h5 class=\"icon_title\" style=\"\">\u00bfNecesitamos terapia de pareja?<\/h5><\/div><p style=''>La terapia de pareja es recomendable cuando existe malestar en uno o ambos miembros de la pareja y despu\u00e9s de diferentes intentos no se llega a ninguna soluci\u00f3n. Este malestar puede estar causado por diferentes motivos: distanciamiento, peleas o discusiones que van a m\u00e1s, celos, desconfianza, infidelidades, problemas con la familia pol\u00edtica, problemas sexuales, diferencias de criterio respecto a la educaci\u00f3n de los hijos, etc. La terapia de pareja tiene como objetivo restablecer el equilibrio y dejar de relacionarnos desde el conflicto.<\/p><\/div><\/div><\/div><div class='q_icon_with_title tiny normal_icon left_from_title'><div class=\"icon_text_holder\" style=\"\"><div class=\"icon_text_inner\" style=\"\"><div class=\"icon_title_holder\"><div class=\"icon_holder \" style=\" \"><span data-icon-type=\"normal\"   style=\"\" class=\"qode_iwt_icon_holder q_font_awsome_icon fa-lg \"><i class=\"qode_icon_font_awesome fa fa-question qode_iwt_icon_element\" style=\"color: #20376d;\" ><\/i><\/span><\/div><h5 class=\"icon_title\" style=\"\">Mi pareja no quiere hacer terapia de pareja, \u00bfqu\u00e9 puedo hacer?<\/h5><\/div><p style=''>Aunque tu pareja no quiera participar en una terapia de pareja, las investigaciones nos muestran que si una de las partes de la pareja cambia su comportamiento hay un 91% de probabilidad del otro tambi\u00e9n cambie el suyo. Te ayudaremos a cambiar tu forma de actuar, trabajaremos t\u00e9cnicas de comunicaci\u00f3n, en definitiva... te ayudaremos a hacer algo diferente.<\/p><\/div><\/div><\/div>[\/vc_column_inner][vc_column_inner width=&#8221;1\/2&#8243;]<div class='q_icon_with_title tiny normal_icon left_from_title'><div class=\"icon_text_holder\" style=\"\"><div class=\"icon_text_inner\" style=\"\"><div class=\"icon_title_holder\"><div class=\"icon_holder \" style=\" \"><span data-icon-type=\"normal\"   style=\"\" class=\"qode_iwt_icon_holder q_font_awsome_icon fa-lg \"><i class=\"qode_icon_font_awesome fa fa-question qode_iwt_icon_element\" style=\"color: #20376d;\" ><\/i><\/span><\/div><h5 class=\"icon_title\" style=\"\">\u00bfCu\u00e1l es la frecuencia de las sesiones en terapia de pareja?<\/h5><\/div><p style=''>La frecuencia de las sesiones recomendada en la terapia de pareja es cada 15 d\u00edas, ya que se estima que es el tiempo necesario para que se produzcan cambios, sin embargo, el per\u00edodo de evaluaci\u00f3n puede llevarse a cabo con una frecuencia semanal para acelerar el proceso y poder acceder al diagn\u00f3stico y plan de trabajo en un tiempo m\u00e1s corto.<\/p><\/div><\/div><\/div><div class='q_icon_with_title tiny normal_icon left_from_title'><div class=\"icon_text_holder\" style=\"\"><div class=\"icon_text_inner\" style=\"\"><div class=\"icon_title_holder\"><div class=\"icon_holder \" style=\" \"><span data-icon-type=\"normal\"   style=\"\" class=\"qode_iwt_icon_holder q_font_awsome_icon fa-lg \"><i class=\"qode_icon_font_awesome fa fa-question qode_iwt_icon_element\" style=\"color: #20376d;\" ><\/i><\/span><\/div><h5 class=\"icon_title\" style=\"\">\u00bfCu\u00e1l es la duraci\u00f3n de una sesi\u00f3n de terapia de pareja?<\/h5><\/div><p style=''>Las sesiones de terapia de pareja tienen una duraci\u00f3n aproximada de 55 minutos.<\/p><\/div><\/div><\/div><div class='q_icon_with_title tiny normal_icon left_from_title'><div class=\"icon_text_holder\" style=\"\"><div class=\"icon_text_inner\" style=\"\"><div class=\"icon_title_holder\"><div class=\"icon_holder \" style=\" \"><span data-icon-type=\"normal\"   style=\"\" class=\"qode_iwt_icon_holder q_font_awsome_icon fa-lg \"><i class=\"qode_icon_font_awesome fa fa-question qode_iwt_icon_element\" style=\"color: #20376d;\" ><\/i><\/span><\/div><h5 class=\"icon_title\" style=\"\">\u00bfCu\u00e1nto tiempo dura el proceso de terapia de pareja?<\/h5><\/div><p style=''>La duraci\u00f3n del tratamiento en la terapia de pareja depende de m\u00faltiples variables: el motivo por el que lleg\u00e1is a terapia (si es un motivo concreto o general), la gravedad de la problem\u00e1tica, la duraci\u00f3n previa de las dificultades, vuestra estructura de personalidad, la motivaci\u00f3n, la implicaci\u00f3n, entre otros. Sin embargo, la media de un proceso de terapia de pareja est\u00e1 en 10-12 sesiones.<\/p><\/div><\/div><\/div>[\/vc_column_inner][\/vc_row_inner][\/vc_column][\/vc_row][vc_row css_animation=&#8221;&#8221; row_type=&#8221;row&#8221; use_row_as_full_screen_section=&#8221;no&#8221; type=&#8221;grid&#8221; anchor=&#8221;contacto&#8221; angled_section=&#8221;no&#8221; text_align=&#8221;center&#8221; background_image=&#8221;416&#8243; background_image_as_pattern=&#8221;without_pattern&#8221; padding_top=&#8221;50&#8243; padding_bottom=&#8221;50&#8243;][vc_column][vc_column_text]<\/p>\n<h2 style=\"text-align: center;\"><span style=\"color: #ffffff;\">Solicita una visita:<\/span><\/h2>\n<p>[\/vc_column_text][vc_separator type=&#8221;small&#8221; position=&#8221;center&#8221; up=&#8221;25&#8243; down=&#8221;25&#8243;][vc_column_text]<\/p>\n<p style=\"text-align: center;\"><span style=\"color: #ffffff;\">Para atenderte de la mejor forma posible, ay\u00fadanos respondiendo a estas preguntas:<\/span><\/p>\n<p>[\/vc_column_text][vc_empty_space]\n<div class=\"wpcf7 no-js\" id=\"wpcf7-f1988-o1\" lang=\"en-US\" dir=\"ltr\" data-wpcf7-id=\"1988\">\n<div class=\"screen-reader-response\"><p role=\"status\" aria-live=\"polite\" aria-atomic=\"true\"><\/p> <ul><\/ul><\/div>\n<form action=\"\/es\/wp-json\/wp\/v2\/pages\/1984#wpcf7-f1988-o1\" method=\"post\" class=\"wpcf7-form init default 7fb081fd7beb cmatic-conn cmatic-aud-28 cmatic-mapd0-0 cmatic-v097802 cmatic-sent-0 cmatic-total-7551\" aria-label=\"Contact form\" novalidate=\"novalidate\" data-status=\"init\">\n<fieldset class=\"hidden-fields-container\"><input type=\"hidden\" name=\"_wpcf7\" value=\"1988\" \/><input type=\"hidden\" name=\"_wpcf7_version\" value=\"6.1.5\" \/><input type=\"hidden\" name=\"_wpcf7_locale\" value=\"en_US\" \/><input type=\"hidden\" name=\"_wpcf7_unit_tag\" value=\"wpcf7-f1988-o1\" \/><input type=\"hidden\" name=\"_wpcf7_container_post\" value=\"0\" \/><input type=\"hidden\" name=\"_wpcf7_posted_data_hash\" value=\"\" \/><input type=\"hidden\" name=\"redirect_nonce\" value=\"acd5fbf210\" \/><input type=\"hidden\" name=\"wpcf7cfpdf_hidden_name\" value=\"document-pdf\" \/><input type=\"hidden\" name=\"wpcf7cfpdf_hidden_reference\" value=\"4536d7b2\" \/><input type=\"hidden\" name=\"wpcf7cfpdf_hidden_date\" value=\"May1,2026\" \/>\n<\/fieldset>\n<p><label> <span class=\"wpcf7-form-control-wrap\" data-name=\"your-name\"><input size=\"40\" maxlength=\"400\" class=\"wpcf7-form-control wpcf7-text wpcf7-validates-as-required\" aria-required=\"true\" aria-invalid=\"false\" placeholder=\"Nombre y apellidos de un miembro de la pareja\" value=\"\" type=\"text\" name=\"your-name\" \/><\/span> <\/label>\n<\/p>\n<p><label> <span class=\"wpcf7-form-control-wrap\" data-name=\"your-name2\"><input size=\"40\" maxlength=\"400\" class=\"wpcf7-form-control wpcf7-text wpcf7-validates-as-required\" aria-required=\"true\" aria-invalid=\"false\" placeholder=\"Nombre y apellidos del otro miembro de la pareja\" value=\"\" type=\"text\" name=\"your-name2\" \/><\/span> <\/label>\n<\/p>\n<p><label> <span class=\"wpcf7-form-control-wrap\" data-name=\"your-email\"><input size=\"40\" maxlength=\"400\" class=\"wpcf7-form-control wpcf7-email wpcf7-validates-as-required wpcf7-text wpcf7-validates-as-email\" aria-required=\"true\" aria-invalid=\"false\" placeholder=\"Email\" value=\"\" type=\"email\" name=\"your-email\" \/><\/span> <\/label>\n<\/p>\n<p><label> <span class=\"wpcf7-form-control-wrap\" data-name=\"telefono\"><input size=\"40\" maxlength=\"400\" class=\"wpcf7-form-control wpcf7-text wpcf7-validates-as-required\" aria-required=\"true\" aria-invalid=\"false\" placeholder=\"Tel\u00e9fono\" value=\"\" type=\"text\" name=\"telefono\" \/><\/span> <\/label>\n<\/p>\n<p><label> <span class=\"wpcf7-form-control-wrap\" data-name=\"edat\"><input size=\"40\" maxlength=\"400\" class=\"wpcf7-form-control wpcf7-text wpcf7-validates-as-required\" aria-required=\"true\" aria-invalid=\"false\" placeholder=\"Edad de cada miembro de la pareja\" value=\"\" type=\"text\" name=\"edat\" \/><\/span> <\/label>\n<\/p>\n<p><label> <span class=\"wpcf7-form-control-wrap\" data-name=\"profesional\"><input size=\"40\" maxlength=\"400\" class=\"wpcf7-form-control wpcf7-text\" aria-invalid=\"false\" placeholder=\"\u00bfQuieres visitarte con alguno de nuestros psic\u00f3logos en concreto? Si es as\u00ed, \u00bfCon qui\u00e9n?\" value=\"\" type=\"text\" name=\"profesional\" \/><\/span> <\/label>\n<\/p>\n<p><label>\u00bfC\u00f3mo prefieres hacer la terapia? <\/label><span class=\"wpcf7-form-control-wrap\" data-name=\"medio\"><select class=\"wpcf7-form-control wpcf7-select wpcf7-validates-as-required\" aria-required=\"true\" aria-invalid=\"false\" name=\"medio\"><option value=\"\">Selecciona<\/option><option value=\"Online\">Online<\/option><option value=\"Presencial\">Presencial<\/option><option value=\"Cualquiera de las dos opciones\">Cualquiera de las dos opciones<\/option><\/select><\/span>\n<\/p>\n<p><label> <span class=\"wpcf7-form-control-wrap\" data-name=\"disponibilitat\"><input size=\"40\" maxlength=\"400\" class=\"wpcf7-form-control wpcf7-text wpcf7-validates-as-required\" aria-required=\"true\" aria-invalid=\"false\" placeholder=\"\u00bfQu\u00e9 disponiblidad ten\u00e9is entre semana?\" value=\"\" type=\"text\" name=\"disponibilitat\" \/><\/span> <\/label>\n<\/p>\n<p><label> <span class=\"wpcf7-form-control-wrap\" data-name=\"your-message\"><textarea cols=\"40\" rows=\"10\" maxlength=\"2000\" class=\"wpcf7-form-control wpcf7-textarea wpcf7-validates-as-required\" aria-required=\"true\" aria-invalid=\"false\" placeholder=\"Explicadnos brevemente porque os hab\u00e9is decidido a consultarnos\" name=\"your-message\"><\/textarea><\/span> <\/label>\n<\/p>\n<p><small style=\"font-size: 0.6rem; line-height:.8rem\">\u201cDe conformidad con lo establecido en la normativa vigente en Protecci\u00f3n de Datos de Car\u00e1cter Personal, te informamos que tus datos ser\u00e1n incorporados al sistema de tratamiento titularidad de CENTRE GRAT PSICOLOGIA S.L.U, con CIF B55425300 y domicilio social sito en (08007) Barcelona, calle Gran V\u00eda de les Corts Catalanes, n\u00ba 646, entresuelo 1\u00ba, con la finalidad de atender la comunicaci\u00f3n necesaria para la prestaci\u00f3n de los servicios contratados, siendo cedidos exclusivamente por imperativo legal, conforme a la legislaci\u00f3n tributaria vigente. En cumplimiento con la normativa vigente, CENTRE GRAT PSICOLOGIA S.L.U informa que los datos ser\u00e1n conservados durante el plazo estrictamente necesario para cumplir con los preceptos mencionados con anterioridad. De acuerdo con los derechos que te confiere la normativa vigente en protecci\u00f3n de datos podr\u00e1\u0301 ejercer los derechos de acceso, rectificaci\u00f3n, limitaci\u00f3n de tratamiento, supresi\u00f3n, portabilidad y oposici\u00f3n al tratamiento de sus datos de car\u00e1cter personal, as\u00ed como del consentimiento prestado para el tratamiento de los mismos, dirigiendo su petici\u00f3n a la direcci\u00f3n postal indicada m\u00e1s arriba o al correo electr\u00f3nico: info@centregrat.com. Podr\u00e1s dirigirte a la Autoridad de Control competente para presentar la reclamaci\u00f3n que consideres oportuna. El env\u00edo de estos datos implica la aceptaci\u00f3n de esta cl\u00e1usula\u201d<\/small>\n<\/p>\n<p><span class=\"wpcf7-form-control-wrap\" data-name=\"acceptance-481\"><span class=\"wpcf7-form-control wpcf7-acceptance\"><span class=\"wpcf7-list-item\"><input type=\"checkbox\" name=\"acceptance-481\" value=\"1\" aria-invalid=\"false\" \/><\/span><\/span><\/span> Confirmo que he le\u00eddo y ACEPTO todos los t\u00e9rminos y condiciones de tratamiento de datos expuestos aqu\u00ed y en la <a style=\"line-height: 2rem;\" href='\/politica-de-privacidad\/'> Pol\u00edtica de Privacidad<\/a>a<br \/>\n<input class=\"wpcf7-form-control wpcf7-submit has-spinner\" type=\"submit\" value=\"ENVIAR\" \/>\n<\/p><p style=\"display: none !important;\" class=\"akismet-fields-container\" data-prefix=\"_wpcf7_ak_\"><label>&#916;<textarea name=\"_wpcf7_ak_hp_textarea\" cols=\"45\" rows=\"8\" maxlength=\"100\"><\/textarea><\/label><input type=\"hidden\" id=\"ak_js_1\" name=\"_wpcf7_ak_js\" value=\"86\"\/><script>document.getElementById( \"ak_js_1\" ).setAttribute( \"value\", ( new Date() ).getTime() );<\/script><\/p><div class=\"wpcf7-response-output\" aria-hidden=\"true\"><\/div>\n<\/form>\n<\/div>\n[\/vc_column][\/vc_row]<\/p>\n<\/div>","protected":false},"excerpt":{"rendered":"<p>[vc_row css_animation=&#8221;&#8221; row_type=&#8221;row&#8221; use_row_as_full_screen_section=&#8221;no&#8221; type=&#8221;grid&#8221; angled_section=&#8221;no&#8221; text_align=&#8221;left&#8221; background_image=&#8221;32877&#8243; background_image_as_pattern=&#8221;without_pattern&#8221;][vc_column][vc_empty_space height=&#8221;75px&#8221;][vc_row_inner row_type=&#8221;row&#8221; type=&#8221;full_width&#8221; text_align=&#8221;left&#8221; padding_top=&#8221;25&#8243; css_animation=&#8221;&#8221; css=&#8221;.vc_custom_1490978050623{padding-top: 50px !important;padding-right: 25px !important;padding-left: 25px !important;background-color: rgba(32,55,109,0.81) !important;*background-color: rgb(32,55,109) !important;}&#8221;][vc_column_inner][vc_column_text] Terapia de pareja en Barcelona Visitas Presenciales y Online [\/vc_column_text][vc_separator type=&#8221;small&#8221; position=&#8221;center&#8221; up=&#8221;25&#8243; down=&#8221;0&#8243;][\/vc_column_inner][\/vc_row_inner][vc_row_inner row_type=&#8221;row&#8221; type=&#8221;full_width&#8221; text_align=&#8221;center&#8221; background_color=&#8221;rgba(32,55,109,0.81)&#8221; padding_bottom=&#8221;25&#8243; css_animation=&#8221;&#8221; css=&#8221;.vc_custom_1492619741712{padding-top: 25px !important;padding-right: 25px !important;padding-bottom: 25px !important;padding-left: 25px !important;}&#8221;][vc_column_inner width=&#8221;1\/6&#8243;][\/vc_column_inner][vc_column_inner width=&#8221;2\/3&#8243;][vc_column_text] \u00bfTe sientes infeliz en tu relaci\u00f3n de pareja? Si has llegado hasta aqu\u00ed probablemente no sientes satisfacci\u00f3n con tu relaci\u00f3n de pareja. Puede ser que sientas enfado con tu pareja y dudas de si ser\u00e1 posible recuperar la ilusi\u00f3n en vuestra relaci\u00f3n. Tal&#8230;<\/p>\n","protected":false},"author":1,"featured_media":32877,"parent":0,"menu_order":0,"comment_status":"closed","ping_status":"closed","template":"full_width.php","meta":{"_acf_changed":false,"_exactmetrics_skip_tracking":false,"_exactmetrics_sitenote_active":false,"_exactmetrics_sitenote_note":"","_exactmetrics_sitenote_category":0,"footnotes":""},"class_list":["post-1984","page","type-page","status-publish","has-post-thumbnail","hentry"],"acf":[],"yoast_head":"<!-- This site is optimized with the Yoast SEO plugin v27.4 - https:\/\/yoast.com\/product\/yoast-seo-wordpress\/ -->\n<title>Terapia de pareja en Barcelona - Psic\u00f3logos Especialistas<\/title>\n<meta name=\"description\" content=\"\u00bfTe sientes infeliz en tu relaci\u00f3n de pareja? Somos Psic\u00f3logos Especialistas en terapia de pareja en Barcelona\" \/>\n<meta name=\"robots\" content=\"index, follow, max-snippet:-1, max-image-preview:large, max-video-preview:-1\" \/>\n<link rel=\"canonical\" href=\"https:\/\/www.centregrat.com\/es\/terapia-de-pareja-en-barcelona\/\" \/>\n<meta property=\"og:locale\" content=\"es_ES\" \/>\n<meta property=\"og:type\" content=\"article\" \/>\n<meta property=\"og:title\" content=\"Terapia de pareja en Barcelona - Psic\u00f3logos Especialistas\" \/>\n<meta property=\"og:description\" content=\"\u00bfTe sientes infeliz en tu relaci\u00f3n de pareja? Somos Psic\u00f3logos Especialistas en terapia de pareja en Barcelona\" \/>\n<meta property=\"og:url\" content=\"https:\/\/www.centregrat.com\/es\/terapia-de-pareja-en-barcelona\/\" \/>\n<meta property=\"og:site_name\" content=\"Centre GRAT | Centre de psicologia a Barcelona\" \/>\n<meta property=\"article:modified_time\" content=\"2025-07-03T15:01:33+00:00\" \/>\n<meta property=\"og:image\" content=\"https:\/\/www.centregrat.com\/wp-content\/uploads\/2025\/07\/Terapia-de-pareja-en-Barcelona-scaled.jpg\" \/>\n\t<meta property=\"og:image:width\" content=\"2560\" \/>\n\t<meta property=\"og:image:height\" content=\"1671\" \/>\n\t<meta property=\"og:image:type\" content=\"image\/jpeg\" \/>\n<meta name=\"twitter:card\" content=\"summary_large_image\" \/>\n<meta name=\"twitter:label1\" content=\"Tiempo de lectura\" \/>\n\t<meta name=\"twitter:data1\" content=\"13 minutos\" \/>\n<script type=\"application\/ld+json\" class=\"yoast-schema-graph\">{\"@context\":\"https:\\\/\\\/schema.org\",\"@graph\":[{\"@type\":\"WebPage\",\"@id\":\"https:\\\/\\\/www.centregrat.com\\\/es\\\/terapia-de-pareja-en-barcelona\\\/\",\"url\":\"https:\\\/\\\/www.centregrat.com\\\/es\\\/terapia-de-pareja-en-barcelona\\\/\",\"name\":\"Terapia de pareja en Barcelona - Psic\u00f3logos Especialistas\",\"isPartOf\":{\"@id\":\"https:\\\/\\\/www.centregrat.com\\\/ca\\\/#website\"},\"primaryImageOfPage\":{\"@id\":\"https:\\\/\\\/www.centregrat.com\\\/es\\\/terapia-de-pareja-en-barcelona\\\/#primaryimage\"},\"image\":{\"@id\":\"https:\\\/\\\/www.centregrat.com\\\/es\\\/terapia-de-pareja-en-barcelona\\\/#primaryimage\"},\"thumbnailUrl\":\"https:\\\/\\\/www.centregrat.com\\\/wp-content\\\/uploads\\\/2025\\\/07\\\/Terapia-de-pareja-en-Barcelona-scaled.jpg\",\"datePublished\":\"2017-06-15T15:59:43+00:00\",\"dateModified\":\"2025-07-03T15:01:33+00:00\",\"description\":\"\u00bfTe sientes infeliz en tu relaci\u00f3n de pareja? Somos Psic\u00f3logos Especialistas en terapia de pareja en Barcelona\",\"breadcrumb\":{\"@id\":\"https:\\\/\\\/www.centregrat.com\\\/es\\\/terapia-de-pareja-en-barcelona\\\/#breadcrumb\"},\"inLanguage\":\"es\",\"potentialAction\":[{\"@type\":\"ReadAction\",\"target\":[\"https:\\\/\\\/www.centregrat.com\\\/es\\\/terapia-de-pareja-en-barcelona\\\/\"]}]},{\"@type\":\"ImageObject\",\"inLanguage\":\"es\",\"@id\":\"https:\\\/\\\/www.centregrat.com\\\/es\\\/terapia-de-pareja-en-barcelona\\\/#primaryimage\",\"url\":\"https:\\\/\\\/www.centregrat.com\\\/wp-content\\\/uploads\\\/2025\\\/07\\\/Terapia-de-pareja-en-Barcelona-scaled.jpg\",\"contentUrl\":\"https:\\\/\\\/www.centregrat.com\\\/wp-content\\\/uploads\\\/2025\\\/07\\\/Terapia-de-pareja-en-Barcelona-scaled.jpg\",\"width\":2560,\"height\":1671,\"caption\":\"Terapia de pareja en Barcelona. Psic\u00f3logos especialistas en terapia de pareja\"},{\"@type\":\"BreadcrumbList\",\"@id\":\"https:\\\/\\\/www.centregrat.com\\\/es\\\/terapia-de-pareja-en-barcelona\\\/#breadcrumb\",\"itemListElement\":[{\"@type\":\"ListItem\",\"position\":1,\"name\":\"Portada\",\"item\":\"https:\\\/\\\/www.centregrat.com\\\/es\\\/\"},{\"@type\":\"ListItem\",\"position\":2,\"name\":\"ADULT &#8211; Terapia de pareja\"}]},{\"@type\":\"WebSite\",\"@id\":\"https:\\\/\\\/www.centregrat.com\\\/ca\\\/#website\",\"url\":\"https:\\\/\\\/www.centregrat.com\\\/ca\\\/\",\"name\":\"Centre GRAT | Centre de psicologia a Barcelona\",\"description\":\"Millora la teva qualitat de vida. Et donem les eines necess\u00e0ries perqu\u00e8 aconsegueixis portar una vida satisfact\u00f2ria. Coneix el nostre centre de psicologia a Barcelona\",\"publisher\":{\"@id\":\"https:\\\/\\\/www.centregrat.com\\\/ca\\\/#organization\"},\"potentialAction\":[{\"@type\":\"SearchAction\",\"target\":{\"@type\":\"EntryPoint\",\"urlTemplate\":\"https:\\\/\\\/www.centregrat.com\\\/ca\\\/?s={search_term_string}\"},\"query-input\":{\"@type\":\"PropertyValueSpecification\",\"valueRequired\":true,\"valueName\":\"search_term_string\"}}],\"inLanguage\":\"es\"},{\"@type\":\"Organization\",\"@id\":\"https:\\\/\\\/www.centregrat.com\\\/ca\\\/#organization\",\"name\":\"Centre GRAT\",\"url\":\"https:\\\/\\\/www.centregrat.com\\\/ca\\\/\",\"logo\":{\"@type\":\"ImageObject\",\"inLanguage\":\"es\",\"@id\":\"https:\\\/\\\/www.centregrat.com\\\/ca\\\/#\\\/schema\\\/logo\\\/image\\\/\",\"url\":\"https:\\\/\\\/www.centregrat.com\\\/wp-content\\\/uploads\\\/2017\\\/03\\\/logo-grat-90-psicologia-educacio.png\",\"contentUrl\":\"https:\\\/\\\/www.centregrat.com\\\/wp-content\\\/uploads\\\/2017\\\/03\\\/logo-grat-90-psicologia-educacio.png\",\"width\":90,\"height\":90,\"caption\":\"Centre GRAT\"},\"image\":{\"@id\":\"https:\\\/\\\/www.centregrat.com\\\/ca\\\/#\\\/schema\\\/logo\\\/image\\\/\"}}]}<\/script>\n<!-- \/ Yoast SEO plugin. -->","yoast_head_json":{"title":"Terapia de pareja en Barcelona - Psic\u00f3logos Especialistas","description":"\u00bfTe sientes infeliz en tu relaci\u00f3n de pareja? Somos Psic\u00f3logos Especialistas en terapia de pareja en Barcelona","robots":{"index":"index","follow":"follow","max-snippet":"max-snippet:-1","max-image-preview":"max-image-preview:large","max-video-preview":"max-video-preview:-1"},"canonical":"https:\/\/www.centregrat.com\/es\/terapia-de-pareja-en-barcelona\/","og_locale":"es_ES","og_type":"article","og_title":"Terapia de pareja en Barcelona - Psic\u00f3logos Especialistas","og_description":"\u00bfTe sientes infeliz en tu relaci\u00f3n de pareja? Somos Psic\u00f3logos Especialistas en terapia de pareja en Barcelona","og_url":"https:\/\/www.centregrat.com\/es\/terapia-de-pareja-en-barcelona\/","og_site_name":"Centre GRAT | Centre de psicologia a Barcelona","article_modified_time":"2025-07-03T15:01:33+00:00","og_image":[{"width":2560,"height":1671,"url":"https:\/\/www.centregrat.com\/wp-content\/uploads\/2025\/07\/Terapia-de-pareja-en-Barcelona-scaled.jpg","type":"image\/jpeg"}],"twitter_card":"summary_large_image","twitter_misc":{"Tiempo de lectura":"13 minutos"},"schema":{"@context":"https:\/\/schema.org","@graph":[{"@type":"WebPage","@id":"https:\/\/www.centregrat.com\/es\/terapia-de-pareja-en-barcelona\/","url":"https:\/\/www.centregrat.com\/es\/terapia-de-pareja-en-barcelona\/","name":"Terapia de pareja en Barcelona - Psic\u00f3logos Especialistas","isPartOf":{"@id":"https:\/\/www.centregrat.com\/ca\/#website"},"primaryImageOfPage":{"@id":"https:\/\/www.centregrat.com\/es\/terapia-de-pareja-en-barcelona\/#primaryimage"},"image":{"@id":"https:\/\/www.centregrat.com\/es\/terapia-de-pareja-en-barcelona\/#primaryimage"},"thumbnailUrl":"https:\/\/www.centregrat.com\/wp-content\/uploads\/2025\/07\/Terapia-de-pareja-en-Barcelona-scaled.jpg","datePublished":"2017-06-15T15:59:43+00:00","dateModified":"2025-07-03T15:01:33+00:00","description":"\u00bfTe sientes infeliz en tu relaci\u00f3n de pareja? Somos Psic\u00f3logos Especialistas en terapia de pareja en Barcelona","breadcrumb":{"@id":"https:\/\/www.centregrat.com\/es\/terapia-de-pareja-en-barcelona\/#breadcrumb"},"inLanguage":"es","potentialAction":[{"@type":"ReadAction","target":["https:\/\/www.centregrat.com\/es\/terapia-de-pareja-en-barcelona\/"]}]},{"@type":"ImageObject","inLanguage":"es","@id":"https:\/\/www.centregrat.com\/es\/terapia-de-pareja-en-barcelona\/#primaryimage","url":"https:\/\/www.centregrat.com\/wp-content\/uploads\/2025\/07\/Terapia-de-pareja-en-Barcelona-scaled.jpg","contentUrl":"https:\/\/www.centregrat.com\/wp-content\/uploads\/2025\/07\/Terapia-de-pareja-en-Barcelona-scaled.jpg","width":2560,"height":1671,"caption":"Terapia de pareja en Barcelona. Psic\u00f3logos especialistas en terapia de pareja"},{"@type":"BreadcrumbList","@id":"https:\/\/www.centregrat.com\/es\/terapia-de-pareja-en-barcelona\/#breadcrumb","itemListElement":[{"@type":"ListItem","position":1,"name":"Portada","item":"https:\/\/www.centregrat.com\/es\/"},{"@type":"ListItem","position":2,"name":"ADULT &#8211; Terapia de pareja"}]},{"@type":"WebSite","@id":"https:\/\/www.centregrat.com\/ca\/#website","url":"https:\/\/www.centregrat.com\/ca\/","name":"Centre GRAT | Centre de psicologia a Barcelona","description":"Millora la teva qualitat de vida. Et donem les eines necess\u00e0ries perqu\u00e8 aconsegueixis portar una vida satisfact\u00f2ria. Coneix el nostre centre de psicologia a Barcelona","publisher":{"@id":"https:\/\/www.centregrat.com\/ca\/#organization"},"potentialAction":[{"@type":"SearchAction","target":{"@type":"EntryPoint","urlTemplate":"https:\/\/www.centregrat.com\/ca\/?s={search_term_string}"},"query-input":{"@type":"PropertyValueSpecification","valueRequired":true,"valueName":"search_term_string"}}],"inLanguage":"es"},{"@type":"Organization","@id":"https:\/\/www.centregrat.com\/ca\/#organization","name":"Centre GRAT","url":"https:\/\/www.centregrat.com\/ca\/","logo":{"@type":"ImageObject","inLanguage":"es","@id":"https:\/\/www.centregrat.com\/ca\/#\/schema\/logo\/image\/","url":"https:\/\/www.centregrat.com\/wp-content\/uploads\/2017\/03\/logo-grat-90-psicologia-educacio.png","contentUrl":"https:\/\/www.centregrat.com\/wp-content\/uploads\/2017\/03\/logo-grat-90-psicologia-educacio.png","width":90,"height":90,"caption":"Centre GRAT"},"image":{"@id":"https:\/\/www.centregrat.com\/ca\/#\/schema\/logo\/image\/"}}]}},"_links":{"self":[{"href":"https:\/\/www.centregrat.com\/es\/wp-json\/wp\/v2\/pages\/1984","targetHints":{"allow":["GET"]}}],"collection":[{"href":"https:\/\/www.centregrat.com\/es\/wp-json\/wp\/v2\/pages"}],"about":[{"href":"https:\/\/www.centregrat.com\/es\/wp-json\/wp\/v2\/types\/page"}],"author":[{"embeddable":true,"href":"https:\/\/www.centregrat.com\/es\/wp-json\/wp\/v2\/users\/1"}],"replies":[{"embeddable":true,"href":"https:\/\/www.centregrat.com\/es\/wp-json\/wp\/v2\/comments?post=1984"}],"version-history":[{"count":58,"href":"https:\/\/www.centregrat.com\/es\/wp-json\/wp\/v2\/pages\/1984\/revisions"}],"predecessor-version":[{"id":32900,"href":"https:\/\/www.centregrat.com\/es\/wp-json\/wp\/v2\/pages\/1984\/revisions\/32900"}],"wp:featuredmedia":[{"embeddable":true,"href":"https:\/\/www.centregrat.com\/es\/wp-json\/wp\/v2\/media\/32877"}],"wp:attachment":[{"href":"https:\/\/www.centregrat.com\/es\/wp-json\/wp\/v2\/media?parent=1984"}],"curies":[{"name":"wp","href":"https:\/\/api.w.org\/{rel}","templated":true}]}}